{"id":14245,"date":"2011-01-01T00:00:00","date_gmt":"2011-01-01T00:00:00","guid":{"rendered":"https:\/\/ldo.local\/arkiv\/klagesaker\/2011-butikk-pa-storo-senter-har-planer-om-a-utbedre-proverommene\/"},"modified":"2011-01-01T00:00:00","modified_gmt":"2011-01-01T00:00:00","slug":"2011-butikk-pa-storo-senter-har-planer-om-a-utbedre-proverommene","status":"publish","type":"ldo-complaint","link":"https:\/\/ldo.no\/arkiv\/klagesaker\/2011-butikk-pa-storo-senter-har-planer-om-a-utbedre-proverommene\/","title":{"rendered":"10\/2000: Butikk p\u00e5 Storo senter har planer om \u00e5 utbedre pr\u00f8verommene"},"content":{"rendered":"<article class=\"base-article inside\">\n<header>\n<div class=\"row\">\n<div class=\"col-sm-12\">\n<\/div>\n<\/div>\n<h1>\n10\/2000: Butikk p\u00e5 Storo senter har planer om \u00e5 utbedre pr\u00f8verommene<br \/>\n<\/h1>\n<\/header>\n<section>\n<section class=\"lead\">\n<p>Match p\u00e5 Storo ble klaget inn for ombudet grunnet for sm\u00e5 og trange pr\u00f8verom. Det var vanskelig \u00e5 ta pr\u00f8verommene i bruk. Butikken var klar over problemet, og har bestemt at samtlige pr\u00f8verom i de nye butikkene til virksomheten skal utbedres, inkludert butikken p\u00e5 Storo. <\/p>\n<\/section>\n<section>\n<p>P\u00e5 bakgrunn av butikkens fremlagte plan for utbedring av pr\u00f8verom fant ikke ombudet at butikken bryter plikten til universell utforming. Ombudet understreket imidlertid at saken kan gjenopptas dersom butikken ikke gjennomf\u00f8rer planene. <\/p>\n<p><strong>Saksnummer: 10\/2000<br \/>Lov: DTL \u00a7 9<br \/>Dato: 27. januar 2011.<\/strong> <\/p>\n<ul>\n<li>\n<span>Dokument i PDF-format<\/span>.<\/li>\n<\/ul>\n<h1>Uttalelse i klagesak &#8211; Sp\u00f8rsm\u00e5l om universell utforming (UU) av Match-butikk<\/h1>\n<p>Likestillings- og diskrimineringsombudet viser til klage fra Norsk forening for Osteogenesis Imperfecta av 6. august 2010. <\/p>\n<p>Foreningen mener at Match butikken p\u00e5 Storo shopping senter ikke oppfyller kravet til universell utforming etter diskriminerings- og tilgjengelighetsloven \u00a7 9, fordi pr\u00f8verommene i butikken ikke er tilgjengelige for rullestolbrukere. <\/p>\n<p>Ombudet har vurdert saken, og konkluderer med at Match ikke bryter plikten til \u00e5 sikre universell utforming av pr\u00f8verommene jf. diskriminerings- og tilgjengelighetsloven \u00a7 9 tredje ledd. Dette er fordi butikken har konkrete planer om \u00e5 utbedre pr\u00f8verommene i samtlige Match butikker.<\/p>\n<p>Likestillings- og diskrimineringsombudets uttalelse kan bringes inn for<br \/>Likestilings- og diskrimineringsnemnda innen tre uker fra det tidspunkt Match mottar ombudets brev, se vedlagte orientering.<\/p>\n<h1>Ombudets uttalelse<\/h1>\n<h2>Sakens bakgrunn<\/h2>\n<p>Norsk forening for Osteogenesis Imperfecta klagde p\u00e5 at pr\u00f8verommene i Match butikken p\u00e5 Storo senteret ikke var tilgjengelig etter en befaring p\u00e5 senteret. Foreningen testet ut flere av pr\u00f8verommene i ulike butikker, og flere butikker er klaget inn for ombudet for manglende universell utforming.<\/p>\n<p>Norsk forening for Osteogenesis Imperfecta mener at d\u00f8rene til pr\u00f8verommene i butikken er alt for smale, med en d\u00f8rbredde p\u00e5 63 cm, og en dybde p\u00e5 123 cm. Det er umulig \u00e5 komme inn i pr\u00f8verommet med elektrisk rullestol. Foreningen klaget opprinnelig ogs\u00e5 p\u00e5 hylleplasseringen i butikken, og mente hylleplasseringen gjorde at butikken var for trang til \u00e5 komme frem med rullestol. Foreningen har i ettertid uttrykt at hylleplasseringen i butikken er ok. <\/p>\n<p>Voice\/Match anf\u00f8rer at det i utarbeidelsen av selskapets nye butikkonsept er lagt stor vekt p\u00e5 \u00e5 lage pr\u00f8verom som er romslige slik at kundene f\u00e5r mer plass enn tidligere n\u00e5r de skal pr\u00f8ve kl\u00e6r. Selskapet erkjenner likevel at d\u00f8r\u00e5pningen og valgt d\u00f8rl\u00f8sning kan v\u00e6re et problem for rullestolbrukere. Match sier at dersom det er tilfellet at d\u00f8rene er for smale, vil butikken p\u00e5 minst ett av pr\u00f8verommene s\u00f8rge for at det blir satt inn en l\u00f8sning som gj\u00f8r adkomsten og bruken av pr\u00f8verommet akseptabel for kunder som bruker rullestol. Pr\u00f8verommene vil ogs\u00e5 f\u00e5 en tydelig merking. <\/p>\n<p>I Match sin nye butikk i Torggata 2 i Oslo er det laget et pr\u00f8verom som er sv\u00e6rt romslig og med ekstra bred d\u00f8r. Match \u00f8nsker at alle fremtidige butikker skal bli utstyrt med minst ett slikt pr\u00f8verom. Selskapet skal ogs\u00e5 s\u00f8rge for \u00e5 bygge om de butikkene de har lansert de siste \u00e5r. Tidsplanen for dette prosjektet vil avhenge av kapasitet hos samarbeidspartnere, men slik det vurderes n\u00e5 vil alle butikker av denne type v\u00e6re modifisert f\u00f8r sommeren 2011. Dette gjelder ogs\u00e5 butikken p\u00e5 Storo senteret. <\/p>\n<h2>Rettslig grunnlag<\/h2>\n<p>Ombudet kan gi uttalelse om et forhold er i strid med diskriminerings_ og<br \/>tilgjengelighetsloven, jf. diskrimineringsombudsloven \u00a7 3 tredje ledd, jf. \u00a7 1<br \/>annet ledd nr. 3.<\/p>\n<p>Denne saken reiser sp\u00f8rsm\u00e5l om virksomheters plikt til \u00e5 sikre universell<br \/>utforming etter diskriminerings_ og tilgjengelighetslovens \u00a7 9. Offentlige og<br \/>private virksomheter som brukes av allmennheten har en plikt til \u00e5 sikre universell utforming av virksomhetens alminnelige funksjon. Gjennom fysisk<br \/>tilrettelegging skal flest mulig f\u00e5 tilgang til virksomhetens lokaler. Det er i<br \/>utgangspunktet i strid med bestemmelsen at det lages egne innganger, omr\u00e5der eller lignende for bestemte grupper.<\/p>\n<p>Plikten til universell utforming faller bort dersom virksomheten sannsynliggj\u00f8r<br \/>at gjennomf\u00f8ringen av tiltakene er en uforholdsmessig byrde for virksomheten, se \u00a7 9 tredje ledd. Ved den konkrete uforholdsmessighetsvurderingen vil den<br \/>positive effekten og viktigheten av tilretteleggingen m\u00e5tte veies mot kostnader<br \/>og andre former for belastning tilretteleggingen medf\u00f8rer. Lovgiver har bestemt<br \/>at det s\u00e6rlig skal legges vekt p\u00e5:<\/p>\n<ol>\n<li>tilretteleggingens effekt for \u00e5 nedbygge funksjonshemmende barrierer<br \/>(nytte vs kostnad)<\/li>\n<li>om virksomhetens funksjon er av offentlig art<\/li>\n<li>de n\u00f8dvendige kostnadene ved tilretteleggingen<\/li>\n<li>virksomhetens ressurser<\/li>\n<li>sikkerhetsmessige hensyn<\/li>\n<li>vernehensyn<\/li>\n<\/ol>\n<p>Selv om det er en uforholdsmessig byrde \u00e5 sikre universell utforming, kan ikke virksomheten unnlate \u00e5 gj\u00f8re noe. Virksomheten m\u00e5 uansett sikre best mulig<br \/>tilgjengelighet til virksomheten innefor de rammer som ikke er<br \/>uforholdsmessig.<\/p>\n<h2>Ombudets vurdering<\/h2>\n<p>Match er en virksomhet som har plikt til \u00e5 sikre at virksomhetens<br \/>hovedl\u00f8sninger er universelt utformet etter diskriminerings- og tilgjengelighetslovens \u00a7 9. Virksomheten skal derfor tilrettelegge de deler av<br \/>virksomhetens lokaler som benyttes av allmennheten (butikkens kunder) p\u00e5 en<br \/>slik m\u00e5te at flest mulig, uavhengig av individuelle forutsetninger, f\u00e5r tilgang til virksomhetens lokaler. Plikten til universell utforming omfatter tilrettelegging<br \/>av butikkens pr\u00f8verom, hvor kunder skal kunne pr\u00f8ve kl\u00e6r. Butikken har derfor en plikt til \u00e5 s\u00f8rge for at flest mulig kan pr\u00f8ve kl\u00e6r i butikken, uavhengig av funksjonsevne.<\/p>\n<h3>Er pr\u00f8verommene p\u00e5 Match butikken universelt utformet?<\/h3>\n<p>Det er klart for ombudet at d\u00f8rene til pr\u00f8verommene i Match- butikken p\u00e5 Storo senteret er for smale til at en kan komme inn med elektrisk rullestol. Butikken har ogs\u00e5 erkjent at d\u00f8rl\u00f8sningen kan v\u00e6re et problem. Ombudet understreker at l\u00f8sninger hvor betjeningen m\u00e5 tilkalles for at en rullestolsbruker skal kunne pr\u00f8ve kl\u00e6r ikke er \u00e5 anse som universell utforming. Det ligger i prinsippet om universell utforming at l\u00f8sningene som tilbys skal v\u00e6re faste fysisk innretninger som ikke krever bistand i noen form. I dette konkrete tilfellet vil det v\u00e6re vanskelig for en rullestolbruker \u00e5 komme seg inn i pr\u00f8verommet alene, i noen tilfeller vil det v\u00e6re umulig. <\/p>\n<p>Match har imidlertid vist til at butikken har konkrete planer om \u00e5 utbedre samtlige av virksomhetens pr\u00f8verom i de nyeste butikkene, dette gjelder ogs\u00e5 butikken p\u00e5 Storo senteret. Det skal tilrettelegges for et ekstra stort pr\u00f8verom med en bredere d\u00f8r, som vil gj\u00f8re det mulig for rullestolbrukere \u00e5 komme inn i dette pr\u00f8verommet. Match tar sikte p\u00e5 at prosjektet vil v\u00e6re gjennomf\u00f8rt f\u00f8r sommeren 2011. <\/p>\n<p>P\u00e5 bakgrunn av Match sin presentasjon av igangsatte og planlagte tiltak<br \/>mener ombudet at butikken p\u00e5 en tilfredsstillende m\u00e5te vil sikre<br \/>universell utforming, herunder tilgjengelighet for allmennheten i butikkens pr\u00f8verom, n\u00e5r tiltaket iverksettes. Dette vil if\u00f8lge Match skje innen sommeren 2011. <\/p>\n<h2>Konklusjon<\/h2>\n<p>Likestillings- og diskrimineringsombudet konkluderer med at Match<br \/>ved gjennomf\u00f8ring av sine planer for utbedring av pr\u00f8verommene ikke handler i strid med kravet til universell utforming, jf diskriminerings- og tilgjengelighetsloven \u00a7 9 tredje ledd.<\/p>\n<p>Ombudet presiserer at uttalelsen er basert p\u00e5 planlagte tiltak som Match har presentert overfor ombudet. Ombudet kan omgj\u00f8re sin uttalelse, p\u00e5 grunnlag av en klage eller av eget initiativ, dersom det ved ferdigstillelse viser seg at pr\u00f8verommet p\u00e5 Storo ikke er i tr\u00e5d med standarden universell utforming og butikkens fremlagte plan. Dette gjelder ogs\u00e5 dersom Match ikke gjennomf\u00f8rer planen. Ombudet kan ogs\u00e5 bringe saken inn til vurdering hos Likestillings- og diskrimineringsnemnda. Nemnda kan treffe vedtak om at det foreligger brudd p\u00e5 plikten til universell utforming, jf. diskrimineringsombudsloven \u00a7 7. Nemnda har ogs\u00e5 kompetanse til \u00e5 p\u00e5legge stansing, retting eller andre tiltak.<\/p>\n<p>Ombudet ber Match gi tilbakemelding til ombudet n\u00e5r pr\u00f8verommet p\u00e5 Storo senteret er utbedret. Siden Match tar sikte p\u00e5 \u00e5 ferdigstille prosjektet innen sommeren 2011 gis Match en svarfrist til 1. juli 2011. Vi ber da om detaljerte beskrivelser av hva som er gjort med pr\u00f8verommene, samt fotodokumentasjon. <\/p>\n<p>27. januar 2011 <\/p>\n<p><strong>Sunniva \u00d8rstavik<\/strong>, likestillings- og diskrimineringsombud.<\/p>\n<\/section>\n<\/section>\n<\/article>\n","protected":false},"excerpt":{"rendered":"<p>Match p\u00e5 Storo ble klaget inn for ombudet grunnet for sm\u00e5 og trange pr\u00f8verom. Det var vanskelig \u00e5 ta pr\u00f8verommene i bruk. Butikken var klar over problemet, og har bestemt at samtlige pr\u00f8verom i de nye butikkene til virksomheten skal utbedres, inkludert butikken p\u00e5 Storo.<\/p>\n","protected":false},"template":"","meta":{"footnotes":""},"ldo-archive-year":[23],"class_list":["post-14245","ldo-complaint","type-ldo-complaint","status-publish","hentry","ldo-archive-year-23"],"yoast_head":"<!-- This site is optimized with the Yoast SEO plugin v22.9 - https:\/\/yoast.com\/wordpress\/plugins\/seo\/ -->\n<title>10\/2000: Butikk p\u00e5 Storo senter har planer om \u00e5 utbedre pr\u00f8verommene - Arkiv<\/title>\n<meta name=\"robots\" content=\"index, follow, max-snippet:-1, max-image-preview:large, max-video-preview:-1\" \/>\n<link rel=\"canonical\" href=\"https:\/\/ldo.no\/arkiv\/klagesaker\/2011-butikk-pa-storo-senter-har-planer-om-a-utbedre-proverommene\/\" \/>\n<meta property=\"og:locale\" content=\"nb_NO\" \/>\n<meta property=\"og:type\" content=\"article\" \/>\n<meta property=\"og:title\" content=\"10\/2000: Butikk p\u00e5 Storo senter har planer om \u00e5 utbedre pr\u00f8verommene - Arkiv\" \/>\n<meta property=\"og:description\" content=\"Match p\u00e5 Storo ble klaget inn for ombudet grunnet for sm\u00e5 og trange pr\u00f8verom. Det var vanskelig \u00e5 ta pr\u00f8verommene i bruk. Butikken var klar over problemet, og har bestemt at samtlige pr\u00f8verom i de nye butikkene til virksomheten skal utbedres, inkludert butikken p\u00e5 Storo.\" \/>\n<meta property=\"og:url\" content=\"https:\/\/ldo.no\/arkiv\/klagesaker\/2011-butikk-pa-storo-senter-har-planer-om-a-utbedre-proverommene\/\" \/>\n<meta property=\"og:site_name\" content=\"Arkiv\" \/>\n<meta name=\"twitter:card\" content=\"summary_large_image\" \/>\n<meta name=\"twitter:label1\" content=\"Ansl. lesetid\" \/>\n\t<meta name=\"twitter:data1\" content=\"6 minutter\" \/>\n<script type=\"application\/ld+json\" class=\"yoast-schema-graph\">{\"@context\":\"https:\/\/schema.org\",\"@graph\":[{\"@type\":\"WebPage\",\"@id\":\"https:\/\/ldo.no\/arkiv\/klagesaker\/2011-butikk-pa-storo-senter-har-planer-om-a-utbedre-proverommene\/\",\"url\":\"https:\/\/ldo.no\/arkiv\/klagesaker\/2011-butikk-pa-storo-senter-har-planer-om-a-utbedre-proverommene\/\",\"name\":\"10\/2000: Butikk p\u00e5 Storo senter har planer om \u00e5 utbedre pr\u00f8verommene - Arkiv\",\"isPartOf\":{\"@id\":\"https:\/\/ldo.no\/arkiv\/#website\"},\"datePublished\":\"2011-01-01T00:00:00+00:00\",\"dateModified\":\"2011-01-01T00:00:00+00:00\",\"breadcrumb\":{\"@id\":\"https:\/\/ldo.no\/arkiv\/klagesaker\/2011-butikk-pa-storo-senter-har-planer-om-a-utbedre-proverommene\/#breadcrumb\"},\"inLanguage\":\"nb-NO\",\"potentialAction\":[{\"@type\":\"ReadAction\",\"target\":[\"https:\/\/ldo.no\/arkiv\/klagesaker\/2011-butikk-pa-storo-senter-har-planer-om-a-utbedre-proverommene\/\"]}]},{\"@type\":\"BreadcrumbList\",\"@id\":\"https:\/\/ldo.no\/arkiv\/klagesaker\/2011-butikk-pa-storo-senter-har-planer-om-a-utbedre-proverommene\/#breadcrumb\",\"itemListElement\":[{\"@type\":\"ListItem\",\"position\":1,\"name\":\"Arkiv\",\"item\":\"https:\/\/ldo.no\/arkiv\/\"},{\"@type\":\"ListItem\",\"position\":2,\"name\":\"Klagesaker\",\"item\":\"https:\/\/ldo.no\/arkiv\/?post-type=ldo-complaint\"},{\"@type\":\"ListItem\",\"position\":3,\"name\":\"10\/2000: Butikk p\u00e5 Storo senter har planer om \u00e5 utbedre pr\u00f8verommene\"}]},{\"@type\":\"WebSite\",\"@id\":\"https:\/\/ldo.no\/arkiv\/#website\",\"url\":\"https:\/\/ldo.no\/arkiv\/\",\"name\":\"LDO Arkiv\",\"description\":\"Dette er ombudets arkiv. Her finner du klagesaker som ombudet i sin tid behandlet fra 1996 til 2017. Klagesaker utover dette finner du p\u00e5 Diskrimineringsnemndas hjemmeside. P\u00e5 disse arkivsidene finner du ogs\u00e5 eldre h\u00f8ringssvar som strekker seg fra 2023 og tilbake til 2006. Nyere h\u00f8ringssvar finner du p\u00e5 Publikasjoner, som du kan bes\u00f8ke ved \u00e5 klikke p\u00e5 menyknappen \u00f8verst i h\u00f8yre hj\u00f8rne.\",\"publisher\":{\"@id\":\"https:\/\/ldo.no\/arkiv\/#organization\"},\"potentialAction\":[{\"@type\":\"SearchAction\",\"target\":{\"@type\":\"EntryPoint\",\"urlTemplate\":\"https:\/\/ldo.no\/arkiv\/?s={search_term_string}\"},\"query-input\":\"required name=search_term_string\"}],\"inLanguage\":\"nb-NO\"},{\"@type\":\"Organization\",\"@id\":\"https:\/\/ldo.no\/arkiv\/#organization\",\"name\":\"LDO Arkiv\",\"url\":\"https:\/\/ldo.no\/arkiv\/\",\"logo\":{\"@type\":\"ImageObject\",\"inLanguage\":\"nb-NO\",\"@id\":\"https:\/\/ldo.no\/arkiv\/#\/schema\/logo\/image\/\",\"url\":\"https:\/\/ldo.no\/content\/uploads\/sites\/2\/2025\/05\/Property-1Default.svg\",\"contentUrl\":\"https:\/\/ldo.no\/content\/uploads\/sites\/2\/2025\/05\/Property-1Default.svg\",\"caption\":\"LDO Arkiv\"},\"image\":{\"@id\":\"https:\/\/ldo.no\/arkiv\/#\/schema\/logo\/image\/\"}}]}<\/script>\n<!-- \/ Yoast SEO plugin. -->","yoast_head_json":{"title":"10\/2000: Butikk p\u00e5 Storo senter har planer om \u00e5 utbedre pr\u00f8verommene - Arkiv","robots":{"index":"index","follow":"follow","max-snippet":"max-snippet:-1","max-image-preview":"max-image-preview:large","max-video-preview":"max-video-preview:-1"},"canonical":"https:\/\/ldo.no\/arkiv\/klagesaker\/2011-butikk-pa-storo-senter-har-planer-om-a-utbedre-proverommene\/","og_locale":"nb_NO","og_type":"article","og_title":"10\/2000: Butikk p\u00e5 Storo senter har planer om \u00e5 utbedre pr\u00f8verommene - Arkiv","og_description":"Match p\u00e5 Storo ble klaget inn for ombudet grunnet for sm\u00e5 og trange pr\u00f8verom. Det var vanskelig \u00e5 ta pr\u00f8verommene i bruk. Butikken var klar over problemet, og har bestemt at samtlige pr\u00f8verom i de nye butikkene til virksomheten skal utbedres, inkludert butikken p\u00e5 Storo.","og_url":"https:\/\/ldo.no\/arkiv\/klagesaker\/2011-butikk-pa-storo-senter-har-planer-om-a-utbedre-proverommene\/","og_site_name":"Arkiv","twitter_card":"summary_large_image","twitter_misc":{"Ansl. lesetid":"6 minutter"},"schema":{"@context":"https:\/\/schema.org","@graph":[{"@type":"WebPage","@id":"https:\/\/ldo.no\/arkiv\/klagesaker\/2011-butikk-pa-storo-senter-har-planer-om-a-utbedre-proverommene\/","url":"https:\/\/ldo.no\/arkiv\/klagesaker\/2011-butikk-pa-storo-senter-har-planer-om-a-utbedre-proverommene\/","name":"10\/2000: Butikk p\u00e5 Storo senter har planer om \u00e5 utbedre pr\u00f8verommene - Arkiv","isPartOf":{"@id":"https:\/\/ldo.no\/arkiv\/#website"},"datePublished":"2011-01-01T00:00:00+00:00","dateModified":"2011-01-01T00:00:00+00:00","breadcrumb":{"@id":"https:\/\/ldo.no\/arkiv\/klagesaker\/2011-butikk-pa-storo-senter-har-planer-om-a-utbedre-proverommene\/#breadcrumb"},"inLanguage":"nb-NO","potentialAction":[{"@type":"ReadAction","target":["https:\/\/ldo.no\/arkiv\/klagesaker\/2011-butikk-pa-storo-senter-har-planer-om-a-utbedre-proverommene\/"]}]},{"@type":"BreadcrumbList","@id":"https:\/\/ldo.no\/arkiv\/klagesaker\/2011-butikk-pa-storo-senter-har-planer-om-a-utbedre-proverommene\/#breadcrumb","itemListElement":[{"@type":"ListItem","position":1,"name":"Arkiv","item":"https:\/\/ldo.no\/arkiv\/"},{"@type":"ListItem","position":2,"name":"Klagesaker","item":"https:\/\/ldo.no\/arkiv\/?post-type=ldo-complaint"},{"@type":"ListItem","position":3,"name":"10\/2000: Butikk p\u00e5 Storo senter har planer om \u00e5 utbedre pr\u00f8verommene"}]},{"@type":"WebSite","@id":"https:\/\/ldo.no\/arkiv\/#website","url":"https:\/\/ldo.no\/arkiv\/","name":"LDO Arkiv","description":"Dette er ombudets arkiv. Her finner du klagesaker som ombudet i sin tid behandlet fra 1996 til 2017. Klagesaker utover dette finner du p\u00e5 Diskrimineringsnemndas hjemmeside. P\u00e5 disse arkivsidene finner du ogs\u00e5 eldre h\u00f8ringssvar som strekker seg fra 2023 og tilbake til 2006. Nyere h\u00f8ringssvar finner du p\u00e5 Publikasjoner, som du kan bes\u00f8ke ved \u00e5 klikke p\u00e5 menyknappen \u00f8verst i h\u00f8yre hj\u00f8rne.","publisher":{"@id":"https:\/\/ldo.no\/arkiv\/#organization"},"potentialAction":[{"@type":"SearchAction","target":{"@type":"EntryPoint","urlTemplate":"https:\/\/ldo.no\/arkiv\/?s={search_term_string}"},"query-input":"required name=search_term_string"}],"inLanguage":"nb-NO"},{"@type":"Organization","@id":"https:\/\/ldo.no\/arkiv\/#organization","name":"LDO Arkiv","url":"https:\/\/ldo.no\/arkiv\/","logo":{"@type":"ImageObject","inLanguage":"nb-NO","@id":"https:\/\/ldo.no\/arkiv\/#\/schema\/logo\/image\/","url":"https:\/\/ldo.no\/content\/uploads\/sites\/2\/2025\/05\/Property-1Default.svg","contentUrl":"https:\/\/ldo.no\/content\/uploads\/sites\/2\/2025\/05\/Property-1Default.svg","caption":"LDO Arkiv"},"image":{"@id":"https:\/\/ldo.no\/arkiv\/#\/schema\/logo\/image\/"}}]}},"_links":{"self":[{"href":"https:\/\/ldo.no\/arkiv\/wp-json\/wp\/v2\/ldo-complaint\/14245"}],"collection":[{"href":"https:\/\/ldo.no\/arkiv\/wp-json\/wp\/v2\/ldo-complaint"}],"about":[{"href":"https:\/\/ldo.no\/arkiv\/wp-json\/wp\/v2\/types\/ldo-complaint"}],"version-history":[{"count":0,"href":"https:\/\/ldo.no\/arkiv\/wp-json\/wp\/v2\/ldo-complaint\/14245\/revisions"}],"wp:attachment":[{"href":"https:\/\/ldo.no\/arkiv\/wp-json\/wp\/v2\/media?parent=14245"}],"wp:term":[{"taxonomy":"ldo-archive-year","embeddable":true,"href":"https:\/\/ldo.no\/arkiv\/wp-json\/wp\/v2\/ldo-archive-year?post=14245"}],"curies":[{"name":"wp","href":"https:\/\/api.w.org\/{rel}","templated":true}]}}