{"id":14260,"date":"2011-01-01T00:00:00","date_gmt":"2011-01-01T00:00:00","guid":{"rendered":"https:\/\/ldo.local\/arkiv\/klagesaker\/2011-utleiefirma-leier-ikke-ut-til-andre-enn-svensker-og-nordmenn\/"},"modified":"2011-01-01T00:00:00","modified_gmt":"2011-01-01T00:00:00","slug":"2011-utleiefirma-leier-ikke-ut-til-andre-enn-svensker-og-nordmenn","status":"publish","type":"ldo-complaint","link":"https:\/\/ldo.no\/arkiv\/klagesaker\/2011-utleiefirma-leier-ikke-ut-til-andre-enn-svensker-og-nordmenn\/","title":{"rendered":"10\/672: Sp\u00f8rsm\u00e5l om utleiefirma leier ikke ut til andre enn svensker og nordmenn"},"content":{"rendered":"<article class=\"base-article inside\">\n<header>\n<div class=\"row\">\n<div class=\"col-sm-12\">\n<\/div>\n<\/div>\n<h1>\n10\/672: Sp\u00f8rsm\u00e5l om utleiefirma leier ikke ut til andre enn svensker og nordmenn<br \/>\n<\/h1>\n<\/header>\n<section>\n<section class=\"lead\">\n<p>Ombudet mottok tips om at et utleiefirma har en praksis hvor de ikke leier ut til andre enn svensker og nordmenn. Ombudet saken opp p\u00e5 eget initiativ.<\/p>\n<\/section>\n<section>\n<p>Ombudet fant at det sto p\u00e5stand mot p\u00e5stand om det har skjedd diskriminering eller ikke. Av nemndas praksis f\u00f8lger det at en p\u00e5stand ikke er tilstrekkelig for \u00e5 kunne si at det foreligger omstendigheter som gir grunn til \u00e5 tro at man er utsatt for diskriminering p\u00e5 grunn av etnisk bakgrunn\/nasjonal opprinnelse. Ombudet kan derfor ikke legge den ene versjonen til grunn som mer sannsynlig enn den andre. <\/p>\n<p>Ombudet konkluderte med at firmaet ikke bryter diskrimineringsloven.<\/p>\n<p><strong>Sak 10\/672<br \/>Lovanvendelse: diskrimineringsloven \u00a7 4.<br \/>Dato for uttalelse: 11. februar 2011.<\/strong><\/p>\n<ul>\n<li>\n <span>Dokument i PDF-format.<\/span>\n<\/li>\n<\/ul>\n<h1>Ombudets uttalelse<\/h1>\n<h2>Sakens bakgrunn<\/h2>\n<p>X tok kontakt med ombudet den 19. april 2010 fordi hun mener at utleiefirmaet Y har en praksis hvor de ikke leier ut til andre enn svensker og nordmenn. <\/p>\n<p>Ettersom X ikke er direkte ber\u00f8rt i saken, tok ombudet saken opp p\u00e5 eget initiativ. Ombudet har likevel innhentet opplysninger fra X av hensyn til sakens opplysning.<\/p>\n<p>X opplyser at hun var p\u00e5 visning i Utleiefirmaets utleieleiligheter i gate i p\u00e5 Gr\u00f8nland i Oslo, den 15. april 2010. Eiendommen er en stor g\u00e5rd med 38 utleieenheter. I utleieannonsen ble det opplyst at det var visning etter avtale per telefon. P\u00e5 visningen stilte X sp\u00f8rsm\u00e5l om hvordan milj\u00f8et i g\u00e5rden var, og om det var mye br\u00e5k der. Hun hevder at medarbeideren i utleiefirmaet, som hadde visningen, skal ha uttalt at det var lite br\u00e5k der, og at det dessuten bare var svensker og norske leietakere i leieg\u00e5rden. X hevder at hun da skal ha sagt at det var spesielt siden g\u00e5rden ligger p\u00e5 Gr\u00f8nland hvor det ellers bor folk fra hele verden. Utleieren skal da ha sagt at de har en bevisst policy der de kun leier ut til nordmenn og svensker fordi det blir s\u00e5 mye br\u00e5k med mange kulturer i samme g\u00e5rd.<\/p>\n<p>Av hensyn til sakens opplysning har ombudet sendt brev til X og etterspurt om hun kjenner personer som ikke har f\u00e5tt leie leiligheter i byggene hvor firmaet leier ut leiligheter. Vi har ogs\u00e5 spurt om det var vitner som kan ha overh\u00f8rt samtalen mellom henne og arbeidstakeren i utleiefirmaet p\u00e5 visningen 15. april 2010. X har ikke besvart dette brevet.<\/p>\n<h3>Utleiefirmaets syn p\u00e5 saken:<\/h3>\n<p>Utleiefirmaet bestrider p\u00e5standen om at de diskriminerer leietakere p\u00e5 grunn av etnisk opprinnelse. <\/p>\n<p>Utleiefirmaet er et eiendomsfirma som har drevet med utleie og forvaltning av eiendommer i Oslo i over 40 \u00e5r. Firmaet har utleieleiligheter i gate i og i gate ii. Utleiefirmaet p\u00e5peker at det bor leietakere av forskjellige nasjonaliteter i begge eiendommene. De hevder at de aldri har praktisert noen form for diskriminering av leietakere p\u00e5 bakgrunn av etnisitet, nasjonal opprinnelse, avstamning, hudfarge, spr\u00e5k, religion, livssyn eller lignende. Utleiefirmaet har lagt ved en liste over navn p\u00e5 leietakere i gate i, og i gate ii, som viser at de har noen leietakere som ikke har etnisk norske navn.<\/p>\n<p>De p\u00e5peker videre at de synes det er beklagelig at X har oppfattet det slik at utleiefirmaet har en bevisst praksis hvor de forskjellsbehandler leietakere. Visningen den 15. april 2010 ble gjennomf\u00f8rt av ansatt. Ansatt kjenner seg ikke igjen i den fremstillingen X har gitt i sin redegj\u00f8relse til ombudet, og han avviser p\u00e5standen om at han har uttalt at de kun leier ut til svensker og nordmenn. Utleiefirmaet mener dette tyder p\u00e5 at det har skjedd en misforst\u00e5else.<\/p>\n<p>Utleiefirmaet opplyser at de p\u00e5 bakgrunn av henvendelsen fra ombudet vil ta opp problemstillingen med de ansatte i firmaet, slik at de eventuelt unng\u00e5r misforst\u00e5elser som dette.<\/p>\n<h2>Rettslig grunnlag <\/h2>\n<p>Ombudet kan gi uttalelse om et forhold er i strid med diskrimineringsloven eller ikke, jf. diskrimineringsombudsloven \u00a7 3 tredje ledd, jf. \u00a7 1 annet ledd nr. 2.<\/p>\n<h3>Diskrimineringsloven:<\/h3>\n<p>Diskrimineringsloven forbyr forskjellsbehandling p\u00e5 grunn av etnisitet, nasjonal opprinnelse, jf. loven \u00a7 4 f\u00f8rste ledd.<\/p>\n<p>Med direkte diskriminering menes at en handling eller unnlatelse har som form\u00e5l eller virkning at personer eller foretak p\u00e5 grunnlag som nevnt over blir behandlet d\u00e5rligere enn andre blir, er blitt eller ville blitt behandlet i en tilsvarende situasjon.<\/p>\n<p>Forskjellsbehandling som er \u201dn\u00f8dvendig for \u00e5 oppn\u00e5 et saklig form\u00e5l, og som ikke er uforholdsmessig inngripende overfor den eller de som forskjellsbehandles\u201d, jf. \u00a7 4 fjerde ledd, er tillatt.<\/p>\n<p>Dersom det foreligger omstendigheter som gir grunn til \u00e5 tro at det har skjedd diskriminering, skal det legges til grunn at diskriminering har funnet sted, hvis ikke den som er ansvarlig for handlingen sannsynliggj\u00f8r at det likevel ikke har skjedd diskriminering, jf. diskrimineringsloven \u00a7 10. <\/p>\n<p>En p\u00e5stand om diskriminering er ikke nok til at ombudet kan konkludere med at det er \u201dgrunn til \u00e5 tro\u201d at diskriminering er skjedd. P\u00e5standen m\u00e5 st\u00f8ttes av andre opplysninger eller sakens omstendigheter for \u00f8vrig.<\/p>\n<h2>Ombudets vurdering<\/h2>\n<p>Ombudet skal ta stilling til om utleiefirmaet avviser leieboere p\u00e5 grunn av etnisk bakgrunn. <\/p>\n<p>Det f\u00f8rste sp\u00f8rsm\u00e5let ombudet skal ta stilling til er om det foreligger omstendigheter som gir grunn til \u00e5 tro at utleiefirmaet avviser leieboere p\u00e5 grunn av etnisk bakgrunn.<\/p>\n<p>For at det skal foreligge omstendigheter som gir grunn til \u00e5 tro at det har funnet sted diskriminering, m\u00e5 klagers p\u00e5stand st\u00f8ttes av hendelsesforl\u00f8pet og sakens ytre omstendigheter. Dette m\u00e5 bero p\u00e5 en konkret vurdering. En p\u00e5stand om diskriminering er ikke i seg selv nok til at bevisbyrden g\u00e5r over p\u00e5 innklagde. Det er i utgangspunktet klager som m\u00e5 fremlegge opplysninger som gir grunn til \u00e5 tro at det har skjedd diskriminering, jf. Likestillings-og diskrimineringsnemndas sak 26\/2006. I Likestillings-og diskrimineringsnemndas sak 19\/2009, er det videre presisert at p\u00e5standen enten m\u00e5 v\u00e6re dokumentert eller st\u00f8ttet av andre bevis for \u00e5 konstatere diskriminering.<\/p>\n<p>Utleiefirmaet bestrider p\u00e5standen om at de avviser leieboere med annen etnisitet enn norsk og svensk. Av hensyn til sakens opplysning har ombudet sendt brev til X og etterspurt om hun kjenner personer som ikke har f\u00e5tt leie leiligheter i gatene hvor firmaet har leiligheter. Vi har ogs\u00e5 spurt om det var noen vitner som kan ha overh\u00f8rt samtalen mellom henne og ansatt B. X har ikke besvart dette brevet.<\/p>\n<p>P\u00e5 bakgrunn av dette er det p\u00e5stand mot p\u00e5stand om det har skjedd diskriminering eller ikke. Ombudet kan ikke legge den ene versjonen til grunn som mer sannsynlig enn den andre. <\/p>\n<p>Av nemndas praksis f\u00f8lger det at en p\u00e5stand ikke er tilstrekkelig for \u00e5 kunne si at det foreligger omstendigheter som gir grunn til \u00e5 tro at man er utsatt for diskriminering p\u00e5 grunn av etnisk bakgrunn\/nasjonal opprinnelse. <\/p>\n<h2>Konklusjon<\/h2>\n<p>Likestillings- og diskrimineringsombudet konkluderer med at utleiefirmaet ikke har handlet i strid med diskrimineringsloven \u00a7 4, da det ikke er grunn til \u00e5 tro at Utleiefirmaet har avvist leieboere p\u00e5 grunn av etnisk bakgrunn.<\/p>\n<p>Oslo, 11. februar 2011<\/p>\n<p>Sunniva \u00d8rstavik, likestillings- og diskrimineringsombud.<\/p>\n<\/section>\n<\/section>\n<\/article>\n","protected":false},"excerpt":{"rendered":"<p>Ombudet mottok tips om at et utleiefirma har en praksis hvor de ikke leier ut til andre enn svensker og nordmenn. Ombudet saken opp p\u00e5 eget initiativ.<\/p>\n","protected":false},"template":"","meta":{"footnotes":""},"ldo-archive-year":[23],"class_list":["post-14260","ldo-complaint","type-ldo-complaint","status-publish","hentry","ldo-archive-year-23"],"yoast_head":"<!-- This site is optimized with the Yoast SEO plugin v22.9 - https:\/\/yoast.com\/wordpress\/plugins\/seo\/ -->\n<title>10\/672: Sp\u00f8rsm\u00e5l om utleiefirma leier ikke ut til andre enn svensker og nordmenn - Arkiv<\/title>\n<meta name=\"robots\" content=\"index, follow, max-snippet:-1, max-image-preview:large, max-video-preview:-1\" \/>\n<link rel=\"canonical\" href=\"https:\/\/ldo.no\/arkiv\/klagesaker\/2011-utleiefirma-leier-ikke-ut-til-andre-enn-svensker-og-nordmenn\/\" \/>\n<meta property=\"og:locale\" content=\"nb_NO\" \/>\n<meta property=\"og:type\" content=\"article\" \/>\n<meta property=\"og:title\" content=\"10\/672: Sp\u00f8rsm\u00e5l om utleiefirma leier ikke ut til andre enn svensker og nordmenn - Arkiv\" \/>\n<meta property=\"og:description\" content=\"Ombudet mottok tips om at et utleiefirma har en praksis hvor de ikke leier ut til andre enn svensker og nordmenn. Ombudet saken opp p\u00e5 eget initiativ.\" \/>\n<meta property=\"og:url\" content=\"https:\/\/ldo.no\/arkiv\/klagesaker\/2011-utleiefirma-leier-ikke-ut-til-andre-enn-svensker-og-nordmenn\/\" \/>\n<meta property=\"og:site_name\" content=\"Arkiv\" \/>\n<meta name=\"twitter:card\" content=\"summary_large_image\" \/>\n<meta name=\"twitter:label1\" content=\"Ansl. lesetid\" \/>\n\t<meta name=\"twitter:data1\" content=\"6 minutter\" \/>\n<script type=\"application\/ld+json\" class=\"yoast-schema-graph\">{\"@context\":\"https:\/\/schema.org\",\"@graph\":[{\"@type\":\"WebPage\",\"@id\":\"https:\/\/ldo.no\/arkiv\/klagesaker\/2011-utleiefirma-leier-ikke-ut-til-andre-enn-svensker-og-nordmenn\/\",\"url\":\"https:\/\/ldo.no\/arkiv\/klagesaker\/2011-utleiefirma-leier-ikke-ut-til-andre-enn-svensker-og-nordmenn\/\",\"name\":\"10\/672: Sp\u00f8rsm\u00e5l om utleiefirma leier ikke ut til andre enn svensker og nordmenn - Arkiv\",\"isPartOf\":{\"@id\":\"https:\/\/ldo.no\/arkiv\/#website\"},\"datePublished\":\"2011-01-01T00:00:00+00:00\",\"dateModified\":\"2011-01-01T00:00:00+00:00\",\"breadcrumb\":{\"@id\":\"https:\/\/ldo.no\/arkiv\/klagesaker\/2011-utleiefirma-leier-ikke-ut-til-andre-enn-svensker-og-nordmenn\/#breadcrumb\"},\"inLanguage\":\"nb-NO\",\"potentialAction\":[{\"@type\":\"ReadAction\",\"target\":[\"https:\/\/ldo.no\/arkiv\/klagesaker\/2011-utleiefirma-leier-ikke-ut-til-andre-enn-svensker-og-nordmenn\/\"]}]},{\"@type\":\"BreadcrumbList\",\"@id\":\"https:\/\/ldo.no\/arkiv\/klagesaker\/2011-utleiefirma-leier-ikke-ut-til-andre-enn-svensker-og-nordmenn\/#breadcrumb\",\"itemListElement\":[{\"@type\":\"ListItem\",\"position\":1,\"name\":\"Arkiv\",\"item\":\"https:\/\/ldo.no\/arkiv\/\"},{\"@type\":\"ListItem\",\"position\":2,\"name\":\"Klagesaker\",\"item\":\"https:\/\/ldo.no\/arkiv\/?post-type=ldo-complaint\"},{\"@type\":\"ListItem\",\"position\":3,\"name\":\"10\/672: Sp\u00f8rsm\u00e5l om utleiefirma leier ikke ut til andre enn svensker og nordmenn\"}]},{\"@type\":\"WebSite\",\"@id\":\"https:\/\/ldo.no\/arkiv\/#website\",\"url\":\"https:\/\/ldo.no\/arkiv\/\",\"name\":\"LDO Arkiv\",\"description\":\"Dette er ombudets arkiv. Her finner du klagesaker som ombudet i sin tid behandlet fra 1996 til 2017. Klagesaker utover dette finner du p\u00e5 Diskrimineringsnemndas hjemmeside. P\u00e5 disse arkivsidene finner du ogs\u00e5 eldre h\u00f8ringssvar som strekker seg fra 2023 og tilbake til 2006. Nyere h\u00f8ringssvar finner du p\u00e5 Publikasjoner, som du kan bes\u00f8ke ved \u00e5 klikke p\u00e5 menyknappen \u00f8verst i h\u00f8yre hj\u00f8rne.\",\"publisher\":{\"@id\":\"https:\/\/ldo.no\/arkiv\/#organization\"},\"potentialAction\":[{\"@type\":\"SearchAction\",\"target\":{\"@type\":\"EntryPoint\",\"urlTemplate\":\"https:\/\/ldo.no\/arkiv\/?s={search_term_string}\"},\"query-input\":\"required name=search_term_string\"}],\"inLanguage\":\"nb-NO\"},{\"@type\":\"Organization\",\"@id\":\"https:\/\/ldo.no\/arkiv\/#organization\",\"name\":\"LDO Arkiv\",\"url\":\"https:\/\/ldo.no\/arkiv\/\",\"logo\":{\"@type\":\"ImageObject\",\"inLanguage\":\"nb-NO\",\"@id\":\"https:\/\/ldo.no\/arkiv\/#\/schema\/logo\/image\/\",\"url\":\"https:\/\/ldo.no\/content\/uploads\/sites\/2\/2025\/05\/Property-1Default.svg\",\"contentUrl\":\"https:\/\/ldo.no\/content\/uploads\/sites\/2\/2025\/05\/Property-1Default.svg\",\"caption\":\"LDO Arkiv\"},\"image\":{\"@id\":\"https:\/\/ldo.no\/arkiv\/#\/schema\/logo\/image\/\"}}]}<\/script>\n<!-- \/ Yoast SEO plugin. -->","yoast_head_json":{"title":"10\/672: Sp\u00f8rsm\u00e5l om utleiefirma leier ikke ut til andre enn svensker og nordmenn - Arkiv","robots":{"index":"index","follow":"follow","max-snippet":"max-snippet:-1","max-image-preview":"max-image-preview:large","max-video-preview":"max-video-preview:-1"},"canonical":"https:\/\/ldo.no\/arkiv\/klagesaker\/2011-utleiefirma-leier-ikke-ut-til-andre-enn-svensker-og-nordmenn\/","og_locale":"nb_NO","og_type":"article","og_title":"10\/672: Sp\u00f8rsm\u00e5l om utleiefirma leier ikke ut til andre enn svensker og nordmenn - Arkiv","og_description":"Ombudet mottok tips om at et utleiefirma har en praksis hvor de ikke leier ut til andre enn svensker og nordmenn. Ombudet saken opp p\u00e5 eget initiativ.","og_url":"https:\/\/ldo.no\/arkiv\/klagesaker\/2011-utleiefirma-leier-ikke-ut-til-andre-enn-svensker-og-nordmenn\/","og_site_name":"Arkiv","twitter_card":"summary_large_image","twitter_misc":{"Ansl. lesetid":"6 minutter"},"schema":{"@context":"https:\/\/schema.org","@graph":[{"@type":"WebPage","@id":"https:\/\/ldo.no\/arkiv\/klagesaker\/2011-utleiefirma-leier-ikke-ut-til-andre-enn-svensker-og-nordmenn\/","url":"https:\/\/ldo.no\/arkiv\/klagesaker\/2011-utleiefirma-leier-ikke-ut-til-andre-enn-svensker-og-nordmenn\/","name":"10\/672: Sp\u00f8rsm\u00e5l om utleiefirma leier ikke ut til andre enn svensker og nordmenn - Arkiv","isPartOf":{"@id":"https:\/\/ldo.no\/arkiv\/#website"},"datePublished":"2011-01-01T00:00:00+00:00","dateModified":"2011-01-01T00:00:00+00:00","breadcrumb":{"@id":"https:\/\/ldo.no\/arkiv\/klagesaker\/2011-utleiefirma-leier-ikke-ut-til-andre-enn-svensker-og-nordmenn\/#breadcrumb"},"inLanguage":"nb-NO","potentialAction":[{"@type":"ReadAction","target":["https:\/\/ldo.no\/arkiv\/klagesaker\/2011-utleiefirma-leier-ikke-ut-til-andre-enn-svensker-og-nordmenn\/"]}]},{"@type":"BreadcrumbList","@id":"https:\/\/ldo.no\/arkiv\/klagesaker\/2011-utleiefirma-leier-ikke-ut-til-andre-enn-svensker-og-nordmenn\/#breadcrumb","itemListElement":[{"@type":"ListItem","position":1,"name":"Arkiv","item":"https:\/\/ldo.no\/arkiv\/"},{"@type":"ListItem","position":2,"name":"Klagesaker","item":"https:\/\/ldo.no\/arkiv\/?post-type=ldo-complaint"},{"@type":"ListItem","position":3,"name":"10\/672: Sp\u00f8rsm\u00e5l om utleiefirma leier ikke ut til andre enn svensker og nordmenn"}]},{"@type":"WebSite","@id":"https:\/\/ldo.no\/arkiv\/#website","url":"https:\/\/ldo.no\/arkiv\/","name":"LDO Arkiv","description":"Dette er ombudets arkiv. Her finner du klagesaker som ombudet i sin tid behandlet fra 1996 til 2017. Klagesaker utover dette finner du p\u00e5 Diskrimineringsnemndas hjemmeside. P\u00e5 disse arkivsidene finner du ogs\u00e5 eldre h\u00f8ringssvar som strekker seg fra 2023 og tilbake til 2006. Nyere h\u00f8ringssvar finner du p\u00e5 Publikasjoner, som du kan bes\u00f8ke ved \u00e5 klikke p\u00e5 menyknappen \u00f8verst i h\u00f8yre hj\u00f8rne.","publisher":{"@id":"https:\/\/ldo.no\/arkiv\/#organization"},"potentialAction":[{"@type":"SearchAction","target":{"@type":"EntryPoint","urlTemplate":"https:\/\/ldo.no\/arkiv\/?s={search_term_string}"},"query-input":"required name=search_term_string"}],"inLanguage":"nb-NO"},{"@type":"Organization","@id":"https:\/\/ldo.no\/arkiv\/#organization","name":"LDO Arkiv","url":"https:\/\/ldo.no\/arkiv\/","logo":{"@type":"ImageObject","inLanguage":"nb-NO","@id":"https:\/\/ldo.no\/arkiv\/#\/schema\/logo\/image\/","url":"https:\/\/ldo.no\/content\/uploads\/sites\/2\/2025\/05\/Property-1Default.svg","contentUrl":"https:\/\/ldo.no\/content\/uploads\/sites\/2\/2025\/05\/Property-1Default.svg","caption":"LDO Arkiv"},"image":{"@id":"https:\/\/ldo.no\/arkiv\/#\/schema\/logo\/image\/"}}]}},"_links":{"self":[{"href":"https:\/\/ldo.no\/arkiv\/wp-json\/wp\/v2\/ldo-complaint\/14260"}],"collection":[{"href":"https:\/\/ldo.no\/arkiv\/wp-json\/wp\/v2\/ldo-complaint"}],"about":[{"href":"https:\/\/ldo.no\/arkiv\/wp-json\/wp\/v2\/types\/ldo-complaint"}],"version-history":[{"count":0,"href":"https:\/\/ldo.no\/arkiv\/wp-json\/wp\/v2\/ldo-complaint\/14260\/revisions"}],"wp:attachment":[{"href":"https:\/\/ldo.no\/arkiv\/wp-json\/wp\/v2\/media?parent=14260"}],"wp:term":[{"taxonomy":"ldo-archive-year","embeddable":true,"href":"https:\/\/ldo.no\/arkiv\/wp-json\/wp\/v2\/ldo-archive-year?post=14260"}],"curies":[{"name":"wp","href":"https:\/\/api.w.org\/{rel}","templated":true}]}}