{"id":14261,"date":"2011-01-01T00:00:00","date_gmt":"2011-01-01T00:00:00","guid":{"rendered":"https:\/\/ldo.local\/arkiv\/klagesaker\/2011-sporsmal-om-etnisk-diskriminering-tollvesenet\/"},"modified":"2011-01-01T00:00:00","modified_gmt":"2011-01-01T00:00:00","slug":"2011-sporsmal-om-etnisk-diskriminering-tollvesenet","status":"publish","type":"ldo-complaint","link":"https:\/\/ldo.no\/arkiv\/klagesaker\/2011-sporsmal-om-etnisk-diskriminering-tollvesenet\/","title":{"rendered":"10\/1934: Sp\u00f8rsm\u00e5l om etnisk diskriminering &#8211; tollvesenet"},"content":{"rendered":"<article class=\"base-article inside\">\n<header>\n<div class=\"row\">\n<div class=\"col-sm-12\">\n<\/div>\n<\/div>\n<h1>\n10\/1934: Sp\u00f8rsm\u00e5l om etnisk diskriminering &#8211; tollvesenet<br \/>\n<\/h1>\n<\/header>\n<section>\n<section class=\"lead\">\n<p>A klagde til LDO p\u00e5 en hendelse i tollkontrollen p\u00e5 Flesland flyplass som han mener er i strid med diskrimineringslovens regler. A hevder at han i kontrollsituasjonen ble forskjellsbehandlet p\u00e5 grunn av sin etniske bakgrunn, og at tollkontroll\u00f8ren kom med nedsettende utsagn som tilsa at A ble stanset fordi han hadde en annen nasjonal opprinnelse.<\/p>\n<\/section>\n<section>\n<p>Det f\u00f8lger av bevisbyrdereglene i diskrimineringsloven \u00a7 10 og Likestillings- og diskrimineringsnemndas praksis at en p\u00e5stand alene ikke er nok til \u00e5 konstatere diskriminering. As p\u00e5stand kunne ikke st\u00f8ttes av sakens omstendigheter for \u00f8vrig, og saken ble st\u00e5ende p\u00e5stand mot p\u00e5stand. Ombudet konkluderte med at det ikke ble handlet i strid med diskrimineringsloven \u00a7 4 da A ble stanset for tollkontroll. <\/p>\n<p><strong>Saksnummer: 10\/1934<br \/>Lovanvendelse: diskrimineringsloven \u00a7<\/strong> 4<\/p>\n<ul>\n<li>\n<span>Dokument i PDF-format<\/span>.<\/li>\n<\/ul>\n<h1>Ombudets uttalelse<\/h1>\n<h2>Sakens bakgrunn<\/h2>\n<p>A ankom Flesland flyplass med DY XX fra London, og passerte tollslusen ca. kl. 12. A hadde kun h\u00e5ndbagasje med. I tollslusen ble han stanset av tollinspekt\u00f8r B og bedt om \u00e5 vise legitimasjon, noe han gjorde i form av sitt norske pass. A spurte hvorfor han m\u00e5tte vise pass p\u00e5 nytt etter passkontrollen hos politiet, og det oppsto uenighet. <\/p>\n<p>P\u00e5 dette tidspunktet sto A fortsatt i fellesomr\u00e5det i tollslusen, og B ba A om \u00e5 bli med inn i kontrollsonen, som er skjermet for andre passasjerer. A fremviste p\u00e5 foresp\u00f8rsel sitt f\u00f8rerkort, som en annen form for legitimasjon. B ba s\u00e5 A om \u00e5 bli med inn p\u00e5 et unders\u00f8kelsesrom, ettersom det n\u00e5 var kommet en annen passasjer inn i kontrollsonen sammen med Bs kollega. <\/p>\n<p>A ble med inn p\u00e5 unders\u00f8kelsesrommet. Diskusjonen fortsatte, men As bagasje ble ikke kontrollert. Til slutt beklaget A situasjonen, og fikk tilbake sitt pass og f\u00f8rerkort. Han fikk s\u00e5 forlate tollslusen. Ute i ankomsthallen henvendte A seg i Tollregion Vest-Norges ekspedisjonsluke for \u00e5 f\u00e5 snakke med en leder om hendelsen, men gikk ikke videre med det n\u00e5r det var B som svarte i luken. <\/p>\n<p>A bestemte seg deretter for \u00e5 politianmelde det han oppfattet som rasediskriminerende behandling. Han anmeldte forholdet til politiet p\u00e5 flyplassen, og ombudet har mottatt en kopi av anmeldelsen. <\/p>\n<h2>Partenes syn p\u00e5 saken<\/h2>\n<h3>A:<\/h3>\n<p>As hevder at han ble stanset p\u00e5 bakgrunn av sin nasjonale opprinnelse. Han mener at tollinspekt\u00f8r B gikk ut over sine fullmakter da han ba om \u00e5 f\u00e5 se As pass. Han ble deretter tatt med inn p\u00e5 et unders\u00f8kelsesrom, men han ble ikke kontrollert n\u00e6rmere.<\/p>\n<p>A hevder ogs\u00e5 at B under diskusjonen uttalte at \u201dfolk som deg gj\u00f8r meg forbanna\u201d, noe A oppfattet som en henvisning til hans hudfarge, og en form for rasistisk mobbing. <\/p>\n<h3>Tollregion Vest-Norge v\/ regiondirekt\u00f8r<\/h3>\n<p>Tollregion Vest-Norge har levert en redegj\u00f8relse for saken til ombudet, herunder en rapport fra tollinspekt\u00f8r B. <\/p>\n<p>Tollregion Vest-Norge avviser As p\u00e5stander om diskriminerende behandling. De viser til at Tollvesenet har fullmakt til \u00e5 be reisende om legitimasjon for \u00e5 kunne identifisere den reisende. For eksempel vil dette v\u00e6re n\u00f8dvendig for at Tollvesenet skal kunne gj\u00f8re oppslag i egne registre eller for at de skal kunne vurdere om den reisende passer inn i kjente profiler som tollvesenet til enhver tid jobber ut i fra med tanke p\u00e5 smuglingsvirksomhet. Det oppsto en misforst\u00e5else om dette i denne saken. Da det oppsto diskusjon ble A bedt om \u00e5 komme inn i kontrollsonen for \u00e5 skjerme diskusjonen fra andre reisende. <\/p>\n<p>A ble ikke stanset p\u00e5 bakgrunn av sin hudfarge. Etnisitet er ikke et selvstendig utvalgskriterium for kontroll. Tollvesenet stanser mange reisende for samtale, som hjelpemiddel for \u00e5 vurdere om videre kontroll skal foretas. I dette tilfellet ble det ikke sett som form\u00e5lstjenlig \u00e5 foreta kontroll. <\/p>\n<p>Tollregion Vest-Norge innr\u00f8mmer imidlertid at det i denne situasjonen kunne og burde ha v\u00e6rt tydeligere kommunikasjon mellom partene hva gjaldt form\u00e5let med \u00e5 vise legitimasjon. <\/p>\n<p>B stiller seg uforst\u00e5ende til As p\u00e5stand om at han skal ha uttalt at \u201dfolk som deg gj\u00f8r meg forbanna\u201d. Det vises herunder ogs\u00e5 til at han har ca. 20 \u00e5rs erfaring fra Tollregion Vest-Norge, og at det aldri tidligere har kommet klager p\u00e5 diskriminerende oppf\u00f8rsel fra hans side. <\/p>\n<p>P\u00e5 generelt grunnlag viser Tollregion Vest-Norge til at det tas avstand fra alle former for diskriminering, og at de har nulltoleranse for all form for diskriminerende opptreden, adferd og\/eller holdninger. De viser til at de ved utvelgelse til tollkontroll alltid tar utgangspunkt i objektive tollfaglige kriterier som er internasjonalt anerkjente samt basert p\u00e5 underretning og god analyse. Videre mener Tollregion Vest-Norge at deres ansatte i etatsutdanningen bevisstgj\u00f8res p\u00e5 problemstillinger rundt forskjellsbehandling av personer p\u00e5 grunnlag av etnisitet og nasjonal opprinnelse. Dette er ogs\u00e5 jevnlig et tema p\u00e5 fagsamlinger. <\/p>\n<h2>Rettslig grunnlag <\/h2>\n<p>Ombudet kan gi uttalelse om et forhold er i strid med diskrimineringsloven eller ikke, jf. diskrimineringsombudsloven \u00a7 3 tredje ledd, jf. \u00a7 1 annet ledd nr. 2.<\/p>\n<h3>Diskrimineringsloven:<\/h3>\n<p>Diskrimineringsloven forbyr forskjellsbehandling p\u00e5 grunn av etnisitet, nasjonal opprinnelse, avstamning, hudfarge, spr\u00e5k, religion eller livssyn, jf. loven \u00a7 4 f\u00f8rste ledd.<\/p>\n<p>Med direkte diskriminering menes at en handling eller unnlatelse har som form\u00e5l eller virkning at personer eller foretak p\u00e5 grunnlag som nevnt over blir behandlet d\u00e5rligere enn andre blir, er blitt eller ville blitt behandlet i en tilsvarende situasjon.<\/p>\n<p>Med indirekte diskriminering menes enhver tilsynelatende n\u00f8ytral bestemmelse, betingelse, praksis, handling eller unnlatelse som f\u00f8rer til at personer p\u00e5 grunn av forhold som nevnt over blir stilt s\u00e6rlig ufordelaktig sammenliknet med andre.<br \/>Forskjellsbehandling som er \u201dn\u00f8dvendig for \u00e5 oppn\u00e5 et saklig form\u00e5l, og som ikke er uforholdsmessig inngripende overfor den eller de som forskjellsbehandles\u201d, jf. \u00a7 4 fjerde ledd, er tillatt.<\/p>\n<p>Dersom det foreligger omstendigheter som gir grunn til \u00e5 tro at det har skjedd diskriminering, skal det legges til grunn at diskriminering har funnet sted, hvis ikke den som er ansvarlig for handlingen, unnlatelsen eller ytringen sannsynliggj\u00f8r at det likevel ikke har skjedd diskriminering, jf. diskrimineringsloven \u00a7 10. <\/p>\n<p>En p\u00e5stand om diskriminering er ikke nok til at ombudet kan konkludere med at det er \u201dgrunn til \u00e5 tro\u201d at diskriminering er skjedd. P\u00e5standen m\u00e5 st\u00f8ttes av andre opplysninger eller sakens omstendigheter for \u00f8vrig.<\/p>\n<h2>Ombudets vurdering<\/h2>\n<p> Ombudet skal ta stilling til om Tollregion Vest-Norge ved Flesland flyplass har handlet i strid med diskrimineringsloven \u00a7 4 da A ble stanset i tollslusen 30. oktober 2010.<\/p>\n<p>Det er p\u00e5 det rene at A ble stanset i tollslusen, at han ble bedt om \u00e5 vise legitimasjon, samt at han ble tatt med inn p\u00e5 unders\u00f8kelsesrommet. P\u00e5 bakgrunn av samtalen som der ble foretatt kom tollinspekt\u00f8ren til at det ikke var grunn til \u00e5 foreta en n\u00e6rmere kontroll. <\/p>\n<p>A anf\u00f8rer at tollinspekt\u00f8ren skal ha uttalt at \u201dfolk som deg gj\u00f8r meg forbanna\u201d. Dette avvises av Tollregion Vest-Norge, som stiller seg uforst\u00e5ende til at A skal ha oppfattet et slikt utsagn. N\u00e5r det gjelder dette utsagnet st\u00e5r det dermed p\u00e5stand mot p\u00e5stand. En p\u00e5stand alene er ikke tilstrekkelig til at det er grunn til \u00e5 tro at diskriminering har skjedd, slik at bevisbyrden g\u00e5r over p\u00e5 Tollregion Vest-Norge. A har dermed ikke kunnet vise til konkrete og etterpr\u00f8vbare omstendigheter i saken som kan underbygge at han ble stanset i kontrollen p\u00e5 grunn av etnisitet.<\/p>\n<p>N\u00e5r det gjelder anmodningen fra tollinspekt\u00f8ren om at A skulle vise legitimasjon under kontrollen, s\u00e5 har Tollregion Vest-Norge redegjort b\u00e5de for at de har fullmakt til dette og begrunnelsen for at det er behov for at legitimasjon vises for tollerne i tillegg til politiets innreisekontroll. Ombudet legger derfor til grunn at Tollregion Vest-Norge ikke handlet i strid med diskrimineringsloven da de ba A om \u00e5 fremvise legitimasjon. Ombudet tilf\u00f8yer ogs\u00e5 at Tollregion Vest-Norge opplyser at de er kjent med at tollvesenets foresp\u00f8rsel om legitimasjon kan oppfattes som en type innreisekontroll, og at de jobber aktivt med \u00e5 bevisstgj\u00f8re tollvesenets tjenestemenn om dette.<\/p>\n<h2>Konklusjon<\/h2>\n<p>Tollregion Vest-Norge ved Flesland flyplass har ikke handlet i strid med diskrimineringsloven \u00a7 4. <\/p>\n<p>Ombudet vil likevel understreke at offentlige myndigheter har plikt til \u00e5 arbeide aktivt, m\u00e5lrettet og planmessig for \u00e5 fremme diskrimineringslovens form\u00e5l, jf. diskrimineringsloven \u00a7 3a f\u00f8rste ledd. Dette inneb\u00e6rer at offentlige myndigheter skal se til at hensynet til likestilling integreres i virksomheten, og at regelverk og forvaltningsvedtak er i samsvar med lovens form\u00e5l, jf. Ot.prp. nr. 44 (2007-2008) punkt 13.8.4 side 210.<\/p>\n<p>Det er derfor viktig at Tollvesenet sikrer at utvelgelsen for tollkontroll ikke baseres p\u00e5 kriterier som vil v\u00e6re i strid med diskrimineringsloven. Herunder er det ogs\u00e5 viktig at samtalene med og kontrollen av de reisende gjennomf\u00f8res p\u00e5 en slik m\u00e5te at den ikke oppleves som diskriminerende. Ombudet viser her til at Tollregion Vest-Norge innr\u00f8mmer at det i denne situasjonen kunne og burde ha v\u00e6rt tydeligere kommunikasjon mellom partene hva gjaldt form\u00e5let med \u00e5 vise legitimasjon. <\/p>\n<\/section>\n<\/section>\n<\/article>\n","protected":false},"excerpt":{"rendered":"<p>A klagde til LDO p\u00e5 en hendelse i tollkontrollen p\u00e5 Flesland flyplass som han mener er i strid med diskrimineringslovens regler. A hevder at han i kontrollsituasjonen ble forskjellsbehandlet p\u00e5 grunn av sin etniske bakgrunn, og at tollkontroll\u00f8ren kom med nedsettende utsagn som tilsa at A ble stanset fordi han hadde en annen nasjonal opprinnelse.<\/p>\n","protected":false},"template":"","meta":{"footnotes":""},"ldo-archive-year":[23],"class_list":["post-14261","ldo-complaint","type-ldo-complaint","status-publish","hentry","ldo-archive-year-23"],"yoast_head":"<!-- This site is optimized with the Yoast SEO plugin v22.9 - https:\/\/yoast.com\/wordpress\/plugins\/seo\/ -->\n<title>10\/1934: Sp\u00f8rsm\u00e5l om etnisk diskriminering - tollvesenet - Arkiv<\/title>\n<meta name=\"robots\" content=\"index, follow, max-snippet:-1, max-image-preview:large, max-video-preview:-1\" \/>\n<link rel=\"canonical\" href=\"https:\/\/ldo.no\/arkiv\/klagesaker\/2011-sporsmal-om-etnisk-diskriminering-tollvesenet\/\" \/>\n<meta property=\"og:locale\" content=\"nb_NO\" \/>\n<meta property=\"og:type\" content=\"article\" \/>\n<meta property=\"og:title\" content=\"10\/1934: Sp\u00f8rsm\u00e5l om etnisk diskriminering - tollvesenet - Arkiv\" \/>\n<meta property=\"og:description\" content=\"A klagde til LDO p\u00e5 en hendelse i tollkontrollen p\u00e5 Flesland flyplass som han mener er i strid med diskrimineringslovens regler. A hevder at han i kontrollsituasjonen ble forskjellsbehandlet p\u00e5 grunn av sin etniske bakgrunn, og at tollkontroll\u00f8ren kom med nedsettende utsagn som tilsa at A ble stanset fordi han hadde en annen nasjonal opprinnelse.\" \/>\n<meta property=\"og:url\" content=\"https:\/\/ldo.no\/arkiv\/klagesaker\/2011-sporsmal-om-etnisk-diskriminering-tollvesenet\/\" \/>\n<meta property=\"og:site_name\" content=\"Arkiv\" \/>\n<meta name=\"twitter:card\" content=\"summary_large_image\" \/>\n<meta name=\"twitter:label1\" content=\"Ansl. lesetid\" \/>\n\t<meta name=\"twitter:data1\" content=\"7 minutter\" \/>\n<script type=\"application\/ld+json\" class=\"yoast-schema-graph\">{\"@context\":\"https:\/\/schema.org\",\"@graph\":[{\"@type\":\"WebPage\",\"@id\":\"https:\/\/ldo.no\/arkiv\/klagesaker\/2011-sporsmal-om-etnisk-diskriminering-tollvesenet\/\",\"url\":\"https:\/\/ldo.no\/arkiv\/klagesaker\/2011-sporsmal-om-etnisk-diskriminering-tollvesenet\/\",\"name\":\"10\/1934: Sp\u00f8rsm\u00e5l om etnisk diskriminering - tollvesenet - Arkiv\",\"isPartOf\":{\"@id\":\"https:\/\/ldo.no\/arkiv\/#website\"},\"datePublished\":\"2011-01-01T00:00:00+00:00\",\"dateModified\":\"2011-01-01T00:00:00+00:00\",\"breadcrumb\":{\"@id\":\"https:\/\/ldo.no\/arkiv\/klagesaker\/2011-sporsmal-om-etnisk-diskriminering-tollvesenet\/#breadcrumb\"},\"inLanguage\":\"nb-NO\",\"potentialAction\":[{\"@type\":\"ReadAction\",\"target\":[\"https:\/\/ldo.no\/arkiv\/klagesaker\/2011-sporsmal-om-etnisk-diskriminering-tollvesenet\/\"]}]},{\"@type\":\"BreadcrumbList\",\"@id\":\"https:\/\/ldo.no\/arkiv\/klagesaker\/2011-sporsmal-om-etnisk-diskriminering-tollvesenet\/#breadcrumb\",\"itemListElement\":[{\"@type\":\"ListItem\",\"position\":1,\"name\":\"Arkiv\",\"item\":\"https:\/\/ldo.no\/arkiv\/\"},{\"@type\":\"ListItem\",\"position\":2,\"name\":\"Klagesaker\",\"item\":\"https:\/\/ldo.no\/arkiv\/?post-type=ldo-complaint\"},{\"@type\":\"ListItem\",\"position\":3,\"name\":\"10\/1934: Sp\u00f8rsm\u00e5l om etnisk diskriminering &#8211; tollvesenet\"}]},{\"@type\":\"WebSite\",\"@id\":\"https:\/\/ldo.no\/arkiv\/#website\",\"url\":\"https:\/\/ldo.no\/arkiv\/\",\"name\":\"LDO Arkiv\",\"description\":\"Dette er ombudets arkiv. Her finner du klagesaker som ombudet i sin tid behandlet fra 1996 til 2017. Klagesaker utover dette finner du p\u00e5 Diskrimineringsnemndas hjemmeside. P\u00e5 disse arkivsidene finner du ogs\u00e5 eldre h\u00f8ringssvar som strekker seg fra 2023 og tilbake til 2006. Nyere h\u00f8ringssvar finner du p\u00e5 Publikasjoner, som du kan bes\u00f8ke ved \u00e5 klikke p\u00e5 menyknappen \u00f8verst i h\u00f8yre hj\u00f8rne.\",\"publisher\":{\"@id\":\"https:\/\/ldo.no\/arkiv\/#organization\"},\"potentialAction\":[{\"@type\":\"SearchAction\",\"target\":{\"@type\":\"EntryPoint\",\"urlTemplate\":\"https:\/\/ldo.no\/arkiv\/?s={search_term_string}\"},\"query-input\":\"required name=search_term_string\"}],\"inLanguage\":\"nb-NO\"},{\"@type\":\"Organization\",\"@id\":\"https:\/\/ldo.no\/arkiv\/#organization\",\"name\":\"LDO Arkiv\",\"url\":\"https:\/\/ldo.no\/arkiv\/\",\"logo\":{\"@type\":\"ImageObject\",\"inLanguage\":\"nb-NO\",\"@id\":\"https:\/\/ldo.no\/arkiv\/#\/schema\/logo\/image\/\",\"url\":\"https:\/\/ldo.no\/content\/uploads\/sites\/2\/2025\/05\/Property-1Default.svg\",\"contentUrl\":\"https:\/\/ldo.no\/content\/uploads\/sites\/2\/2025\/05\/Property-1Default.svg\",\"caption\":\"LDO Arkiv\"},\"image\":{\"@id\":\"https:\/\/ldo.no\/arkiv\/#\/schema\/logo\/image\/\"}}]}<\/script>\n<!-- \/ Yoast SEO plugin. -->","yoast_head_json":{"title":"10\/1934: Sp\u00f8rsm\u00e5l om etnisk diskriminering - tollvesenet - Arkiv","robots":{"index":"index","follow":"follow","max-snippet":"max-snippet:-1","max-image-preview":"max-image-preview:large","max-video-preview":"max-video-preview:-1"},"canonical":"https:\/\/ldo.no\/arkiv\/klagesaker\/2011-sporsmal-om-etnisk-diskriminering-tollvesenet\/","og_locale":"nb_NO","og_type":"article","og_title":"10\/1934: Sp\u00f8rsm\u00e5l om etnisk diskriminering - tollvesenet - Arkiv","og_description":"A klagde til LDO p\u00e5 en hendelse i tollkontrollen p\u00e5 Flesland flyplass som han mener er i strid med diskrimineringslovens regler. A hevder at han i kontrollsituasjonen ble forskjellsbehandlet p\u00e5 grunn av sin etniske bakgrunn, og at tollkontroll\u00f8ren kom med nedsettende utsagn som tilsa at A ble stanset fordi han hadde en annen nasjonal opprinnelse.","og_url":"https:\/\/ldo.no\/arkiv\/klagesaker\/2011-sporsmal-om-etnisk-diskriminering-tollvesenet\/","og_site_name":"Arkiv","twitter_card":"summary_large_image","twitter_misc":{"Ansl. lesetid":"7 minutter"},"schema":{"@context":"https:\/\/schema.org","@graph":[{"@type":"WebPage","@id":"https:\/\/ldo.no\/arkiv\/klagesaker\/2011-sporsmal-om-etnisk-diskriminering-tollvesenet\/","url":"https:\/\/ldo.no\/arkiv\/klagesaker\/2011-sporsmal-om-etnisk-diskriminering-tollvesenet\/","name":"10\/1934: Sp\u00f8rsm\u00e5l om etnisk diskriminering - tollvesenet - Arkiv","isPartOf":{"@id":"https:\/\/ldo.no\/arkiv\/#website"},"datePublished":"2011-01-01T00:00:00+00:00","dateModified":"2011-01-01T00:00:00+00:00","breadcrumb":{"@id":"https:\/\/ldo.no\/arkiv\/klagesaker\/2011-sporsmal-om-etnisk-diskriminering-tollvesenet\/#breadcrumb"},"inLanguage":"nb-NO","potentialAction":[{"@type":"ReadAction","target":["https:\/\/ldo.no\/arkiv\/klagesaker\/2011-sporsmal-om-etnisk-diskriminering-tollvesenet\/"]}]},{"@type":"BreadcrumbList","@id":"https:\/\/ldo.no\/arkiv\/klagesaker\/2011-sporsmal-om-etnisk-diskriminering-tollvesenet\/#breadcrumb","itemListElement":[{"@type":"ListItem","position":1,"name":"Arkiv","item":"https:\/\/ldo.no\/arkiv\/"},{"@type":"ListItem","position":2,"name":"Klagesaker","item":"https:\/\/ldo.no\/arkiv\/?post-type=ldo-complaint"},{"@type":"ListItem","position":3,"name":"10\/1934: Sp\u00f8rsm\u00e5l om etnisk diskriminering &#8211; tollvesenet"}]},{"@type":"WebSite","@id":"https:\/\/ldo.no\/arkiv\/#website","url":"https:\/\/ldo.no\/arkiv\/","name":"LDO Arkiv","description":"Dette er ombudets arkiv. Her finner du klagesaker som ombudet i sin tid behandlet fra 1996 til 2017. Klagesaker utover dette finner du p\u00e5 Diskrimineringsnemndas hjemmeside. P\u00e5 disse arkivsidene finner du ogs\u00e5 eldre h\u00f8ringssvar som strekker seg fra 2023 og tilbake til 2006. Nyere h\u00f8ringssvar finner du p\u00e5 Publikasjoner, som du kan bes\u00f8ke ved \u00e5 klikke p\u00e5 menyknappen \u00f8verst i h\u00f8yre hj\u00f8rne.","publisher":{"@id":"https:\/\/ldo.no\/arkiv\/#organization"},"potentialAction":[{"@type":"SearchAction","target":{"@type":"EntryPoint","urlTemplate":"https:\/\/ldo.no\/arkiv\/?s={search_term_string}"},"query-input":"required name=search_term_string"}],"inLanguage":"nb-NO"},{"@type":"Organization","@id":"https:\/\/ldo.no\/arkiv\/#organization","name":"LDO Arkiv","url":"https:\/\/ldo.no\/arkiv\/","logo":{"@type":"ImageObject","inLanguage":"nb-NO","@id":"https:\/\/ldo.no\/arkiv\/#\/schema\/logo\/image\/","url":"https:\/\/ldo.no\/content\/uploads\/sites\/2\/2025\/05\/Property-1Default.svg","contentUrl":"https:\/\/ldo.no\/content\/uploads\/sites\/2\/2025\/05\/Property-1Default.svg","caption":"LDO Arkiv"},"image":{"@id":"https:\/\/ldo.no\/arkiv\/#\/schema\/logo\/image\/"}}]}},"_links":{"self":[{"href":"https:\/\/ldo.no\/arkiv\/wp-json\/wp\/v2\/ldo-complaint\/14261"}],"collection":[{"href":"https:\/\/ldo.no\/arkiv\/wp-json\/wp\/v2\/ldo-complaint"}],"about":[{"href":"https:\/\/ldo.no\/arkiv\/wp-json\/wp\/v2\/types\/ldo-complaint"}],"version-history":[{"count":0,"href":"https:\/\/ldo.no\/arkiv\/wp-json\/wp\/v2\/ldo-complaint\/14261\/revisions"}],"wp:attachment":[{"href":"https:\/\/ldo.no\/arkiv\/wp-json\/wp\/v2\/media?parent=14261"}],"wp:term":[{"taxonomy":"ldo-archive-year","embeddable":true,"href":"https:\/\/ldo.no\/arkiv\/wp-json\/wp\/v2\/ldo-archive-year?post=14261"}],"curies":[{"name":"wp","href":"https:\/\/api.w.org\/{rel}","templated":true}]}}