{"id":14366,"date":"2011-01-01T00:00:00","date_gmt":"2011-01-01T00:00:00","guid":{"rendered":"https:\/\/ldo.local\/arkiv\/klagesaker\/2011-091196-ikke-diskriminert-pa-grunn-av-synsproblemer\/"},"modified":"2011-01-01T00:00:00","modified_gmt":"2011-01-01T00:00:00","slug":"2011-091196-ikke-diskriminert-pa-grunn-av-synsproblemer","status":"publish","type":"ldo-complaint","link":"https:\/\/ldo.no\/arkiv\/klagesaker\/2011-091196-ikke-diskriminert-pa-grunn-av-synsproblemer\/","title":{"rendered":"09\/1196: Ikke diskriminert p\u00e5 grunn av synsproblemer"},"content":{"rendered":"<article class=\"base-article inside\">\n<header>\n<div class=\"row\">\n<div class=\"col-sm-12\">\n<\/div>\n<\/div>\n<h1>\n09\/1196: Ikke diskriminert p\u00e5 grunn av synsproblemer<br \/>\n<\/h1>\n<\/header>\n<section>\n<section class=\"lead\">\n<p>En mann kontaktet ombudet fordi han mente han ble diskriminert av sykehuset der han var pasient fordi han ble nektet \u00e5 bruke briller med m\u00f8rkt glass. Pasienten er sensitiv for skarpt lys og hadde skaffet seg briller med m\u00f8rke glass i samr\u00e5d med legen sin.<\/p>\n<\/section>\n<section>\n<p>Sykehuset sier at pasienten ble oppfordret til heller \u00e5 bruke lyse glass. Dette fordi andre pasienter og personalet opplevde det som ubehagelig at de ikke fikk \u00f8yekontakt med ham. Pasienten hadde akseptert dette.<\/p>\n<p>Ombudet finner at det her er snakk om p\u00e5stand mot p\u00e5stand og at det ikke grunn til \u00e5 tro at det har skjedd diskriminering. Sykehuset handlet derfor ikke i strid med diskriminerings og tilgjengelighetsloven.<\/p>\n<p><strong>Saksnr.: 09\/1196<br \/>Lovgrunnlag: Diskriminerings- og tilgjengelighetsloven \u00a7 4<br \/>Dato: 11.02.2011<\/strong><\/p>\n<h1>OMBUDETS UTTALELSE<\/h1>\n<h2>Sakens bakgrunn<\/h2>\n<p>Likestillings- og diskrimineringsombudets presentasjon av sakens bakgrunn bygger p\u00e5 den skriftlige redegj\u00f8relsen fra partene i saken.<\/p>\n<p>Saken gjelder en p\u00e5st\u00e5tt hendelse ved Y. <\/p>\n<h2>Partenes syn p\u00e5 saken<\/h2>\n<h3>X:<\/h3>\n<p>X opplyser at han er sensitiv for skarpt lys. Han har derfor i samr\u00e5d med legen sin kj\u00f8pt et par briller med m\u00f8rkere glass, som hjelper ham \u00e5 se klarere. Han hevder at han ikke fikk bruke disse brillene p\u00e5 Y, og at han ble tvunget til \u00e5 bruke briller med lyse glass. X skriver videre at han n\u00e6rmest ble jaget inn p\u00e5 rommet, og at ansatte p\u00e5 Y flokket seg rundt ham og uttalte at han m\u00e5tte komme seg inn p\u00e5 rommet sitt. Videre skal \u00e9n av de ansatte ha sagt at han ikke f\u00e5r vise seg i avdelingen f\u00f8r han har tatt av seg brillene med m\u00f8rke glass. <\/p>\n<h3>Y:<\/h3>\n<p>Y avviser at X ble nektet \u00e5 bruke briller med m\u00f8rke glass. De understreker at de kun oppfordret X \u00e5 bruke andre briller som har lysere glass. Dette ble begrunnet med hensyn til andre pasienter og personalet ved avdelingen, fordi det ble opplevd som ubehagelig da de ikke fikk \u00f8yekontakt med ham. Y skriver videre at X aksepterte \u00e5 bruke brillene med lyse glass p\u00e5 oppfordring. <\/p>\n<h2>Rettslig grunnlag<\/h2>\n<p>Ombudet kan gi uttalelse om et forhold er i strid med diskriminerings- og tilgjengelighetsloven eller ikke, jf. diskrimineringsombudsloven \u00a7 3 tredje ledd, jf. \u00a7 1 annet ledd nr. 3.<\/p>\n<p>Direkte og indirekte diskriminering p\u00e5 grunn av nedsatt funksjonsevne er forbudt, jf. diskriminerings- og tilgjengelighetsloven \u00a7 4 f\u00f8rste ledd. Denne saken reiser sp\u00f8rsm\u00e5l om direkte diskriminering.<\/p>\n<p>Med direkte diskriminering menes at en handling eller unnlatelse har som form\u00e5l eller virkning at personer p\u00e5 grunn av nedsatt funksjonsevne blir behandlet d\u00e5rligere enn andre blir, er blitt eller ville blitt behandlet i en tilsvarende situasjon.<\/p>\n<p>Dersom det foreligger omstendigheter som gir grunn til \u00e5 tro at det har skjedd diskriminering, skal det legges til grunn at diskriminering har funnet sted, hvis ikke den som er ansvarlig for handlingen sannsynliggj\u00f8r at det likevel ikke har skjedd diskriminering, jf. diskriminerings- og tilgjengelighetsloven \u00a7 13.<\/p>\n<p>En p\u00e5stand om diskriminering er ikke nok til at ombudet kan konkludere med at det er \u201dgrunn til \u00e5 tro\u201d at diskriminering har skjedd. P\u00e5standen m\u00e5 st\u00f8ttes av andre opplysninger eller sakens omstendigheter for \u00f8vrig.<\/p>\n<h2>Ombudets vurdering<\/h2>\n<p>Likestillings- og diskrimineringsombudet skal ta stilling til om X ble diskriminert p\u00e5 grunn av nedsatt funksjonsevne under sitt opphold p\u00e5 Y. <\/p>\n<p>Dersom ombudet finner at det er grunn til \u00e5 tro at X ble nektet \u00e5 bruke brillene med m\u00f8rke glass, g\u00e5r bevisbyrden over p\u00e5 Y. <\/p>\n<p>X p\u00e5st\u00e5r at han ble nektet \u00e5 bruke de m\u00f8rke brillene. Han har imidlertid ikke vist til andre omstendigheter i saken som st\u00f8tter denne p\u00e5standen. Y p\u00e5 sin side avviser dette forholdet. Y mener de kun oppfordret X \u00e5 bruke andre briller som har lysere glass, og at X aksepterte dette. <\/p>\n<p>Ombudet finner derfor at det st\u00e5r p\u00e5stand mot p\u00e5stand i denne saken n\u00e5r det gjelder det n\u00e6rmere hendelsesforl\u00f8pet. En p\u00e5stand om diskriminering er ikke nok til at ombudet kan konkludere med at det er \u201dgrunn til \u00e5 tro\u201d at diskriminering har skjedd. <\/p>\n<p>Ombudet finner p\u00e5 denne bakgrunn at det ikke er grunn til \u00e5 tro at X ble nektet \u00e5 bruke brillene med m\u00f8rke glass, eller at han p\u00e5 annen m\u00e5te har blitt utsatt for en behandling som rammes av diskrimineringsforbudet etter diskriminerings- og tilgjengelighetsloven.<\/p>\n<h2>Konklusjon<\/h2>\n<p>Likestillings- og diskrimineringsombudet konkluderer med dette at Y ikke handlet i strid med diskrimineringsforbudet i diskriminerings- og tilgjengelighetsloven \u00a7 4. <\/p>\n<\/section>\n<\/section>\n<\/article>\n","protected":false},"excerpt":{"rendered":"<p>En mann kontaktet ombudet fordi han mente han ble diskriminert av sykehuset der han var pasient fordi han ble nektet \u00e5 bruke briller med m\u00f8rkt glass. Pasienten er sensitiv for skarpt lys og hadde skaffet seg briller med m\u00f8rke glass i samr\u00e5d med legen sin.<\/p>\n","protected":false},"template":"","meta":{"footnotes":""},"ldo-archive-year":[23],"class_list":["post-14366","ldo-complaint","type-ldo-complaint","status-publish","hentry","ldo-archive-year-23"],"yoast_head":"<!-- This site is optimized with the Yoast SEO plugin v22.9 - https:\/\/yoast.com\/wordpress\/plugins\/seo\/ -->\n<title>09\/1196: Ikke diskriminert p\u00e5 grunn av synsproblemer - Arkiv<\/title>\n<meta name=\"robots\" content=\"index, follow, max-snippet:-1, max-image-preview:large, max-video-preview:-1\" \/>\n<link rel=\"canonical\" href=\"https:\/\/ldo.no\/arkiv\/klagesaker\/2011-091196-ikke-diskriminert-pa-grunn-av-synsproblemer\/\" \/>\n<meta property=\"og:locale\" content=\"nb_NO\" \/>\n<meta property=\"og:type\" content=\"article\" \/>\n<meta property=\"og:title\" content=\"09\/1196: Ikke diskriminert p\u00e5 grunn av synsproblemer - Arkiv\" \/>\n<meta property=\"og:description\" content=\"En mann kontaktet ombudet fordi han mente han ble diskriminert av sykehuset der han var pasient fordi han ble nektet \u00e5 bruke briller med m\u00f8rkt glass. Pasienten er sensitiv for skarpt lys og hadde skaffet seg briller med m\u00f8rke glass i samr\u00e5d med legen sin.\" \/>\n<meta property=\"og:url\" content=\"https:\/\/ldo.no\/arkiv\/klagesaker\/2011-091196-ikke-diskriminert-pa-grunn-av-synsproblemer\/\" \/>\n<meta property=\"og:site_name\" content=\"Arkiv\" \/>\n<meta name=\"twitter:card\" content=\"summary_large_image\" \/>\n<meta name=\"twitter:label1\" content=\"Ansl. lesetid\" \/>\n\t<meta name=\"twitter:data1\" content=\"4 minutter\" \/>\n<script type=\"application\/ld+json\" class=\"yoast-schema-graph\">{\"@context\":\"https:\/\/schema.org\",\"@graph\":[{\"@type\":\"WebPage\",\"@id\":\"https:\/\/ldo.no\/arkiv\/klagesaker\/2011-091196-ikke-diskriminert-pa-grunn-av-synsproblemer\/\",\"url\":\"https:\/\/ldo.no\/arkiv\/klagesaker\/2011-091196-ikke-diskriminert-pa-grunn-av-synsproblemer\/\",\"name\":\"09\/1196: Ikke diskriminert p\u00e5 grunn av synsproblemer - Arkiv\",\"isPartOf\":{\"@id\":\"https:\/\/ldo.no\/arkiv\/#website\"},\"datePublished\":\"2011-01-01T00:00:00+00:00\",\"dateModified\":\"2011-01-01T00:00:00+00:00\",\"breadcrumb\":{\"@id\":\"https:\/\/ldo.no\/arkiv\/klagesaker\/2011-091196-ikke-diskriminert-pa-grunn-av-synsproblemer\/#breadcrumb\"},\"inLanguage\":\"nb-NO\",\"potentialAction\":[{\"@type\":\"ReadAction\",\"target\":[\"https:\/\/ldo.no\/arkiv\/klagesaker\/2011-091196-ikke-diskriminert-pa-grunn-av-synsproblemer\/\"]}]},{\"@type\":\"BreadcrumbList\",\"@id\":\"https:\/\/ldo.no\/arkiv\/klagesaker\/2011-091196-ikke-diskriminert-pa-grunn-av-synsproblemer\/#breadcrumb\",\"itemListElement\":[{\"@type\":\"ListItem\",\"position\":1,\"name\":\"Arkiv\",\"item\":\"https:\/\/ldo.no\/arkiv\/\"},{\"@type\":\"ListItem\",\"position\":2,\"name\":\"Klagesaker\",\"item\":\"https:\/\/ldo.no\/arkiv\/?post-type=ldo-complaint\"},{\"@type\":\"ListItem\",\"position\":3,\"name\":\"09\/1196: Ikke diskriminert p\u00e5 grunn av synsproblemer\"}]},{\"@type\":\"WebSite\",\"@id\":\"https:\/\/ldo.no\/arkiv\/#website\",\"url\":\"https:\/\/ldo.no\/arkiv\/\",\"name\":\"LDO Arkiv\",\"description\":\"Dette er ombudets arkiv. Her finner du klagesaker som ombudet i sin tid behandlet fra 1996 til 2017. Klagesaker utover dette finner du p\u00e5 Diskrimineringsnemndas hjemmeside. P\u00e5 disse arkivsidene finner du ogs\u00e5 eldre h\u00f8ringssvar som strekker seg fra 2023 og tilbake til 2006. Nyere h\u00f8ringssvar finner du p\u00e5 Publikasjoner, som du kan bes\u00f8ke ved \u00e5 klikke p\u00e5 menyknappen \u00f8verst i h\u00f8yre hj\u00f8rne.\",\"publisher\":{\"@id\":\"https:\/\/ldo.no\/arkiv\/#organization\"},\"potentialAction\":[{\"@type\":\"SearchAction\",\"target\":{\"@type\":\"EntryPoint\",\"urlTemplate\":\"https:\/\/ldo.no\/arkiv\/?s={search_term_string}\"},\"query-input\":\"required name=search_term_string\"}],\"inLanguage\":\"nb-NO\"},{\"@type\":\"Organization\",\"@id\":\"https:\/\/ldo.no\/arkiv\/#organization\",\"name\":\"LDO Arkiv\",\"url\":\"https:\/\/ldo.no\/arkiv\/\",\"logo\":{\"@type\":\"ImageObject\",\"inLanguage\":\"nb-NO\",\"@id\":\"https:\/\/ldo.no\/arkiv\/#\/schema\/logo\/image\/\",\"url\":\"https:\/\/ldo.no\/content\/uploads\/sites\/2\/2025\/05\/Property-1Default.svg\",\"contentUrl\":\"https:\/\/ldo.no\/content\/uploads\/sites\/2\/2025\/05\/Property-1Default.svg\",\"caption\":\"LDO Arkiv\"},\"image\":{\"@id\":\"https:\/\/ldo.no\/arkiv\/#\/schema\/logo\/image\/\"}}]}<\/script>\n<!-- \/ Yoast SEO plugin. -->","yoast_head_json":{"title":"09\/1196: Ikke diskriminert p\u00e5 grunn av synsproblemer - Arkiv","robots":{"index":"index","follow":"follow","max-snippet":"max-snippet:-1","max-image-preview":"max-image-preview:large","max-video-preview":"max-video-preview:-1"},"canonical":"https:\/\/ldo.no\/arkiv\/klagesaker\/2011-091196-ikke-diskriminert-pa-grunn-av-synsproblemer\/","og_locale":"nb_NO","og_type":"article","og_title":"09\/1196: Ikke diskriminert p\u00e5 grunn av synsproblemer - Arkiv","og_description":"En mann kontaktet ombudet fordi han mente han ble diskriminert av sykehuset der han var pasient fordi han ble nektet \u00e5 bruke briller med m\u00f8rkt glass. Pasienten er sensitiv for skarpt lys og hadde skaffet seg briller med m\u00f8rke glass i samr\u00e5d med legen sin.","og_url":"https:\/\/ldo.no\/arkiv\/klagesaker\/2011-091196-ikke-diskriminert-pa-grunn-av-synsproblemer\/","og_site_name":"Arkiv","twitter_card":"summary_large_image","twitter_misc":{"Ansl. lesetid":"4 minutter"},"schema":{"@context":"https:\/\/schema.org","@graph":[{"@type":"WebPage","@id":"https:\/\/ldo.no\/arkiv\/klagesaker\/2011-091196-ikke-diskriminert-pa-grunn-av-synsproblemer\/","url":"https:\/\/ldo.no\/arkiv\/klagesaker\/2011-091196-ikke-diskriminert-pa-grunn-av-synsproblemer\/","name":"09\/1196: Ikke diskriminert p\u00e5 grunn av synsproblemer - Arkiv","isPartOf":{"@id":"https:\/\/ldo.no\/arkiv\/#website"},"datePublished":"2011-01-01T00:00:00+00:00","dateModified":"2011-01-01T00:00:00+00:00","breadcrumb":{"@id":"https:\/\/ldo.no\/arkiv\/klagesaker\/2011-091196-ikke-diskriminert-pa-grunn-av-synsproblemer\/#breadcrumb"},"inLanguage":"nb-NO","potentialAction":[{"@type":"ReadAction","target":["https:\/\/ldo.no\/arkiv\/klagesaker\/2011-091196-ikke-diskriminert-pa-grunn-av-synsproblemer\/"]}]},{"@type":"BreadcrumbList","@id":"https:\/\/ldo.no\/arkiv\/klagesaker\/2011-091196-ikke-diskriminert-pa-grunn-av-synsproblemer\/#breadcrumb","itemListElement":[{"@type":"ListItem","position":1,"name":"Arkiv","item":"https:\/\/ldo.no\/arkiv\/"},{"@type":"ListItem","position":2,"name":"Klagesaker","item":"https:\/\/ldo.no\/arkiv\/?post-type=ldo-complaint"},{"@type":"ListItem","position":3,"name":"09\/1196: Ikke diskriminert p\u00e5 grunn av synsproblemer"}]},{"@type":"WebSite","@id":"https:\/\/ldo.no\/arkiv\/#website","url":"https:\/\/ldo.no\/arkiv\/","name":"LDO Arkiv","description":"Dette er ombudets arkiv. Her finner du klagesaker som ombudet i sin tid behandlet fra 1996 til 2017. Klagesaker utover dette finner du p\u00e5 Diskrimineringsnemndas hjemmeside. P\u00e5 disse arkivsidene finner du ogs\u00e5 eldre h\u00f8ringssvar som strekker seg fra 2023 og tilbake til 2006. Nyere h\u00f8ringssvar finner du p\u00e5 Publikasjoner, som du kan bes\u00f8ke ved \u00e5 klikke p\u00e5 menyknappen \u00f8verst i h\u00f8yre hj\u00f8rne.","publisher":{"@id":"https:\/\/ldo.no\/arkiv\/#organization"},"potentialAction":[{"@type":"SearchAction","target":{"@type":"EntryPoint","urlTemplate":"https:\/\/ldo.no\/arkiv\/?s={search_term_string}"},"query-input":"required name=search_term_string"}],"inLanguage":"nb-NO"},{"@type":"Organization","@id":"https:\/\/ldo.no\/arkiv\/#organization","name":"LDO Arkiv","url":"https:\/\/ldo.no\/arkiv\/","logo":{"@type":"ImageObject","inLanguage":"nb-NO","@id":"https:\/\/ldo.no\/arkiv\/#\/schema\/logo\/image\/","url":"https:\/\/ldo.no\/content\/uploads\/sites\/2\/2025\/05\/Property-1Default.svg","contentUrl":"https:\/\/ldo.no\/content\/uploads\/sites\/2\/2025\/05\/Property-1Default.svg","caption":"LDO Arkiv"},"image":{"@id":"https:\/\/ldo.no\/arkiv\/#\/schema\/logo\/image\/"}}]}},"_links":{"self":[{"href":"https:\/\/ldo.no\/arkiv\/wp-json\/wp\/v2\/ldo-complaint\/14366"}],"collection":[{"href":"https:\/\/ldo.no\/arkiv\/wp-json\/wp\/v2\/ldo-complaint"}],"about":[{"href":"https:\/\/ldo.no\/arkiv\/wp-json\/wp\/v2\/types\/ldo-complaint"}],"version-history":[{"count":0,"href":"https:\/\/ldo.no\/arkiv\/wp-json\/wp\/v2\/ldo-complaint\/14366\/revisions"}],"wp:attachment":[{"href":"https:\/\/ldo.no\/arkiv\/wp-json\/wp\/v2\/media?parent=14366"}],"wp:term":[{"taxonomy":"ldo-archive-year","embeddable":true,"href":"https:\/\/ldo.no\/arkiv\/wp-json\/wp\/v2\/ldo-archive-year?post=14366"}],"curies":[{"name":"wp","href":"https:\/\/api.w.org\/{rel}","templated":true}]}}