{"id":14862,"date":"2010-01-01T00:00:00","date_gmt":"2010-01-01T00:00:00","guid":{"rendered":"https:\/\/ldo.local\/arkiv\/klagesaker\/2010-fargehandel-ikke-universelt-utformet\/"},"modified":"2010-01-01T00:00:00","modified_gmt":"2010-01-01T00:00:00","slug":"2010-fargehandel-ikke-universelt-utformet","status":"publish","type":"ldo-complaint","link":"https:\/\/ldo.no\/arkiv\/klagesaker\/2010-fargehandel-ikke-universelt-utformet\/","title":{"rendered":"Fargehandel ikke universelt utformet"},"content":{"rendered":"<h1>Fargehandel ikke universelt utformet<\/h1>\n<article class=\"base-article inside\">\n<header>\n<div class=\"row\">\n<div class=\"col-sm-12\">\n<\/div>\n<\/div>\n<\/header>\n<section>\n<section class=\"lead\">\n<p>Ombudet fant at inngangspartiet til en fargehandel i Tr\u00f8ndelag ikke var universelt utformet.<\/p>\n<\/section>\n<section>\n<p>Foran inngangspartiet var det en trapp, hvor det verken var rampe eller snuplass for rullestol. Virksomheten dokumenterte heller ikke at utbedring ville v\u00e6re uforholdsmessig byrdefullt. Ombudet fant derfor at fargehandelen bryter DTL grunnet manglende utbedring.<\/p>\n<p><strong>Saksnummer: 09\/1450<br \/>Lovanvendelse: Diskriminerings \u2013 og tilgjengelighetsloven \u00a7 9<br \/>Hele uttalelsen, datert 17. juni 2010:<\/strong> <\/p>\n<h2>Sp\u00f8rsm\u00e5l om universell utforming av fargehandel<\/h2>\n<p>Likestillings- og diskrimineringsombudet viser til klage fra Norges Handikapforbund (NHF) Fr\u00f8ya og Hitra av 23. juni 2009.<\/p>\n<p>NHF mener Fr\u00f8ya Farge ikke oppfyller kravet til universell utforming etter diskriminerings- og tilgjengelighetsloven \u00a7 9 fordi virksomhetens inngangsparti har en trapp med fire trappetrinn, og en d\u00f8rstokk som gj\u00f8r det umulig for rullestolbrukere \u00e5 komme inn i butikken uten hjelp.<\/p>\n<p>Ombudet har vurdert saken, og konkluderer med at Fr\u00f8ya Farge bryter plikten til \u00e5 sikre universell utforming av virksomhetens lokaler jf. diskriminerings- og tilgjengelighetsloven \u00a7 9 tredje ledd. Brudd p\u00e5 plikten regnes som diskriminering av personer med nedsatt bevegelsesevne, jf. diskriminerings- og tilgjengelighetsloven \u00a7 9 fjerde ledd.<\/p>\n<p>Likestillings- og diskrimineringsombudets uttalelse kan bringes inn for Likestilings- og diskrimineringsnemnda innen tre uker fra det tidspunkt Fr\u00f8ya Farge mottar ombudets brev, se vedlagte orientering.<\/p>\n<h2>Sakens bakgrunn<\/h2>\n<p>Likestillings- og diskrimineringsombudet bygger p\u00e5 partenes skriftlige redegj\u00f8relser i sin fremstilling av sakens bakgrunn.<\/p>\n<p>NHF klaget p\u00e5 Fr\u00f8ya Farge 23. juni 2009. NHF viser til at de, den 19. juni 2009, avtalte med eier av virksomheten at den skulle bli klaget inn for LDO grunnet manglende universell utforming. Fr\u00f8ya Farge skulle s\u00e5 legge saken frem for egen r\u00e5dgiver.<\/p>\n<h2>Partenes syn p\u00e5 saken<\/h2>\n<h3>NHF:<\/h3>\n<p>NHF hevder at Fr\u00f8ya farge bryter plikten til universell utforming fordi virksomheten ikke utbedrer inngangspartiet. NHF viser til at trappen ved inngangen har fire trappetrinn. NHF mener det m\u00e5 bygges en lang rampe med gelender, og et plant hvileareal ved inngangen. Det vises ogs\u00e5 til at d\u00f8rstokken ved inngangen er for bratt. <\/p>\n<h3>Fr\u00f8ya Farge:<\/h3>\n<p>Fr\u00f8ya Farge har, til tross for flere purringer fra ombudet, ikke gitt ombudet noen skriftlig redegj\u00f8relse om virksomhetens utforming. P\u00e5 telefon med saksbehandler hos ombudet 23. februar 2010 uttalte ansatte ved virksomheten at de skulle sende planer for utbedring av inngangspartiet. Slik dokumentasjon ble aldri sendt til ombudet.<\/p>\n<h2>Rettslig grunnlag <\/h2>\n<p>Ombudet har kompetanse til \u00e5 gi uttalelse om et forhold er i strid med diskriminerings- og tilgjengelighetsloven, jf. diskrimineringsombudsloven \u00a7 3 tredje ledd, jf. \u00a7 1 annet ledd nr. 3.<\/p>\n<p>Denne saken reiser sp\u00f8rsm\u00e5l om virksomheters plikt til \u00e5 sikre universell utforming etter diskriminerings- og tilgjengelighetslovens \u00a7 9.<br \/>Diskriminerings- og tilgjengelighetslovens \u00a7 9 tredje ledd p\u00e5legger offentlige og private virksomheter rettet mot allmennheten en plikt til \u00e5 sikre universell utforming av virksomhetens alminnelige funksjon. <\/p>\n<p>Med universell utforming menes tilrettelegging av hovedl\u00f8sningen i de fysiske forholdene slik at virksomhetens alminnelige funksjon kan benyttes av flest mulig, jf. \u00a7 9 andre ledd. Dette betyr at virksomhetens fysiske fasiliteter, som skal benyttes av allmennheten (kundene, pasientene), skal tilrettelegges p\u00e5 en slik m\u00e5te at flest mulig f\u00e5r tilgang til de tjenester virksomheten tilbyr. Det er hovedl\u00f8sningen som skal v\u00e6re gjenstand for tilrettelegging. Det vil derfor v\u00e6re i strid med bestemmelsen at det lages egne innganger, omr\u00e5der eller lignende for bestemte grupper.<\/p>\n<p>Plikten til universell utforming rekker s\u00e5 langt det ikke medf\u00f8rer en uforholdsmessig byrde for virksomheten, se \u00a7 9 tredje ledd. Ved den konkrete uforholdsmessighetsvurderingen vil den positive effekten og viktigheten av tilretteleggingen m\u00e5tte veies mot kostnader og andre former for belastning tilretteleggingen medf\u00f8rer. Lovgiver har bestemt at det s\u00e6rlig skal legges vekt p\u00e5:<\/p>\n<ol>\n<li>tilretteleggingens effekt for \u00e5 nedbygge funksjonshemmende barrierer (nytte vs kostnad)<\/li>\n<li>om virksomhetens funksjon er av offentlig art<\/li>\n<li>de n\u00f8dvendige kostnadene ved tilretteleggingen<\/li>\n<li>virksomhetens ressurser<\/li>\n<li>sikkerhetsmessige hensyn<\/li>\n<li>vernehensyn<\/li>\n<\/ol>\n<p>Dersom ombudet kommer til at det er en uforholdsmessig byrde \u00e5 sikre universell utforming, betyr ikke det at virksomheten kan la v\u00e6re \u00e5 foreta seg noe. Virksomheten er uansett forpliktet til \u00e5 jobbe for best mulig tilgjengelighet for personer med nedsatt funksjonsevne. <\/p>\n<p>Etter diskriminerings- og tilgjengelighetslovens \u00a7 13 vil det v\u00e6re opp til innklagede \u00e5 sannsynliggj\u00f8re at det ikke har forekommet diskriminering i strid med loven, dersom det foreligger omstendigheter som gir grunn til \u00e5 tro at diskriminering har skjedd.<\/p>\n<h2>Ombudets vurdering<\/h2>\n<p>Ombudet vil innledningsvis fastsl\u00e5 at Fr\u00f8ya Farge er en virksomhet som har plikt til \u00e5 sikre at virksomhetens hovedl\u00f8sninger er universelt utformet etter diskriminerings- og tilgjengelighetslovens \u00a7 9. Virksomheten har derfor plikt til \u00e5 tilrettelegge de deler av virksomhetens lokaler som benyttes av allmennheten (pasienter, kunder eller andre) p\u00e5 en slik m\u00e5te at flest mulig, uavhengig av individuelle forutsetninger, vil ha tilgang til virksomhetens tjenester og service. Plikten til universell utforming omfatter en butikks inngangsparti.<br \/>Det f\u00f8rste ombudet m\u00e5 ta stilling til er om Fr\u00f8ya Farge tilfredsstiller kravet til universell utforming.<\/p>\n<p>NHF har sendt fotografier av inngangspartiet ved Fr\u00f8ya Farge. Fotografiene viser tydelig at inngangspartiet har en trapp med fire trinn, hvor det ikke er installert rampe eller snuplass for rullestol. Det vil v\u00e6re umulig for rullestolbrukere \u00e5 komme seg inn i virksomheten uten hjelp. Ombudet finner derfor at Fr\u00f8ya farge ikke er universelt utformet.<\/p>\n<p>Ombudet m\u00e5 deretter vurdere om Fr\u00f8ya Farge har dokumentert at det foreligger omstendigheter, som medf\u00f8rer at det vil v\u00e6re en uforholdsmessig byrde \u00e5 sikre universell utforming av butikken. Det er Fr\u00f8ya farge som m\u00e5 sannsynliggj\u00f8re at det vil v\u00e6re en uforholdsmessig byrde \u00e5 gj\u00f8re butikkens lokaler universelt utformet.<\/p>\n<p>Fr\u00f8ya farge har, til tross for flere purringer fra ombudet per brev og telefon, ikke sendt dokumentasjon p\u00e5 planer for utbedring, eller dokumentasjon p\u00e5 at det vil v\u00e6re uforholdsmessig byrdefullt for virksomheten \u00e5 utbedre inngangspartiet. Ombudet finner s\u00e5ledes at Fr\u00f8ya farge ikke har sannsynliggjort at det vil v\u00e6re uforholdsmessig byrdefullt \u00e5 utbedre.<\/p>\n<h2>Konklusjon<\/h2>\n<p>Ombudet konkluderer med at Fr\u00f8ya farge bryter plikten til universell utforming i diskriminerings \u2013 og tilgjengelighetsloven \u00a7 9, grunnet manglende utbedring av butikkens inngangsparti. <\/p>\n<p> ***<br \/>Ombudets uttalelser er ikke rettslig bindende. Ombudet oppfordrer likevel Fr\u00f8ya farge til \u00e5 utbedre inngangspartiet, slik at rullestolbrukere f\u00e5r tilgang til virksomheten. Ombudet oppfordrer Fr\u00f8ya farge til \u00e5 installere en lang rampe med gelender ved inngangen, samt snuareal for rullestolbrukere. D\u00f8rstokken ved inngangsd\u00f8ren b\u00f8r ogs\u00e5 utbedres.<\/p>\n<p>Dersom Fr\u00f8ya farge ikke retter seg etter ombudets uttalelse vil ombudet vurdere \u00e5 bringe saken inn til vurdering hos Likestillings- og diskrimineringsnemnda. Nemnda kan treffe vedtak om at det foreligger brudd p\u00e5 plikten til universell utforming, jf. diskrimineringsombudsloven \u00a7 7. Nemnda har ogs\u00e5 kompetanse til \u00e5 p\u00e5legge stansing, retting eller andre tiltak. Dersom Fr\u00f8ya farge ikke f\u00f8lger et p\u00e5legg fra Likestillings- og diskrimineringsnemnda, har nemnda myndighet til \u00e5 ilegge en l\u00f8pende tvangsmulkt frem til forholdet er brakt i orden.<\/p>\n<\/section>\n<\/section>\n<\/article>\n","protected":false},"excerpt":{"rendered":"<p>Ombudet fant at inngangspartiet til en fargehandel i Tr\u00f8ndelag ikke var universelt utformet.<\/p>\n","protected":false},"template":"","meta":{"footnotes":""},"ldo-archive-year":[22],"class_list":["post-14862","ldo-complaint","type-ldo-complaint","status-publish","hentry","ldo-archive-year-22"],"yoast_head":"<!-- This site is optimized with the Yoast SEO plugin v22.9 - https:\/\/yoast.com\/wordpress\/plugins\/seo\/ -->\n<title>Fargehandel ikke universelt utformet - Arkiv<\/title>\n<meta name=\"robots\" content=\"index, follow, max-snippet:-1, max-image-preview:large, max-video-preview:-1\" \/>\n<link rel=\"canonical\" href=\"https:\/\/ldo.no\/arkiv\/klagesaker\/2010-fargehandel-ikke-universelt-utformet\/\" \/>\n<meta property=\"og:locale\" content=\"nb_NO\" \/>\n<meta property=\"og:type\" content=\"article\" \/>\n<meta property=\"og:title\" content=\"Fargehandel ikke universelt utformet - Arkiv\" \/>\n<meta property=\"og:description\" content=\"Ombudet fant at inngangspartiet til en fargehandel i Tr\u00f8ndelag ikke var universelt utformet.\" \/>\n<meta property=\"og:url\" content=\"https:\/\/ldo.no\/arkiv\/klagesaker\/2010-fargehandel-ikke-universelt-utformet\/\" \/>\n<meta property=\"og:site_name\" content=\"Arkiv\" \/>\n<meta name=\"twitter:card\" content=\"summary_large_image\" \/>\n<meta name=\"twitter:label1\" content=\"Ansl. lesetid\" \/>\n\t<meta name=\"twitter:data1\" content=\"5 minutter\" \/>\n<script type=\"application\/ld+json\" class=\"yoast-schema-graph\">{\"@context\":\"https:\/\/schema.org\",\"@graph\":[{\"@type\":\"WebPage\",\"@id\":\"https:\/\/ldo.no\/arkiv\/klagesaker\/2010-fargehandel-ikke-universelt-utformet\/\",\"url\":\"https:\/\/ldo.no\/arkiv\/klagesaker\/2010-fargehandel-ikke-universelt-utformet\/\",\"name\":\"Fargehandel ikke universelt utformet - Arkiv\",\"isPartOf\":{\"@id\":\"https:\/\/ldo.no\/arkiv\/#website\"},\"datePublished\":\"2010-01-01T00:00:00+00:00\",\"dateModified\":\"2010-01-01T00:00:00+00:00\",\"breadcrumb\":{\"@id\":\"https:\/\/ldo.no\/arkiv\/klagesaker\/2010-fargehandel-ikke-universelt-utformet\/#breadcrumb\"},\"inLanguage\":\"nb-NO\",\"potentialAction\":[{\"@type\":\"ReadAction\",\"target\":[\"https:\/\/ldo.no\/arkiv\/klagesaker\/2010-fargehandel-ikke-universelt-utformet\/\"]}]},{\"@type\":\"BreadcrumbList\",\"@id\":\"https:\/\/ldo.no\/arkiv\/klagesaker\/2010-fargehandel-ikke-universelt-utformet\/#breadcrumb\",\"itemListElement\":[{\"@type\":\"ListItem\",\"position\":1,\"name\":\"Arkiv\",\"item\":\"https:\/\/ldo.no\/arkiv\/\"},{\"@type\":\"ListItem\",\"position\":2,\"name\":\"Klagesaker\",\"item\":\"https:\/\/ldo.no\/arkiv\/?post-type=ldo-complaint\"},{\"@type\":\"ListItem\",\"position\":3,\"name\":\"Fargehandel ikke universelt utformet\"}]},{\"@type\":\"WebSite\",\"@id\":\"https:\/\/ldo.no\/arkiv\/#website\",\"url\":\"https:\/\/ldo.no\/arkiv\/\",\"name\":\"LDO Arkiv\",\"description\":\"Dette er ombudets arkiv. Her finner du klagesaker som ombudet i sin tid behandlet fra 1996 til 2017. Klagesaker utover dette finner du p\u00e5 Diskrimineringsnemndas hjemmeside. P\u00e5 disse arkivsidene finner du ogs\u00e5 eldre h\u00f8ringssvar som strekker seg fra 2023 og tilbake til 2006. Nyere h\u00f8ringssvar finner du p\u00e5 Publikasjoner, som du kan bes\u00f8ke ved \u00e5 klikke p\u00e5 menyknappen \u00f8verst i h\u00f8yre hj\u00f8rne.\",\"publisher\":{\"@id\":\"https:\/\/ldo.no\/arkiv\/#organization\"},\"potentialAction\":[{\"@type\":\"SearchAction\",\"target\":{\"@type\":\"EntryPoint\",\"urlTemplate\":\"https:\/\/ldo.no\/arkiv\/?s={search_term_string}\"},\"query-input\":\"required name=search_term_string\"}],\"inLanguage\":\"nb-NO\"},{\"@type\":\"Organization\",\"@id\":\"https:\/\/ldo.no\/arkiv\/#organization\",\"name\":\"LDO Arkiv\",\"url\":\"https:\/\/ldo.no\/arkiv\/\",\"logo\":{\"@type\":\"ImageObject\",\"inLanguage\":\"nb-NO\",\"@id\":\"https:\/\/ldo.no\/arkiv\/#\/schema\/logo\/image\/\",\"url\":\"https:\/\/ldo.no\/content\/uploads\/sites\/2\/2025\/05\/Property-1Default.svg\",\"contentUrl\":\"https:\/\/ldo.no\/content\/uploads\/sites\/2\/2025\/05\/Property-1Default.svg\",\"caption\":\"LDO Arkiv\"},\"image\":{\"@id\":\"https:\/\/ldo.no\/arkiv\/#\/schema\/logo\/image\/\"}}]}<\/script>\n<!-- \/ Yoast SEO plugin. -->","yoast_head_json":{"title":"Fargehandel ikke universelt utformet - Arkiv","robots":{"index":"index","follow":"follow","max-snippet":"max-snippet:-1","max-image-preview":"max-image-preview:large","max-video-preview":"max-video-preview:-1"},"canonical":"https:\/\/ldo.no\/arkiv\/klagesaker\/2010-fargehandel-ikke-universelt-utformet\/","og_locale":"nb_NO","og_type":"article","og_title":"Fargehandel ikke universelt utformet - Arkiv","og_description":"Ombudet fant at inngangspartiet til en fargehandel i Tr\u00f8ndelag ikke var universelt utformet.","og_url":"https:\/\/ldo.no\/arkiv\/klagesaker\/2010-fargehandel-ikke-universelt-utformet\/","og_site_name":"Arkiv","twitter_card":"summary_large_image","twitter_misc":{"Ansl. lesetid":"5 minutter"},"schema":{"@context":"https:\/\/schema.org","@graph":[{"@type":"WebPage","@id":"https:\/\/ldo.no\/arkiv\/klagesaker\/2010-fargehandel-ikke-universelt-utformet\/","url":"https:\/\/ldo.no\/arkiv\/klagesaker\/2010-fargehandel-ikke-universelt-utformet\/","name":"Fargehandel ikke universelt utformet - Arkiv","isPartOf":{"@id":"https:\/\/ldo.no\/arkiv\/#website"},"datePublished":"2010-01-01T00:00:00+00:00","dateModified":"2010-01-01T00:00:00+00:00","breadcrumb":{"@id":"https:\/\/ldo.no\/arkiv\/klagesaker\/2010-fargehandel-ikke-universelt-utformet\/#breadcrumb"},"inLanguage":"nb-NO","potentialAction":[{"@type":"ReadAction","target":["https:\/\/ldo.no\/arkiv\/klagesaker\/2010-fargehandel-ikke-universelt-utformet\/"]}]},{"@type":"BreadcrumbList","@id":"https:\/\/ldo.no\/arkiv\/klagesaker\/2010-fargehandel-ikke-universelt-utformet\/#breadcrumb","itemListElement":[{"@type":"ListItem","position":1,"name":"Arkiv","item":"https:\/\/ldo.no\/arkiv\/"},{"@type":"ListItem","position":2,"name":"Klagesaker","item":"https:\/\/ldo.no\/arkiv\/?post-type=ldo-complaint"},{"@type":"ListItem","position":3,"name":"Fargehandel ikke universelt utformet"}]},{"@type":"WebSite","@id":"https:\/\/ldo.no\/arkiv\/#website","url":"https:\/\/ldo.no\/arkiv\/","name":"LDO Arkiv","description":"Dette er ombudets arkiv. Her finner du klagesaker som ombudet i sin tid behandlet fra 1996 til 2017. Klagesaker utover dette finner du p\u00e5 Diskrimineringsnemndas hjemmeside. P\u00e5 disse arkivsidene finner du ogs\u00e5 eldre h\u00f8ringssvar som strekker seg fra 2023 og tilbake til 2006. Nyere h\u00f8ringssvar finner du p\u00e5 Publikasjoner, som du kan bes\u00f8ke ved \u00e5 klikke p\u00e5 menyknappen \u00f8verst i h\u00f8yre hj\u00f8rne.","publisher":{"@id":"https:\/\/ldo.no\/arkiv\/#organization"},"potentialAction":[{"@type":"SearchAction","target":{"@type":"EntryPoint","urlTemplate":"https:\/\/ldo.no\/arkiv\/?s={search_term_string}"},"query-input":"required name=search_term_string"}],"inLanguage":"nb-NO"},{"@type":"Organization","@id":"https:\/\/ldo.no\/arkiv\/#organization","name":"LDO Arkiv","url":"https:\/\/ldo.no\/arkiv\/","logo":{"@type":"ImageObject","inLanguage":"nb-NO","@id":"https:\/\/ldo.no\/arkiv\/#\/schema\/logo\/image\/","url":"https:\/\/ldo.no\/content\/uploads\/sites\/2\/2025\/05\/Property-1Default.svg","contentUrl":"https:\/\/ldo.no\/content\/uploads\/sites\/2\/2025\/05\/Property-1Default.svg","caption":"LDO Arkiv"},"image":{"@id":"https:\/\/ldo.no\/arkiv\/#\/schema\/logo\/image\/"}}]}},"_links":{"self":[{"href":"https:\/\/ldo.no\/arkiv\/wp-json\/wp\/v2\/ldo-complaint\/14862"}],"collection":[{"href":"https:\/\/ldo.no\/arkiv\/wp-json\/wp\/v2\/ldo-complaint"}],"about":[{"href":"https:\/\/ldo.no\/arkiv\/wp-json\/wp\/v2\/types\/ldo-complaint"}],"version-history":[{"count":0,"href":"https:\/\/ldo.no\/arkiv\/wp-json\/wp\/v2\/ldo-complaint\/14862\/revisions"}],"wp:attachment":[{"href":"https:\/\/ldo.no\/arkiv\/wp-json\/wp\/v2\/media?parent=14862"}],"wp:term":[{"taxonomy":"ldo-archive-year","embeddable":true,"href":"https:\/\/ldo.no\/arkiv\/wp-json\/wp\/v2\/ldo-archive-year?post=14862"}],"curies":[{"name":"wp","href":"https:\/\/api.w.org\/{rel}","templated":true}]}}