{"id":15052,"date":"2015-01-01T00:00:00","date_gmt":"2015-01-01T00:00:00","guid":{"rendered":"https:\/\/ldo.local\/arkiv\/klagesaker\/2015-151633-person-med-rombakgrunn-diskriminert\/"},"modified":"2015-01-01T00:00:00","modified_gmt":"2015-01-01T00:00:00","slug":"2015-151633-person-med-rombakgrunn-diskriminert","status":"publish","type":"ldo-complaint","link":"https:\/\/ldo.no\/arkiv\/klagesaker\/2015-151633-person-med-rombakgrunn-diskriminert\/","title":{"rendered":"15\/1633 Person med rombakgrunn diskriminert"},"content":{"rendered":"<article class=\"base-article inside\">\n<header>\n<div class=\"row\">\n<div class=\"col-sm-12\">\n<\/div>\n<\/div>\n<h1>\nDiskriminerte da de ikke ville godkjenne leietakere med rombakgrunn<br \/>\n<\/h1>\n<\/header>\n<section>\n<section class=\"lead\">\n<p><strong>Styre diskriminerte person med rombakgrunn da de ikke ville godkjenne utleie av leilighet til \u00absig\u00f8ynere\u00bb.<\/strong><\/p>\n<\/section>\n<section>\n<p>Romtiltaket, som fremmet klage p\u00e5 vegne av B, mente at hun hadde blitt diskriminert da styret i D ikke ville godkjenne leietakere med rombakgrunn. Dette ga de uttrykk for i en tekstmelding til boligeier. Styret beklaget senere uttalelsen, men ombudet kom fram til at B like fullt hadde blitt utsatt for en diskriminerende handling.<\/p>\n<p>Saken ble p\u00e5klaget til Likestillings- og diskrimineringsnemnda som opprettholdt ombudets uttalelse. Saksreferanse i nemnda: 94\/2015<\/p>\n<ul>\n<li><strong>Saksnummer: 15\/1633<\/strong><\/li>\n<li><strong>Lovgrunnlag: diskrimineringsloven \u00a7 6 <\/strong><\/li>\n<li><strong>Dato for uttalelse: 02.10.2015<\/strong><\/li>\n<\/ul>\n<h1>OMBUDETS UTTALELSE<\/h1>\n<p>Sakens bakgrunn A hadde lagt ut annonse p\u00e5 nettstedet FINN.no for \u00e5 leie ut sin leilighet i \u00d8. B, som har rombakgrunn, var p\u00e5 visning og \u00f8nsket \u00e5 leie leiligheten. A \u00f8nsket i utgangspunktet \u00e5 leie ut til henne, men kunne ikke gj\u00f8re dette da han hadde mottatt f\u00f8lgende tekstmelding fra styreleder i sameiet:<br \/><em>\u00abViser til ditt eierforhold av leiligheten i Hf6 \u2013 styret har blitt informert om at den igjen skal leies ut til nye leietakere. Med ref. til v\u00e5re vedtekter er det styre som skal godkjenne nye beboere \u2013 vi har blitt opplyst om at det har v\u00e6rt visning med sig\u00f8ynere \u2013 dette vil ikke bli godkjent av styret\u00bb<\/em><\/p>\n<h2>Partenes syn p\u00e5 saken<\/h2>\n<p>Romtiltaket Romtiltaket ved C har fremmet klagen p\u00e5 vegne av B. C anf\u00f8rer at boligdiskriminering m\u00e5 tas alvorlig og selv om styret etter hans henvendelse har beklaget sin avgj\u00f8relse, s\u00e5 har de like fullt handlet i strid med forbudet mot diskriminering p\u00e5 grunn av etnisitet ved \u00e5 ikke godkjenne utleie av leiligheter til sig\u00f8ynere.<br \/>C mener at styret motsetter seg utleie til B fordi de har d\u00e5rlig erfaring med andre romer. Styret kjenner ikke B eller hennes familie personlig, dermed er dette et eksempel p\u00e5 forskjellsbehandling av enkeltmennesker basert p\u00e5 deres etniske tilh\u00f8righet.<\/p>\n<h3>A:<\/h3>\n<p>A som eier leiligheten har ikke svart p\u00e5 ombudets anmodning om redegj\u00f8relse, men hans syn p\u00e5 saken fremkommer gjennom tekstmeldingen han sendte til B. A anf\u00f8rer at selv om styret har beklaget ordbruken i meldingen, s\u00e5 kjenner han styret godt og at de pleier \u00e5 f\u00e5 det til som de vil. A viser til noen episoder med plassering av s\u00f8ppel utenfor leiligheten og punktering av bildekk. A \u00f8nsker ikke problemer og mener derfor at det er best at B finner seg en leilighet i et annet sameie som ikke er fullt av fordommer.<\/p>\n<h3>\n<br \/>D:<\/h3>\n<p>D har redegjort for saken ved styreleder E. Styreleder viser til at deres praksis er \u00e5 oversende husordensregler samt vedtekter med et skriv om at leietager skal signere for mottatte papirer og at vedkommende har lest dem. Utover dette har de ikke noe med hvem man velger \u00e5 leie ut til.<br \/>Styret forholder seg kun til eier av leiligheten, og de kjenner heller ikke til noen forhold rundt B. Styret viser til at de ikke kan lastes for hvem A \u00f8nsker \u00e5 leie ut til eller ikke. Videre viser styret til at de tidligere har beklaget sin uttalelse, og informert eier om at det er i orden \u00e5 leie ut til B og at styret da vil avvente s\u00f8knad fra utleier.<\/p>\n<h2>Rettslig grunnlag<\/h2>\n<p>Ombudet kan gi uttalelse om et forhold er i strid med diskrimineringsloven eller ikke, jf. diskrimineringsombudsloven \u00a7 3 tredje ledd, jf. \u00a7 1 annet ledd nr. 2.<\/p>\n<h3>Diskrimineringsloven om etnisitet<\/h3>\n<p>Diskrimineringsloven forbyr forskjellsbehandling p\u00e5 grunn av etnisitet, nasjonal opprinnelse, avstamning, hudfarge, spr\u00e5k, religion eller livssyn, jf. loven \u00a7 6 f\u00f8rste ledd.<br \/>Med direkte diskriminering menes at en handling eller unnlatelse har som form\u00e5l eller virkning at personer eller foretak p\u00e5 grunnlag som nevnt over blir behandlet d\u00e5rligere enn andre blir, er blitt eller ville blitt behandlet i en tilsvarende situasjon.<br \/>Forskjellsbehandling som er \u00abn\u00f8dvendig for \u00e5 oppn\u00e5 et saklig form\u00e5l, og som ikke er uforholdsmessig inngripende overfor den eller de som forskjellsbehandles\u00bb er tillatt, jf. \u00a7 7.<br \/>Dersom det foreligger omstendigheter som gir grunn til \u00e5 tro at det har skjedd diskriminering, skal det legges til grunn at diskriminering har funnet sted, hvis ikke den som er ansvarlig sannsynliggj\u00f8r at det likevel ikke har skjedd diskriminering, jf. diskrimineringsloven \u00a7 24.<br \/>En p\u00e5stand om diskriminering er ikke nok til at ombudet kan konkludere med at det er \u00abgrunn til \u00e5 tro\u00bb at diskriminering er skjedd. P\u00e5standen m\u00e5 st\u00f8ttes av andre opplysninger eller sakens omstendigheter for \u00f8vrig.<\/p>\n<h2>Ombudets vurdering<\/h2>\n<p>Ombudet skal ta stilling til om styret i D handlet i strid med diskrimineringsloven \u00a7 6 da de gav beskjed til eier av leiligheten at de ikke ville godkjenne utleie av leilighet til sig\u00f8ynere.<br \/>Det ombudet f\u00f8rst m\u00e5 vurdere er om klager ble utsatt for direkte forskjellsbehandling p\u00e5 grunn av etnisitet. Ombudet vil f\u00f8rst kort sl\u00e5 fast at det \u00e5 ikke f\u00e5 leie en leilighet p\u00e5 grunn av sin etniske bakgrunn m\u00e5 anses som \u00abbehandlet d\u00e5rligere\u00bb enn andre i lovens forstand.<br \/>I denne saken mener ombudet at det er ikke s\u00e6rlig tvil om at B ikke fikk leie leiligheten p\u00e5 grunn av meldingen eieren av leiligheten fikk om at de ikke ville godkjenne leietakere som er sig\u00f8ynere. Styret har ikke nektet for at de sendte melding til A om at de ikke vil godkjenne utleie av leilighet til sig\u00f8ynere. Styret erkjenner at de ikke kjenner til Bs familie eller noen negative forhold omkring henne. Meldingen fra styret gjelder spesifikt sig\u00f8ynere, og ombudet mener derfor at det ikke er tvil om at s\u00f8kere med annen etnisitet ikke ville blitt nektet \u00e5 leie leilighet i en tilsvarende situasjon. Uttalelsen m\u00e5 her forst\u00e5s som et uttrykk for fremtidig handling, nemlig nektelse av godkjenning av leiekontrakt.<br \/>Ombudet har merket seg at styreleder har beklaget denne uttalelsen og sagt at de vil avvente s\u00f8knad fra utleier, samt underskrift av leietaker om \u00e5 ha mottatt vedtekter og husordensregler. Ombudet mener at det er positivt at styret n\u00e5 sl\u00e5r fast at de ikke \u00f8nsker \u00e5 diskriminere noen p\u00e5 bakgrunn av deres etnisitet, men B har like fullt blitt utsatt for en handling som hadde som form\u00e5l eller virkning at hun ble behandlet d\u00e5rligere enn andre blir, er blitt eller ville blitt behandlet i en tilsvarende situasjon. Da B kontaktet utleier etter at styrets uttalelse var trukket tilbake, fikk hun beskjed om at leiligheten var utleid til utleiers svigerinne. Selv om uttalelsen ble trukket tilbake etter kort tid, hadde den dermed allerede f\u00e5tt en negativ virkning for henne.<br \/>Ut fra de fremlagte opplysningene ser ikke ombudet at det er grunnlag for \u00e5 vurdere om vilk\u00e5rene for tillatt forskjellsbehandling er til stede, jf. loven \u00a7 7.<\/p>\n<h2>Konklusjon<\/h2>\n<p>Styret i D handlet i strid med diskrimineringsloven om etnisitet \u00a7 6 ved sin uttalelse om \u00e5 ikke godkjenne utleie av leilighet til sig\u00f8ynere.<\/p>\n<\/section>\n<\/section>\n<\/article>\n","protected":false},"excerpt":{"rendered":"<p>Styre diskriminerte person med rombakgrunn da de ikke ville godkjenne utleie av leilighet til \u00absig\u00f8ynere\u00bb.<\/p>\n","protected":false},"template":"","meta":{"footnotes":""},"ldo-archive-year":[27],"class_list":["post-15052","ldo-complaint","type-ldo-complaint","status-publish","hentry","ldo-archive-year-27"],"yoast_head":"<!-- This site is optimized with the Yoast SEO plugin v22.9 - https:\/\/yoast.com\/wordpress\/plugins\/seo\/ -->\n<title>15\/1633 Person med rombakgrunn diskriminert - Arkiv<\/title>\n<meta name=\"robots\" content=\"index, follow, max-snippet:-1, max-image-preview:large, max-video-preview:-1\" \/>\n<link rel=\"canonical\" href=\"https:\/\/ldo.no\/arkiv\/klagesaker\/2015-151633-person-med-rombakgrunn-diskriminert\/\" \/>\n<meta property=\"og:locale\" content=\"nb_NO\" \/>\n<meta property=\"og:type\" content=\"article\" \/>\n<meta property=\"og:title\" content=\"15\/1633 Person med rombakgrunn diskriminert - Arkiv\" \/>\n<meta property=\"og:description\" content=\"Styre diskriminerte person med rombakgrunn da de ikke ville godkjenne utleie av leilighet til \u00absig\u00f8ynere\u00bb.\" \/>\n<meta property=\"og:url\" content=\"https:\/\/ldo.no\/arkiv\/klagesaker\/2015-151633-person-med-rombakgrunn-diskriminert\/\" \/>\n<meta property=\"og:site_name\" content=\"Arkiv\" \/>\n<meta name=\"twitter:card\" content=\"summary_large_image\" \/>\n<meta name=\"twitter:label1\" content=\"Ansl. lesetid\" \/>\n\t<meta name=\"twitter:data1\" content=\"6 minutter\" \/>\n<script type=\"application\/ld+json\" class=\"yoast-schema-graph\">{\"@context\":\"https:\/\/schema.org\",\"@graph\":[{\"@type\":\"WebPage\",\"@id\":\"https:\/\/ldo.no\/arkiv\/klagesaker\/2015-151633-person-med-rombakgrunn-diskriminert\/\",\"url\":\"https:\/\/ldo.no\/arkiv\/klagesaker\/2015-151633-person-med-rombakgrunn-diskriminert\/\",\"name\":\"15\/1633 Person med rombakgrunn diskriminert - Arkiv\",\"isPartOf\":{\"@id\":\"https:\/\/ldo.no\/arkiv\/#website\"},\"datePublished\":\"2015-01-01T00:00:00+00:00\",\"dateModified\":\"2015-01-01T00:00:00+00:00\",\"breadcrumb\":{\"@id\":\"https:\/\/ldo.no\/arkiv\/klagesaker\/2015-151633-person-med-rombakgrunn-diskriminert\/#breadcrumb\"},\"inLanguage\":\"nb-NO\",\"potentialAction\":[{\"@type\":\"ReadAction\",\"target\":[\"https:\/\/ldo.no\/arkiv\/klagesaker\/2015-151633-person-med-rombakgrunn-diskriminert\/\"]}]},{\"@type\":\"BreadcrumbList\",\"@id\":\"https:\/\/ldo.no\/arkiv\/klagesaker\/2015-151633-person-med-rombakgrunn-diskriminert\/#breadcrumb\",\"itemListElement\":[{\"@type\":\"ListItem\",\"position\":1,\"name\":\"Arkiv\",\"item\":\"https:\/\/ldo.no\/arkiv\/\"},{\"@type\":\"ListItem\",\"position\":2,\"name\":\"Klagesaker\",\"item\":\"https:\/\/ldo.no\/arkiv\/?post-type=ldo-complaint\"},{\"@type\":\"ListItem\",\"position\":3,\"name\":\"15\/1633 Person med rombakgrunn diskriminert\"}]},{\"@type\":\"WebSite\",\"@id\":\"https:\/\/ldo.no\/arkiv\/#website\",\"url\":\"https:\/\/ldo.no\/arkiv\/\",\"name\":\"LDO Arkiv\",\"description\":\"Dette er ombudets arkiv. Her finner du klagesaker som ombudet i sin tid behandlet fra 1996 til 2017. Klagesaker utover dette finner du p\u00e5 Diskrimineringsnemndas hjemmeside. P\u00e5 disse arkivsidene finner du ogs\u00e5 eldre h\u00f8ringssvar som strekker seg fra 2023 og tilbake til 2006. Nyere h\u00f8ringssvar finner du p\u00e5 Publikasjoner, som du kan bes\u00f8ke ved \u00e5 klikke p\u00e5 menyknappen \u00f8verst i h\u00f8yre hj\u00f8rne.\",\"publisher\":{\"@id\":\"https:\/\/ldo.no\/arkiv\/#organization\"},\"potentialAction\":[{\"@type\":\"SearchAction\",\"target\":{\"@type\":\"EntryPoint\",\"urlTemplate\":\"https:\/\/ldo.no\/arkiv\/?s={search_term_string}\"},\"query-input\":\"required name=search_term_string\"}],\"inLanguage\":\"nb-NO\"},{\"@type\":\"Organization\",\"@id\":\"https:\/\/ldo.no\/arkiv\/#organization\",\"name\":\"LDO Arkiv\",\"url\":\"https:\/\/ldo.no\/arkiv\/\",\"logo\":{\"@type\":\"ImageObject\",\"inLanguage\":\"nb-NO\",\"@id\":\"https:\/\/ldo.no\/arkiv\/#\/schema\/logo\/image\/\",\"url\":\"https:\/\/ldo.no\/content\/uploads\/sites\/2\/2025\/05\/Property-1Default.svg\",\"contentUrl\":\"https:\/\/ldo.no\/content\/uploads\/sites\/2\/2025\/05\/Property-1Default.svg\",\"caption\":\"LDO Arkiv\"},\"image\":{\"@id\":\"https:\/\/ldo.no\/arkiv\/#\/schema\/logo\/image\/\"}}]}<\/script>\n<!-- \/ Yoast SEO plugin. -->","yoast_head_json":{"title":"15\/1633 Person med rombakgrunn diskriminert - Arkiv","robots":{"index":"index","follow":"follow","max-snippet":"max-snippet:-1","max-image-preview":"max-image-preview:large","max-video-preview":"max-video-preview:-1"},"canonical":"https:\/\/ldo.no\/arkiv\/klagesaker\/2015-151633-person-med-rombakgrunn-diskriminert\/","og_locale":"nb_NO","og_type":"article","og_title":"15\/1633 Person med rombakgrunn diskriminert - Arkiv","og_description":"Styre diskriminerte person med rombakgrunn da de ikke ville godkjenne utleie av leilighet til \u00absig\u00f8ynere\u00bb.","og_url":"https:\/\/ldo.no\/arkiv\/klagesaker\/2015-151633-person-med-rombakgrunn-diskriminert\/","og_site_name":"Arkiv","twitter_card":"summary_large_image","twitter_misc":{"Ansl. lesetid":"6 minutter"},"schema":{"@context":"https:\/\/schema.org","@graph":[{"@type":"WebPage","@id":"https:\/\/ldo.no\/arkiv\/klagesaker\/2015-151633-person-med-rombakgrunn-diskriminert\/","url":"https:\/\/ldo.no\/arkiv\/klagesaker\/2015-151633-person-med-rombakgrunn-diskriminert\/","name":"15\/1633 Person med rombakgrunn diskriminert - Arkiv","isPartOf":{"@id":"https:\/\/ldo.no\/arkiv\/#website"},"datePublished":"2015-01-01T00:00:00+00:00","dateModified":"2015-01-01T00:00:00+00:00","breadcrumb":{"@id":"https:\/\/ldo.no\/arkiv\/klagesaker\/2015-151633-person-med-rombakgrunn-diskriminert\/#breadcrumb"},"inLanguage":"nb-NO","potentialAction":[{"@type":"ReadAction","target":["https:\/\/ldo.no\/arkiv\/klagesaker\/2015-151633-person-med-rombakgrunn-diskriminert\/"]}]},{"@type":"BreadcrumbList","@id":"https:\/\/ldo.no\/arkiv\/klagesaker\/2015-151633-person-med-rombakgrunn-diskriminert\/#breadcrumb","itemListElement":[{"@type":"ListItem","position":1,"name":"Arkiv","item":"https:\/\/ldo.no\/arkiv\/"},{"@type":"ListItem","position":2,"name":"Klagesaker","item":"https:\/\/ldo.no\/arkiv\/?post-type=ldo-complaint"},{"@type":"ListItem","position":3,"name":"15\/1633 Person med rombakgrunn diskriminert"}]},{"@type":"WebSite","@id":"https:\/\/ldo.no\/arkiv\/#website","url":"https:\/\/ldo.no\/arkiv\/","name":"LDO Arkiv","description":"Dette er ombudets arkiv. Her finner du klagesaker som ombudet i sin tid behandlet fra 1996 til 2017. Klagesaker utover dette finner du p\u00e5 Diskrimineringsnemndas hjemmeside. P\u00e5 disse arkivsidene finner du ogs\u00e5 eldre h\u00f8ringssvar som strekker seg fra 2023 og tilbake til 2006. Nyere h\u00f8ringssvar finner du p\u00e5 Publikasjoner, som du kan bes\u00f8ke ved \u00e5 klikke p\u00e5 menyknappen \u00f8verst i h\u00f8yre hj\u00f8rne.","publisher":{"@id":"https:\/\/ldo.no\/arkiv\/#organization"},"potentialAction":[{"@type":"SearchAction","target":{"@type":"EntryPoint","urlTemplate":"https:\/\/ldo.no\/arkiv\/?s={search_term_string}"},"query-input":"required name=search_term_string"}],"inLanguage":"nb-NO"},{"@type":"Organization","@id":"https:\/\/ldo.no\/arkiv\/#organization","name":"LDO Arkiv","url":"https:\/\/ldo.no\/arkiv\/","logo":{"@type":"ImageObject","inLanguage":"nb-NO","@id":"https:\/\/ldo.no\/arkiv\/#\/schema\/logo\/image\/","url":"https:\/\/ldo.no\/content\/uploads\/sites\/2\/2025\/05\/Property-1Default.svg","contentUrl":"https:\/\/ldo.no\/content\/uploads\/sites\/2\/2025\/05\/Property-1Default.svg","caption":"LDO Arkiv"},"image":{"@id":"https:\/\/ldo.no\/arkiv\/#\/schema\/logo\/image\/"}}]}},"_links":{"self":[{"href":"https:\/\/ldo.no\/arkiv\/wp-json\/wp\/v2\/ldo-complaint\/15052"}],"collection":[{"href":"https:\/\/ldo.no\/arkiv\/wp-json\/wp\/v2\/ldo-complaint"}],"about":[{"href":"https:\/\/ldo.no\/arkiv\/wp-json\/wp\/v2\/types\/ldo-complaint"}],"version-history":[{"count":0,"href":"https:\/\/ldo.no\/arkiv\/wp-json\/wp\/v2\/ldo-complaint\/15052\/revisions"}],"wp:attachment":[{"href":"https:\/\/ldo.no\/arkiv\/wp-json\/wp\/v2\/media?parent=15052"}],"wp:term":[{"taxonomy":"ldo-archive-year","embeddable":true,"href":"https:\/\/ldo.no\/arkiv\/wp-json\/wp\/v2\/ldo-archive-year?post=15052"}],"curies":[{"name":"wp","href":"https:\/\/api.w.org\/{rel}","templated":true}]}}