{"id":15084,"date":"2015-01-01T00:00:00","date_gmt":"2015-01-01T00:00:00","guid":{"rendered":"https:\/\/ldo.local\/arkiv\/klagesaker\/2015-13595-kvinne-mente-seg-diskriminert-av-sykehus-pa-grunn-av-etnisitet-og-kjonn-ved-graviditeten-og-etter-fodselen\/"},"modified":"2015-01-01T00:00:00","modified_gmt":"2015-01-01T00:00:00","slug":"2015-13595-kvinne-mente-seg-diskriminert-av-sykehus-pa-grunn-av-etnisitet-og-kjonn-ved-graviditeten-og-etter-fodselen","status":"publish","type":"ldo-complaint","link":"https:\/\/ldo.no\/arkiv\/klagesaker\/2015-13595-kvinne-mente-seg-diskriminert-av-sykehus-pa-grunn-av-etnisitet-og-kjonn-ved-graviditeten-og-etter-fodselen\/","title":{"rendered":"13\/595: Kvinne mente seg diskriminert av sykehus p\u00e5 grunn av etnisitet og kj\u00f8nn ved graviditeten og etter f\u00f8dselen"},"content":{"rendered":"<article class=\"base-article inside\">\n<header>\n<div class=\"row\">\n<div class=\"col-sm-12\">\n<\/div>\n<\/div>\n<h1>\n13\/595: Kvinne mente seg diskriminert av sykehus p\u00e5 grunn av etnisitet og kj\u00f8nn<br \/>\n<\/h1>\n<\/header>\n<section>\n<section class=\"lead\">\n<p>Saken gjaldt en kvinne som mente hun ble utsatt for diskriminering av sykehus p\u00e5 grunn av etnisitet og kj\u00f8nn under oppf\u00f8lgingen av henne i graviditeten og etter f\u00f8dselen. <\/p>\n<\/section>\n<section>\n<p><span>Ombudet tok stilling til om kvinnen ble stilt d\u00e5rligere sammenlignet med andre norske pasienter og om dette hadde sammenheng med hennes etnisitet. Ombudet tok ogs\u00e5 stilling til om kvinnen ble forskjellsbehandlet p\u00e5 sykehuset under graviditeten og etter f\u00f8dselen.<\/span><\/p>\n<p>Det ble ikke lagt frem opplysninger i saken om at kvinnen fikk ulik behandling enn andre kvinner i forbindelse med graviditeten og f\u00f8dselen. Kvinnen var imidlertid fengslet da hun f\u00f8dte. Ombudet tok derfor stilling til om hun ble indirekte forskjellsbehandlet fordi situasjonen hun var i gjorde at hun faktisk ble stilt d\u00e5rligere som gravid og etter f\u00f8dsel.<\/p>\n<p>Kvinnen opplevde sikkerhetstiltakene rundt henne p\u00e5 sykehuset som stigmatiserende og ydmykende. Ombudet kom til at sikkerhetstiltakene ikke hadde noen \u00e5rsakssammenheng med hennes etnisitet, men utelukkende var knyttet til at hun p\u00e5 dette tidspunktet var varetektsfengslet i en stor straffesak hun senere ble frikjent i.<\/p>\n<p>Kvinnen ble sendt tilbake til fengselet to dager etter f\u00f8dselen. Dette opplevdes brutalt og kvinnen mente denne behandlingen ikke ville ha skjedd en norsk kvinne etter f\u00f8dsel.<\/p>\n<h2>Konklusjon<\/h2>\n<p>Ombudet mente det ikke var grunn til \u00e5 tro at kvinnen ble behandlet ulikt andre f\u00f8dende grunnet sin etnisitet eller d\u00e5rligere som gravid\/f\u00f8dende, men at ogs\u00e5 det at hun ble sendt tilbake til fengselet var betinget av den alvorlige saken hun var mistenkt og senere frikjent i, og ikke diskriminering p\u00e5 grunn av etnisitet eller kj\u00f8nn.<\/p>\n<ul>\n<li><strong>Saksnummer: 13\/595 <\/strong><\/li>\n<li><strong>Lovgrunnlag: Likestillingsloven av 1978 \u00a7 3, diskrimineringsloven av 2005 \u00a7 4 <\/strong><\/li>\n<li><strong>Dato for uttalelse: 6. november 2014<\/strong><\/li>\n<\/ul>\n<\/section>\n<\/section>\n<\/article>\n","protected":false},"excerpt":{"rendered":"<p>Saken gjaldt en kvinne som mente hun ble utsatt for diskriminering av sykehus p\u00e5 grunn av etnisitet og kj\u00f8nn under oppf\u00f8lgingen av henne i graviditeten og etter f\u00f8dselen.<\/p>\n","protected":false},"template":"","meta":{"footnotes":""},"ldo-archive-year":[27],"class_list":["post-15084","ldo-complaint","type-ldo-complaint","status-publish","hentry","ldo-archive-year-27"],"yoast_head":"<!-- This site is optimized with the Yoast SEO plugin v22.9 - https:\/\/yoast.com\/wordpress\/plugins\/seo\/ -->\n<title>13\/595: Kvinne mente seg diskriminert av sykehus p\u00e5 grunn av etnisitet og kj\u00f8nn ved graviditeten og etter f\u00f8dselen - Arkiv<\/title>\n<meta name=\"robots\" content=\"index, follow, max-snippet:-1, max-image-preview:large, max-video-preview:-1\" \/>\n<link rel=\"canonical\" href=\"https:\/\/ldo.no\/arkiv\/klagesaker\/2015-13595-kvinne-mente-seg-diskriminert-av-sykehus-pa-grunn-av-etnisitet-og-kjonn-ved-graviditeten-og-etter-fodselen\/\" \/>\n<meta property=\"og:locale\" content=\"nb_NO\" \/>\n<meta property=\"og:type\" content=\"article\" \/>\n<meta property=\"og:title\" content=\"13\/595: Kvinne mente seg diskriminert av sykehus p\u00e5 grunn av etnisitet og kj\u00f8nn ved graviditeten og etter f\u00f8dselen - Arkiv\" \/>\n<meta property=\"og:description\" content=\"Saken gjaldt en kvinne som mente hun ble utsatt for diskriminering av sykehus p\u00e5 grunn av etnisitet og kj\u00f8nn under oppf\u00f8lgingen av henne i graviditeten og etter f\u00f8dselen.\" \/>\n<meta property=\"og:url\" content=\"https:\/\/ldo.no\/arkiv\/klagesaker\/2015-13595-kvinne-mente-seg-diskriminert-av-sykehus-pa-grunn-av-etnisitet-og-kjonn-ved-graviditeten-og-etter-fodselen\/\" \/>\n<meta property=\"og:site_name\" content=\"Arkiv\" \/>\n<meta name=\"twitter:card\" content=\"summary_large_image\" \/>\n<meta name=\"twitter:label1\" content=\"Ansl. lesetid\" \/>\n\t<meta name=\"twitter:data1\" content=\"1 minutt\" \/>\n<script type=\"application\/ld+json\" class=\"yoast-schema-graph\">{\"@context\":\"https:\/\/schema.org\",\"@graph\":[{\"@type\":\"WebPage\",\"@id\":\"https:\/\/ldo.no\/arkiv\/klagesaker\/2015-13595-kvinne-mente-seg-diskriminert-av-sykehus-pa-grunn-av-etnisitet-og-kjonn-ved-graviditeten-og-etter-fodselen\/\",\"url\":\"https:\/\/ldo.no\/arkiv\/klagesaker\/2015-13595-kvinne-mente-seg-diskriminert-av-sykehus-pa-grunn-av-etnisitet-og-kjonn-ved-graviditeten-og-etter-fodselen\/\",\"name\":\"13\/595: Kvinne mente seg diskriminert av sykehus p\u00e5 grunn av etnisitet og kj\u00f8nn ved graviditeten og etter f\u00f8dselen - Arkiv\",\"isPartOf\":{\"@id\":\"https:\/\/ldo.no\/arkiv\/#website\"},\"datePublished\":\"2015-01-01T00:00:00+00:00\",\"dateModified\":\"2015-01-01T00:00:00+00:00\",\"breadcrumb\":{\"@id\":\"https:\/\/ldo.no\/arkiv\/klagesaker\/2015-13595-kvinne-mente-seg-diskriminert-av-sykehus-pa-grunn-av-etnisitet-og-kjonn-ved-graviditeten-og-etter-fodselen\/#breadcrumb\"},\"inLanguage\":\"nb-NO\",\"potentialAction\":[{\"@type\":\"ReadAction\",\"target\":[\"https:\/\/ldo.no\/arkiv\/klagesaker\/2015-13595-kvinne-mente-seg-diskriminert-av-sykehus-pa-grunn-av-etnisitet-og-kjonn-ved-graviditeten-og-etter-fodselen\/\"]}]},{\"@type\":\"BreadcrumbList\",\"@id\":\"https:\/\/ldo.no\/arkiv\/klagesaker\/2015-13595-kvinne-mente-seg-diskriminert-av-sykehus-pa-grunn-av-etnisitet-og-kjonn-ved-graviditeten-og-etter-fodselen\/#breadcrumb\",\"itemListElement\":[{\"@type\":\"ListItem\",\"position\":1,\"name\":\"Arkiv\",\"item\":\"https:\/\/ldo.no\/arkiv\/\"},{\"@type\":\"ListItem\",\"position\":2,\"name\":\"Klagesaker\",\"item\":\"https:\/\/ldo.no\/arkiv\/?post-type=ldo-complaint\"},{\"@type\":\"ListItem\",\"position\":3,\"name\":\"13\/595: Kvinne mente seg diskriminert av sykehus p\u00e5 grunn av etnisitet og kj\u00f8nn ved graviditeten og etter f\u00f8dselen\"}]},{\"@type\":\"WebSite\",\"@id\":\"https:\/\/ldo.no\/arkiv\/#website\",\"url\":\"https:\/\/ldo.no\/arkiv\/\",\"name\":\"LDO Arkiv\",\"description\":\"Dette er ombudets arkiv. Her finner du klagesaker som ombudet i sin tid behandlet fra 1996 til 2017. Klagesaker utover dette finner du p\u00e5 Diskrimineringsnemndas hjemmeside. P\u00e5 disse arkivsidene finner du ogs\u00e5 eldre h\u00f8ringssvar som strekker seg fra 2023 og tilbake til 2006. Nyere h\u00f8ringssvar finner du p\u00e5 Publikasjoner, som du kan bes\u00f8ke ved \u00e5 klikke p\u00e5 menyknappen \u00f8verst i h\u00f8yre hj\u00f8rne.\",\"publisher\":{\"@id\":\"https:\/\/ldo.no\/arkiv\/#organization\"},\"potentialAction\":[{\"@type\":\"SearchAction\",\"target\":{\"@type\":\"EntryPoint\",\"urlTemplate\":\"https:\/\/ldo.no\/arkiv\/?s={search_term_string}\"},\"query-input\":\"required name=search_term_string\"}],\"inLanguage\":\"nb-NO\"},{\"@type\":\"Organization\",\"@id\":\"https:\/\/ldo.no\/arkiv\/#organization\",\"name\":\"LDO Arkiv\",\"url\":\"https:\/\/ldo.no\/arkiv\/\",\"logo\":{\"@type\":\"ImageObject\",\"inLanguage\":\"nb-NO\",\"@id\":\"https:\/\/ldo.no\/arkiv\/#\/schema\/logo\/image\/\",\"url\":\"https:\/\/ldo.no\/content\/uploads\/sites\/2\/2025\/05\/Property-1Default.svg\",\"contentUrl\":\"https:\/\/ldo.no\/content\/uploads\/sites\/2\/2025\/05\/Property-1Default.svg\",\"caption\":\"LDO Arkiv\"},\"image\":{\"@id\":\"https:\/\/ldo.no\/arkiv\/#\/schema\/logo\/image\/\"}}]}<\/script>\n<!-- \/ Yoast SEO plugin. -->","yoast_head_json":{"title":"13\/595: Kvinne mente seg diskriminert av sykehus p\u00e5 grunn av etnisitet og kj\u00f8nn ved graviditeten og etter f\u00f8dselen - Arkiv","robots":{"index":"index","follow":"follow","max-snippet":"max-snippet:-1","max-image-preview":"max-image-preview:large","max-video-preview":"max-video-preview:-1"},"canonical":"https:\/\/ldo.no\/arkiv\/klagesaker\/2015-13595-kvinne-mente-seg-diskriminert-av-sykehus-pa-grunn-av-etnisitet-og-kjonn-ved-graviditeten-og-etter-fodselen\/","og_locale":"nb_NO","og_type":"article","og_title":"13\/595: Kvinne mente seg diskriminert av sykehus p\u00e5 grunn av etnisitet og kj\u00f8nn ved graviditeten og etter f\u00f8dselen - Arkiv","og_description":"Saken gjaldt en kvinne som mente hun ble utsatt for diskriminering av sykehus p\u00e5 grunn av etnisitet og kj\u00f8nn under oppf\u00f8lgingen av henne i graviditeten og etter f\u00f8dselen.","og_url":"https:\/\/ldo.no\/arkiv\/klagesaker\/2015-13595-kvinne-mente-seg-diskriminert-av-sykehus-pa-grunn-av-etnisitet-og-kjonn-ved-graviditeten-og-etter-fodselen\/","og_site_name":"Arkiv","twitter_card":"summary_large_image","twitter_misc":{"Ansl. lesetid":"1 minutt"},"schema":{"@context":"https:\/\/schema.org","@graph":[{"@type":"WebPage","@id":"https:\/\/ldo.no\/arkiv\/klagesaker\/2015-13595-kvinne-mente-seg-diskriminert-av-sykehus-pa-grunn-av-etnisitet-og-kjonn-ved-graviditeten-og-etter-fodselen\/","url":"https:\/\/ldo.no\/arkiv\/klagesaker\/2015-13595-kvinne-mente-seg-diskriminert-av-sykehus-pa-grunn-av-etnisitet-og-kjonn-ved-graviditeten-og-etter-fodselen\/","name":"13\/595: Kvinne mente seg diskriminert av sykehus p\u00e5 grunn av etnisitet og kj\u00f8nn ved graviditeten og etter f\u00f8dselen - Arkiv","isPartOf":{"@id":"https:\/\/ldo.no\/arkiv\/#website"},"datePublished":"2015-01-01T00:00:00+00:00","dateModified":"2015-01-01T00:00:00+00:00","breadcrumb":{"@id":"https:\/\/ldo.no\/arkiv\/klagesaker\/2015-13595-kvinne-mente-seg-diskriminert-av-sykehus-pa-grunn-av-etnisitet-og-kjonn-ved-graviditeten-og-etter-fodselen\/#breadcrumb"},"inLanguage":"nb-NO","potentialAction":[{"@type":"ReadAction","target":["https:\/\/ldo.no\/arkiv\/klagesaker\/2015-13595-kvinne-mente-seg-diskriminert-av-sykehus-pa-grunn-av-etnisitet-og-kjonn-ved-graviditeten-og-etter-fodselen\/"]}]},{"@type":"BreadcrumbList","@id":"https:\/\/ldo.no\/arkiv\/klagesaker\/2015-13595-kvinne-mente-seg-diskriminert-av-sykehus-pa-grunn-av-etnisitet-og-kjonn-ved-graviditeten-og-etter-fodselen\/#breadcrumb","itemListElement":[{"@type":"ListItem","position":1,"name":"Arkiv","item":"https:\/\/ldo.no\/arkiv\/"},{"@type":"ListItem","position":2,"name":"Klagesaker","item":"https:\/\/ldo.no\/arkiv\/?post-type=ldo-complaint"},{"@type":"ListItem","position":3,"name":"13\/595: Kvinne mente seg diskriminert av sykehus p\u00e5 grunn av etnisitet og kj\u00f8nn ved graviditeten og etter f\u00f8dselen"}]},{"@type":"WebSite","@id":"https:\/\/ldo.no\/arkiv\/#website","url":"https:\/\/ldo.no\/arkiv\/","name":"LDO Arkiv","description":"Dette er ombudets arkiv. Her finner du klagesaker som ombudet i sin tid behandlet fra 1996 til 2017. Klagesaker utover dette finner du p\u00e5 Diskrimineringsnemndas hjemmeside. P\u00e5 disse arkivsidene finner du ogs\u00e5 eldre h\u00f8ringssvar som strekker seg fra 2023 og tilbake til 2006. Nyere h\u00f8ringssvar finner du p\u00e5 Publikasjoner, som du kan bes\u00f8ke ved \u00e5 klikke p\u00e5 menyknappen \u00f8verst i h\u00f8yre hj\u00f8rne.","publisher":{"@id":"https:\/\/ldo.no\/arkiv\/#organization"},"potentialAction":[{"@type":"SearchAction","target":{"@type":"EntryPoint","urlTemplate":"https:\/\/ldo.no\/arkiv\/?s={search_term_string}"},"query-input":"required name=search_term_string"}],"inLanguage":"nb-NO"},{"@type":"Organization","@id":"https:\/\/ldo.no\/arkiv\/#organization","name":"LDO Arkiv","url":"https:\/\/ldo.no\/arkiv\/","logo":{"@type":"ImageObject","inLanguage":"nb-NO","@id":"https:\/\/ldo.no\/arkiv\/#\/schema\/logo\/image\/","url":"https:\/\/ldo.no\/content\/uploads\/sites\/2\/2025\/05\/Property-1Default.svg","contentUrl":"https:\/\/ldo.no\/content\/uploads\/sites\/2\/2025\/05\/Property-1Default.svg","caption":"LDO Arkiv"},"image":{"@id":"https:\/\/ldo.no\/arkiv\/#\/schema\/logo\/image\/"}}]}},"_links":{"self":[{"href":"https:\/\/ldo.no\/arkiv\/wp-json\/wp\/v2\/ldo-complaint\/15084"}],"collection":[{"href":"https:\/\/ldo.no\/arkiv\/wp-json\/wp\/v2\/ldo-complaint"}],"about":[{"href":"https:\/\/ldo.no\/arkiv\/wp-json\/wp\/v2\/types\/ldo-complaint"}],"version-history":[{"count":0,"href":"https:\/\/ldo.no\/arkiv\/wp-json\/wp\/v2\/ldo-complaint\/15084\/revisions"}],"wp:attachment":[{"href":"https:\/\/ldo.no\/arkiv\/wp-json\/wp\/v2\/media?parent=15084"}],"wp:term":[{"taxonomy":"ldo-archive-year","embeddable":true,"href":"https:\/\/ldo.no\/arkiv\/wp-json\/wp\/v2\/ldo-archive-year?post=15084"}],"curies":[{"name":"wp","href":"https:\/\/api.w.org\/{rel}","templated":true}]}}