{"id":15153,"date":"2015-01-01T00:00:00","date_gmt":"2015-01-01T00:00:00","guid":{"rendered":"https:\/\/ldo.local\/arkiv\/klagesaker\/2015-141915-ikke-trakassert-pa-grunn-av-etnisitet\/"},"modified":"2015-01-01T00:00:00","modified_gmt":"2015-01-01T00:00:00","slug":"2015-141915-ikke-trakassert-pa-grunn-av-etnisitet","status":"publish","type":"ldo-complaint","link":"https:\/\/ldo.no\/arkiv\/klagesaker\/2015-141915-ikke-trakassert-pa-grunn-av-etnisitet\/","title":{"rendered":"14\/1915 Ikke trakassert p\u00e5 grunn av etnisitet"},"content":{"rendered":"<article class=\"base-article inside\">\n<header>\n<div class=\"row\">\n<div class=\"col-sm-12\">\n<\/div>\n<\/div>\n<h1>\nIkke trakassert p\u00e5 grunn av etnisitet i salgssituasjon<br \/>\n<\/h1>\n<\/header>\n<section>\n<section class=\"lead\">\n<p><strong>Klager manglet bevis da han hevdet han ble trakassert i forbindelse med salg av radiobilanlegg, spillautomater med mer. Ombudet fant dermed ikke holdepunkter for \u00e5 kunne si at trakassering hadde funnet sted.<\/strong><\/p>\n<\/section>\n<section>\n<p>Klager hevdet at han hadde blitt trakassert av innklagde i forbindelse med et salg av radiobilanlegg, spillautomater med mer. Innklagde avviste klagers p\u00e5stander. Det ble ikke lagt frem bevis, herunder vitneutsagn, som kunne bekrefte klagers versjon. Da det var p\u00e5stand mot p\u00e5stand i denne saken, kom ombudet fram til at det ikke var nok holdepunkter i saken for \u00e5 komme til at det var grunn til \u00e5 tro at trakassering hadde funnet sted.<\/p>\n<ul>\n<li><strong>Saksnummer: 14\/1915<\/strong><\/li>\n<li><strong>Lovgrunnlag: diskrimineringsloven \u00a7 9<\/strong><\/li>\n<li><strong> Dato for uttalelse: 23.04.2015<\/strong><\/li>\n<\/ul>\n<h1>OMBUDETS UTTALELSE<\/h1>\n<h2>Sakens bakgrunn<\/h2>\n<p>A inngikk h\u00f8sten 2014 en avtale med B om partikj\u00f8p av radiobilanlegg og spillautomater med mer. B ba om at g\u00e5rdeiernes ting, som stod p\u00e5 radiobilbanen, ble flyttet f\u00f8r varene skulle hentes. Dette ga A g\u00e5rdeierne beskjed om at de m\u00e5tte gj\u00f8re, og han fikk vite at det var blitt gjort. Da A kom til lokalet dagen B skulle hente varene, s\u00e5 han at g\u00e5rdeiernes ting fremdeles var der.<\/p>\n<h2>Partenes syn p\u00e5 saken<\/h2>\n<h3>A:<\/h3>\n<p>A hevder B skrek at han var en j\u00e6vla inder som hadde l\u00f8yet for ham. B sa at alt skulle v\u00e6rt ordnet og at: \u00abDere skal man ikke stole p\u00e5\u00bb. Etterp\u00e5 sa han at han ville snakke med en norsk person. A skriver at han fors\u00f8kte \u00e5 forklare rolig hva som hadde skjedd med g\u00e5rdeierne, men at B fortsatte \u00e5 skrike.<br \/>B hadde etter hvert et redskap av st\u00e5l h\u00f8yt i sin venstre h\u00e5nd, som om han skulle sl\u00e5 noen. Den h\u00f8yre h\u00e5nden la han p\u00e5 A og sa at: \u00abdu snakker ikke\u00bb. A ble da s\u00e5 redd at han ropte at: \u00abDeal is off\u00bb og at dette n\u00e5 var en politisak. Da kom Bs f\u00f8lge, C, n\u00e6rmere ham og sa at han ikke m\u00e5tte skrike til ham. B skrek at han m\u00e5tte plukke opp alt byggematerialet, dette mens det var flere som sto og s\u00e5 p\u00e5. Til stede var ogs\u00e5 g\u00e5rdeiernes h\u00e5ndverker, D. A har aldri opplevd noen lignende forn\u00e6rmelse i hele sin oppvekst i Skandinavia, og mener han ble utsatt for grov etnisk diskriminering.<\/p>\n<h3>B:<\/h3>\n<p>B avviser As p\u00e5stander. At han skulle ha brukt uttrykket \u00abj\u00e6vla inder\u00bb medf\u00f8rer ikke riktighet. Han var ikke klar over at han var inder og han viser til to forhold som taler for at denne p\u00e5standen er helt urimelig. For det f\u00f8rste er \u00abj\u00e6vla inder\u00bb ikke et uttrykk han kjenner til, og for det andre var han ikke klar over at A var inder. B skriver at det at plassen ikke var ryddet og gjort klar ved ankomst gjorde at de ble noe irritert. Plassen s\u00e5 fryktelig ut og medf\u00f8rte betraktelig merarbeid for dem (rundt 20 timer).<\/p>\n<h2>Rettslig grunnlag<\/h2>\n<p>Ombudet h\u00e5ndhever lov om forbud mot diskriminering p\u00e5 grunn av etnisitet, religion og livssyn (diskrimineringsloven om etnisitet), jf. \u00a7 23 i loven. Ombudet kan gi uttalelse om et forhold er i strid med loven, jf. diskrimineringsombudsloven \u00a7 3 tredje ledd, jf. \u00a7 1 andre ledd nr. 2.<\/p>\n<h3>Diskrimineringsloven om etnisitet<\/h3>\n<p>Diskrimineringsloven om etnisitet forbyr diskriminering p\u00e5 grunn av etnisitet, religion eller livssyn, jf. \u00a7 6 f\u00f8rste ledd f\u00f8rste punktum. Diskriminering p\u00e5 grunn av nasjonal opprinnelse, avstamning, hudfarge og spr\u00e5k regnes ogs\u00e5 som diskriminering p\u00e5 grunn av etnisitet, jf. \u00a7 6 f\u00f8rste ledd andre punktum. Med diskriminering menes direkte og indirekte forskjellsbehandling som ikke er lovlig etter unntaksbestemmelsen i \u00a7 7 eller bestemmelsen om positiv s\u00e6rbehandling i \u00a7 8.<br \/>Trakassering p\u00e5 grunnlag av etnisitet, religion eller livssyn er forbudt, jf. \u00a7 9. Med trakassering menes handlinger, unnlatelser eller ytringer som virker eller har til form\u00e5l \u00e5 virke krenkende, skremmende, fiendtlige, nedverdigende eller ydmykende.<br \/>Det skal legges til grunn at diskriminering har funnet sted hvis det foreligger omstendigheter som gir grunn til \u00e5 tro at det har skjedd diskriminering og den ansvarlige ikke sannsynliggj\u00f8r at diskriminering likevel ikke har funnet sted, jf. \u00a7 24.<br \/>En p\u00e5stand om diskriminering er ikke nok til at ombudet kan konkludere med at det er \u201dgrunn til \u00e5 tro\u201d at diskriminering er skjedd. P\u00e5standen m\u00e5 st\u00f8ttes av andre opplysninger eller sakens omstendigheter for \u00f8vrig.<\/p>\n<h2>Ombudets vurdering<\/h2>\n<p>Ombudet skal ta stilling til om A ble utsatt for trakassering i strid med diskrimineringsloven om etnisitet av B.<br \/>Sp\u00f8rsm\u00e5let er om det foreligger omstendigheter som gir grunn til \u00e5 tro at B har trakassert A i strid med forbudet mot trakassering p\u00e5 grunn av etnisitet i diskrimineringsloven \u00a7 9. Det er den som klager som har bevisf\u00f8ringsrisikoen. En p\u00e5stand gir isolert sett ikke grunn til \u00e5 tro at det har skjedd diskriminering; det m\u00e5 i tillegg foreligge andre omstendigheter som st\u00f8tter klagers versjon av saken. Dette kan for eksempel v\u00e6re sakens ytre omstendigheter eller hendelsesforl\u00f8pet. Ombudet tar f\u00f8rst stilling til om det er grunn til \u00e5 tro at de p\u00e5st\u00e5tte ytringenehar funnet sted.<br \/>I denne saken er det p\u00e5stand mot p\u00e5stand om hva som ble uttalt mellom A og B. Det har ikke blitt lagt frem bevis, herunder vitneutsagn, som bekrefter hva B har uttalt. Ombudet har i forbindelse med klagesaksbehandlingen kontaktet D, som var vitne til hendelsen. Han opplyste at han reagerte p\u00e5 at B var en utrivelig type, men sa at han ikke kunne huske hva som konkret hadde blitt sagt mellom dem.<br \/>Slik ombudet ser det er det ikke nok holdepunkter i saken for \u00e5 komme til at det er grunn til \u00e5 tro at trakassering har funnet sted. As p\u00e5stand om trakassering er ikke tilstrekkelig for \u00e5 oppfylle hans bevisf\u00f8ringsplikt etter diskrimineringsloven.<\/p>\n<h2>\n<br \/>Konklusjon<\/h2>\n<p>B har ikke handlet i strid med diskrimineringsloven \u00a7 9.<\/p>\n<p><\/p>\n<\/section>\n<\/section>\n<\/article>\n","protected":false},"excerpt":{"rendered":"<p>Klager manglet bevis da han hevdet han ble trakassert i forbindelse med salg av radiobilanlegg, spillautomater med mer. Ombudet fant dermed ikke holdepunkter for \u00e5 kunne si at trakassering hadde funnet sted.<\/p>\n","protected":false},"template":"","meta":{"footnotes":""},"ldo-archive-year":[27],"class_list":["post-15153","ldo-complaint","type-ldo-complaint","status-publish","hentry","ldo-archive-year-27"],"yoast_head":"<!-- This site is optimized with the Yoast SEO plugin v22.9 - https:\/\/yoast.com\/wordpress\/plugins\/seo\/ -->\n<title>14\/1915 Ikke trakassert p\u00e5 grunn av etnisitet - Arkiv<\/title>\n<meta name=\"robots\" content=\"index, follow, max-snippet:-1, max-image-preview:large, max-video-preview:-1\" \/>\n<link rel=\"canonical\" href=\"https:\/\/ldo.no\/arkiv\/klagesaker\/2015-141915-ikke-trakassert-pa-grunn-av-etnisitet\/\" \/>\n<meta property=\"og:locale\" content=\"nb_NO\" \/>\n<meta property=\"og:type\" content=\"article\" \/>\n<meta property=\"og:title\" content=\"14\/1915 Ikke trakassert p\u00e5 grunn av etnisitet - Arkiv\" \/>\n<meta property=\"og:description\" content=\"Klager manglet bevis da han hevdet han ble trakassert i forbindelse med salg av radiobilanlegg, spillautomater med mer. Ombudet fant dermed ikke holdepunkter for \u00e5 kunne si at trakassering hadde funnet sted.\" \/>\n<meta property=\"og:url\" content=\"https:\/\/ldo.no\/arkiv\/klagesaker\/2015-141915-ikke-trakassert-pa-grunn-av-etnisitet\/\" \/>\n<meta property=\"og:site_name\" content=\"Arkiv\" \/>\n<meta name=\"twitter:card\" content=\"summary_large_image\" \/>\n<meta name=\"twitter:label1\" content=\"Ansl. lesetid\" \/>\n\t<meta name=\"twitter:data1\" content=\"5 minutter\" \/>\n<script type=\"application\/ld+json\" class=\"yoast-schema-graph\">{\"@context\":\"https:\/\/schema.org\",\"@graph\":[{\"@type\":\"WebPage\",\"@id\":\"https:\/\/ldo.no\/arkiv\/klagesaker\/2015-141915-ikke-trakassert-pa-grunn-av-etnisitet\/\",\"url\":\"https:\/\/ldo.no\/arkiv\/klagesaker\/2015-141915-ikke-trakassert-pa-grunn-av-etnisitet\/\",\"name\":\"14\/1915 Ikke trakassert p\u00e5 grunn av etnisitet - Arkiv\",\"isPartOf\":{\"@id\":\"https:\/\/ldo.no\/arkiv\/#website\"},\"datePublished\":\"2015-01-01T00:00:00+00:00\",\"dateModified\":\"2015-01-01T00:00:00+00:00\",\"breadcrumb\":{\"@id\":\"https:\/\/ldo.no\/arkiv\/klagesaker\/2015-141915-ikke-trakassert-pa-grunn-av-etnisitet\/#breadcrumb\"},\"inLanguage\":\"nb-NO\",\"potentialAction\":[{\"@type\":\"ReadAction\",\"target\":[\"https:\/\/ldo.no\/arkiv\/klagesaker\/2015-141915-ikke-trakassert-pa-grunn-av-etnisitet\/\"]}]},{\"@type\":\"BreadcrumbList\",\"@id\":\"https:\/\/ldo.no\/arkiv\/klagesaker\/2015-141915-ikke-trakassert-pa-grunn-av-etnisitet\/#breadcrumb\",\"itemListElement\":[{\"@type\":\"ListItem\",\"position\":1,\"name\":\"Arkiv\",\"item\":\"https:\/\/ldo.no\/arkiv\/\"},{\"@type\":\"ListItem\",\"position\":2,\"name\":\"Klagesaker\",\"item\":\"https:\/\/ldo.no\/arkiv\/?post-type=ldo-complaint\"},{\"@type\":\"ListItem\",\"position\":3,\"name\":\"14\/1915 Ikke trakassert p\u00e5 grunn av etnisitet\"}]},{\"@type\":\"WebSite\",\"@id\":\"https:\/\/ldo.no\/arkiv\/#website\",\"url\":\"https:\/\/ldo.no\/arkiv\/\",\"name\":\"LDO Arkiv\",\"description\":\"Dette er ombudets arkiv. Her finner du klagesaker som ombudet i sin tid behandlet fra 1996 til 2017. Klagesaker utover dette finner du p\u00e5 Diskrimineringsnemndas hjemmeside. P\u00e5 disse arkivsidene finner du ogs\u00e5 eldre h\u00f8ringssvar som strekker seg fra 2023 og tilbake til 2006. Nyere h\u00f8ringssvar finner du p\u00e5 Publikasjoner, som du kan bes\u00f8ke ved \u00e5 klikke p\u00e5 menyknappen \u00f8verst i h\u00f8yre hj\u00f8rne.\",\"publisher\":{\"@id\":\"https:\/\/ldo.no\/arkiv\/#organization\"},\"potentialAction\":[{\"@type\":\"SearchAction\",\"target\":{\"@type\":\"EntryPoint\",\"urlTemplate\":\"https:\/\/ldo.no\/arkiv\/?s={search_term_string}\"},\"query-input\":\"required name=search_term_string\"}],\"inLanguage\":\"nb-NO\"},{\"@type\":\"Organization\",\"@id\":\"https:\/\/ldo.no\/arkiv\/#organization\",\"name\":\"LDO Arkiv\",\"url\":\"https:\/\/ldo.no\/arkiv\/\",\"logo\":{\"@type\":\"ImageObject\",\"inLanguage\":\"nb-NO\",\"@id\":\"https:\/\/ldo.no\/arkiv\/#\/schema\/logo\/image\/\",\"url\":\"https:\/\/ldo.no\/content\/uploads\/sites\/2\/2025\/05\/Property-1Default.svg\",\"contentUrl\":\"https:\/\/ldo.no\/content\/uploads\/sites\/2\/2025\/05\/Property-1Default.svg\",\"caption\":\"LDO Arkiv\"},\"image\":{\"@id\":\"https:\/\/ldo.no\/arkiv\/#\/schema\/logo\/image\/\"}}]}<\/script>\n<!-- \/ Yoast SEO plugin. -->","yoast_head_json":{"title":"14\/1915 Ikke trakassert p\u00e5 grunn av etnisitet - Arkiv","robots":{"index":"index","follow":"follow","max-snippet":"max-snippet:-1","max-image-preview":"max-image-preview:large","max-video-preview":"max-video-preview:-1"},"canonical":"https:\/\/ldo.no\/arkiv\/klagesaker\/2015-141915-ikke-trakassert-pa-grunn-av-etnisitet\/","og_locale":"nb_NO","og_type":"article","og_title":"14\/1915 Ikke trakassert p\u00e5 grunn av etnisitet - Arkiv","og_description":"Klager manglet bevis da han hevdet han ble trakassert i forbindelse med salg av radiobilanlegg, spillautomater med mer. Ombudet fant dermed ikke holdepunkter for \u00e5 kunne si at trakassering hadde funnet sted.","og_url":"https:\/\/ldo.no\/arkiv\/klagesaker\/2015-141915-ikke-trakassert-pa-grunn-av-etnisitet\/","og_site_name":"Arkiv","twitter_card":"summary_large_image","twitter_misc":{"Ansl. lesetid":"5 minutter"},"schema":{"@context":"https:\/\/schema.org","@graph":[{"@type":"WebPage","@id":"https:\/\/ldo.no\/arkiv\/klagesaker\/2015-141915-ikke-trakassert-pa-grunn-av-etnisitet\/","url":"https:\/\/ldo.no\/arkiv\/klagesaker\/2015-141915-ikke-trakassert-pa-grunn-av-etnisitet\/","name":"14\/1915 Ikke trakassert p\u00e5 grunn av etnisitet - Arkiv","isPartOf":{"@id":"https:\/\/ldo.no\/arkiv\/#website"},"datePublished":"2015-01-01T00:00:00+00:00","dateModified":"2015-01-01T00:00:00+00:00","breadcrumb":{"@id":"https:\/\/ldo.no\/arkiv\/klagesaker\/2015-141915-ikke-trakassert-pa-grunn-av-etnisitet\/#breadcrumb"},"inLanguage":"nb-NO","potentialAction":[{"@type":"ReadAction","target":["https:\/\/ldo.no\/arkiv\/klagesaker\/2015-141915-ikke-trakassert-pa-grunn-av-etnisitet\/"]}]},{"@type":"BreadcrumbList","@id":"https:\/\/ldo.no\/arkiv\/klagesaker\/2015-141915-ikke-trakassert-pa-grunn-av-etnisitet\/#breadcrumb","itemListElement":[{"@type":"ListItem","position":1,"name":"Arkiv","item":"https:\/\/ldo.no\/arkiv\/"},{"@type":"ListItem","position":2,"name":"Klagesaker","item":"https:\/\/ldo.no\/arkiv\/?post-type=ldo-complaint"},{"@type":"ListItem","position":3,"name":"14\/1915 Ikke trakassert p\u00e5 grunn av etnisitet"}]},{"@type":"WebSite","@id":"https:\/\/ldo.no\/arkiv\/#website","url":"https:\/\/ldo.no\/arkiv\/","name":"LDO Arkiv","description":"Dette er ombudets arkiv. Her finner du klagesaker som ombudet i sin tid behandlet fra 1996 til 2017. Klagesaker utover dette finner du p\u00e5 Diskrimineringsnemndas hjemmeside. P\u00e5 disse arkivsidene finner du ogs\u00e5 eldre h\u00f8ringssvar som strekker seg fra 2023 og tilbake til 2006. Nyere h\u00f8ringssvar finner du p\u00e5 Publikasjoner, som du kan bes\u00f8ke ved \u00e5 klikke p\u00e5 menyknappen \u00f8verst i h\u00f8yre hj\u00f8rne.","publisher":{"@id":"https:\/\/ldo.no\/arkiv\/#organization"},"potentialAction":[{"@type":"SearchAction","target":{"@type":"EntryPoint","urlTemplate":"https:\/\/ldo.no\/arkiv\/?s={search_term_string}"},"query-input":"required name=search_term_string"}],"inLanguage":"nb-NO"},{"@type":"Organization","@id":"https:\/\/ldo.no\/arkiv\/#organization","name":"LDO Arkiv","url":"https:\/\/ldo.no\/arkiv\/","logo":{"@type":"ImageObject","inLanguage":"nb-NO","@id":"https:\/\/ldo.no\/arkiv\/#\/schema\/logo\/image\/","url":"https:\/\/ldo.no\/content\/uploads\/sites\/2\/2025\/05\/Property-1Default.svg","contentUrl":"https:\/\/ldo.no\/content\/uploads\/sites\/2\/2025\/05\/Property-1Default.svg","caption":"LDO Arkiv"},"image":{"@id":"https:\/\/ldo.no\/arkiv\/#\/schema\/logo\/image\/"}}]}},"_links":{"self":[{"href":"https:\/\/ldo.no\/arkiv\/wp-json\/wp\/v2\/ldo-complaint\/15153"}],"collection":[{"href":"https:\/\/ldo.no\/arkiv\/wp-json\/wp\/v2\/ldo-complaint"}],"about":[{"href":"https:\/\/ldo.no\/arkiv\/wp-json\/wp\/v2\/types\/ldo-complaint"}],"version-history":[{"count":0,"href":"https:\/\/ldo.no\/arkiv\/wp-json\/wp\/v2\/ldo-complaint\/15153\/revisions"}],"wp:attachment":[{"href":"https:\/\/ldo.no\/arkiv\/wp-json\/wp\/v2\/media?parent=15153"}],"wp:term":[{"taxonomy":"ldo-archive-year","embeddable":true,"href":"https:\/\/ldo.no\/arkiv\/wp-json\/wp\/v2\/ldo-archive-year?post=15153"}],"curies":[{"name":"wp","href":"https:\/\/api.w.org\/{rel}","templated":true}]}}