{"id":15420,"date":"2012-01-01T00:00:00","date_gmt":"2012-01-01T00:00:00","guid":{"rendered":"https:\/\/ldo.local\/arkiv\/klagesaker\/2012-112133-virksomheten-handler-ikke-i-strid-med-plikten-til-universell-utforming\/"},"modified":"2012-01-01T00:00:00","modified_gmt":"2012-01-01T00:00:00","slug":"2012-112133-virksomheten-handler-ikke-i-strid-med-plikten-til-universell-utforming","status":"publish","type":"ldo-complaint","link":"https:\/\/ldo.no\/arkiv\/klagesaker\/2012-112133-virksomheten-handler-ikke-i-strid-med-plikten-til-universell-utforming\/","title":{"rendered":"11\/2133: Virksomheten handler ikke i strid med plikten til universell utforming"},"content":{"rendered":"<article class=\"base-article inside\">\n<header>\n<div class=\"row\">\n<div class=\"col-sm-12\">\n<\/div>\n<\/div>\n<h1>\n11\/2133: Virksomheten handler ikke i strid med plikten til universell utforming<br \/>\n<\/h1>\n<\/header>\n<section>\n<section class=\"lead\">\n<p>Likestillings- og diskrimineringsombudet mottok klage p\u00e5 virksomheten Molteberg Elektriske AS med p\u00e5stand om at virksomheten ikke oppfyller kravet til universell utforming etter diskriminerings- og tilgjengelighetsloven \u00a7 9, fordi butikken har en trapp med tre trappetrinn som gj\u00f8r at personer med rullestol ikke kommer inn.<\/p>\n<\/section>\n<section>\n<p>Likestillings- og diskrimineringsombudet kom frem til at Molteberg Elektriske AS ikke bryter plikten til universell utforming i diskriminerings- og tilgjengelighetsloven \u00a7 9. <\/p>\n<p><strong>Saksnummer: 11\/2133<br \/>Lovgrunnlag: diskriminerings- og tilgjengelighetsloven \u00a7 9<br \/>Dato for uttalelse: 14. desember 2012<\/strong><\/p>\n<ul>\n<li> <span>Ombudets uttalelse i PDF-format<\/span>\n<\/li>\n<\/ul>\n<h1>Ombudets uttalelse<\/h1>\n<h2>Sakens bakgrunn<\/h2>\n<p>Ombudet har mottatt klage p\u00e5 manglende universell utforming av flere virksomheter i Larvik sentrum. Denne saken gjelder Molteberg Elektriske AS. Virksomheten har adresse Nansetgata 22, men ligger p\u00e5 hj\u00f8rnet av Nansetgata og Sverres gate. Nansetgata er fylkesvei, mens Sverres gate er kommunal vei. Molteberg Elektriske AS har opplyst at bredden p\u00e5 fortauet i Sverres gate er 2,30 meter.<\/p>\n<p>Inngangspartiet til virksomheten best\u00e5r av en trapp med tre trappetrinn. Det hevdes at inngangspartiet til virksomheten er utformet slik at bevegelseshemmede ikke kommer inn i lokalene til virksomheten.<\/p>\n<p>Det fremg\u00e5r av Larvik kommunes reguleringsplan for Kvartal 8 at bygningen bevaringsverdig. <\/p>\n<h2>Rettslig grunnlag<\/h2>\n<p>Ombudet har kompetanse til \u00e5 gi uttalelse om et forhold er i strid med diskriminerings- og tilgjengelighetsloven, jf. diskrimineringsombudsloven \u00a7 3 tredje ledd, jf. \u00a7 1 annet ledd nr. 3.<\/p>\n<p>Denne saken reiser sp\u00f8rsm\u00e5l om virksomheters plikt til \u00e5 sikre universell utforming etter diskriminerings- og tilgjengelighetslovens \u00a7 9. <\/p>\n<p>Diskriminerings- og tilgjengelighetslovens \u00a7 9 tredje ledd p\u00e5legger offentlige og private virksomheter rettet mot allmennheten en plikt til \u00e5 sikre universell utforming av virksomhetens alminnelige funksjon. <\/p>\n<p>Med universell utforming menes tilrettelegging av hovedl\u00f8sningen i de fysiske forholdene slik at virksomhetens alminnelige funksjon kan benyttes av flest mulig, jf. \u00a7 9 andre ledd. Dette betyr at virksomhetens fysiske fasiliteter, som skal benyttes av allmennheten (kundene), skal tilrettelegges p\u00e5 en slik m\u00e5te at flest mulig f\u00e5r tilgang til de tjenester virksomheten tilbyr. Det er hovedl\u00f8sningen som skal v\u00e6re gjenstand for tilrettelegging. Det vil derfor v\u00e6re i strid med bestemmelsen at det lages egne innganger, omr\u00e5der eller lignende for bestemte grupper.<\/p>\n<p>Plikten til universell utforming rekker s\u00e5 langt det ikke medf\u00f8rer en uforholdsmessig byrde for virksomheten, se \u00a7 9 tredje ledd. Ved den konkrete uforholdsmessighetsvurderingen vil den positive effekten og viktigheten av tilretteleggingen m\u00e5tte veies mot kostnader og andre former for belastning tilretteleggingen medf\u00f8rer. Lovgiver har bestemt at det s\u00e6rlig skal legges vekt p\u00e5:<\/p>\n<ol>\n<li>tilretteleggingens effekt for \u00e5 nedbygge funksjonshemmende barrierer (nytte vs kostnad)<\/li>\n<li>om virksomhetens funksjon er av offentlig art<\/li>\n<li>de n\u00f8dvendige kostnadene ved tilretteleggingen<\/li>\n<li>virksomhetens ressurser<\/li>\n<li>sikkerhetsmessige hensyn<\/li>\n<li>vernehensyn<\/li>\n<\/ol>\n<p>Dersom ombudet kommer til at det er en uforholdsmessig byrde \u00e5 sikre universell utforming, betyr ikke det at virksomheten kan la v\u00e6re \u00e5 foreta seg noe. Virksomheten er uansett forpliktet til \u00e5 jobbe for best mulig tilgjengelighet for personer med nedsatt funksjonsevne. <\/p>\n<p>Etter diskriminerings- og tilgjengelighetslovens \u00a7 13 vil det v\u00e6re opp til innklagede \u00e5 sannsynliggj\u00f8re at det ikke har forekommet diskriminering i strid med loven, dersom det foreligger omstendigheter som gir grunn til \u00e5 tro at diskriminering har skjedd.<\/p>\n<h2>Ombudets vurdering<\/h2>\n<p>Ombudet vil innledningsvis fastsl\u00e5 at Molteberg Elektriske AS er en virksomhet som har plikt til \u00e5 sikre at virksomhetens hovedl\u00f8sninger er universelt utformet etter diskriminerings- og tilgjengelighetslovens \u00a7 9. Virksomheten har derfor plikt til \u00e5 tilrettelegge de deler av virksomhetens lokaler som benyttes av allmennheten (kunder) p\u00e5 en slik m\u00e5te at flest mulig, uavhengig av individuelle forutsetninger, vil ha tilgang til virksomhetens tjenester og service.<\/p>\n<p>Det f\u00f8rste ombudet m\u00e5 ta stilling til er om det p\u00e5klagede forhold,<br \/>inngangspartiet til Molteberg Elektriske AS, tilfredsstiller kravet til universell utforming.<\/p>\n<h3>Er inngangspartiet til Molteberg Elektriske AS i tr\u00e5d med kravet til universell utforming?<\/h3>\n<p>Ombudet tar ikke stilling til om virksomheten som s\u00e5dan er universelt utformet.<\/p>\n<p>Det ombudet skal ta stilling til er om inngangspartiet til Molteberg Elektriske AS tilfredsstiller kravet til universell utforming. Standard Norge har utarbeidet veileder for universell utforming av nye byggverk. I vurderingen av hva som er universell utforming, tar ombudet utgangspunkt i disse veiledende anbefalingene. <\/p>\n<p>Ombudet viser til at det f\u00f8lger av NS 11001 1:2009 punkt 7.4 at:<\/p>\n<p>\u201d[\u2026] Det skal ikke v\u00e6re niv\u00e5forskjeller mellom gulv ute og gulv inne ved inngangspartiet. Hvis d\u00f8ren har terskel skal den ikke bygge mer enn 25 mm over gulvniv\u00e5 [\u2026].\u201d<\/p>\n<p>Inngangspartiet til Molteberg Elektriske AS best\u00e5r av en trapp med tre trappetrinn. F\u00f8lgelig er inngangspartiet til Molteberg Elektriske AS ikke universelt utformet.<\/p>\n<p>Ombudet m\u00e5 derfor vurdere om Molteberg Elektriske AS har dokumentert at det foreligger omstendigheter som medf\u00f8rer at det vil v\u00e6re en uforholdsmessig byrde \u00e5 sikre universell utforming av virksomhetens inngangsparti.<\/p>\n<h3>Vil krav om universell utforming av inngangspartiet v\u00e6re en uforholdsmessig byrde?<\/h3>\n<p>Det er virksomheten som har bevisbyrden for at det vil v\u00e6re en uforholdsmessig byrde \u00e5 gj\u00f8re inngangspartiet universelt utformet.<\/p>\n<p>Virksomheten har adresse Nansetgata 22, men ligger p\u00e5 hj\u00f8rnet av Nansetgata og Sverres gate. Nansetgata er fylkesvei, mens Sverres gate er kommunal vei. <\/p>\n<p>N\u00e5r det gjelder Sverres gate har ombudet i en annen, liknende sak i samme omr\u00e5de mottatt brev fra Larvik kommune hvor det ble uttalt at: <\/p>\n<p>\u00abI utgangspunktet er det \u00f8nskelig at eventuelle ramper m.m. etableres<br \/>p\u00e5 egen grunn. Dersom det m\u00e5 tas i bruk kommunal grunn (fortau), er det et minimumskrav at fortauet utenfor en eventuell rampe har bredde p\u00e5 minimum 2,0 meter. [\u2026]\u00bb<\/p>\n<p>I NS pkt. 5.5. fremg\u00e5r det at utvendige ramper skal utformes etter blant annet f\u00f8lgende kriterier:<\/p>\n<ul>\n<li>foran og etter en rampe skal det v\u00e6re et hinderfritt areal p\u00e5 minst 1600mm x 1600mm.<\/li>\n<li>minste tillatte m\u00e5l mellom h\u00e5ndlister p\u00e5 rekkverk skal v\u00e6re 900 mm.<\/li>\n<\/ul>\n<p>Sp\u00f8rsm\u00e5let blir derfor om det er mulig \u00e5 bygge en rampe i Sverres gate som b\u00e5de oppfyller kommunens krav for \u00e5 innvilge tillatelse til \u00e5 bygge rampe og er i tr\u00e5d med anbefalingene i Norsk Standard om m\u00e5l for utforming av en universelt utformet rampe. Molteberg Elektriske AS har opplyst at bredden p\u00e5 fortauet i Sverres gate er 2,30 meter. Ombudet finner dermed \u00e5 kunne legge til grunn at gjenv\u00e6rende fortaus bredde etter en eventuell rampe vil v\u00e6re mindre enn 2,0 meter.<\/p>\n<p>N\u00e5r det gjelder Nansetgata har ombudet merket seg at Larvik kommune i brev av 13. august 2012 til Molteberg Elektriske blant annet uttalte at:<\/p>\n<p>\u00abBasert p\u00e5 nylig erfaring med tilsvarende saker fra hhv. Kongegata 21 og 26 hvor Statens Vegvesen kom til den konklusjon at det ikke kunne gis slik tillatelse av hensyn til universell utforming, drift, allmennhetens ferdsel samt sikkerhet for de som ferdes p\u00e5 fortauet, mener administrasjonen det nok er lite sannsynlig at Statens Vegvesen vil komme til \u00e5 gi slik tillatelse her. Fortauet utenfor Nansetgata 22 er ogs\u00e5 smalere enn fortauet i Kongegata, og trafikkmengden er stor av b\u00e5de g\u00e5ende og kj\u00f8rende. Endelig avgj\u00f8relse p\u00e5 dette m\u00e5 imidlertid Statens vegvesen gi\u00bb<\/p>\n<p>Ombudet har i en annen, liknende sak i samme omr\u00e5de mottatt brev med informasjon om de vurderinger Statens vegvesen gj\u00f8r i slike saker om fylkesvei. Brevet er svar p\u00e5 s\u00f8knad om oppf\u00f8ring av rampe for rullestolbrukere i Kongegata 26, og konkluderer med at det ikke tillates oppf\u00f8rt rampe. Av brevet f\u00f8lger blant annet at:<\/p>\n<p>\u00abFylkesveg 104 er en viktig lokalveg med relativt mye trafikk. Det er ogs\u00e5 mye gang- og sykkeltrafikk i omr\u00e5det. Det gj\u00f8r at fortauet er et sv\u00e6rt viktig bidrag i trafikksikkerheten for de myke trafikantene. <\/p>\n<p>I hht. H\u00e5ndbok 017 \u00abVeg- og gateutforming\u00bb skal minimum ferdselssone p\u00e5 fortau v\u00e6re 2,0 meter og fri for hindringer. N\u00e5v\u00e6rende fortau har en fortausbredde (ferdselssone og kantsteinssone) p\u00e5 ca. 3 meter. B\u00e5de Kongegata og Lilletorget har relativt mye trafikk med mange g\u00e5ende og mye sideaktivitet. Ut fra vegens funksjon og trafikkmengde mener vi at den planlagte plasseringen av handikaprampe vil redusere b\u00e5de fremkommelighet og sikkerhet for allmennhetens ferdsel p\u00e5 fortauet. Rampen vil hindre maskinell drift av fortauet, som dermed gj\u00f8r at fortauets standard ikke kan opprettholdes p\u00e5 grunn av d\u00e5rlig drift og vedlikehold. <\/p>\n<p>Av hensyn til universell utforming, drift, allmennhetens ferdsel, samt sikkerhet for de som ferdes p\u00e5 fortauet har Statens vegvesen kommet til at slik tillatelse ikke gis. Virksomheten henvises til \u00e5 bygge om lokalet p\u00e5 egen grunn slik at universell utforming ivaretas.\u00bb <\/p>\n<p>Fortauet ved Nansetgata 22 er if\u00f8lge Larvik kommune smalere enn fortauet i Kongegata. Etter en konkret vurdering p\u00e5 bakgrunn av opplysningene i brevet sitert ovenfor, finner ombudet i denne saken \u00e5 kunne legge til grunn at Statens vegvesen heller ikke ved Nansetgata 22 ville tillate bygging av rampe p\u00e5 fortauet. <\/p>\n<p>Ombudet har merket seg at b\u00e5de kommunen og vegvesenet henviser<br \/>virksomheten til \u00e5 bygge om lokalet p\u00e5 egen grunn slik at universell utforming ivaretas.<\/p>\n<p>Likestillings- og diskrimineringsnemnda har i sin praksis lagt til grunn at fram til det foreligger forskrifter med krav om oppgradering av eksisterende bygninger til en standard som svarer til universell utforming, s\u00e5 er det kun mindre tiltak som kan p\u00e5legges etter dtl. \u00a7 9. I sak 40\/2010 uttaler Nemnda:<\/p>\n<p>\u201d[\u2026] forarbeidene er sv\u00e6rt klare p\u00e5 at lovgiver \u00f8nsker en skrittvis<br \/>oppfyllelse av kravet om universell utforming. Etter Nemndas oppfatning f\u00e5r dette f\u00f8rst og fremt betydning for anvendelsen av<br \/>forholdsmessighetsbegrensingen i dtl. \u00a7 9, ved at de tiltak som kan<br \/>p\u00e5legges for eksisterende bygninger, m\u00e5 v\u00e6re enkle tiltak.\u00bb<\/p>\n<p>I uforholdsmessighetsvurderingen av hvilke tiltak som kan p\u00e5legges<br \/>virksomheter i eldre bygg la Nemnda blant annet vekt p\u00e5 at tiltakene vil m\u00e5tte oppfylles uten st\u00f8rre \u00f8konomiske investeringer og uten de samfunnsmessige prioriteringene som skal foretas ved utarbeidelsen av forskrifter etter plan- og bygningsloven.<\/p>\n<p>P\u00e5 bakgrunn av den bildedokumentasjon som er fremlagt av klager finner ombudet at det vil kreve omfattende ombygning for \u00e5 l\u00f8se tilgjengeligheten i virksomhetens lokaler. Ombudet finner i dette tilfellet at det \u00e5 bygge om lokalet p\u00e5 egen grunn ikke vil v\u00e6re iverksettelse av enkle tiltak, og s\u00e5ledes ikke et tiltak som p\u00e5 n\u00e5v\u00e6rende tidspunkt kan p\u00e5legges virksomheten.<\/p>\n<p>Ombudet har ogs\u00e5 merket seg at bygningen er bevaringsverdig, og at if\u00f8lge reguleringsplanen m\u00e5 en eventuell utbedring av inngangspartiet gj\u00f8res p\u00e5 en slik m\u00e5te at man unng\u00e5r \u00e5 endre bygningens eksteri\u00f8r. <\/p>\n<p>Selv om en fullstendig utbedring vil v\u00e6re uforholdsmessig i dette tilfellet, vil ikke virksomheten v\u00e6re fritatt fra \u00e5 foreta utbedringer. Virksomheten er fremdeles forpliktet til \u00e5 finne den \u201dnest beste\u201d l\u00f8sningen.<\/p>\n<p>Ombudet viser til forarbeidene til diskriminerings- og tilgjengelighetsloven side 126, hvor det fremg\u00e5r at:<\/p>\n<p>\u201d[\u2026] kravet til universell utforming ikke bortfaller dersom hovedl\u00f8sningen ikke kan tilrettelegges. I slike tilfeller m\u00e5 plikten ivaretas ved at den beste alternative l\u00f8sning velges\u201d.<\/p>\n<p>Ombudet vil understreke viktigheten av at virksomheten gj\u00f8r s\u00e5 mye som mulig for \u00e5 sikre ikke- stigmatiserende og inkluderende l\u00f8sninger. Ombudet p\u00e5peker at virksomheten plikter \u00e5 arbeide aktivt og m\u00e5lrettet for \u00e5 fremme universell utforming innenfor virksomheten, jf. dtl. \u00a7 9 f\u00f8rste ledd.<\/p>\n<p>Ombudet er p\u00e5 denne bakgrunn kommet til at en utbedring av inngangspartiet til Molteberg Elektriske AS medf\u00f8rer en uforholdsmessig byrde for virksomheten, jf. dtl \u00a7 9 tredje ledd. Ombudet vil imidlertid understreke at selv om en fullstendig utbedring vil v\u00e6re uforholdsmessig i dette tilfellet, vil virksomheten i utgangspunktet ikke v\u00e6re fritatt fra \u00e5 foreta utbedringer. Virksomheten er fremdeles forpliktet til \u00e5 finne den \u201dnest beste\u201d l\u00f8sningen.<\/p>\n<h2>Konklusjon<\/h2>\n<p>Molteberg Elektriske AS handler ikke i strid med plikten til universell utforming i diskriminerings- og tilgjengelighetsloven \u00a7 9. <\/p>\n<\/section>\n<\/section>\n<\/article>\n","protected":false},"excerpt":{"rendered":"<p>Likestillings- og diskrimineringsombudet mottok klage p\u00e5 virksomheten Molteberg Elektriske AS med p\u00e5stand om at virksomheten ikke oppfyller kravet til universell utforming etter diskriminerings- og tilgjengelighetsloven \u00a7 9, fordi butikken har en trapp med tre trappetrinn som gj\u00f8r at personer med rullestol ikke kommer inn.<\/p>\n","protected":false},"template":"","meta":{"footnotes":""},"ldo-archive-year":[24],"class_list":["post-15420","ldo-complaint","type-ldo-complaint","status-publish","hentry","ldo-archive-year-24"],"yoast_head":"<!-- This site is optimized with the Yoast SEO plugin v22.9 - https:\/\/yoast.com\/wordpress\/plugins\/seo\/ -->\n<title>11\/2133: Virksomheten handler ikke i strid med plikten til universell utforming - Arkiv<\/title>\n<meta name=\"robots\" content=\"index, follow, max-snippet:-1, max-image-preview:large, max-video-preview:-1\" \/>\n<link rel=\"canonical\" href=\"https:\/\/ldo.no\/arkiv\/klagesaker\/2012-112133-virksomheten-handler-ikke-i-strid-med-plikten-til-universell-utforming\/\" \/>\n<meta property=\"og:locale\" content=\"nb_NO\" \/>\n<meta property=\"og:type\" content=\"article\" \/>\n<meta property=\"og:title\" content=\"11\/2133: Virksomheten handler ikke i strid med plikten til universell utforming - Arkiv\" \/>\n<meta property=\"og:description\" content=\"Likestillings- og diskrimineringsombudet mottok klage p\u00e5 virksomheten Molteberg Elektriske AS med p\u00e5stand om at virksomheten ikke oppfyller kravet til universell utforming etter diskriminerings- og tilgjengelighetsloven \u00a7 9, fordi butikken har en trapp med tre trappetrinn som gj\u00f8r at personer med rullestol ikke kommer inn.\" \/>\n<meta property=\"og:url\" content=\"https:\/\/ldo.no\/arkiv\/klagesaker\/2012-112133-virksomheten-handler-ikke-i-strid-med-plikten-til-universell-utforming\/\" \/>\n<meta property=\"og:site_name\" content=\"Arkiv\" \/>\n<meta name=\"twitter:card\" content=\"summary_large_image\" \/>\n<meta name=\"twitter:label1\" content=\"Ansl. lesetid\" \/>\n\t<meta name=\"twitter:data1\" content=\"9 minutter\" \/>\n<script type=\"application\/ld+json\" class=\"yoast-schema-graph\">{\"@context\":\"https:\/\/schema.org\",\"@graph\":[{\"@type\":\"WebPage\",\"@id\":\"https:\/\/ldo.no\/arkiv\/klagesaker\/2012-112133-virksomheten-handler-ikke-i-strid-med-plikten-til-universell-utforming\/\",\"url\":\"https:\/\/ldo.no\/arkiv\/klagesaker\/2012-112133-virksomheten-handler-ikke-i-strid-med-plikten-til-universell-utforming\/\",\"name\":\"11\/2133: Virksomheten handler ikke i strid med plikten til universell utforming - Arkiv\",\"isPartOf\":{\"@id\":\"https:\/\/ldo.no\/arkiv\/#website\"},\"datePublished\":\"2012-01-01T00:00:00+00:00\",\"dateModified\":\"2012-01-01T00:00:00+00:00\",\"breadcrumb\":{\"@id\":\"https:\/\/ldo.no\/arkiv\/klagesaker\/2012-112133-virksomheten-handler-ikke-i-strid-med-plikten-til-universell-utforming\/#breadcrumb\"},\"inLanguage\":\"nb-NO\",\"potentialAction\":[{\"@type\":\"ReadAction\",\"target\":[\"https:\/\/ldo.no\/arkiv\/klagesaker\/2012-112133-virksomheten-handler-ikke-i-strid-med-plikten-til-universell-utforming\/\"]}]},{\"@type\":\"BreadcrumbList\",\"@id\":\"https:\/\/ldo.no\/arkiv\/klagesaker\/2012-112133-virksomheten-handler-ikke-i-strid-med-plikten-til-universell-utforming\/#breadcrumb\",\"itemListElement\":[{\"@type\":\"ListItem\",\"position\":1,\"name\":\"Arkiv\",\"item\":\"https:\/\/ldo.no\/arkiv\/\"},{\"@type\":\"ListItem\",\"position\":2,\"name\":\"Klagesaker\",\"item\":\"https:\/\/ldo.no\/arkiv\/?post-type=ldo-complaint\"},{\"@type\":\"ListItem\",\"position\":3,\"name\":\"11\/2133: Virksomheten handler ikke i strid med plikten til universell utforming\"}]},{\"@type\":\"WebSite\",\"@id\":\"https:\/\/ldo.no\/arkiv\/#website\",\"url\":\"https:\/\/ldo.no\/arkiv\/\",\"name\":\"LDO Arkiv\",\"description\":\"Dette er ombudets arkiv. Her finner du klagesaker som ombudet i sin tid behandlet fra 1996 til 2017. Klagesaker utover dette finner du p\u00e5 Diskrimineringsnemndas hjemmeside. P\u00e5 disse arkivsidene finner du ogs\u00e5 eldre h\u00f8ringssvar som strekker seg fra 2023 og tilbake til 2006. Nyere h\u00f8ringssvar finner du p\u00e5 Publikasjoner, som du kan bes\u00f8ke ved \u00e5 klikke p\u00e5 menyknappen \u00f8verst i h\u00f8yre hj\u00f8rne.\",\"publisher\":{\"@id\":\"https:\/\/ldo.no\/arkiv\/#organization\"},\"potentialAction\":[{\"@type\":\"SearchAction\",\"target\":{\"@type\":\"EntryPoint\",\"urlTemplate\":\"https:\/\/ldo.no\/arkiv\/?s={search_term_string}\"},\"query-input\":\"required name=search_term_string\"}],\"inLanguage\":\"nb-NO\"},{\"@type\":\"Organization\",\"@id\":\"https:\/\/ldo.no\/arkiv\/#organization\",\"name\":\"LDO Arkiv\",\"url\":\"https:\/\/ldo.no\/arkiv\/\",\"logo\":{\"@type\":\"ImageObject\",\"inLanguage\":\"nb-NO\",\"@id\":\"https:\/\/ldo.no\/arkiv\/#\/schema\/logo\/image\/\",\"url\":\"https:\/\/ldo.no\/content\/uploads\/sites\/2\/2025\/05\/Property-1Default.svg\",\"contentUrl\":\"https:\/\/ldo.no\/content\/uploads\/sites\/2\/2025\/05\/Property-1Default.svg\",\"caption\":\"LDO Arkiv\"},\"image\":{\"@id\":\"https:\/\/ldo.no\/arkiv\/#\/schema\/logo\/image\/\"}}]}<\/script>\n<!-- \/ Yoast SEO plugin. -->","yoast_head_json":{"title":"11\/2133: Virksomheten handler ikke i strid med plikten til universell utforming - Arkiv","robots":{"index":"index","follow":"follow","max-snippet":"max-snippet:-1","max-image-preview":"max-image-preview:large","max-video-preview":"max-video-preview:-1"},"canonical":"https:\/\/ldo.no\/arkiv\/klagesaker\/2012-112133-virksomheten-handler-ikke-i-strid-med-plikten-til-universell-utforming\/","og_locale":"nb_NO","og_type":"article","og_title":"11\/2133: Virksomheten handler ikke i strid med plikten til universell utforming - Arkiv","og_description":"Likestillings- og diskrimineringsombudet mottok klage p\u00e5 virksomheten Molteberg Elektriske AS med p\u00e5stand om at virksomheten ikke oppfyller kravet til universell utforming etter diskriminerings- og tilgjengelighetsloven \u00a7 9, fordi butikken har en trapp med tre trappetrinn som gj\u00f8r at personer med rullestol ikke kommer inn.","og_url":"https:\/\/ldo.no\/arkiv\/klagesaker\/2012-112133-virksomheten-handler-ikke-i-strid-med-plikten-til-universell-utforming\/","og_site_name":"Arkiv","twitter_card":"summary_large_image","twitter_misc":{"Ansl. lesetid":"9 minutter"},"schema":{"@context":"https:\/\/schema.org","@graph":[{"@type":"WebPage","@id":"https:\/\/ldo.no\/arkiv\/klagesaker\/2012-112133-virksomheten-handler-ikke-i-strid-med-plikten-til-universell-utforming\/","url":"https:\/\/ldo.no\/arkiv\/klagesaker\/2012-112133-virksomheten-handler-ikke-i-strid-med-plikten-til-universell-utforming\/","name":"11\/2133: Virksomheten handler ikke i strid med plikten til universell utforming - Arkiv","isPartOf":{"@id":"https:\/\/ldo.no\/arkiv\/#website"},"datePublished":"2012-01-01T00:00:00+00:00","dateModified":"2012-01-01T00:00:00+00:00","breadcrumb":{"@id":"https:\/\/ldo.no\/arkiv\/klagesaker\/2012-112133-virksomheten-handler-ikke-i-strid-med-plikten-til-universell-utforming\/#breadcrumb"},"inLanguage":"nb-NO","potentialAction":[{"@type":"ReadAction","target":["https:\/\/ldo.no\/arkiv\/klagesaker\/2012-112133-virksomheten-handler-ikke-i-strid-med-plikten-til-universell-utforming\/"]}]},{"@type":"BreadcrumbList","@id":"https:\/\/ldo.no\/arkiv\/klagesaker\/2012-112133-virksomheten-handler-ikke-i-strid-med-plikten-til-universell-utforming\/#breadcrumb","itemListElement":[{"@type":"ListItem","position":1,"name":"Arkiv","item":"https:\/\/ldo.no\/arkiv\/"},{"@type":"ListItem","position":2,"name":"Klagesaker","item":"https:\/\/ldo.no\/arkiv\/?post-type=ldo-complaint"},{"@type":"ListItem","position":3,"name":"11\/2133: Virksomheten handler ikke i strid med plikten til universell utforming"}]},{"@type":"WebSite","@id":"https:\/\/ldo.no\/arkiv\/#website","url":"https:\/\/ldo.no\/arkiv\/","name":"LDO Arkiv","description":"Dette er ombudets arkiv. Her finner du klagesaker som ombudet i sin tid behandlet fra 1996 til 2017. Klagesaker utover dette finner du p\u00e5 Diskrimineringsnemndas hjemmeside. P\u00e5 disse arkivsidene finner du ogs\u00e5 eldre h\u00f8ringssvar som strekker seg fra 2023 og tilbake til 2006. Nyere h\u00f8ringssvar finner du p\u00e5 Publikasjoner, som du kan bes\u00f8ke ved \u00e5 klikke p\u00e5 menyknappen \u00f8verst i h\u00f8yre hj\u00f8rne.","publisher":{"@id":"https:\/\/ldo.no\/arkiv\/#organization"},"potentialAction":[{"@type":"SearchAction","target":{"@type":"EntryPoint","urlTemplate":"https:\/\/ldo.no\/arkiv\/?s={search_term_string}"},"query-input":"required name=search_term_string"}],"inLanguage":"nb-NO"},{"@type":"Organization","@id":"https:\/\/ldo.no\/arkiv\/#organization","name":"LDO Arkiv","url":"https:\/\/ldo.no\/arkiv\/","logo":{"@type":"ImageObject","inLanguage":"nb-NO","@id":"https:\/\/ldo.no\/arkiv\/#\/schema\/logo\/image\/","url":"https:\/\/ldo.no\/content\/uploads\/sites\/2\/2025\/05\/Property-1Default.svg","contentUrl":"https:\/\/ldo.no\/content\/uploads\/sites\/2\/2025\/05\/Property-1Default.svg","caption":"LDO Arkiv"},"image":{"@id":"https:\/\/ldo.no\/arkiv\/#\/schema\/logo\/image\/"}}]}},"_links":{"self":[{"href":"https:\/\/ldo.no\/arkiv\/wp-json\/wp\/v2\/ldo-complaint\/15420"}],"collection":[{"href":"https:\/\/ldo.no\/arkiv\/wp-json\/wp\/v2\/ldo-complaint"}],"about":[{"href":"https:\/\/ldo.no\/arkiv\/wp-json\/wp\/v2\/types\/ldo-complaint"}],"version-history":[{"count":0,"href":"https:\/\/ldo.no\/arkiv\/wp-json\/wp\/v2\/ldo-complaint\/15420\/revisions"}],"wp:attachment":[{"href":"https:\/\/ldo.no\/arkiv\/wp-json\/wp\/v2\/media?parent=15420"}],"wp:term":[{"taxonomy":"ldo-archive-year","embeddable":true,"href":"https:\/\/ldo.no\/arkiv\/wp-json\/wp\/v2\/ldo-archive-year?post=15420"}],"curies":[{"name":"wp","href":"https:\/\/api.w.org\/{rel}","templated":true}]}}