{"id":15674,"date":"2007-01-01T00:00:00","date_gmt":"2007-01-01T00:00:00","guid":{"rendered":"https:\/\/ldo.local\/arkiv\/klagesaker\/2007-utenriksdepartementet-diskriminerer-pa-grunn-av-alder\/"},"modified":"2007-01-01T00:00:00","modified_gmt":"2007-01-01T00:00:00","slug":"2007-utenriksdepartementet-diskriminerer-pa-grunn-av-alder","status":"publish","type":"ldo-complaint","link":"https:\/\/ldo.no\/arkiv\/klagesaker\/2007-utenriksdepartementet-diskriminerer-pa-grunn-av-alder\/","title":{"rendered":"Utenriksdepartementet diskriminerer p\u00e5 grunn av alder"},"content":{"rendered":"<article class=\"base-article inside\">\n<header>\n<div class=\"row\">\n<div class=\"col-sm-12\">\n<\/div>\n<\/div>\n<h1>\nUtenriksdepartementet diskriminerer p\u00e5 grunn av alder<br \/>\n<\/h1>\n<\/header>\n<section>\n<section class=\"lead\">\nUDs aspiranter m\u00e5 v\u00e6re mellom 25 og 32 \u00e5r. Dette strider med arbeidsmilj\u00f8loven uttaler ombudet og har bedt departementet rydde opp.<br \/>\n<\/section>\n<section>\n<p>Utenriksdepartementet hadde ved utlysning av stilling som aspirant fastsatt en aldersgrense p\u00e5 mellom 25 og 32 \u00e5r. Ombudet fikk flere henvendelser vedr\u00f8rende annonsen og valgte p\u00e5 eget initiativ \u00e5 ta opp saken.<\/p>\n<p>Ombudet fant at det forel\u00e5 en saklig grunn til \u00e5 sette en aldersgrense fordi UD har et legitimt behov for \u00e5 ha aspirantene i arbeid over tid n\u00e5r de hadde bekostet aspirantoppl\u00e6ringen.<\/p>\n<p>Sp\u00f8rsm\u00e5let var imidlertid om den aldersbegrensning som var satt var et uforholdsmessig inngrep overfor dem som var yngre enn 25 \u00e5r og eldre enn 32 \u00e5r gamle og som dermed ikke kunne s\u00f8ke.<\/p>\n<p>Ombudet vurderte hvordan ressursene UD investerer i aspirantene st\u00e5r i forhold til den potensielle tjenestetiden aspirantene har igjen ved avsluttet oppl\u00e6ring. Ombudet fant at disse ikke sto i forhold til hverandre. Etter tre \u00e5r med oppl\u00e6ring hadde aspirantene opptil 32 arbeidsaktive \u00e5r foran seg.<\/p>\n<p>Ombudet la ogs\u00e5 vekt p\u00e5 at det i forskrift om reglement om rekruttering og utdannelse i utenrikstjenesten, blir fastsl\u00e5tt at det for personer med \u201dspesielle kunnskaper, evner og dyktighet\u201d kunne gj\u00f8res unntak fra aldersbegrensningen som var satt i forskriften. Aldersgrensen i forskriften var mellom 21 og 30 \u00e5r.<\/p>\n<h2>Konklusjon<\/h2>\n<p>Ombudet fant at b\u00e5de den \u00f8vre og nedre aldersgrensen stred mot reglene i arbeidsmilj\u00f8loven. Ombudet har bedt departementet om \u00e5 formulere kravene til kandidatenes alder p\u00e5 en m\u00e5te som er egnet til \u00e5 realisere form\u00e5let med ordningen og som ikke virker urimelig, overfor godt kvalifiserte eldre og yngre s\u00f8kere.<\/p>\n<p><strong>Diskrimineringsgrunnlag: Alder.<br \/>Saksnummer: 07\/33.<br \/>Lovgrunnlag: Arbeidsmilj\u00f8loven \u00a7 13-1(1) jf 13-3(2).<br \/><\/strong><\/p>\n<\/section>\n<\/section>\n<\/article>\n","protected":false},"excerpt":{"rendered":"<p>UDs aspiranter m\u00e5 v\u00e6re mellom 25 og 32 \u00e5r. Dette strider med arbeidsmilj\u00f8loven uttaler ombudet og har bedt departementet rydde opp.<\/p>\n","protected":false},"template":"","meta":{"footnotes":""},"ldo-archive-year":[19],"class_list":["post-15674","ldo-complaint","type-ldo-complaint","status-publish","hentry","ldo-archive-year-19"],"yoast_head":"<!-- This site is optimized with the Yoast SEO plugin v22.9 - https:\/\/yoast.com\/wordpress\/plugins\/seo\/ -->\n<title>Utenriksdepartementet diskriminerer p\u00e5 grunn av alder - Arkiv<\/title>\n<meta name=\"robots\" content=\"index, follow, max-snippet:-1, max-image-preview:large, max-video-preview:-1\" \/>\n<link rel=\"canonical\" href=\"https:\/\/ldo.no\/arkiv\/klagesaker\/2007-utenriksdepartementet-diskriminerer-pa-grunn-av-alder\/\" \/>\n<meta property=\"og:locale\" content=\"nb_NO\" \/>\n<meta property=\"og:type\" content=\"article\" \/>\n<meta property=\"og:title\" content=\"Utenriksdepartementet diskriminerer p\u00e5 grunn av alder - Arkiv\" \/>\n<meta property=\"og:description\" content=\"UDs aspiranter m\u00e5 v\u00e6re mellom 25 og 32 \u00e5r. Dette strider med arbeidsmilj\u00f8loven uttaler ombudet og har bedt departementet rydde opp.\" \/>\n<meta property=\"og:url\" content=\"https:\/\/ldo.no\/arkiv\/klagesaker\/2007-utenriksdepartementet-diskriminerer-pa-grunn-av-alder\/\" \/>\n<meta property=\"og:site_name\" content=\"Arkiv\" \/>\n<meta name=\"twitter:card\" content=\"summary_large_image\" \/>\n<meta name=\"twitter:label1\" content=\"Ansl. lesetid\" \/>\n\t<meta name=\"twitter:data1\" content=\"1 minutt\" \/>\n<script type=\"application\/ld+json\" class=\"yoast-schema-graph\">{\"@context\":\"https:\/\/schema.org\",\"@graph\":[{\"@type\":\"WebPage\",\"@id\":\"https:\/\/ldo.no\/arkiv\/klagesaker\/2007-utenriksdepartementet-diskriminerer-pa-grunn-av-alder\/\",\"url\":\"https:\/\/ldo.no\/arkiv\/klagesaker\/2007-utenriksdepartementet-diskriminerer-pa-grunn-av-alder\/\",\"name\":\"Utenriksdepartementet diskriminerer p\u00e5 grunn av alder - Arkiv\",\"isPartOf\":{\"@id\":\"https:\/\/ldo.no\/arkiv\/#website\"},\"datePublished\":\"2007-01-01T00:00:00+00:00\",\"dateModified\":\"2007-01-01T00:00:00+00:00\",\"breadcrumb\":{\"@id\":\"https:\/\/ldo.no\/arkiv\/klagesaker\/2007-utenriksdepartementet-diskriminerer-pa-grunn-av-alder\/#breadcrumb\"},\"inLanguage\":\"nb-NO\",\"potentialAction\":[{\"@type\":\"ReadAction\",\"target\":[\"https:\/\/ldo.no\/arkiv\/klagesaker\/2007-utenriksdepartementet-diskriminerer-pa-grunn-av-alder\/\"]}]},{\"@type\":\"BreadcrumbList\",\"@id\":\"https:\/\/ldo.no\/arkiv\/klagesaker\/2007-utenriksdepartementet-diskriminerer-pa-grunn-av-alder\/#breadcrumb\",\"itemListElement\":[{\"@type\":\"ListItem\",\"position\":1,\"name\":\"Arkiv\",\"item\":\"https:\/\/ldo.no\/arkiv\/\"},{\"@type\":\"ListItem\",\"position\":2,\"name\":\"Klagesaker\",\"item\":\"https:\/\/ldo.no\/arkiv\/?post-type=ldo-complaint\"},{\"@type\":\"ListItem\",\"position\":3,\"name\":\"Utenriksdepartementet diskriminerer p\u00e5 grunn av alder\"}]},{\"@type\":\"WebSite\",\"@id\":\"https:\/\/ldo.no\/arkiv\/#website\",\"url\":\"https:\/\/ldo.no\/arkiv\/\",\"name\":\"LDO Arkiv\",\"description\":\"Dette er ombudets arkiv. Her finner du klagesaker som ombudet i sin tid behandlet fra 1996 til 2017. Klagesaker utover dette finner du p\u00e5 Diskrimineringsnemndas hjemmeside. P\u00e5 disse arkivsidene finner du ogs\u00e5 eldre h\u00f8ringssvar som strekker seg fra 2023 og tilbake til 2006. Nyere h\u00f8ringssvar finner du p\u00e5 Publikasjoner, som du kan bes\u00f8ke ved \u00e5 klikke p\u00e5 menyknappen \u00f8verst i h\u00f8yre hj\u00f8rne.\",\"publisher\":{\"@id\":\"https:\/\/ldo.no\/arkiv\/#organization\"},\"potentialAction\":[{\"@type\":\"SearchAction\",\"target\":{\"@type\":\"EntryPoint\",\"urlTemplate\":\"https:\/\/ldo.no\/arkiv\/?s={search_term_string}\"},\"query-input\":\"required name=search_term_string\"}],\"inLanguage\":\"nb-NO\"},{\"@type\":\"Organization\",\"@id\":\"https:\/\/ldo.no\/arkiv\/#organization\",\"name\":\"LDO Arkiv\",\"url\":\"https:\/\/ldo.no\/arkiv\/\",\"logo\":{\"@type\":\"ImageObject\",\"inLanguage\":\"nb-NO\",\"@id\":\"https:\/\/ldo.no\/arkiv\/#\/schema\/logo\/image\/\",\"url\":\"https:\/\/ldo.no\/content\/uploads\/sites\/2\/2025\/05\/Property-1Default.svg\",\"contentUrl\":\"https:\/\/ldo.no\/content\/uploads\/sites\/2\/2025\/05\/Property-1Default.svg\",\"caption\":\"LDO Arkiv\"},\"image\":{\"@id\":\"https:\/\/ldo.no\/arkiv\/#\/schema\/logo\/image\/\"}}]}<\/script>\n<!-- \/ Yoast SEO plugin. -->","yoast_head_json":{"title":"Utenriksdepartementet diskriminerer p\u00e5 grunn av alder - Arkiv","robots":{"index":"index","follow":"follow","max-snippet":"max-snippet:-1","max-image-preview":"max-image-preview:large","max-video-preview":"max-video-preview:-1"},"canonical":"https:\/\/ldo.no\/arkiv\/klagesaker\/2007-utenriksdepartementet-diskriminerer-pa-grunn-av-alder\/","og_locale":"nb_NO","og_type":"article","og_title":"Utenriksdepartementet diskriminerer p\u00e5 grunn av alder - Arkiv","og_description":"UDs aspiranter m\u00e5 v\u00e6re mellom 25 og 32 \u00e5r. Dette strider med arbeidsmilj\u00f8loven uttaler ombudet og har bedt departementet rydde opp.","og_url":"https:\/\/ldo.no\/arkiv\/klagesaker\/2007-utenriksdepartementet-diskriminerer-pa-grunn-av-alder\/","og_site_name":"Arkiv","twitter_card":"summary_large_image","twitter_misc":{"Ansl. lesetid":"1 minutt"},"schema":{"@context":"https:\/\/schema.org","@graph":[{"@type":"WebPage","@id":"https:\/\/ldo.no\/arkiv\/klagesaker\/2007-utenriksdepartementet-diskriminerer-pa-grunn-av-alder\/","url":"https:\/\/ldo.no\/arkiv\/klagesaker\/2007-utenriksdepartementet-diskriminerer-pa-grunn-av-alder\/","name":"Utenriksdepartementet diskriminerer p\u00e5 grunn av alder - Arkiv","isPartOf":{"@id":"https:\/\/ldo.no\/arkiv\/#website"},"datePublished":"2007-01-01T00:00:00+00:00","dateModified":"2007-01-01T00:00:00+00:00","breadcrumb":{"@id":"https:\/\/ldo.no\/arkiv\/klagesaker\/2007-utenriksdepartementet-diskriminerer-pa-grunn-av-alder\/#breadcrumb"},"inLanguage":"nb-NO","potentialAction":[{"@type":"ReadAction","target":["https:\/\/ldo.no\/arkiv\/klagesaker\/2007-utenriksdepartementet-diskriminerer-pa-grunn-av-alder\/"]}]},{"@type":"BreadcrumbList","@id":"https:\/\/ldo.no\/arkiv\/klagesaker\/2007-utenriksdepartementet-diskriminerer-pa-grunn-av-alder\/#breadcrumb","itemListElement":[{"@type":"ListItem","position":1,"name":"Arkiv","item":"https:\/\/ldo.no\/arkiv\/"},{"@type":"ListItem","position":2,"name":"Klagesaker","item":"https:\/\/ldo.no\/arkiv\/?post-type=ldo-complaint"},{"@type":"ListItem","position":3,"name":"Utenriksdepartementet diskriminerer p\u00e5 grunn av alder"}]},{"@type":"WebSite","@id":"https:\/\/ldo.no\/arkiv\/#website","url":"https:\/\/ldo.no\/arkiv\/","name":"LDO Arkiv","description":"Dette er ombudets arkiv. Her finner du klagesaker som ombudet i sin tid behandlet fra 1996 til 2017. Klagesaker utover dette finner du p\u00e5 Diskrimineringsnemndas hjemmeside. P\u00e5 disse arkivsidene finner du ogs\u00e5 eldre h\u00f8ringssvar som strekker seg fra 2023 og tilbake til 2006. Nyere h\u00f8ringssvar finner du p\u00e5 Publikasjoner, som du kan bes\u00f8ke ved \u00e5 klikke p\u00e5 menyknappen \u00f8verst i h\u00f8yre hj\u00f8rne.","publisher":{"@id":"https:\/\/ldo.no\/arkiv\/#organization"},"potentialAction":[{"@type":"SearchAction","target":{"@type":"EntryPoint","urlTemplate":"https:\/\/ldo.no\/arkiv\/?s={search_term_string}"},"query-input":"required name=search_term_string"}],"inLanguage":"nb-NO"},{"@type":"Organization","@id":"https:\/\/ldo.no\/arkiv\/#organization","name":"LDO Arkiv","url":"https:\/\/ldo.no\/arkiv\/","logo":{"@type":"ImageObject","inLanguage":"nb-NO","@id":"https:\/\/ldo.no\/arkiv\/#\/schema\/logo\/image\/","url":"https:\/\/ldo.no\/content\/uploads\/sites\/2\/2025\/05\/Property-1Default.svg","contentUrl":"https:\/\/ldo.no\/content\/uploads\/sites\/2\/2025\/05\/Property-1Default.svg","caption":"LDO Arkiv"},"image":{"@id":"https:\/\/ldo.no\/arkiv\/#\/schema\/logo\/image\/"}}]}},"_links":{"self":[{"href":"https:\/\/ldo.no\/arkiv\/wp-json\/wp\/v2\/ldo-complaint\/15674"}],"collection":[{"href":"https:\/\/ldo.no\/arkiv\/wp-json\/wp\/v2\/ldo-complaint"}],"about":[{"href":"https:\/\/ldo.no\/arkiv\/wp-json\/wp\/v2\/types\/ldo-complaint"}],"version-history":[{"count":0,"href":"https:\/\/ldo.no\/arkiv\/wp-json\/wp\/v2\/ldo-complaint\/15674\/revisions"}],"wp:attachment":[{"href":"https:\/\/ldo.no\/arkiv\/wp-json\/wp\/v2\/media?parent=15674"}],"wp:term":[{"taxonomy":"ldo-archive-year","embeddable":true,"href":"https:\/\/ldo.no\/arkiv\/wp-json\/wp\/v2\/ldo-archive-year?post=15674"}],"curies":[{"name":"wp","href":"https:\/\/api.w.org\/{rel}","templated":true}]}}