{"id":15683,"date":"2007-01-01T00:00:00","date_gmt":"2007-01-01T00:00:00","guid":{"rendered":"https:\/\/ldo.local\/arkiv\/klagesaker\/2007-sporsmal-om-aldersdiskriminering-ved-lonnsfastsettelse\/"},"modified":"2007-01-01T00:00:00","modified_gmt":"2007-01-01T00:00:00","slug":"2007-sporsmal-om-aldersdiskriminering-ved-lonnsfastsettelse","status":"publish","type":"ldo-complaint","link":"https:\/\/ldo.no\/arkiv\/klagesaker\/2007-sporsmal-om-aldersdiskriminering-ved-lonnsfastsettelse\/","title":{"rendered":"Sp\u00f8rsm\u00e5l om aldersdiskriminering ved l\u00f8nnsfastsettelse"},"content":{"rendered":"<article class=\"base-article inside\">\n<header>\n<div class=\"row\">\n<div class=\"col-sm-12\">\n<\/div>\n<\/div>\n<h1>\nSp\u00f8rsm\u00e5l om aldersdiskriminering ved l\u00f8nnsfastsettelse<br \/>\n<\/h1>\n<\/header>\n<section>\n<section class=\"lead\">\nEn mann klaget til ombudet fordi han mente han var blitt hengende etter l\u00f8nnsmessig som f\u00f8lge av alder. Han var 58 \u00e5r og mente \u00e5 kunne p\u00e5vise at hans l\u00f8nnsutvikling hadde v\u00e6rt d\u00e5rligere enn andre i tilsvarende stillingskategori i en periode. Ombudet fant ikke omstendigheter som ga grunn til \u00e5 tro at det var tale om aldersdiskriminering.<br \/>\n<\/section>\n<section>\n<p>Klagen gjaldt for perioden 2003-2005. Ombudet fant at ogs\u00e5 forhold utenom den aktuelle perioden m\u00e5tte vurderes n\u00e5r en skulle ta stilling til om diskriminering hadde funnet sted. Ombudet la vekt p\u00e5 at det i utgangspunktet bare var tale om en p\u00e5stand om diskriminering som ikke i var underbygget av konkrete opplysninger. <\/p>\n<p>Ombudet fant at klager ikke hadde gjort tilstrekkelig selv for \u00e5 fremme sin l\u00f8nnsutvikling. Dessuten ble det lagt vekt p\u00e5 at han hadde f\u00e5tt \u00f8kt l\u00f8nnen med tre l\u00f8nnstrinn i forbindelse med opprykk fra r\u00e5dgiver til seniorr\u00e5dgiver i 2002.<\/p>\n<p>Ombudet fant ikke grunn til \u00e5 legge s\u00e6rlig vekt p\u00e5 arbeidsgivers statistikk som viste at eldre arbeidstakere hadde god utvikling i forhold til yngre.<\/p>\n<p>Ombudet likevel til at det ikke var grunn til \u00e5 tro at klager hadde blitt utsatt for aldersdiskriminering.<\/p>\n<p><strong>Diskrimineringsgrunnlag: Alder.<br \/>Saksnummer: 06\/1816.<br \/>Lovanvendelse: Arbeidsmilj\u00f8loven 13-1 (1).<\/strong><\/p>\n<\/section>\n<\/section>\n<\/article>\n","protected":false},"excerpt":{"rendered":"<p>En mann klaget til ombudet fordi han mente han var blitt hengende etter l\u00f8nnsmessig som f\u00f8lge av alder. Han var 58 \u00e5r og mente \u00e5 kunne p\u00e5vise at hans l\u00f8nnsutvikling hadde v\u00e6rt d\u00e5rligere enn andre i tilsvarende stillingskategori i en periode. Ombudet fant ikke omstendigheter som ga grunn til \u00e5 tro at det var tale om aldersdiskriminering.<\/p>\n","protected":false},"template":"","meta":{"footnotes":""},"ldo-archive-year":[19],"class_list":["post-15683","ldo-complaint","type-ldo-complaint","status-publish","hentry","ldo-archive-year-19"],"yoast_head":"<!-- This site is optimized with the Yoast SEO plugin v22.9 - https:\/\/yoast.com\/wordpress\/plugins\/seo\/ -->\n<title>Sp\u00f8rsm\u00e5l om aldersdiskriminering ved l\u00f8nnsfastsettelse - Arkiv<\/title>\n<meta name=\"robots\" content=\"index, follow, max-snippet:-1, max-image-preview:large, max-video-preview:-1\" \/>\n<link rel=\"canonical\" href=\"https:\/\/ldo.no\/arkiv\/klagesaker\/2007-sporsmal-om-aldersdiskriminering-ved-lonnsfastsettelse\/\" \/>\n<meta property=\"og:locale\" content=\"nb_NO\" \/>\n<meta property=\"og:type\" content=\"article\" \/>\n<meta property=\"og:title\" content=\"Sp\u00f8rsm\u00e5l om aldersdiskriminering ved l\u00f8nnsfastsettelse - Arkiv\" \/>\n<meta property=\"og:description\" content=\"En mann klaget til ombudet fordi han mente han var blitt hengende etter l\u00f8nnsmessig som f\u00f8lge av alder. Han var 58 \u00e5r og mente \u00e5 kunne p\u00e5vise at hans l\u00f8nnsutvikling hadde v\u00e6rt d\u00e5rligere enn andre i tilsvarende stillingskategori i en periode. Ombudet fant ikke omstendigheter som ga grunn til \u00e5 tro at det var tale om aldersdiskriminering.\" \/>\n<meta property=\"og:url\" content=\"https:\/\/ldo.no\/arkiv\/klagesaker\/2007-sporsmal-om-aldersdiskriminering-ved-lonnsfastsettelse\/\" \/>\n<meta property=\"og:site_name\" content=\"Arkiv\" \/>\n<meta name=\"twitter:card\" content=\"summary_large_image\" \/>\n<meta name=\"twitter:label1\" content=\"Ansl. lesetid\" \/>\n\t<meta name=\"twitter:data1\" content=\"1 minutt\" \/>\n<script type=\"application\/ld+json\" class=\"yoast-schema-graph\">{\"@context\":\"https:\/\/schema.org\",\"@graph\":[{\"@type\":\"WebPage\",\"@id\":\"https:\/\/ldo.no\/arkiv\/klagesaker\/2007-sporsmal-om-aldersdiskriminering-ved-lonnsfastsettelse\/\",\"url\":\"https:\/\/ldo.no\/arkiv\/klagesaker\/2007-sporsmal-om-aldersdiskriminering-ved-lonnsfastsettelse\/\",\"name\":\"Sp\u00f8rsm\u00e5l om aldersdiskriminering ved l\u00f8nnsfastsettelse - Arkiv\",\"isPartOf\":{\"@id\":\"https:\/\/ldo.no\/arkiv\/#website\"},\"datePublished\":\"2007-01-01T00:00:00+00:00\",\"dateModified\":\"2007-01-01T00:00:00+00:00\",\"breadcrumb\":{\"@id\":\"https:\/\/ldo.no\/arkiv\/klagesaker\/2007-sporsmal-om-aldersdiskriminering-ved-lonnsfastsettelse\/#breadcrumb\"},\"inLanguage\":\"nb-NO\",\"potentialAction\":[{\"@type\":\"ReadAction\",\"target\":[\"https:\/\/ldo.no\/arkiv\/klagesaker\/2007-sporsmal-om-aldersdiskriminering-ved-lonnsfastsettelse\/\"]}]},{\"@type\":\"BreadcrumbList\",\"@id\":\"https:\/\/ldo.no\/arkiv\/klagesaker\/2007-sporsmal-om-aldersdiskriminering-ved-lonnsfastsettelse\/#breadcrumb\",\"itemListElement\":[{\"@type\":\"ListItem\",\"position\":1,\"name\":\"Arkiv\",\"item\":\"https:\/\/ldo.no\/arkiv\/\"},{\"@type\":\"ListItem\",\"position\":2,\"name\":\"Klagesaker\",\"item\":\"https:\/\/ldo.no\/arkiv\/?post-type=ldo-complaint\"},{\"@type\":\"ListItem\",\"position\":3,\"name\":\"Sp\u00f8rsm\u00e5l om aldersdiskriminering ved l\u00f8nnsfastsettelse\"}]},{\"@type\":\"WebSite\",\"@id\":\"https:\/\/ldo.no\/arkiv\/#website\",\"url\":\"https:\/\/ldo.no\/arkiv\/\",\"name\":\"LDO Arkiv\",\"description\":\"Dette er ombudets arkiv. Her finner du klagesaker som ombudet i sin tid behandlet fra 1996 til 2017. Klagesaker utover dette finner du p\u00e5 Diskrimineringsnemndas hjemmeside. P\u00e5 disse arkivsidene finner du ogs\u00e5 eldre h\u00f8ringssvar som strekker seg fra 2023 og tilbake til 2006. Nyere h\u00f8ringssvar finner du p\u00e5 Publikasjoner, som du kan bes\u00f8ke ved \u00e5 klikke p\u00e5 menyknappen \u00f8verst i h\u00f8yre hj\u00f8rne.\",\"publisher\":{\"@id\":\"https:\/\/ldo.no\/arkiv\/#organization\"},\"potentialAction\":[{\"@type\":\"SearchAction\",\"target\":{\"@type\":\"EntryPoint\",\"urlTemplate\":\"https:\/\/ldo.no\/arkiv\/?s={search_term_string}\"},\"query-input\":\"required name=search_term_string\"}],\"inLanguage\":\"nb-NO\"},{\"@type\":\"Organization\",\"@id\":\"https:\/\/ldo.no\/arkiv\/#organization\",\"name\":\"LDO Arkiv\",\"url\":\"https:\/\/ldo.no\/arkiv\/\",\"logo\":{\"@type\":\"ImageObject\",\"inLanguage\":\"nb-NO\",\"@id\":\"https:\/\/ldo.no\/arkiv\/#\/schema\/logo\/image\/\",\"url\":\"https:\/\/ldo.no\/content\/uploads\/sites\/2\/2025\/05\/Property-1Default.svg\",\"contentUrl\":\"https:\/\/ldo.no\/content\/uploads\/sites\/2\/2025\/05\/Property-1Default.svg\",\"caption\":\"LDO Arkiv\"},\"image\":{\"@id\":\"https:\/\/ldo.no\/arkiv\/#\/schema\/logo\/image\/\"}}]}<\/script>\n<!-- \/ Yoast SEO plugin. -->","yoast_head_json":{"title":"Sp\u00f8rsm\u00e5l om aldersdiskriminering ved l\u00f8nnsfastsettelse - Arkiv","robots":{"index":"index","follow":"follow","max-snippet":"max-snippet:-1","max-image-preview":"max-image-preview:large","max-video-preview":"max-video-preview:-1"},"canonical":"https:\/\/ldo.no\/arkiv\/klagesaker\/2007-sporsmal-om-aldersdiskriminering-ved-lonnsfastsettelse\/","og_locale":"nb_NO","og_type":"article","og_title":"Sp\u00f8rsm\u00e5l om aldersdiskriminering ved l\u00f8nnsfastsettelse - Arkiv","og_description":"En mann klaget til ombudet fordi han mente han var blitt hengende etter l\u00f8nnsmessig som f\u00f8lge av alder. Han var 58 \u00e5r og mente \u00e5 kunne p\u00e5vise at hans l\u00f8nnsutvikling hadde v\u00e6rt d\u00e5rligere enn andre i tilsvarende stillingskategori i en periode. Ombudet fant ikke omstendigheter som ga grunn til \u00e5 tro at det var tale om aldersdiskriminering.","og_url":"https:\/\/ldo.no\/arkiv\/klagesaker\/2007-sporsmal-om-aldersdiskriminering-ved-lonnsfastsettelse\/","og_site_name":"Arkiv","twitter_card":"summary_large_image","twitter_misc":{"Ansl. lesetid":"1 minutt"},"schema":{"@context":"https:\/\/schema.org","@graph":[{"@type":"WebPage","@id":"https:\/\/ldo.no\/arkiv\/klagesaker\/2007-sporsmal-om-aldersdiskriminering-ved-lonnsfastsettelse\/","url":"https:\/\/ldo.no\/arkiv\/klagesaker\/2007-sporsmal-om-aldersdiskriminering-ved-lonnsfastsettelse\/","name":"Sp\u00f8rsm\u00e5l om aldersdiskriminering ved l\u00f8nnsfastsettelse - Arkiv","isPartOf":{"@id":"https:\/\/ldo.no\/arkiv\/#website"},"datePublished":"2007-01-01T00:00:00+00:00","dateModified":"2007-01-01T00:00:00+00:00","breadcrumb":{"@id":"https:\/\/ldo.no\/arkiv\/klagesaker\/2007-sporsmal-om-aldersdiskriminering-ved-lonnsfastsettelse\/#breadcrumb"},"inLanguage":"nb-NO","potentialAction":[{"@type":"ReadAction","target":["https:\/\/ldo.no\/arkiv\/klagesaker\/2007-sporsmal-om-aldersdiskriminering-ved-lonnsfastsettelse\/"]}]},{"@type":"BreadcrumbList","@id":"https:\/\/ldo.no\/arkiv\/klagesaker\/2007-sporsmal-om-aldersdiskriminering-ved-lonnsfastsettelse\/#breadcrumb","itemListElement":[{"@type":"ListItem","position":1,"name":"Arkiv","item":"https:\/\/ldo.no\/arkiv\/"},{"@type":"ListItem","position":2,"name":"Klagesaker","item":"https:\/\/ldo.no\/arkiv\/?post-type=ldo-complaint"},{"@type":"ListItem","position":3,"name":"Sp\u00f8rsm\u00e5l om aldersdiskriminering ved l\u00f8nnsfastsettelse"}]},{"@type":"WebSite","@id":"https:\/\/ldo.no\/arkiv\/#website","url":"https:\/\/ldo.no\/arkiv\/","name":"LDO Arkiv","description":"Dette er ombudets arkiv. Her finner du klagesaker som ombudet i sin tid behandlet fra 1996 til 2017. Klagesaker utover dette finner du p\u00e5 Diskrimineringsnemndas hjemmeside. P\u00e5 disse arkivsidene finner du ogs\u00e5 eldre h\u00f8ringssvar som strekker seg fra 2023 og tilbake til 2006. Nyere h\u00f8ringssvar finner du p\u00e5 Publikasjoner, som du kan bes\u00f8ke ved \u00e5 klikke p\u00e5 menyknappen \u00f8verst i h\u00f8yre hj\u00f8rne.","publisher":{"@id":"https:\/\/ldo.no\/arkiv\/#organization"},"potentialAction":[{"@type":"SearchAction","target":{"@type":"EntryPoint","urlTemplate":"https:\/\/ldo.no\/arkiv\/?s={search_term_string}"},"query-input":"required name=search_term_string"}],"inLanguage":"nb-NO"},{"@type":"Organization","@id":"https:\/\/ldo.no\/arkiv\/#organization","name":"LDO Arkiv","url":"https:\/\/ldo.no\/arkiv\/","logo":{"@type":"ImageObject","inLanguage":"nb-NO","@id":"https:\/\/ldo.no\/arkiv\/#\/schema\/logo\/image\/","url":"https:\/\/ldo.no\/content\/uploads\/sites\/2\/2025\/05\/Property-1Default.svg","contentUrl":"https:\/\/ldo.no\/content\/uploads\/sites\/2\/2025\/05\/Property-1Default.svg","caption":"LDO Arkiv"},"image":{"@id":"https:\/\/ldo.no\/arkiv\/#\/schema\/logo\/image\/"}}]}},"_links":{"self":[{"href":"https:\/\/ldo.no\/arkiv\/wp-json\/wp\/v2\/ldo-complaint\/15683"}],"collection":[{"href":"https:\/\/ldo.no\/arkiv\/wp-json\/wp\/v2\/ldo-complaint"}],"about":[{"href":"https:\/\/ldo.no\/arkiv\/wp-json\/wp\/v2\/types\/ldo-complaint"}],"version-history":[{"count":0,"href":"https:\/\/ldo.no\/arkiv\/wp-json\/wp\/v2\/ldo-complaint\/15683\/revisions"}],"wp:attachment":[{"href":"https:\/\/ldo.no\/arkiv\/wp-json\/wp\/v2\/media?parent=15683"}],"wp:term":[{"taxonomy":"ldo-archive-year","embeddable":true,"href":"https:\/\/ldo.no\/arkiv\/wp-json\/wp\/v2\/ldo-archive-year?post=15683"}],"curies":[{"name":"wp","href":"https:\/\/api.w.org\/{rel}","templated":true}]}}