{"id":15714,"date":"2007-01-01T00:00:00","date_gmt":"2007-01-01T00:00:00","guid":{"rendered":"https:\/\/ldo.local\/arkiv\/klagesaker\/2007-soning-innsatt-klaget-pa-etnisk-diskriminering\/"},"modified":"2007-01-01T00:00:00","modified_gmt":"2007-01-01T00:00:00","slug":"2007-soning-innsatt-klaget-pa-etnisk-diskriminering","status":"publish","type":"ldo-complaint","link":"https:\/\/ldo.no\/arkiv\/klagesaker\/2007-soning-innsatt-klaget-pa-etnisk-diskriminering\/","title":{"rendered":"Soning \u2013 Innsatt klaget p\u00e5 etnisk diskriminering"},"content":{"rendered":"<article class=\"base-article inside\">\n<header>\n<div class=\"row\">\n<div class=\"col-sm-12\">\n<\/div>\n<\/div>\n<h1>\nSoning \u2013 Innsatt klaget p\u00e5 etnisk diskriminering<br \/>\n<\/h1>\n<\/header>\n<section>\n<section class=\"lead\">\nEn mannlig fange med pakistansk bakgrunn klaget til ombudet og p\u00e5sto at han var utsatt for etnisk diskriminering under soning i fengsel.<br \/>\n<\/section>\n<section>\n<p>I klagen ble det anf\u00f8rt at uttalelsene som en ansatt i Kriminalomsorgen kom med i sitt vitneprov i en straffesak var diskriminerende. Det ble ogs\u00e5 hevdet at fengselets vedtak om overf\u00f8ring av fangen til et annet fengsel, etter en voldsepisode, var diskriminerende. For det tredje gjorde klageren gjeldende at han ble diskriminert fordi han generelt har v\u00e6rt underlagt et strengere soningsregime enn nordmenn som soner dommer av tilsvarende lengde.<\/p>\n<p>Likestillings- og diskrimineringsombudet innhentet synspunkter og opplysninger i saken fra Kriminalomsorgen, og kom etter en konkret vurdering til at det ikke forel\u00e5 opplysninger som st\u00f8ttet klagers p\u00e5stander om diskriminering. <\/p>\n<p>Etter ombudets syn forel\u00e5 det s\u00e5ledes ikke omstendigheter som gir grunn til \u00e5 tro at det har skjedd diskriminering, jf diskrimineringsloven \u00a7 10. Ombudet konkluderte med at diskrimineringsloven ikke var overtr\u00e5dt. <\/p>\n<p>Ombudet p\u00e5pekte avslutningsvis at etnisk tilh\u00f8righet i noen tilfeller kan v\u00e6re et lovlig kriterium \u00e5 legge vekt p\u00e5 ved fastsettelse av soningsforhold for innsatte i norske fengsel, jf unntaksbestemmelsen i diskrimineringsloven \u00a7 4 fjerde ledd. Det kan for eksempel v\u00e6re grunn til \u00e5 holde innsatte med samme etniske bakgrunn adskilt dersom man har grunn til \u00e5 frykte dannelse av kriminelle nettverk i fengselet basert p\u00e5 felles etnisk bakgrunn. I andre tilfeller kan det v\u00e6re grunn til \u00e5 holde ulike grupper av innsatte adskilt for \u00e5 hindre sammenst\u00f8t i fengselet, men det kan ogs\u00e5 v\u00e6re grunn til \u00e5 samle etniske eller religi\u00f8se grupper av innsatte for \u00e5 kunne gi et tilbud om felles religionsut\u00f8velse i fengselet. <\/p>\n<p>Diskrimineringsloven utgj\u00f8r en rettslig skranke for fengselsmyndighetenes adgang til \u00e5 foreta denne typen disposisjoner, men s\u00e5 lenge myndighetene kan dokumentere at de har et saklig og fornuftig grunnlag for sine handlinger vil unntaksbestemmelsen kunne komme til anvendelse. <\/p>\n<p><strong>Diskrimineringsgrunnlag: Etnisitet.<br \/>Saksnummer: 07\/1057<br \/>Lovanvendelse: Diskrimineringsloven \u00a7 4, jf \u00a7 10<\/strong><\/p>\n<\/section>\n<\/section>\n<\/article>\n","protected":false},"excerpt":{"rendered":"<p>En mannlig fange med pakistansk bakgrunn klaget til ombudet og p\u00e5sto at han var utsatt for etnisk diskriminering under soning i fengsel.<\/p>\n","protected":false},"template":"","meta":{"footnotes":""},"ldo-archive-year":[19],"class_list":["post-15714","ldo-complaint","type-ldo-complaint","status-publish","hentry","ldo-archive-year-19"],"yoast_head":"<!-- This site is optimized with the Yoast SEO plugin v22.9 - https:\/\/yoast.com\/wordpress\/plugins\/seo\/ -->\n<title>Soning \u2013 Innsatt klaget p\u00e5 etnisk diskriminering - Arkiv<\/title>\n<meta name=\"robots\" content=\"index, follow, max-snippet:-1, max-image-preview:large, max-video-preview:-1\" \/>\n<link rel=\"canonical\" href=\"https:\/\/ldo.no\/arkiv\/klagesaker\/2007-soning-innsatt-klaget-pa-etnisk-diskriminering\/\" \/>\n<meta property=\"og:locale\" content=\"nb_NO\" \/>\n<meta property=\"og:type\" content=\"article\" \/>\n<meta property=\"og:title\" content=\"Soning \u2013 Innsatt klaget p\u00e5 etnisk diskriminering - Arkiv\" \/>\n<meta property=\"og:description\" content=\"En mannlig fange med pakistansk bakgrunn klaget til ombudet og p\u00e5sto at han var utsatt for etnisk diskriminering under soning i fengsel.\" \/>\n<meta property=\"og:url\" content=\"https:\/\/ldo.no\/arkiv\/klagesaker\/2007-soning-innsatt-klaget-pa-etnisk-diskriminering\/\" \/>\n<meta property=\"og:site_name\" content=\"Arkiv\" \/>\n<meta name=\"twitter:card\" content=\"summary_large_image\" \/>\n<meta name=\"twitter:label1\" content=\"Ansl. lesetid\" \/>\n\t<meta name=\"twitter:data1\" content=\"2 minutter\" \/>\n<script type=\"application\/ld+json\" class=\"yoast-schema-graph\">{\"@context\":\"https:\/\/schema.org\",\"@graph\":[{\"@type\":\"WebPage\",\"@id\":\"https:\/\/ldo.no\/arkiv\/klagesaker\/2007-soning-innsatt-klaget-pa-etnisk-diskriminering\/\",\"url\":\"https:\/\/ldo.no\/arkiv\/klagesaker\/2007-soning-innsatt-klaget-pa-etnisk-diskriminering\/\",\"name\":\"Soning \u2013 Innsatt klaget p\u00e5 etnisk diskriminering - Arkiv\",\"isPartOf\":{\"@id\":\"https:\/\/ldo.no\/arkiv\/#website\"},\"datePublished\":\"2007-01-01T00:00:00+00:00\",\"dateModified\":\"2007-01-01T00:00:00+00:00\",\"breadcrumb\":{\"@id\":\"https:\/\/ldo.no\/arkiv\/klagesaker\/2007-soning-innsatt-klaget-pa-etnisk-diskriminering\/#breadcrumb\"},\"inLanguage\":\"nb-NO\",\"potentialAction\":[{\"@type\":\"ReadAction\",\"target\":[\"https:\/\/ldo.no\/arkiv\/klagesaker\/2007-soning-innsatt-klaget-pa-etnisk-diskriminering\/\"]}]},{\"@type\":\"BreadcrumbList\",\"@id\":\"https:\/\/ldo.no\/arkiv\/klagesaker\/2007-soning-innsatt-klaget-pa-etnisk-diskriminering\/#breadcrumb\",\"itemListElement\":[{\"@type\":\"ListItem\",\"position\":1,\"name\":\"Arkiv\",\"item\":\"https:\/\/ldo.no\/arkiv\/\"},{\"@type\":\"ListItem\",\"position\":2,\"name\":\"Klagesaker\",\"item\":\"https:\/\/ldo.no\/arkiv\/?post-type=ldo-complaint\"},{\"@type\":\"ListItem\",\"position\":3,\"name\":\"Soning \u2013 Innsatt klaget p\u00e5 etnisk diskriminering\"}]},{\"@type\":\"WebSite\",\"@id\":\"https:\/\/ldo.no\/arkiv\/#website\",\"url\":\"https:\/\/ldo.no\/arkiv\/\",\"name\":\"LDO Arkiv\",\"description\":\"Dette er ombudets arkiv. Her finner du klagesaker som ombudet i sin tid behandlet fra 1996 til 2017. Klagesaker utover dette finner du p\u00e5 Diskrimineringsnemndas hjemmeside. P\u00e5 disse arkivsidene finner du ogs\u00e5 eldre h\u00f8ringssvar som strekker seg fra 2023 og tilbake til 2006. Nyere h\u00f8ringssvar finner du p\u00e5 Publikasjoner, som du kan bes\u00f8ke ved \u00e5 klikke p\u00e5 menyknappen \u00f8verst i h\u00f8yre hj\u00f8rne.\",\"publisher\":{\"@id\":\"https:\/\/ldo.no\/arkiv\/#organization\"},\"potentialAction\":[{\"@type\":\"SearchAction\",\"target\":{\"@type\":\"EntryPoint\",\"urlTemplate\":\"https:\/\/ldo.no\/arkiv\/?s={search_term_string}\"},\"query-input\":\"required name=search_term_string\"}],\"inLanguage\":\"nb-NO\"},{\"@type\":\"Organization\",\"@id\":\"https:\/\/ldo.no\/arkiv\/#organization\",\"name\":\"LDO Arkiv\",\"url\":\"https:\/\/ldo.no\/arkiv\/\",\"logo\":{\"@type\":\"ImageObject\",\"inLanguage\":\"nb-NO\",\"@id\":\"https:\/\/ldo.no\/arkiv\/#\/schema\/logo\/image\/\",\"url\":\"https:\/\/ldo.no\/content\/uploads\/sites\/2\/2025\/05\/Property-1Default.svg\",\"contentUrl\":\"https:\/\/ldo.no\/content\/uploads\/sites\/2\/2025\/05\/Property-1Default.svg\",\"caption\":\"LDO Arkiv\"},\"image\":{\"@id\":\"https:\/\/ldo.no\/arkiv\/#\/schema\/logo\/image\/\"}}]}<\/script>\n<!-- \/ Yoast SEO plugin. -->","yoast_head_json":{"title":"Soning \u2013 Innsatt klaget p\u00e5 etnisk diskriminering - Arkiv","robots":{"index":"index","follow":"follow","max-snippet":"max-snippet:-1","max-image-preview":"max-image-preview:large","max-video-preview":"max-video-preview:-1"},"canonical":"https:\/\/ldo.no\/arkiv\/klagesaker\/2007-soning-innsatt-klaget-pa-etnisk-diskriminering\/","og_locale":"nb_NO","og_type":"article","og_title":"Soning \u2013 Innsatt klaget p\u00e5 etnisk diskriminering - Arkiv","og_description":"En mannlig fange med pakistansk bakgrunn klaget til ombudet og p\u00e5sto at han var utsatt for etnisk diskriminering under soning i fengsel.","og_url":"https:\/\/ldo.no\/arkiv\/klagesaker\/2007-soning-innsatt-klaget-pa-etnisk-diskriminering\/","og_site_name":"Arkiv","twitter_card":"summary_large_image","twitter_misc":{"Ansl. lesetid":"2 minutter"},"schema":{"@context":"https:\/\/schema.org","@graph":[{"@type":"WebPage","@id":"https:\/\/ldo.no\/arkiv\/klagesaker\/2007-soning-innsatt-klaget-pa-etnisk-diskriminering\/","url":"https:\/\/ldo.no\/arkiv\/klagesaker\/2007-soning-innsatt-klaget-pa-etnisk-diskriminering\/","name":"Soning \u2013 Innsatt klaget p\u00e5 etnisk diskriminering - Arkiv","isPartOf":{"@id":"https:\/\/ldo.no\/arkiv\/#website"},"datePublished":"2007-01-01T00:00:00+00:00","dateModified":"2007-01-01T00:00:00+00:00","breadcrumb":{"@id":"https:\/\/ldo.no\/arkiv\/klagesaker\/2007-soning-innsatt-klaget-pa-etnisk-diskriminering\/#breadcrumb"},"inLanguage":"nb-NO","potentialAction":[{"@type":"ReadAction","target":["https:\/\/ldo.no\/arkiv\/klagesaker\/2007-soning-innsatt-klaget-pa-etnisk-diskriminering\/"]}]},{"@type":"BreadcrumbList","@id":"https:\/\/ldo.no\/arkiv\/klagesaker\/2007-soning-innsatt-klaget-pa-etnisk-diskriminering\/#breadcrumb","itemListElement":[{"@type":"ListItem","position":1,"name":"Arkiv","item":"https:\/\/ldo.no\/arkiv\/"},{"@type":"ListItem","position":2,"name":"Klagesaker","item":"https:\/\/ldo.no\/arkiv\/?post-type=ldo-complaint"},{"@type":"ListItem","position":3,"name":"Soning \u2013 Innsatt klaget p\u00e5 etnisk diskriminering"}]},{"@type":"WebSite","@id":"https:\/\/ldo.no\/arkiv\/#website","url":"https:\/\/ldo.no\/arkiv\/","name":"LDO Arkiv","description":"Dette er ombudets arkiv. Her finner du klagesaker som ombudet i sin tid behandlet fra 1996 til 2017. Klagesaker utover dette finner du p\u00e5 Diskrimineringsnemndas hjemmeside. P\u00e5 disse arkivsidene finner du ogs\u00e5 eldre h\u00f8ringssvar som strekker seg fra 2023 og tilbake til 2006. Nyere h\u00f8ringssvar finner du p\u00e5 Publikasjoner, som du kan bes\u00f8ke ved \u00e5 klikke p\u00e5 menyknappen \u00f8verst i h\u00f8yre hj\u00f8rne.","publisher":{"@id":"https:\/\/ldo.no\/arkiv\/#organization"},"potentialAction":[{"@type":"SearchAction","target":{"@type":"EntryPoint","urlTemplate":"https:\/\/ldo.no\/arkiv\/?s={search_term_string}"},"query-input":"required name=search_term_string"}],"inLanguage":"nb-NO"},{"@type":"Organization","@id":"https:\/\/ldo.no\/arkiv\/#organization","name":"LDO Arkiv","url":"https:\/\/ldo.no\/arkiv\/","logo":{"@type":"ImageObject","inLanguage":"nb-NO","@id":"https:\/\/ldo.no\/arkiv\/#\/schema\/logo\/image\/","url":"https:\/\/ldo.no\/content\/uploads\/sites\/2\/2025\/05\/Property-1Default.svg","contentUrl":"https:\/\/ldo.no\/content\/uploads\/sites\/2\/2025\/05\/Property-1Default.svg","caption":"LDO Arkiv"},"image":{"@id":"https:\/\/ldo.no\/arkiv\/#\/schema\/logo\/image\/"}}]}},"_links":{"self":[{"href":"https:\/\/ldo.no\/arkiv\/wp-json\/wp\/v2\/ldo-complaint\/15714"}],"collection":[{"href":"https:\/\/ldo.no\/arkiv\/wp-json\/wp\/v2\/ldo-complaint"}],"about":[{"href":"https:\/\/ldo.no\/arkiv\/wp-json\/wp\/v2\/types\/ldo-complaint"}],"version-history":[{"count":0,"href":"https:\/\/ldo.no\/arkiv\/wp-json\/wp\/v2\/ldo-complaint\/15714\/revisions"}],"wp:attachment":[{"href":"https:\/\/ldo.no\/arkiv\/wp-json\/wp\/v2\/media?parent=15714"}],"wp:term":[{"taxonomy":"ldo-archive-year","embeddable":true,"href":"https:\/\/ldo.no\/arkiv\/wp-json\/wp\/v2\/ldo-archive-year?post=15714"}],"curies":[{"name":"wp","href":"https:\/\/api.w.org\/{rel}","templated":true}]}}