{"id":15721,"date":"2007-01-01T00:00:00","date_gmt":"2007-01-01T00:00:00","guid":{"rendered":"https:\/\/ldo.local\/arkiv\/klagesaker\/2007-mistet-tillegg-etter-permisjon\/"},"modified":"2007-01-01T00:00:00","modified_gmt":"2007-01-01T00:00:00","slug":"2007-mistet-tillegg-etter-permisjon","status":"publish","type":"ldo-complaint","link":"https:\/\/ldo.no\/arkiv\/klagesaker\/2007-mistet-tillegg-etter-permisjon\/","title":{"rendered":"Mistet tillegg etter permisjon"},"content":{"rendered":"<article class=\"base-article inside\">\n<header>\n<div class=\"row\">\n<div class=\"col-sm-12\">\n<\/div>\n<\/div>\n<h1>\nMistet tillegg etter permisjon<br \/>\n<\/h1>\n<\/header>\n<section>\n<section class=\"lead\">\nF\u00f8r hun gikk ut i foreldrepermisjon fikk l\u00e6reren et tillegg fordi hun var klassestyrer, men da hun kom tilbake mistet hun det. Ombudet konkluderte med at dette var ulovlig.<br \/>\n<\/section>\n<section>\n<p>Kvinnen som klaget gjennom sitt fagforbund, var ansatt som l\u00e6rer og fungerte som klassestyrer. Da hun kom tilbake p\u00e5 jobb etter endt permisjon, fikk hun beskjed om at hun ikke fikk bli klassestyrer i den klassen hun hadde hatt. Derfor mistet hun klassestyrertillegget.<\/p>\n<p>Klager forklarte at hun normalt ville v\u00e6rt klassestyrer dersom hun hadde fortsatt. Derfor kom hun d\u00e5rligere ut som f\u00f8lge av at hun hadde v\u00e6rt ute i foreldrepermisjon. Det at hun ikke fikk tilbake jobben som kontaktl\u00e6rer \u2013 noe som var begrunnet i pedagogiske hensyn \u2013 betydde ikke at hun skulle fratas l\u00f8nnstillegget som var forbundet med kontaktl\u00e6rerstillingen.<\/p>\n<p>Kommunen gjorde gjeldende at det ikke forel\u00e5 noen rett for klager til \u00e5 oppeb\u00e6re kontaktl\u00e6rertillegget n\u00e5r hun ikke arbeidet som kontaktl\u00e6rer.<\/p>\n<p><strong><\/p>\n<h2>Konklusjon<br \/>\n<\/h2>\n<p><\/strong>Ombudet kom til at kommunen var forpliktet til \u00e5 betale klassestyrertillegget. Arbeidsgiver har ikke rett til \u00e5 gi en arbeidstaker som kommer tilbake fra foreldrepermisjon, d\u00e5rligere eller endrede arbeidsbetingelser i forhold til det hun hadde f\u00f8r hun gikk i permisjon. At hun aksepterte \u00e5 ikke v\u00e6re klassestyrer da hun kom tilbake, betyr ikke at skolen kunne nekte henne den l\u00f8nnen hun hadde, f\u00f8r hun gikk i permisjon. Kommunen hadde derfor brutt likestillingsloven. <\/p>\n<p><strong>Diskrimineringsgrunnlag: Kj\u00f8nn.<br \/>Saksnummer: 06\/513.<br \/>Lovanvendelse: Likestillingslovens \u00a7 3, tredje ledd.<\/strong><\/p>\n<p><span>Last ned hele uttalelsen her<\/span> (PDF).<\/p>\n<\/section>\n<\/section>\n<\/article>\n","protected":false},"excerpt":{"rendered":"<p>F\u00f8r hun gikk ut i foreldrepermisjon fikk l\u00e6reren et tillegg fordi hun var klassestyrer, men da hun kom tilbake mistet hun det. Ombudet konkluderte med at dette var ulovlig.<\/p>\n","protected":false},"template":"","meta":{"footnotes":""},"ldo-archive-year":[19],"class_list":["post-15721","ldo-complaint","type-ldo-complaint","status-publish","hentry","ldo-archive-year-19"],"yoast_head":"<!-- This site is optimized with the Yoast SEO plugin v22.9 - https:\/\/yoast.com\/wordpress\/plugins\/seo\/ -->\n<title>Mistet tillegg etter permisjon - Arkiv<\/title>\n<meta name=\"robots\" content=\"index, follow, max-snippet:-1, max-image-preview:large, max-video-preview:-1\" \/>\n<link rel=\"canonical\" href=\"https:\/\/ldo.no\/arkiv\/klagesaker\/2007-mistet-tillegg-etter-permisjon\/\" \/>\n<meta property=\"og:locale\" content=\"nb_NO\" \/>\n<meta property=\"og:type\" content=\"article\" \/>\n<meta property=\"og:title\" content=\"Mistet tillegg etter permisjon - Arkiv\" \/>\n<meta property=\"og:description\" content=\"F\u00f8r hun gikk ut i foreldrepermisjon fikk l\u00e6reren et tillegg fordi hun var klassestyrer, men da hun kom tilbake mistet hun det. Ombudet konkluderte med at dette var ulovlig.\" \/>\n<meta property=\"og:url\" content=\"https:\/\/ldo.no\/arkiv\/klagesaker\/2007-mistet-tillegg-etter-permisjon\/\" \/>\n<meta property=\"og:site_name\" content=\"Arkiv\" \/>\n<meta name=\"twitter:card\" content=\"summary_large_image\" \/>\n<meta name=\"twitter:label1\" content=\"Ansl. lesetid\" \/>\n\t<meta name=\"twitter:data1\" content=\"1 minutt\" \/>\n<script type=\"application\/ld+json\" class=\"yoast-schema-graph\">{\"@context\":\"https:\/\/schema.org\",\"@graph\":[{\"@type\":\"WebPage\",\"@id\":\"https:\/\/ldo.no\/arkiv\/klagesaker\/2007-mistet-tillegg-etter-permisjon\/\",\"url\":\"https:\/\/ldo.no\/arkiv\/klagesaker\/2007-mistet-tillegg-etter-permisjon\/\",\"name\":\"Mistet tillegg etter permisjon - Arkiv\",\"isPartOf\":{\"@id\":\"https:\/\/ldo.no\/arkiv\/#website\"},\"datePublished\":\"2007-01-01T00:00:00+00:00\",\"dateModified\":\"2007-01-01T00:00:00+00:00\",\"breadcrumb\":{\"@id\":\"https:\/\/ldo.no\/arkiv\/klagesaker\/2007-mistet-tillegg-etter-permisjon\/#breadcrumb\"},\"inLanguage\":\"nb-NO\",\"potentialAction\":[{\"@type\":\"ReadAction\",\"target\":[\"https:\/\/ldo.no\/arkiv\/klagesaker\/2007-mistet-tillegg-etter-permisjon\/\"]}]},{\"@type\":\"BreadcrumbList\",\"@id\":\"https:\/\/ldo.no\/arkiv\/klagesaker\/2007-mistet-tillegg-etter-permisjon\/#breadcrumb\",\"itemListElement\":[{\"@type\":\"ListItem\",\"position\":1,\"name\":\"Arkiv\",\"item\":\"https:\/\/ldo.no\/arkiv\/\"},{\"@type\":\"ListItem\",\"position\":2,\"name\":\"Klagesaker\",\"item\":\"https:\/\/ldo.no\/arkiv\/?post-type=ldo-complaint\"},{\"@type\":\"ListItem\",\"position\":3,\"name\":\"Mistet tillegg etter permisjon\"}]},{\"@type\":\"WebSite\",\"@id\":\"https:\/\/ldo.no\/arkiv\/#website\",\"url\":\"https:\/\/ldo.no\/arkiv\/\",\"name\":\"LDO Arkiv\",\"description\":\"Dette er ombudets arkiv. Her finner du klagesaker som ombudet i sin tid behandlet fra 1996 til 2017. Klagesaker utover dette finner du p\u00e5 Diskrimineringsnemndas hjemmeside. P\u00e5 disse arkivsidene finner du ogs\u00e5 eldre h\u00f8ringssvar som strekker seg fra 2023 og tilbake til 2006. Nyere h\u00f8ringssvar finner du p\u00e5 Publikasjoner, som du kan bes\u00f8ke ved \u00e5 klikke p\u00e5 menyknappen \u00f8verst i h\u00f8yre hj\u00f8rne.\",\"publisher\":{\"@id\":\"https:\/\/ldo.no\/arkiv\/#organization\"},\"potentialAction\":[{\"@type\":\"SearchAction\",\"target\":{\"@type\":\"EntryPoint\",\"urlTemplate\":\"https:\/\/ldo.no\/arkiv\/?s={search_term_string}\"},\"query-input\":\"required name=search_term_string\"}],\"inLanguage\":\"nb-NO\"},{\"@type\":\"Organization\",\"@id\":\"https:\/\/ldo.no\/arkiv\/#organization\",\"name\":\"LDO Arkiv\",\"url\":\"https:\/\/ldo.no\/arkiv\/\",\"logo\":{\"@type\":\"ImageObject\",\"inLanguage\":\"nb-NO\",\"@id\":\"https:\/\/ldo.no\/arkiv\/#\/schema\/logo\/image\/\",\"url\":\"https:\/\/ldo.no\/content\/uploads\/sites\/2\/2025\/05\/Property-1Default.svg\",\"contentUrl\":\"https:\/\/ldo.no\/content\/uploads\/sites\/2\/2025\/05\/Property-1Default.svg\",\"caption\":\"LDO Arkiv\"},\"image\":{\"@id\":\"https:\/\/ldo.no\/arkiv\/#\/schema\/logo\/image\/\"}}]}<\/script>\n<!-- \/ Yoast SEO plugin. -->","yoast_head_json":{"title":"Mistet tillegg etter permisjon - Arkiv","robots":{"index":"index","follow":"follow","max-snippet":"max-snippet:-1","max-image-preview":"max-image-preview:large","max-video-preview":"max-video-preview:-1"},"canonical":"https:\/\/ldo.no\/arkiv\/klagesaker\/2007-mistet-tillegg-etter-permisjon\/","og_locale":"nb_NO","og_type":"article","og_title":"Mistet tillegg etter permisjon - Arkiv","og_description":"F\u00f8r hun gikk ut i foreldrepermisjon fikk l\u00e6reren et tillegg fordi hun var klassestyrer, men da hun kom tilbake mistet hun det. Ombudet konkluderte med at dette var ulovlig.","og_url":"https:\/\/ldo.no\/arkiv\/klagesaker\/2007-mistet-tillegg-etter-permisjon\/","og_site_name":"Arkiv","twitter_card":"summary_large_image","twitter_misc":{"Ansl. lesetid":"1 minutt"},"schema":{"@context":"https:\/\/schema.org","@graph":[{"@type":"WebPage","@id":"https:\/\/ldo.no\/arkiv\/klagesaker\/2007-mistet-tillegg-etter-permisjon\/","url":"https:\/\/ldo.no\/arkiv\/klagesaker\/2007-mistet-tillegg-etter-permisjon\/","name":"Mistet tillegg etter permisjon - Arkiv","isPartOf":{"@id":"https:\/\/ldo.no\/arkiv\/#website"},"datePublished":"2007-01-01T00:00:00+00:00","dateModified":"2007-01-01T00:00:00+00:00","breadcrumb":{"@id":"https:\/\/ldo.no\/arkiv\/klagesaker\/2007-mistet-tillegg-etter-permisjon\/#breadcrumb"},"inLanguage":"nb-NO","potentialAction":[{"@type":"ReadAction","target":["https:\/\/ldo.no\/arkiv\/klagesaker\/2007-mistet-tillegg-etter-permisjon\/"]}]},{"@type":"BreadcrumbList","@id":"https:\/\/ldo.no\/arkiv\/klagesaker\/2007-mistet-tillegg-etter-permisjon\/#breadcrumb","itemListElement":[{"@type":"ListItem","position":1,"name":"Arkiv","item":"https:\/\/ldo.no\/arkiv\/"},{"@type":"ListItem","position":2,"name":"Klagesaker","item":"https:\/\/ldo.no\/arkiv\/?post-type=ldo-complaint"},{"@type":"ListItem","position":3,"name":"Mistet tillegg etter permisjon"}]},{"@type":"WebSite","@id":"https:\/\/ldo.no\/arkiv\/#website","url":"https:\/\/ldo.no\/arkiv\/","name":"LDO Arkiv","description":"Dette er ombudets arkiv. Her finner du klagesaker som ombudet i sin tid behandlet fra 1996 til 2017. Klagesaker utover dette finner du p\u00e5 Diskrimineringsnemndas hjemmeside. P\u00e5 disse arkivsidene finner du ogs\u00e5 eldre h\u00f8ringssvar som strekker seg fra 2023 og tilbake til 2006. Nyere h\u00f8ringssvar finner du p\u00e5 Publikasjoner, som du kan bes\u00f8ke ved \u00e5 klikke p\u00e5 menyknappen \u00f8verst i h\u00f8yre hj\u00f8rne.","publisher":{"@id":"https:\/\/ldo.no\/arkiv\/#organization"},"potentialAction":[{"@type":"SearchAction","target":{"@type":"EntryPoint","urlTemplate":"https:\/\/ldo.no\/arkiv\/?s={search_term_string}"},"query-input":"required name=search_term_string"}],"inLanguage":"nb-NO"},{"@type":"Organization","@id":"https:\/\/ldo.no\/arkiv\/#organization","name":"LDO Arkiv","url":"https:\/\/ldo.no\/arkiv\/","logo":{"@type":"ImageObject","inLanguage":"nb-NO","@id":"https:\/\/ldo.no\/arkiv\/#\/schema\/logo\/image\/","url":"https:\/\/ldo.no\/content\/uploads\/sites\/2\/2025\/05\/Property-1Default.svg","contentUrl":"https:\/\/ldo.no\/content\/uploads\/sites\/2\/2025\/05\/Property-1Default.svg","caption":"LDO Arkiv"},"image":{"@id":"https:\/\/ldo.no\/arkiv\/#\/schema\/logo\/image\/"}}]}},"_links":{"self":[{"href":"https:\/\/ldo.no\/arkiv\/wp-json\/wp\/v2\/ldo-complaint\/15721"}],"collection":[{"href":"https:\/\/ldo.no\/arkiv\/wp-json\/wp\/v2\/ldo-complaint"}],"about":[{"href":"https:\/\/ldo.no\/arkiv\/wp-json\/wp\/v2\/types\/ldo-complaint"}],"version-history":[{"count":0,"href":"https:\/\/ldo.no\/arkiv\/wp-json\/wp\/v2\/ldo-complaint\/15721\/revisions"}],"wp:attachment":[{"href":"https:\/\/ldo.no\/arkiv\/wp-json\/wp\/v2\/media?parent=15721"}],"wp:term":[{"taxonomy":"ldo-archive-year","embeddable":true,"href":"https:\/\/ldo.no\/arkiv\/wp-json\/wp\/v2\/ldo-archive-year?post=15721"}],"curies":[{"name":"wp","href":"https:\/\/api.w.org\/{rel}","templated":true}]}}