{"id":15764,"date":"2006-01-01T00:00:00","date_gmt":"2006-01-01T00:00:00","guid":{"rendered":"https:\/\/ldo.local\/arkiv\/klagesaker\/2006-vernepleier-folte-seg-forbigatt-fordi-hun-var-kvinne\/"},"modified":"2006-01-01T00:00:00","modified_gmt":"2006-01-01T00:00:00","slug":"2006-vernepleier-folte-seg-forbigatt-fordi-hun-var-kvinne","status":"publish","type":"ldo-complaint","link":"https:\/\/ldo.no\/arkiv\/klagesaker\/2006-vernepleier-folte-seg-forbigatt-fordi-hun-var-kvinne\/","title":{"rendered":"Vernepleier f\u00f8lte seg forbig\u00e5tt fordi hun var kvinne"},"content":{"rendered":"<article class=\"base-article inside\">\n<header>\n<div class=\"row\">\n<div class=\"col-sm-12\">\n<\/div>\n<\/div>\n<h1>\nVernepleier f\u00f8lte seg forbig\u00e5tt fordi hun var kvinne<br \/>\n<\/h1>\n<\/header>\n<section>\n<section class=\"lead\">\nEn kvinne henvendte seg til ombudet fordi hun mente hun var blitt forbig\u00e5tt ved ansettelse p\u00e5 grunn av kj\u00f8nn. Ombudet foretok en konkret vurdering av saken, men kunne ikke se at kvinnen var utsatt for ulovlig forskjellsbehandling.<br \/>\n<\/section>\n<section>\n<p>Kvinnen hadde vikariert i den utlyste stillingen i to \u00e5r. Hun hevdet at mannen som fikk jobben hadde kortere ansiennitet enn henne. Begge var utdannet vernepleiere.<\/p>\n<p>Arbeidsgiver begrunnet tilsettingen med at intervjuet med kvinnen og sjekk av hennes referanser ikke var tilfredsstillende. Det ble videre p\u00e5pekt at kvinnen var \u201dkrass\u201d, fungerte lite tilfredsstillende i arbeidsmilj\u00f8et og samarbeidet d\u00e5rlig. <\/p>\n<p><strong><\/p>\n<h2>Konklusjon<br \/>\n<\/h2>\n<p><\/strong>Kvinnen tilbakeviste ikke arbeidsgivers vurdering av henne. Ombudet fant ingen holdepunkter for at det ble lagt vekt p\u00e5 kj\u00f8nn da kvinnen ikke ble tilsatt i stillingen som milj\u00f8terapeut. <\/p>\n<p><strong>Diskrimineringsgrunnlag: Kj\u00f8nn.<br \/>Saksnummer: 06\/139.<br \/>Lovanvendelse: Likestillingsloven \u00a7 4 annet ledd jf. \u00a7 3.<\/strong><\/p>\n<\/section>\n<\/section>\n<\/article>\n","protected":false},"excerpt":{"rendered":"<p>En kvinne henvendte seg til ombudet fordi hun mente hun var blitt forbig\u00e5tt ved ansettelse p\u00e5 grunn av kj\u00f8nn. Ombudet foretok en konkret vurdering av saken, men kunne ikke se at kvinnen var utsatt for ulovlig forskjellsbehandling.<\/p>\n","protected":false},"template":"","meta":{"footnotes":""},"ldo-archive-year":[18],"class_list":["post-15764","ldo-complaint","type-ldo-complaint","status-publish","hentry","ldo-archive-year-18"],"yoast_head":"<!-- This site is optimized with the Yoast SEO plugin v22.9 - https:\/\/yoast.com\/wordpress\/plugins\/seo\/ -->\n<title>Vernepleier f\u00f8lte seg forbig\u00e5tt fordi hun var kvinne - Arkiv<\/title>\n<meta name=\"robots\" content=\"index, follow, max-snippet:-1, max-image-preview:large, max-video-preview:-1\" \/>\n<link rel=\"canonical\" href=\"https:\/\/ldo.no\/arkiv\/klagesaker\/2006-vernepleier-folte-seg-forbigatt-fordi-hun-var-kvinne\/\" \/>\n<meta property=\"og:locale\" content=\"nb_NO\" \/>\n<meta property=\"og:type\" content=\"article\" \/>\n<meta property=\"og:title\" content=\"Vernepleier f\u00f8lte seg forbig\u00e5tt fordi hun var kvinne - Arkiv\" \/>\n<meta property=\"og:description\" content=\"En kvinne henvendte seg til ombudet fordi hun mente hun var blitt forbig\u00e5tt ved ansettelse p\u00e5 grunn av kj\u00f8nn. Ombudet foretok en konkret vurdering av saken, men kunne ikke se at kvinnen var utsatt for ulovlig forskjellsbehandling.\" \/>\n<meta property=\"og:url\" content=\"https:\/\/ldo.no\/arkiv\/klagesaker\/2006-vernepleier-folte-seg-forbigatt-fordi-hun-var-kvinne\/\" \/>\n<meta property=\"og:site_name\" content=\"Arkiv\" \/>\n<meta name=\"twitter:card\" content=\"summary_large_image\" \/>\n<meta name=\"twitter:label1\" content=\"Ansl. lesetid\" \/>\n\t<meta name=\"twitter:data1\" content=\"1 minutt\" \/>\n<script type=\"application\/ld+json\" class=\"yoast-schema-graph\">{\"@context\":\"https:\/\/schema.org\",\"@graph\":[{\"@type\":\"WebPage\",\"@id\":\"https:\/\/ldo.no\/arkiv\/klagesaker\/2006-vernepleier-folte-seg-forbigatt-fordi-hun-var-kvinne\/\",\"url\":\"https:\/\/ldo.no\/arkiv\/klagesaker\/2006-vernepleier-folte-seg-forbigatt-fordi-hun-var-kvinne\/\",\"name\":\"Vernepleier f\u00f8lte seg forbig\u00e5tt fordi hun var kvinne - Arkiv\",\"isPartOf\":{\"@id\":\"https:\/\/ldo.no\/arkiv\/#website\"},\"datePublished\":\"2006-01-01T00:00:00+00:00\",\"dateModified\":\"2006-01-01T00:00:00+00:00\",\"breadcrumb\":{\"@id\":\"https:\/\/ldo.no\/arkiv\/klagesaker\/2006-vernepleier-folte-seg-forbigatt-fordi-hun-var-kvinne\/#breadcrumb\"},\"inLanguage\":\"nb-NO\",\"potentialAction\":[{\"@type\":\"ReadAction\",\"target\":[\"https:\/\/ldo.no\/arkiv\/klagesaker\/2006-vernepleier-folte-seg-forbigatt-fordi-hun-var-kvinne\/\"]}]},{\"@type\":\"BreadcrumbList\",\"@id\":\"https:\/\/ldo.no\/arkiv\/klagesaker\/2006-vernepleier-folte-seg-forbigatt-fordi-hun-var-kvinne\/#breadcrumb\",\"itemListElement\":[{\"@type\":\"ListItem\",\"position\":1,\"name\":\"Arkiv\",\"item\":\"https:\/\/ldo.no\/arkiv\/\"},{\"@type\":\"ListItem\",\"position\":2,\"name\":\"Klagesaker\",\"item\":\"https:\/\/ldo.no\/arkiv\/?post-type=ldo-complaint\"},{\"@type\":\"ListItem\",\"position\":3,\"name\":\"Vernepleier f\u00f8lte seg forbig\u00e5tt fordi hun var kvinne\"}]},{\"@type\":\"WebSite\",\"@id\":\"https:\/\/ldo.no\/arkiv\/#website\",\"url\":\"https:\/\/ldo.no\/arkiv\/\",\"name\":\"LDO Arkiv\",\"description\":\"Dette er ombudets arkiv. Her finner du klagesaker som ombudet i sin tid behandlet fra 1996 til 2017. Klagesaker utover dette finner du p\u00e5 Diskrimineringsnemndas hjemmeside. P\u00e5 disse arkivsidene finner du ogs\u00e5 eldre h\u00f8ringssvar som strekker seg fra 2023 og tilbake til 2006. Nyere h\u00f8ringssvar finner du p\u00e5 Publikasjoner, som du kan bes\u00f8ke ved \u00e5 klikke p\u00e5 menyknappen \u00f8verst i h\u00f8yre hj\u00f8rne.\",\"publisher\":{\"@id\":\"https:\/\/ldo.no\/arkiv\/#organization\"},\"potentialAction\":[{\"@type\":\"SearchAction\",\"target\":{\"@type\":\"EntryPoint\",\"urlTemplate\":\"https:\/\/ldo.no\/arkiv\/?s={search_term_string}\"},\"query-input\":\"required name=search_term_string\"}],\"inLanguage\":\"nb-NO\"},{\"@type\":\"Organization\",\"@id\":\"https:\/\/ldo.no\/arkiv\/#organization\",\"name\":\"LDO Arkiv\",\"url\":\"https:\/\/ldo.no\/arkiv\/\",\"logo\":{\"@type\":\"ImageObject\",\"inLanguage\":\"nb-NO\",\"@id\":\"https:\/\/ldo.no\/arkiv\/#\/schema\/logo\/image\/\",\"url\":\"https:\/\/ldo.no\/content\/uploads\/sites\/2\/2025\/05\/Property-1Default.svg\",\"contentUrl\":\"https:\/\/ldo.no\/content\/uploads\/sites\/2\/2025\/05\/Property-1Default.svg\",\"caption\":\"LDO Arkiv\"},\"image\":{\"@id\":\"https:\/\/ldo.no\/arkiv\/#\/schema\/logo\/image\/\"}}]}<\/script>\n<!-- \/ Yoast SEO plugin. -->","yoast_head_json":{"title":"Vernepleier f\u00f8lte seg forbig\u00e5tt fordi hun var kvinne - Arkiv","robots":{"index":"index","follow":"follow","max-snippet":"max-snippet:-1","max-image-preview":"max-image-preview:large","max-video-preview":"max-video-preview:-1"},"canonical":"https:\/\/ldo.no\/arkiv\/klagesaker\/2006-vernepleier-folte-seg-forbigatt-fordi-hun-var-kvinne\/","og_locale":"nb_NO","og_type":"article","og_title":"Vernepleier f\u00f8lte seg forbig\u00e5tt fordi hun var kvinne - Arkiv","og_description":"En kvinne henvendte seg til ombudet fordi hun mente hun var blitt forbig\u00e5tt ved ansettelse p\u00e5 grunn av kj\u00f8nn. Ombudet foretok en konkret vurdering av saken, men kunne ikke se at kvinnen var utsatt for ulovlig forskjellsbehandling.","og_url":"https:\/\/ldo.no\/arkiv\/klagesaker\/2006-vernepleier-folte-seg-forbigatt-fordi-hun-var-kvinne\/","og_site_name":"Arkiv","twitter_card":"summary_large_image","twitter_misc":{"Ansl. lesetid":"1 minutt"},"schema":{"@context":"https:\/\/schema.org","@graph":[{"@type":"WebPage","@id":"https:\/\/ldo.no\/arkiv\/klagesaker\/2006-vernepleier-folte-seg-forbigatt-fordi-hun-var-kvinne\/","url":"https:\/\/ldo.no\/arkiv\/klagesaker\/2006-vernepleier-folte-seg-forbigatt-fordi-hun-var-kvinne\/","name":"Vernepleier f\u00f8lte seg forbig\u00e5tt fordi hun var kvinne - Arkiv","isPartOf":{"@id":"https:\/\/ldo.no\/arkiv\/#website"},"datePublished":"2006-01-01T00:00:00+00:00","dateModified":"2006-01-01T00:00:00+00:00","breadcrumb":{"@id":"https:\/\/ldo.no\/arkiv\/klagesaker\/2006-vernepleier-folte-seg-forbigatt-fordi-hun-var-kvinne\/#breadcrumb"},"inLanguage":"nb-NO","potentialAction":[{"@type":"ReadAction","target":["https:\/\/ldo.no\/arkiv\/klagesaker\/2006-vernepleier-folte-seg-forbigatt-fordi-hun-var-kvinne\/"]}]},{"@type":"BreadcrumbList","@id":"https:\/\/ldo.no\/arkiv\/klagesaker\/2006-vernepleier-folte-seg-forbigatt-fordi-hun-var-kvinne\/#breadcrumb","itemListElement":[{"@type":"ListItem","position":1,"name":"Arkiv","item":"https:\/\/ldo.no\/arkiv\/"},{"@type":"ListItem","position":2,"name":"Klagesaker","item":"https:\/\/ldo.no\/arkiv\/?post-type=ldo-complaint"},{"@type":"ListItem","position":3,"name":"Vernepleier f\u00f8lte seg forbig\u00e5tt fordi hun var kvinne"}]},{"@type":"WebSite","@id":"https:\/\/ldo.no\/arkiv\/#website","url":"https:\/\/ldo.no\/arkiv\/","name":"LDO Arkiv","description":"Dette er ombudets arkiv. Her finner du klagesaker som ombudet i sin tid behandlet fra 1996 til 2017. Klagesaker utover dette finner du p\u00e5 Diskrimineringsnemndas hjemmeside. P\u00e5 disse arkivsidene finner du ogs\u00e5 eldre h\u00f8ringssvar som strekker seg fra 2023 og tilbake til 2006. Nyere h\u00f8ringssvar finner du p\u00e5 Publikasjoner, som du kan bes\u00f8ke ved \u00e5 klikke p\u00e5 menyknappen \u00f8verst i h\u00f8yre hj\u00f8rne.","publisher":{"@id":"https:\/\/ldo.no\/arkiv\/#organization"},"potentialAction":[{"@type":"SearchAction","target":{"@type":"EntryPoint","urlTemplate":"https:\/\/ldo.no\/arkiv\/?s={search_term_string}"},"query-input":"required name=search_term_string"}],"inLanguage":"nb-NO"},{"@type":"Organization","@id":"https:\/\/ldo.no\/arkiv\/#organization","name":"LDO Arkiv","url":"https:\/\/ldo.no\/arkiv\/","logo":{"@type":"ImageObject","inLanguage":"nb-NO","@id":"https:\/\/ldo.no\/arkiv\/#\/schema\/logo\/image\/","url":"https:\/\/ldo.no\/content\/uploads\/sites\/2\/2025\/05\/Property-1Default.svg","contentUrl":"https:\/\/ldo.no\/content\/uploads\/sites\/2\/2025\/05\/Property-1Default.svg","caption":"LDO Arkiv"},"image":{"@id":"https:\/\/ldo.no\/arkiv\/#\/schema\/logo\/image\/"}}]}},"_links":{"self":[{"href":"https:\/\/ldo.no\/arkiv\/wp-json\/wp\/v2\/ldo-complaint\/15764"}],"collection":[{"href":"https:\/\/ldo.no\/arkiv\/wp-json\/wp\/v2\/ldo-complaint"}],"about":[{"href":"https:\/\/ldo.no\/arkiv\/wp-json\/wp\/v2\/types\/ldo-complaint"}],"version-history":[{"count":0,"href":"https:\/\/ldo.no\/arkiv\/wp-json\/wp\/v2\/ldo-complaint\/15764\/revisions"}],"wp:attachment":[{"href":"https:\/\/ldo.no\/arkiv\/wp-json\/wp\/v2\/media?parent=15764"}],"wp:term":[{"taxonomy":"ldo-archive-year","embeddable":true,"href":"https:\/\/ldo.no\/arkiv\/wp-json\/wp\/v2\/ldo-archive-year?post=15764"}],"curies":[{"name":"wp","href":"https:\/\/api.w.org\/{rel}","templated":true}]}}