{"id":15803,"date":"2008-01-01T00:00:00","date_gmt":"2008-01-01T00:00:00","guid":{"rendered":"https:\/\/ldo.local\/arkiv\/klagesaker\/2008-to-kvinner-ikke-diskriminert-ved-lokale-lonnsforhandlinger-fordi-de-ikke-var-fagforeningsorganiserte\/"},"modified":"2008-01-01T00:00:00","modified_gmt":"2008-01-01T00:00:00","slug":"2008-to-kvinner-ikke-diskriminert-ved-lokale-lonnsforhandlinger-fordi-de-ikke-var-fagforeningsorganiserte","status":"publish","type":"ldo-complaint","link":"https:\/\/ldo.no\/arkiv\/klagesaker\/2008-to-kvinner-ikke-diskriminert-ved-lokale-lonnsforhandlinger-fordi-de-ikke-var-fagforeningsorganiserte\/","title":{"rendered":"To kvinner ikke diskriminert ved lokale l\u00f8nnsforhandlinger fordi de ikke var fagforeningsorganiserte"},"content":{"rendered":"<article class=\"base-article inside\">\n<header>\n<div class=\"row\">\n<div class=\"col-sm-12\">\n<\/div>\n<\/div>\n<h1>\nTo kvinner ikke diskriminert ved lokale l\u00f8nnsforhandlinger fordi de ikke var fagforeningsorganiserte<br \/>\n<\/h1>\n<\/header>\n<section>\n<section class=\"lead\">\nTo kvinner tok kontakt med ombudet fordi de mente at de var blitt forskjellsbehandlet ved lokale l\u00f8nnsforhandlinger, fordi de ikke var medlem i noen arbeidstakerforening. Ombudet kom frem til at arbeidsgiver ikke hadde lagt vekt p\u00e5 deres manglende fagforeningstilknytning da de ikke fikk samme l\u00f8nnsforh\u00f8yelse som sine kollegaer som var organisert.<br \/>\n<\/section>\n<section>\n<p>Klagerne er ansatt i et fengsel. De hevder at kun ansatte med fagforeningstilknytning ble tilgodesett i l\u00f8nnsforhandlingene. De viste til at de hadde lengre tjenesteansiennitet enn de organiserte som ble tilgodesett med ett l\u00f8nnstrinn hver. Klagerne viste til avdelingslederen hadde fremmet krav for alle de ansatte p\u00e5 avdelingen men at kun de fagorganiserte hadde blitt tilgodesett.<br \/>Klagerne hevdet videre at en representant for en av fagforeningene hadde uttalt at de ikke-organiserte ikke ble tilgodesett i forhandlingene fordi de ikke var organisert.<br \/>Arbeidsgiver avviste at de uorganiserte ble utelukket i l\u00f8nnsforhandlingene og viste til at lokale oppgj\u00f8r er reelle forhandlinger mellom partene. Arbeidsgiver hevdet imidlertid at det ble foretatt en reell vurdering av klagerne. Videre mente arbeidsgiver det var uriktig at fagforeningen fikk gjennomslag for sitt krav om at de ikke-organiserte ikke skulle tilgodeses i forhandlingene.<br \/>Ombudet mener at forskjeller i l\u00f8nn som skyldes organisasjonenes styrke ikke automatisk inneb\u00e6rer ulovlig diskriminering. Videre vil ikke lang tjenesteansiennitet bety at de automatisk skal avl\u00f8nnes like h\u00f8yt eller h\u00f8yere enn de \u00f8vrige ansatte. Lokale forhandlinger er basert p\u00e5 individuelle vurderinger av de ansatte, hvor ikke alle ansatte tilgodeses. Det at klagerne ikke ble tilgodesett i forhandlingene var heller ikke uten videre et moment som underbygget at tilknytning til fagorganisasjon var lagt negativ vekt. Arbeidsgiver skal legge forholdene til rette for at den enkelte har muligheten for \u00e5 fremme krav. Det var ingenting i denne saken som talte for at dette ikke var tilfelle. S\u00e6rlig med hensyn til at avdelingslederen selv fremmet krav om l\u00f8nns\u00f8kning p\u00e5 vegne av begge klagerne. Dette viste at arbeidsgiver ikke har utelukket klagerne fra l\u00f8nnsforhandlingene, men selv fremmet l\u00f8nnskrav p\u00e5 vegne av de.<br \/>Ombudet fant videre ikke grunn til \u00e5 legge vekt p\u00e5 uttalelser fra fagforeningen. Ombudet mente at uttalelser fra representanter fra fagforeningsorganisasjonene uten videre kan tolkes dithen at arbeidsgiver har gitt organisasjonene gjennomslag for sitt krav.<br \/><strong>Konklusjon<\/strong><br \/>Likestillings- og diskrimineringsombudet konkluderte med at arbeidsgiver ikke hadde handlet i strid med arbeidsmilj\u00f8loven \u00a7 13-1, jf. \u00a7 13-2 fjerde ledd, da klagerne ikke fikk l\u00f8nnsforh\u00f8yelse i lokale forhandlinger.<\/p>\n<p>Diskrimineringsgrunnlag: Medlemskap i arbeidstakerorganisasjon<br \/>Saksnummer: 08\/570<br \/>Lovanvendelse: Arbeidsmilj\u00f8loven \u00a7 13-1<\/p>\n<p><span>Les hele uttalelsen her<\/span> (PDF).<\/p>\n<\/section>\n<\/section>\n<\/article>\n","protected":false},"excerpt":{"rendered":"<p>To kvinner tok kontakt med ombudet fordi de mente at de var blitt forskjellsbehandlet ved lokale l\u00f8nnsforhandlinger, fordi de ikke var medlem i noen arbeidstakerforening. Ombudet kom frem til at arbeidsgiver ikke hadde lagt vekt p\u00e5 deres manglende fagforeningstilknytning da de ikke fikk samme l\u00f8nnsforh\u00f8yelse som sine kollegaer som var organisert.<\/p>\n","protected":false},"template":"","meta":{"footnotes":""},"ldo-archive-year":[20],"class_list":["post-15803","ldo-complaint","type-ldo-complaint","status-publish","hentry","ldo-archive-year-20"],"yoast_head":"<!-- This site is optimized with the Yoast SEO plugin v22.9 - https:\/\/yoast.com\/wordpress\/plugins\/seo\/ -->\n<title>To kvinner ikke diskriminert ved lokale l\u00f8nnsforhandlinger fordi de ikke var fagforeningsorganiserte - Arkiv<\/title>\n<meta name=\"robots\" content=\"index, follow, max-snippet:-1, max-image-preview:large, max-video-preview:-1\" \/>\n<link rel=\"canonical\" href=\"https:\/\/ldo.no\/arkiv\/klagesaker\/2008-to-kvinner-ikke-diskriminert-ved-lokale-lonnsforhandlinger-fordi-de-ikke-var-fagforeningsorganiserte\/\" \/>\n<meta property=\"og:locale\" content=\"nb_NO\" \/>\n<meta property=\"og:type\" content=\"article\" \/>\n<meta property=\"og:title\" content=\"To kvinner ikke diskriminert ved lokale l\u00f8nnsforhandlinger fordi de ikke var fagforeningsorganiserte - Arkiv\" \/>\n<meta property=\"og:description\" content=\"To kvinner tok kontakt med ombudet fordi de mente at de var blitt forskjellsbehandlet ved lokale l\u00f8nnsforhandlinger, fordi de ikke var medlem i noen arbeidstakerforening. Ombudet kom frem til at arbeidsgiver ikke hadde lagt vekt p\u00e5 deres manglende fagforeningstilknytning da de ikke fikk samme l\u00f8nnsforh\u00f8yelse som sine kollegaer som var organisert.\" \/>\n<meta property=\"og:url\" content=\"https:\/\/ldo.no\/arkiv\/klagesaker\/2008-to-kvinner-ikke-diskriminert-ved-lokale-lonnsforhandlinger-fordi-de-ikke-var-fagforeningsorganiserte\/\" \/>\n<meta property=\"og:site_name\" content=\"Arkiv\" \/>\n<meta name=\"twitter:card\" content=\"summary_large_image\" \/>\n<meta name=\"twitter:label1\" content=\"Ansl. lesetid\" \/>\n\t<meta name=\"twitter:data1\" content=\"2 minutter\" \/>\n<script type=\"application\/ld+json\" class=\"yoast-schema-graph\">{\"@context\":\"https:\/\/schema.org\",\"@graph\":[{\"@type\":\"WebPage\",\"@id\":\"https:\/\/ldo.no\/arkiv\/klagesaker\/2008-to-kvinner-ikke-diskriminert-ved-lokale-lonnsforhandlinger-fordi-de-ikke-var-fagforeningsorganiserte\/\",\"url\":\"https:\/\/ldo.no\/arkiv\/klagesaker\/2008-to-kvinner-ikke-diskriminert-ved-lokale-lonnsforhandlinger-fordi-de-ikke-var-fagforeningsorganiserte\/\",\"name\":\"To kvinner ikke diskriminert ved lokale l\u00f8nnsforhandlinger fordi de ikke var fagforeningsorganiserte - Arkiv\",\"isPartOf\":{\"@id\":\"https:\/\/ldo.no\/arkiv\/#website\"},\"datePublished\":\"2008-01-01T00:00:00+00:00\",\"dateModified\":\"2008-01-01T00:00:00+00:00\",\"breadcrumb\":{\"@id\":\"https:\/\/ldo.no\/arkiv\/klagesaker\/2008-to-kvinner-ikke-diskriminert-ved-lokale-lonnsforhandlinger-fordi-de-ikke-var-fagforeningsorganiserte\/#breadcrumb\"},\"inLanguage\":\"nb-NO\",\"potentialAction\":[{\"@type\":\"ReadAction\",\"target\":[\"https:\/\/ldo.no\/arkiv\/klagesaker\/2008-to-kvinner-ikke-diskriminert-ved-lokale-lonnsforhandlinger-fordi-de-ikke-var-fagforeningsorganiserte\/\"]}]},{\"@type\":\"BreadcrumbList\",\"@id\":\"https:\/\/ldo.no\/arkiv\/klagesaker\/2008-to-kvinner-ikke-diskriminert-ved-lokale-lonnsforhandlinger-fordi-de-ikke-var-fagforeningsorganiserte\/#breadcrumb\",\"itemListElement\":[{\"@type\":\"ListItem\",\"position\":1,\"name\":\"Arkiv\",\"item\":\"https:\/\/ldo.no\/arkiv\/\"},{\"@type\":\"ListItem\",\"position\":2,\"name\":\"Klagesaker\",\"item\":\"https:\/\/ldo.no\/arkiv\/?post-type=ldo-complaint\"},{\"@type\":\"ListItem\",\"position\":3,\"name\":\"To kvinner ikke diskriminert ved lokale l\u00f8nnsforhandlinger fordi de ikke var fagforeningsorganiserte\"}]},{\"@type\":\"WebSite\",\"@id\":\"https:\/\/ldo.no\/arkiv\/#website\",\"url\":\"https:\/\/ldo.no\/arkiv\/\",\"name\":\"LDO Arkiv\",\"description\":\"Dette er ombudets arkiv. Her finner du klagesaker som ombudet i sin tid behandlet fra 1996 til 2017. Klagesaker utover dette finner du p\u00e5 Diskrimineringsnemndas hjemmeside. P\u00e5 disse arkivsidene finner du ogs\u00e5 eldre h\u00f8ringssvar som strekker seg fra 2023 og tilbake til 2006. Nyere h\u00f8ringssvar finner du p\u00e5 Publikasjoner, som du kan bes\u00f8ke ved \u00e5 klikke p\u00e5 menyknappen \u00f8verst i h\u00f8yre hj\u00f8rne.\",\"publisher\":{\"@id\":\"https:\/\/ldo.no\/arkiv\/#organization\"},\"potentialAction\":[{\"@type\":\"SearchAction\",\"target\":{\"@type\":\"EntryPoint\",\"urlTemplate\":\"https:\/\/ldo.no\/arkiv\/?s={search_term_string}\"},\"query-input\":\"required name=search_term_string\"}],\"inLanguage\":\"nb-NO\"},{\"@type\":\"Organization\",\"@id\":\"https:\/\/ldo.no\/arkiv\/#organization\",\"name\":\"LDO Arkiv\",\"url\":\"https:\/\/ldo.no\/arkiv\/\",\"logo\":{\"@type\":\"ImageObject\",\"inLanguage\":\"nb-NO\",\"@id\":\"https:\/\/ldo.no\/arkiv\/#\/schema\/logo\/image\/\",\"url\":\"https:\/\/ldo.no\/content\/uploads\/sites\/2\/2025\/05\/Property-1Default.svg\",\"contentUrl\":\"https:\/\/ldo.no\/content\/uploads\/sites\/2\/2025\/05\/Property-1Default.svg\",\"caption\":\"LDO Arkiv\"},\"image\":{\"@id\":\"https:\/\/ldo.no\/arkiv\/#\/schema\/logo\/image\/\"}}]}<\/script>\n<!-- \/ Yoast SEO plugin. -->","yoast_head_json":{"title":"To kvinner ikke diskriminert ved lokale l\u00f8nnsforhandlinger fordi de ikke var fagforeningsorganiserte - Arkiv","robots":{"index":"index","follow":"follow","max-snippet":"max-snippet:-1","max-image-preview":"max-image-preview:large","max-video-preview":"max-video-preview:-1"},"canonical":"https:\/\/ldo.no\/arkiv\/klagesaker\/2008-to-kvinner-ikke-diskriminert-ved-lokale-lonnsforhandlinger-fordi-de-ikke-var-fagforeningsorganiserte\/","og_locale":"nb_NO","og_type":"article","og_title":"To kvinner ikke diskriminert ved lokale l\u00f8nnsforhandlinger fordi de ikke var fagforeningsorganiserte - Arkiv","og_description":"To kvinner tok kontakt med ombudet fordi de mente at de var blitt forskjellsbehandlet ved lokale l\u00f8nnsforhandlinger, fordi de ikke var medlem i noen arbeidstakerforening. Ombudet kom frem til at arbeidsgiver ikke hadde lagt vekt p\u00e5 deres manglende fagforeningstilknytning da de ikke fikk samme l\u00f8nnsforh\u00f8yelse som sine kollegaer som var organisert.","og_url":"https:\/\/ldo.no\/arkiv\/klagesaker\/2008-to-kvinner-ikke-diskriminert-ved-lokale-lonnsforhandlinger-fordi-de-ikke-var-fagforeningsorganiserte\/","og_site_name":"Arkiv","twitter_card":"summary_large_image","twitter_misc":{"Ansl. lesetid":"2 minutter"},"schema":{"@context":"https:\/\/schema.org","@graph":[{"@type":"WebPage","@id":"https:\/\/ldo.no\/arkiv\/klagesaker\/2008-to-kvinner-ikke-diskriminert-ved-lokale-lonnsforhandlinger-fordi-de-ikke-var-fagforeningsorganiserte\/","url":"https:\/\/ldo.no\/arkiv\/klagesaker\/2008-to-kvinner-ikke-diskriminert-ved-lokale-lonnsforhandlinger-fordi-de-ikke-var-fagforeningsorganiserte\/","name":"To kvinner ikke diskriminert ved lokale l\u00f8nnsforhandlinger fordi de ikke var fagforeningsorganiserte - Arkiv","isPartOf":{"@id":"https:\/\/ldo.no\/arkiv\/#website"},"datePublished":"2008-01-01T00:00:00+00:00","dateModified":"2008-01-01T00:00:00+00:00","breadcrumb":{"@id":"https:\/\/ldo.no\/arkiv\/klagesaker\/2008-to-kvinner-ikke-diskriminert-ved-lokale-lonnsforhandlinger-fordi-de-ikke-var-fagforeningsorganiserte\/#breadcrumb"},"inLanguage":"nb-NO","potentialAction":[{"@type":"ReadAction","target":["https:\/\/ldo.no\/arkiv\/klagesaker\/2008-to-kvinner-ikke-diskriminert-ved-lokale-lonnsforhandlinger-fordi-de-ikke-var-fagforeningsorganiserte\/"]}]},{"@type":"BreadcrumbList","@id":"https:\/\/ldo.no\/arkiv\/klagesaker\/2008-to-kvinner-ikke-diskriminert-ved-lokale-lonnsforhandlinger-fordi-de-ikke-var-fagforeningsorganiserte\/#breadcrumb","itemListElement":[{"@type":"ListItem","position":1,"name":"Arkiv","item":"https:\/\/ldo.no\/arkiv\/"},{"@type":"ListItem","position":2,"name":"Klagesaker","item":"https:\/\/ldo.no\/arkiv\/?post-type=ldo-complaint"},{"@type":"ListItem","position":3,"name":"To kvinner ikke diskriminert ved lokale l\u00f8nnsforhandlinger fordi de ikke var fagforeningsorganiserte"}]},{"@type":"WebSite","@id":"https:\/\/ldo.no\/arkiv\/#website","url":"https:\/\/ldo.no\/arkiv\/","name":"LDO Arkiv","description":"Dette er ombudets arkiv. Her finner du klagesaker som ombudet i sin tid behandlet fra 1996 til 2017. Klagesaker utover dette finner du p\u00e5 Diskrimineringsnemndas hjemmeside. P\u00e5 disse arkivsidene finner du ogs\u00e5 eldre h\u00f8ringssvar som strekker seg fra 2023 og tilbake til 2006. Nyere h\u00f8ringssvar finner du p\u00e5 Publikasjoner, som du kan bes\u00f8ke ved \u00e5 klikke p\u00e5 menyknappen \u00f8verst i h\u00f8yre hj\u00f8rne.","publisher":{"@id":"https:\/\/ldo.no\/arkiv\/#organization"},"potentialAction":[{"@type":"SearchAction","target":{"@type":"EntryPoint","urlTemplate":"https:\/\/ldo.no\/arkiv\/?s={search_term_string}"},"query-input":"required name=search_term_string"}],"inLanguage":"nb-NO"},{"@type":"Organization","@id":"https:\/\/ldo.no\/arkiv\/#organization","name":"LDO Arkiv","url":"https:\/\/ldo.no\/arkiv\/","logo":{"@type":"ImageObject","inLanguage":"nb-NO","@id":"https:\/\/ldo.no\/arkiv\/#\/schema\/logo\/image\/","url":"https:\/\/ldo.no\/content\/uploads\/sites\/2\/2025\/05\/Property-1Default.svg","contentUrl":"https:\/\/ldo.no\/content\/uploads\/sites\/2\/2025\/05\/Property-1Default.svg","caption":"LDO Arkiv"},"image":{"@id":"https:\/\/ldo.no\/arkiv\/#\/schema\/logo\/image\/"}}]}},"_links":{"self":[{"href":"https:\/\/ldo.no\/arkiv\/wp-json\/wp\/v2\/ldo-complaint\/15803"}],"collection":[{"href":"https:\/\/ldo.no\/arkiv\/wp-json\/wp\/v2\/ldo-complaint"}],"about":[{"href":"https:\/\/ldo.no\/arkiv\/wp-json\/wp\/v2\/types\/ldo-complaint"}],"version-history":[{"count":0,"href":"https:\/\/ldo.no\/arkiv\/wp-json\/wp\/v2\/ldo-complaint\/15803\/revisions"}],"wp:attachment":[{"href":"https:\/\/ldo.no\/arkiv\/wp-json\/wp\/v2\/media?parent=15803"}],"wp:term":[{"taxonomy":"ldo-archive-year","embeddable":true,"href":"https:\/\/ldo.no\/arkiv\/wp-json\/wp\/v2\/ldo-archive-year?post=15803"}],"curies":[{"name":"wp","href":"https:\/\/api.w.org\/{rel}","templated":true}]}}