{"id":15806,"date":"2008-01-01T00:00:00","date_gmt":"2008-01-01T00:00:00","guid":{"rendered":"https:\/\/ldo.local\/arkiv\/klagesaker\/2008-uttalelse-i-sak-om-diskriminerende-seniorpolitikk\/"},"modified":"2008-01-01T00:00:00","modified_gmt":"2008-01-01T00:00:00","slug":"2008-uttalelse-i-sak-om-diskriminerende-seniorpolitikk","status":"publish","type":"ldo-complaint","link":"https:\/\/ldo.no\/arkiv\/klagesaker\/2008-uttalelse-i-sak-om-diskriminerende-seniorpolitikk\/","title":{"rendered":"Uttalelse i sak om diskriminerende seniorpolitikk"},"content":{"rendered":"<article class=\"base-article inside\">\n<header>\n<div class=\"row\">\n<div class=\"col-sm-12\">\n<\/div>\n<\/div>\n<h1>\nUttalelse i sak om diskriminerende seniorpolitikk<br \/>\n<\/h1>\n<\/header>\n<section>\n<section class=\"lead\">\nEn gruppe eldre ansatte i \u00c5lesund kommune hevder at de er diskriminert av \u00c5lesund kommune. Klagerne er 65 \u00e5r eller eldre. Klagen er begrunnet med at de ikke omfattes av alle de seniorpolitiske s\u00e6rtiltakene som kommunen har iverksatt for \u00e5 gj\u00f8re det attraktivt for arbeidstakere over 58 \u00e5r \u00e5 st\u00e5 lenger i arbeid.<br \/>\n<\/section>\n<section>\n<p><span>Les hele uttalelsen her<\/span>.<\/p>\n<\/section>\n<\/section>\n<\/article>\n","protected":false},"excerpt":{"rendered":"<p>En gruppe eldre ansatte i \u00c5lesund kommune hevder at de er diskriminert av \u00c5lesund kommune. Klagerne er 65 \u00e5r eller eldre. Klagen er begrunnet med at de ikke omfattes av alle de seniorpolitiske s\u00e6rtiltakene som kommunen har iverksatt for \u00e5 gj\u00f8re det attraktivt for arbeidstakere over 58 \u00e5r \u00e5 st\u00e5 lenger i arbeid.<\/p>\n","protected":false},"template":"","meta":{"footnotes":""},"ldo-archive-year":[20],"class_list":["post-15806","ldo-complaint","type-ldo-complaint","status-publish","hentry","ldo-archive-year-20"],"yoast_head":"<!-- This site is optimized with the Yoast SEO plugin v22.9 - https:\/\/yoast.com\/wordpress\/plugins\/seo\/ -->\n<title>Uttalelse i sak om diskriminerende seniorpolitikk - Arkiv<\/title>\n<meta name=\"robots\" content=\"index, follow, max-snippet:-1, max-image-preview:large, max-video-preview:-1\" \/>\n<link rel=\"canonical\" href=\"https:\/\/ldo.no\/arkiv\/klagesaker\/2008-uttalelse-i-sak-om-diskriminerende-seniorpolitikk\/\" \/>\n<meta property=\"og:locale\" content=\"nb_NO\" \/>\n<meta property=\"og:type\" content=\"article\" \/>\n<meta property=\"og:title\" content=\"Uttalelse i sak om diskriminerende seniorpolitikk - Arkiv\" \/>\n<meta property=\"og:description\" content=\"En gruppe eldre ansatte i \u00c5lesund kommune hevder at de er diskriminert av \u00c5lesund kommune. Klagerne er 65 \u00e5r eller eldre. Klagen er begrunnet med at de ikke omfattes av alle de seniorpolitiske s\u00e6rtiltakene som kommunen har iverksatt for \u00e5 gj\u00f8re det attraktivt for arbeidstakere over 58 \u00e5r \u00e5 st\u00e5 lenger i arbeid.\" \/>\n<meta property=\"og:url\" content=\"https:\/\/ldo.no\/arkiv\/klagesaker\/2008-uttalelse-i-sak-om-diskriminerende-seniorpolitikk\/\" \/>\n<meta property=\"og:site_name\" content=\"Arkiv\" \/>\n<meta name=\"twitter:card\" content=\"summary_large_image\" \/>\n<script type=\"application\/ld+json\" class=\"yoast-schema-graph\">{\"@context\":\"https:\/\/schema.org\",\"@graph\":[{\"@type\":\"WebPage\",\"@id\":\"https:\/\/ldo.no\/arkiv\/klagesaker\/2008-uttalelse-i-sak-om-diskriminerende-seniorpolitikk\/\",\"url\":\"https:\/\/ldo.no\/arkiv\/klagesaker\/2008-uttalelse-i-sak-om-diskriminerende-seniorpolitikk\/\",\"name\":\"Uttalelse i sak om diskriminerende seniorpolitikk - Arkiv\",\"isPartOf\":{\"@id\":\"https:\/\/ldo.no\/arkiv\/#website\"},\"datePublished\":\"2008-01-01T00:00:00+00:00\",\"dateModified\":\"2008-01-01T00:00:00+00:00\",\"breadcrumb\":{\"@id\":\"https:\/\/ldo.no\/arkiv\/klagesaker\/2008-uttalelse-i-sak-om-diskriminerende-seniorpolitikk\/#breadcrumb\"},\"inLanguage\":\"nb-NO\",\"potentialAction\":[{\"@type\":\"ReadAction\",\"target\":[\"https:\/\/ldo.no\/arkiv\/klagesaker\/2008-uttalelse-i-sak-om-diskriminerende-seniorpolitikk\/\"]}]},{\"@type\":\"BreadcrumbList\",\"@id\":\"https:\/\/ldo.no\/arkiv\/klagesaker\/2008-uttalelse-i-sak-om-diskriminerende-seniorpolitikk\/#breadcrumb\",\"itemListElement\":[{\"@type\":\"ListItem\",\"position\":1,\"name\":\"Arkiv\",\"item\":\"https:\/\/ldo.no\/arkiv\/\"},{\"@type\":\"ListItem\",\"position\":2,\"name\":\"Klagesaker\",\"item\":\"https:\/\/ldo.no\/arkiv\/?post-type=ldo-complaint\"},{\"@type\":\"ListItem\",\"position\":3,\"name\":\"Uttalelse i sak om diskriminerende seniorpolitikk\"}]},{\"@type\":\"WebSite\",\"@id\":\"https:\/\/ldo.no\/arkiv\/#website\",\"url\":\"https:\/\/ldo.no\/arkiv\/\",\"name\":\"LDO Arkiv\",\"description\":\"Dette er ombudets arkiv. Her finner du klagesaker som ombudet i sin tid behandlet fra 1996 til 2017. Klagesaker utover dette finner du p\u00e5 Diskrimineringsnemndas hjemmeside. P\u00e5 disse arkivsidene finner du ogs\u00e5 eldre h\u00f8ringssvar som strekker seg fra 2023 og tilbake til 2006. Nyere h\u00f8ringssvar finner du p\u00e5 Publikasjoner, som du kan bes\u00f8ke ved \u00e5 klikke p\u00e5 menyknappen \u00f8verst i h\u00f8yre hj\u00f8rne.\",\"publisher\":{\"@id\":\"https:\/\/ldo.no\/arkiv\/#organization\"},\"potentialAction\":[{\"@type\":\"SearchAction\",\"target\":{\"@type\":\"EntryPoint\",\"urlTemplate\":\"https:\/\/ldo.no\/arkiv\/?s={search_term_string}\"},\"query-input\":\"required name=search_term_string\"}],\"inLanguage\":\"nb-NO\"},{\"@type\":\"Organization\",\"@id\":\"https:\/\/ldo.no\/arkiv\/#organization\",\"name\":\"LDO Arkiv\",\"url\":\"https:\/\/ldo.no\/arkiv\/\",\"logo\":{\"@type\":\"ImageObject\",\"inLanguage\":\"nb-NO\",\"@id\":\"https:\/\/ldo.no\/arkiv\/#\/schema\/logo\/image\/\",\"url\":\"https:\/\/ldo.no\/content\/uploads\/sites\/2\/2025\/05\/Property-1Default.svg\",\"contentUrl\":\"https:\/\/ldo.no\/content\/uploads\/sites\/2\/2025\/05\/Property-1Default.svg\",\"caption\":\"LDO Arkiv\"},\"image\":{\"@id\":\"https:\/\/ldo.no\/arkiv\/#\/schema\/logo\/image\/\"}}]}<\/script>\n<!-- \/ Yoast SEO plugin. -->","yoast_head_json":{"title":"Uttalelse i sak om diskriminerende seniorpolitikk - Arkiv","robots":{"index":"index","follow":"follow","max-snippet":"max-snippet:-1","max-image-preview":"max-image-preview:large","max-video-preview":"max-video-preview:-1"},"canonical":"https:\/\/ldo.no\/arkiv\/klagesaker\/2008-uttalelse-i-sak-om-diskriminerende-seniorpolitikk\/","og_locale":"nb_NO","og_type":"article","og_title":"Uttalelse i sak om diskriminerende seniorpolitikk - Arkiv","og_description":"En gruppe eldre ansatte i \u00c5lesund kommune hevder at de er diskriminert av \u00c5lesund kommune. Klagerne er 65 \u00e5r eller eldre. Klagen er begrunnet med at de ikke omfattes av alle de seniorpolitiske s\u00e6rtiltakene som kommunen har iverksatt for \u00e5 gj\u00f8re det attraktivt for arbeidstakere over 58 \u00e5r \u00e5 st\u00e5 lenger i arbeid.","og_url":"https:\/\/ldo.no\/arkiv\/klagesaker\/2008-uttalelse-i-sak-om-diskriminerende-seniorpolitikk\/","og_site_name":"Arkiv","twitter_card":"summary_large_image","schema":{"@context":"https:\/\/schema.org","@graph":[{"@type":"WebPage","@id":"https:\/\/ldo.no\/arkiv\/klagesaker\/2008-uttalelse-i-sak-om-diskriminerende-seniorpolitikk\/","url":"https:\/\/ldo.no\/arkiv\/klagesaker\/2008-uttalelse-i-sak-om-diskriminerende-seniorpolitikk\/","name":"Uttalelse i sak om diskriminerende seniorpolitikk - Arkiv","isPartOf":{"@id":"https:\/\/ldo.no\/arkiv\/#website"},"datePublished":"2008-01-01T00:00:00+00:00","dateModified":"2008-01-01T00:00:00+00:00","breadcrumb":{"@id":"https:\/\/ldo.no\/arkiv\/klagesaker\/2008-uttalelse-i-sak-om-diskriminerende-seniorpolitikk\/#breadcrumb"},"inLanguage":"nb-NO","potentialAction":[{"@type":"ReadAction","target":["https:\/\/ldo.no\/arkiv\/klagesaker\/2008-uttalelse-i-sak-om-diskriminerende-seniorpolitikk\/"]}]},{"@type":"BreadcrumbList","@id":"https:\/\/ldo.no\/arkiv\/klagesaker\/2008-uttalelse-i-sak-om-diskriminerende-seniorpolitikk\/#breadcrumb","itemListElement":[{"@type":"ListItem","position":1,"name":"Arkiv","item":"https:\/\/ldo.no\/arkiv\/"},{"@type":"ListItem","position":2,"name":"Klagesaker","item":"https:\/\/ldo.no\/arkiv\/?post-type=ldo-complaint"},{"@type":"ListItem","position":3,"name":"Uttalelse i sak om diskriminerende seniorpolitikk"}]},{"@type":"WebSite","@id":"https:\/\/ldo.no\/arkiv\/#website","url":"https:\/\/ldo.no\/arkiv\/","name":"LDO Arkiv","description":"Dette er ombudets arkiv. Her finner du klagesaker som ombudet i sin tid behandlet fra 1996 til 2017. Klagesaker utover dette finner du p\u00e5 Diskrimineringsnemndas hjemmeside. P\u00e5 disse arkivsidene finner du ogs\u00e5 eldre h\u00f8ringssvar som strekker seg fra 2023 og tilbake til 2006. Nyere h\u00f8ringssvar finner du p\u00e5 Publikasjoner, som du kan bes\u00f8ke ved \u00e5 klikke p\u00e5 menyknappen \u00f8verst i h\u00f8yre hj\u00f8rne.","publisher":{"@id":"https:\/\/ldo.no\/arkiv\/#organization"},"potentialAction":[{"@type":"SearchAction","target":{"@type":"EntryPoint","urlTemplate":"https:\/\/ldo.no\/arkiv\/?s={search_term_string}"},"query-input":"required name=search_term_string"}],"inLanguage":"nb-NO"},{"@type":"Organization","@id":"https:\/\/ldo.no\/arkiv\/#organization","name":"LDO Arkiv","url":"https:\/\/ldo.no\/arkiv\/","logo":{"@type":"ImageObject","inLanguage":"nb-NO","@id":"https:\/\/ldo.no\/arkiv\/#\/schema\/logo\/image\/","url":"https:\/\/ldo.no\/content\/uploads\/sites\/2\/2025\/05\/Property-1Default.svg","contentUrl":"https:\/\/ldo.no\/content\/uploads\/sites\/2\/2025\/05\/Property-1Default.svg","caption":"LDO Arkiv"},"image":{"@id":"https:\/\/ldo.no\/arkiv\/#\/schema\/logo\/image\/"}}]}},"_links":{"self":[{"href":"https:\/\/ldo.no\/arkiv\/wp-json\/wp\/v2\/ldo-complaint\/15806"}],"collection":[{"href":"https:\/\/ldo.no\/arkiv\/wp-json\/wp\/v2\/ldo-complaint"}],"about":[{"href":"https:\/\/ldo.no\/arkiv\/wp-json\/wp\/v2\/types\/ldo-complaint"}],"version-history":[{"count":0,"href":"https:\/\/ldo.no\/arkiv\/wp-json\/wp\/v2\/ldo-complaint\/15806\/revisions"}],"wp:attachment":[{"href":"https:\/\/ldo.no\/arkiv\/wp-json\/wp\/v2\/media?parent=15806"}],"wp:term":[{"taxonomy":"ldo-archive-year","embeddable":true,"href":"https:\/\/ldo.no\/arkiv\/wp-json\/wp\/v2\/ldo-archive-year?post=15806"}],"curies":[{"name":"wp","href":"https:\/\/api.w.org\/{rel}","templated":true}]}}