{"id":15808,"date":"2008-01-01T00:00:00","date_gmt":"2008-01-01T00:00:00","guid":{"rendered":"https:\/\/ldo.local\/arkiv\/klagesaker\/2008-sporsmal-om-alder-var-grunnen-til-forskjellsbehandling-i-forbindelse-med-lonnsutvikling-jf-aml-13-1-forste-ledd\/"},"modified":"2008-01-01T00:00:00","modified_gmt":"2008-01-01T00:00:00","slug":"2008-sporsmal-om-alder-var-grunnen-til-forskjellsbehandling-i-forbindelse-med-lonnsutvikling-jf-aml-13-1-forste-ledd","status":"publish","type":"ldo-complaint","link":"https:\/\/ldo.no\/arkiv\/klagesaker\/2008-sporsmal-om-alder-var-grunnen-til-forskjellsbehandling-i-forbindelse-med-lonnsutvikling-jf-aml-13-1-forste-ledd\/","title":{"rendered":"Sp\u00f8rsm\u00e5l om alder var grunnen til forskjellsbehandling i forbindelse med l\u00f8nnsutvikling jf AML \u00a7 13-1 f\u00f8rste ledd"},"content":{"rendered":"<article class=\"base-article inside\">\n<header>\n<div class=\"row\">\n<div class=\"col-sm-12\">\n<\/div>\n<\/div>\n<h1>\nSp\u00f8rsm\u00e5l om alder var grunnen til forskjellsbehandling i forbindelse med l\u00f8nnsutvikling jf AML \u00a7 13-1 f\u00f8rste ledd<br \/>\n<\/h1>\n<\/header>\n<section>\n<section class=\"lead\">\nSak: 06\/1816 Klager var 64 \u00e5r da han henvendte seg til ombudet og ba om en vurdering av om han var blitt ulovlig forskjellsbehandlet p\u00e5 grunn av alder i forbindelse med sin l\u00f8nnsutvikling etter fylte 58 \u00e5r som seniorr\u00e5dgiver i et departement.<br \/>\n<\/section>\n<section>\nGjennomsnittsl\u00f8nnen for seniorr\u00e5dgivere i departementet der klager jobbet, var l\u00f8nnstrinn 65 mens klager l\u00e5 p\u00e5 58. Ombudet fant ikke at det foresl\u00e5 opplysninger som ga grunn til \u00e5 tro at alder var \u00e5rsaken til den d\u00e5rlige l\u00f8nnsutviklingen. Klager klaget p\u00e5 ombudets uttalelse, men ombudet fant ikke grunn til endre tidligere uttalelse og brakte saken inn for likestillings- og diskrimineringsnemnda. Nemnda fant ikke at det forel\u00e5 omstendigheter som ga grunn til \u00e5 tro at klagers alder hadde blitt negativt vektlagt i forbindelse med hans svakere l\u00f8nnsutvikling. <\/p>\n<h2>Kort om jussen:<\/h2>\n<p>Klager hevdet at han var blitt forskjellsbehandlet p\u00e5 grunn av alder etter fylte 58 \u00e5r. Han la frem tall som han mente underbygget p\u00e5standen, blant annet tall som viste at hans l\u00f8nns\u00f8kning i en tre \u00e5rs periode kun var p\u00e5 litt over 4 % mot n\u00e6rmere 10 % ellers for seniorr\u00e5dgivere i samme departement. Han hadde heller ikke f\u00e5tt noen \u00f8kning ved de lokale l\u00f8nnsforhandlingene og mente arbeidsgiver hadde en mulighet til \u00e5 p\u00e5virke utfallet av disse forhandlingene. Han avviste ombudets vurdering om at han selv burde ha v\u00e6rt mer aktiv i l\u00f8nnsforhandlinger med arbeidsgiver og viste til at hans oppfatning uansett var godt kjent av arbeidsgiver. Ombudet mente at l\u00f8nnsutviklingen i stedet m\u00e5tte ses i sammenheng med klagers l\u00f8nnsutvikling generelt fra r\u00e5dgiver til seniorr\u00e5dgiver.<\/p>\n<p>Nemnda slo fast at klager hadde hatt en svakere l\u00f8nnsutvikling enn andre seniorr\u00e5dgivere i departementet, men s\u00e5 ikke at klagers alder var \u00e5rsaken. Det at klager har en svakere l\u00f8nnsutvikling og er over en viss alder ikke i seg selv er tilstrekkelig til at det er grunn til \u00e5 tro at han er diskriminert. Det m\u00e5 foreligge andre omstendigheter som gir grunn til \u00e5 tro at alder er negativt vektlagt i forbindelse med l\u00f8nnsutviklingen hans.<\/p>\n<p>Nemnda slo dermed fast at departementet ikke hadde handlet i strid med aldersdiskrimineringsforbudet i arbeidsmilj\u00f8loven i forbindelse med klagers l\u00f8nnsutvikling.<\/p>\n<ul>\n<li>\n<span>Les Likestillings- og diskrimineringsombudets uttalelse her<\/span> (PDF &#8211; nytt vindu).\n<\/li>\n<li>\n<span>Les Nemdas uttalelse her<\/span> (PDf &#8211; nytt vindu).<\/li>\n<\/ul>\n<\/section>\n<\/section>\n<\/article>\n","protected":false},"excerpt":{"rendered":"<p>Sak: 06\/1816 Klager var 64 \u00e5r da han henvendte seg til ombudet og ba om en vurdering av om han var blitt ulovlig forskjellsbehandlet p\u00e5 grunn av alder i forbindelse med sin l\u00f8nnsutvikling etter fylte 58 \u00e5r som seniorr\u00e5dgiver i et departement.<\/p>\n","protected":false},"template":"","meta":{"footnotes":""},"ldo-archive-year":[20],"class_list":["post-15808","ldo-complaint","type-ldo-complaint","status-publish","hentry","ldo-archive-year-20"],"yoast_head":"<!-- This site is optimized with the Yoast SEO plugin v22.9 - https:\/\/yoast.com\/wordpress\/plugins\/seo\/ -->\n<title>Sp\u00f8rsm\u00e5l om alder var grunnen til forskjellsbehandling i forbindelse med l\u00f8nnsutvikling jf AML \u00a7 13-1 f\u00f8rste ledd - Arkiv<\/title>\n<meta name=\"robots\" content=\"index, follow, max-snippet:-1, max-image-preview:large, max-video-preview:-1\" \/>\n<link rel=\"canonical\" href=\"https:\/\/ldo.no\/arkiv\/klagesaker\/2008-sporsmal-om-alder-var-grunnen-til-forskjellsbehandling-i-forbindelse-med-lonnsutvikling-jf-aml-13-1-forste-ledd\/\" \/>\n<meta property=\"og:locale\" content=\"nb_NO\" \/>\n<meta property=\"og:type\" content=\"article\" \/>\n<meta property=\"og:title\" content=\"Sp\u00f8rsm\u00e5l om alder var grunnen til forskjellsbehandling i forbindelse med l\u00f8nnsutvikling jf AML \u00a7 13-1 f\u00f8rste ledd - Arkiv\" \/>\n<meta property=\"og:description\" content=\"Sak: 06\/1816 Klager var 64 \u00e5r da han henvendte seg til ombudet og ba om en vurdering av om han var blitt ulovlig forskjellsbehandlet p\u00e5 grunn av alder i forbindelse med sin l\u00f8nnsutvikling etter fylte 58 \u00e5r som seniorr\u00e5dgiver i et departement.\" \/>\n<meta property=\"og:url\" content=\"https:\/\/ldo.no\/arkiv\/klagesaker\/2008-sporsmal-om-alder-var-grunnen-til-forskjellsbehandling-i-forbindelse-med-lonnsutvikling-jf-aml-13-1-forste-ledd\/\" \/>\n<meta property=\"og:site_name\" content=\"Arkiv\" \/>\n<meta name=\"twitter:card\" content=\"summary_large_image\" \/>\n<meta name=\"twitter:label1\" content=\"Ansl. lesetid\" \/>\n\t<meta name=\"twitter:data1\" content=\"2 minutter\" \/>\n<script type=\"application\/ld+json\" class=\"yoast-schema-graph\">{\"@context\":\"https:\/\/schema.org\",\"@graph\":[{\"@type\":\"WebPage\",\"@id\":\"https:\/\/ldo.no\/arkiv\/klagesaker\/2008-sporsmal-om-alder-var-grunnen-til-forskjellsbehandling-i-forbindelse-med-lonnsutvikling-jf-aml-13-1-forste-ledd\/\",\"url\":\"https:\/\/ldo.no\/arkiv\/klagesaker\/2008-sporsmal-om-alder-var-grunnen-til-forskjellsbehandling-i-forbindelse-med-lonnsutvikling-jf-aml-13-1-forste-ledd\/\",\"name\":\"Sp\u00f8rsm\u00e5l om alder var grunnen til forskjellsbehandling i forbindelse med l\u00f8nnsutvikling jf AML \u00a7 13-1 f\u00f8rste ledd - Arkiv\",\"isPartOf\":{\"@id\":\"https:\/\/ldo.no\/arkiv\/#website\"},\"datePublished\":\"2008-01-01T00:00:00+00:00\",\"dateModified\":\"2008-01-01T00:00:00+00:00\",\"breadcrumb\":{\"@id\":\"https:\/\/ldo.no\/arkiv\/klagesaker\/2008-sporsmal-om-alder-var-grunnen-til-forskjellsbehandling-i-forbindelse-med-lonnsutvikling-jf-aml-13-1-forste-ledd\/#breadcrumb\"},\"inLanguage\":\"nb-NO\",\"potentialAction\":[{\"@type\":\"ReadAction\",\"target\":[\"https:\/\/ldo.no\/arkiv\/klagesaker\/2008-sporsmal-om-alder-var-grunnen-til-forskjellsbehandling-i-forbindelse-med-lonnsutvikling-jf-aml-13-1-forste-ledd\/\"]}]},{\"@type\":\"BreadcrumbList\",\"@id\":\"https:\/\/ldo.no\/arkiv\/klagesaker\/2008-sporsmal-om-alder-var-grunnen-til-forskjellsbehandling-i-forbindelse-med-lonnsutvikling-jf-aml-13-1-forste-ledd\/#breadcrumb\",\"itemListElement\":[{\"@type\":\"ListItem\",\"position\":1,\"name\":\"Arkiv\",\"item\":\"https:\/\/ldo.no\/arkiv\/\"},{\"@type\":\"ListItem\",\"position\":2,\"name\":\"Klagesaker\",\"item\":\"https:\/\/ldo.no\/arkiv\/?post-type=ldo-complaint\"},{\"@type\":\"ListItem\",\"position\":3,\"name\":\"Sp\u00f8rsm\u00e5l om alder var grunnen til forskjellsbehandling i forbindelse med l\u00f8nnsutvikling jf AML \u00a7 13-1 f\u00f8rste ledd\"}]},{\"@type\":\"WebSite\",\"@id\":\"https:\/\/ldo.no\/arkiv\/#website\",\"url\":\"https:\/\/ldo.no\/arkiv\/\",\"name\":\"LDO Arkiv\",\"description\":\"Dette er ombudets arkiv. Her finner du klagesaker som ombudet i sin tid behandlet fra 1996 til 2017. Klagesaker utover dette finner du p\u00e5 Diskrimineringsnemndas hjemmeside. P\u00e5 disse arkivsidene finner du ogs\u00e5 eldre h\u00f8ringssvar som strekker seg fra 2023 og tilbake til 2006. Nyere h\u00f8ringssvar finner du p\u00e5 Publikasjoner, som du kan bes\u00f8ke ved \u00e5 klikke p\u00e5 menyknappen \u00f8verst i h\u00f8yre hj\u00f8rne.\",\"publisher\":{\"@id\":\"https:\/\/ldo.no\/arkiv\/#organization\"},\"potentialAction\":[{\"@type\":\"SearchAction\",\"target\":{\"@type\":\"EntryPoint\",\"urlTemplate\":\"https:\/\/ldo.no\/arkiv\/?s={search_term_string}\"},\"query-input\":\"required name=search_term_string\"}],\"inLanguage\":\"nb-NO\"},{\"@type\":\"Organization\",\"@id\":\"https:\/\/ldo.no\/arkiv\/#organization\",\"name\":\"LDO Arkiv\",\"url\":\"https:\/\/ldo.no\/arkiv\/\",\"logo\":{\"@type\":\"ImageObject\",\"inLanguage\":\"nb-NO\",\"@id\":\"https:\/\/ldo.no\/arkiv\/#\/schema\/logo\/image\/\",\"url\":\"https:\/\/ldo.no\/content\/uploads\/sites\/2\/2025\/05\/Property-1Default.svg\",\"contentUrl\":\"https:\/\/ldo.no\/content\/uploads\/sites\/2\/2025\/05\/Property-1Default.svg\",\"caption\":\"LDO Arkiv\"},\"image\":{\"@id\":\"https:\/\/ldo.no\/arkiv\/#\/schema\/logo\/image\/\"}}]}<\/script>\n<!-- \/ Yoast SEO plugin. -->","yoast_head_json":{"title":"Sp\u00f8rsm\u00e5l om alder var grunnen til forskjellsbehandling i forbindelse med l\u00f8nnsutvikling jf AML \u00a7 13-1 f\u00f8rste ledd - Arkiv","robots":{"index":"index","follow":"follow","max-snippet":"max-snippet:-1","max-image-preview":"max-image-preview:large","max-video-preview":"max-video-preview:-1"},"canonical":"https:\/\/ldo.no\/arkiv\/klagesaker\/2008-sporsmal-om-alder-var-grunnen-til-forskjellsbehandling-i-forbindelse-med-lonnsutvikling-jf-aml-13-1-forste-ledd\/","og_locale":"nb_NO","og_type":"article","og_title":"Sp\u00f8rsm\u00e5l om alder var grunnen til forskjellsbehandling i forbindelse med l\u00f8nnsutvikling jf AML \u00a7 13-1 f\u00f8rste ledd - Arkiv","og_description":"Sak: 06\/1816 Klager var 64 \u00e5r da han henvendte seg til ombudet og ba om en vurdering av om han var blitt ulovlig forskjellsbehandlet p\u00e5 grunn av alder i forbindelse med sin l\u00f8nnsutvikling etter fylte 58 \u00e5r som seniorr\u00e5dgiver i et departement.","og_url":"https:\/\/ldo.no\/arkiv\/klagesaker\/2008-sporsmal-om-alder-var-grunnen-til-forskjellsbehandling-i-forbindelse-med-lonnsutvikling-jf-aml-13-1-forste-ledd\/","og_site_name":"Arkiv","twitter_card":"summary_large_image","twitter_misc":{"Ansl. lesetid":"2 minutter"},"schema":{"@context":"https:\/\/schema.org","@graph":[{"@type":"WebPage","@id":"https:\/\/ldo.no\/arkiv\/klagesaker\/2008-sporsmal-om-alder-var-grunnen-til-forskjellsbehandling-i-forbindelse-med-lonnsutvikling-jf-aml-13-1-forste-ledd\/","url":"https:\/\/ldo.no\/arkiv\/klagesaker\/2008-sporsmal-om-alder-var-grunnen-til-forskjellsbehandling-i-forbindelse-med-lonnsutvikling-jf-aml-13-1-forste-ledd\/","name":"Sp\u00f8rsm\u00e5l om alder var grunnen til forskjellsbehandling i forbindelse med l\u00f8nnsutvikling jf AML \u00a7 13-1 f\u00f8rste ledd - Arkiv","isPartOf":{"@id":"https:\/\/ldo.no\/arkiv\/#website"},"datePublished":"2008-01-01T00:00:00+00:00","dateModified":"2008-01-01T00:00:00+00:00","breadcrumb":{"@id":"https:\/\/ldo.no\/arkiv\/klagesaker\/2008-sporsmal-om-alder-var-grunnen-til-forskjellsbehandling-i-forbindelse-med-lonnsutvikling-jf-aml-13-1-forste-ledd\/#breadcrumb"},"inLanguage":"nb-NO","potentialAction":[{"@type":"ReadAction","target":["https:\/\/ldo.no\/arkiv\/klagesaker\/2008-sporsmal-om-alder-var-grunnen-til-forskjellsbehandling-i-forbindelse-med-lonnsutvikling-jf-aml-13-1-forste-ledd\/"]}]},{"@type":"BreadcrumbList","@id":"https:\/\/ldo.no\/arkiv\/klagesaker\/2008-sporsmal-om-alder-var-grunnen-til-forskjellsbehandling-i-forbindelse-med-lonnsutvikling-jf-aml-13-1-forste-ledd\/#breadcrumb","itemListElement":[{"@type":"ListItem","position":1,"name":"Arkiv","item":"https:\/\/ldo.no\/arkiv\/"},{"@type":"ListItem","position":2,"name":"Klagesaker","item":"https:\/\/ldo.no\/arkiv\/?post-type=ldo-complaint"},{"@type":"ListItem","position":3,"name":"Sp\u00f8rsm\u00e5l om alder var grunnen til forskjellsbehandling i forbindelse med l\u00f8nnsutvikling jf AML \u00a7 13-1 f\u00f8rste ledd"}]},{"@type":"WebSite","@id":"https:\/\/ldo.no\/arkiv\/#website","url":"https:\/\/ldo.no\/arkiv\/","name":"LDO Arkiv","description":"Dette er ombudets arkiv. Her finner du klagesaker som ombudet i sin tid behandlet fra 1996 til 2017. Klagesaker utover dette finner du p\u00e5 Diskrimineringsnemndas hjemmeside. P\u00e5 disse arkivsidene finner du ogs\u00e5 eldre h\u00f8ringssvar som strekker seg fra 2023 og tilbake til 2006. Nyere h\u00f8ringssvar finner du p\u00e5 Publikasjoner, som du kan bes\u00f8ke ved \u00e5 klikke p\u00e5 menyknappen \u00f8verst i h\u00f8yre hj\u00f8rne.","publisher":{"@id":"https:\/\/ldo.no\/arkiv\/#organization"},"potentialAction":[{"@type":"SearchAction","target":{"@type":"EntryPoint","urlTemplate":"https:\/\/ldo.no\/arkiv\/?s={search_term_string}"},"query-input":"required name=search_term_string"}],"inLanguage":"nb-NO"},{"@type":"Organization","@id":"https:\/\/ldo.no\/arkiv\/#organization","name":"LDO Arkiv","url":"https:\/\/ldo.no\/arkiv\/","logo":{"@type":"ImageObject","inLanguage":"nb-NO","@id":"https:\/\/ldo.no\/arkiv\/#\/schema\/logo\/image\/","url":"https:\/\/ldo.no\/content\/uploads\/sites\/2\/2025\/05\/Property-1Default.svg","contentUrl":"https:\/\/ldo.no\/content\/uploads\/sites\/2\/2025\/05\/Property-1Default.svg","caption":"LDO Arkiv"},"image":{"@id":"https:\/\/ldo.no\/arkiv\/#\/schema\/logo\/image\/"}}]}},"_links":{"self":[{"href":"https:\/\/ldo.no\/arkiv\/wp-json\/wp\/v2\/ldo-complaint\/15808"}],"collection":[{"href":"https:\/\/ldo.no\/arkiv\/wp-json\/wp\/v2\/ldo-complaint"}],"about":[{"href":"https:\/\/ldo.no\/arkiv\/wp-json\/wp\/v2\/types\/ldo-complaint"}],"version-history":[{"count":0,"href":"https:\/\/ldo.no\/arkiv\/wp-json\/wp\/v2\/ldo-complaint\/15808\/revisions"}],"wp:attachment":[{"href":"https:\/\/ldo.no\/arkiv\/wp-json\/wp\/v2\/media?parent=15808"}],"wp:term":[{"taxonomy":"ldo-archive-year","embeddable":true,"href":"https:\/\/ldo.no\/arkiv\/wp-json\/wp\/v2\/ldo-archive-year?post=15808"}],"curies":[{"name":"wp","href":"https:\/\/api.w.org\/{rel}","templated":true}]}}