{"id":15821,"date":"2008-01-01T00:00:00","date_gmt":"2008-01-01T00:00:00","guid":{"rendered":"https:\/\/ldo.local\/arkiv\/klagesaker\/2008-etnisk-diskriminering-pa-universitetet\/"},"modified":"2008-01-01T00:00:00","modified_gmt":"2008-01-01T00:00:00","slug":"2008-etnisk-diskriminering-pa-universitetet","status":"publish","type":"ldo-complaint","link":"https:\/\/ldo.no\/arkiv\/klagesaker\/2008-etnisk-diskriminering-pa-universitetet\/","title":{"rendered":"Etnisk diskriminering p\u00e5 universitetet"},"content":{"rendered":"<article class=\"base-article inside\">\n<header>\n<div class=\"row\">\n<div class=\"col-sm-12\">\n<\/div>\n<\/div>\n<h1>\nEtnisk diskriminering p\u00e5 universitetet<br \/>\n<\/h1>\n<\/header>\n<section>\n<section class=\"lead\">\nEn indisk kvinne som s\u00f8kte p\u00e5 en vitenskapelig stilling ved Universitetet for milj\u00f8- og biovitenskap f\u00f8lte seg forbig\u00e5tt p\u00e5 grunn av sin etniske opprinnelse. Universitetet for milj\u00f8- og biovitenskap mente at hun ikke var best kvalifisert til stillingen, men fikk ikke medhold av ombudet.<br \/>\n<\/section>\n<section>\n27.11.2008<br \/>Likestillings- og diskrimineringsombudet mottok en klage fra en kvinne som hadde s\u00f8kt p\u00e5 en vitenskapelig stilling ved Universitetet for milj\u00f8- og biovitenskap. Kvinnen var bosatt i India, men ble representert av to vitenskapelig ansatte ved Universitetet, som var meds\u00f8kere og veiledere p\u00e5 hennes prosjekts\u00f8knad. Kvinnen ble av en fagkomit\u00e9 rangert som best kvalifisert til stillingen, de to andre s\u00f8kerne var fra Europa og ble rangert som nummer to og tre. Instituttleder valgte til tross for rangeringen \u00e5 innstille personen som var rangert som nummer to av fagkomiteen.<br \/>Det er ikke lov \u00e5 diskriminere p\u00e5 grunn av etnisitet i arbeidslivet. Dette gjelder ogs\u00e5 i ansettelsesprosesser. I offentlig forvaltning er det den best kvalifiserte s\u00f8keren som skal f\u00e5 stillingen. Forskjellsbehandling som er n\u00f8dvendig for \u00e5 oppn\u00e5 et saklig form\u00e5l og ikke er uforholdsmessig inngripende anses likevel ikke som diskriminering.<br \/>Instituttleder mente at kvinnen ikke var best kvalifisert, og p\u00e5 grunn av visumregler var instituttleder av den oppfatning at s\u00f8kere fra EU\/ E\u00d8S-omr\u00e5det gikk foran s\u00f8kere fra for eksempel Asia. Ombudet foretok en sammenligning av kvalifikasjonene og var enige med fagkomiteen om at klager var best kvalifisert for stillingen. Visumreglene for forskere var heller ikke til hinder for s\u00f8kere fra Asia. Ombudet fant etter dette det var grunn til \u00e5 tro at kvinnen ble forbig\u00e5tt p\u00e5 grunn av sin etniske opprinnelse.<\/p>\n<h2>Konklusjon<\/h2>\n<p>Likestillings- og diskrimineringsombudet kom frem til at Universitetet hadde handlet i strid med diskrimineringslovens \u00a7 4.<br \/>Universitetet klaget p\u00e5 ombudets uttalelse til Likestillings- og diskrimineringsnemnda, men valgte etter n\u00e6rmere overveielse \u00e5 trekke sin klage. I tillegg valgte Universitetet \u00e5 tilby kvinnen samme stilling som hun opprinnelig hadde s\u00f8kt p\u00e5.<br \/><strong>Diskrimineringsgrunnlag; Etnisitet.<br \/>Saksnummer; 07\/684<br \/>Lovanvendelse: diskrl. \u00a7 4<\/strong><br \/>\n<\/section>\n<\/section>\n<\/article>\n","protected":false},"excerpt":{"rendered":"<p>En indisk kvinne som s\u00f8kte p\u00e5 en vitenskapelig stilling ved Universitetet for milj\u00f8- og biovitenskap f\u00f8lte seg forbig\u00e5tt p\u00e5 grunn av sin etniske opprinnelse. Universitetet for milj\u00f8- og biovitenskap mente at hun ikke var best kvalifisert til stillingen, men fikk ikke medhold av ombudet.<\/p>\n","protected":false},"template":"","meta":{"footnotes":""},"ldo-archive-year":[20],"class_list":["post-15821","ldo-complaint","type-ldo-complaint","status-publish","hentry","ldo-archive-year-20"],"yoast_head":"<!-- This site is optimized with the Yoast SEO plugin v22.9 - https:\/\/yoast.com\/wordpress\/plugins\/seo\/ -->\n<title>Etnisk diskriminering p\u00e5 universitetet - Arkiv<\/title>\n<meta name=\"robots\" content=\"index, follow, max-snippet:-1, max-image-preview:large, max-video-preview:-1\" \/>\n<link rel=\"canonical\" href=\"https:\/\/ldo.no\/arkiv\/klagesaker\/2008-etnisk-diskriminering-pa-universitetet\/\" \/>\n<meta property=\"og:locale\" content=\"nb_NO\" \/>\n<meta property=\"og:type\" content=\"article\" \/>\n<meta property=\"og:title\" content=\"Etnisk diskriminering p\u00e5 universitetet - Arkiv\" \/>\n<meta property=\"og:description\" content=\"En indisk kvinne som s\u00f8kte p\u00e5 en vitenskapelig stilling ved Universitetet for milj\u00f8- og biovitenskap f\u00f8lte seg forbig\u00e5tt p\u00e5 grunn av sin etniske opprinnelse. Universitetet for milj\u00f8- og biovitenskap mente at hun ikke var best kvalifisert til stillingen, men fikk ikke medhold av ombudet.\" \/>\n<meta property=\"og:url\" content=\"https:\/\/ldo.no\/arkiv\/klagesaker\/2008-etnisk-diskriminering-pa-universitetet\/\" \/>\n<meta property=\"og:site_name\" content=\"Arkiv\" \/>\n<meta name=\"twitter:card\" content=\"summary_large_image\" \/>\n<meta name=\"twitter:label1\" content=\"Ansl. lesetid\" \/>\n\t<meta name=\"twitter:data1\" content=\"2 minutter\" \/>\n<script type=\"application\/ld+json\" class=\"yoast-schema-graph\">{\"@context\":\"https:\/\/schema.org\",\"@graph\":[{\"@type\":\"WebPage\",\"@id\":\"https:\/\/ldo.no\/arkiv\/klagesaker\/2008-etnisk-diskriminering-pa-universitetet\/\",\"url\":\"https:\/\/ldo.no\/arkiv\/klagesaker\/2008-etnisk-diskriminering-pa-universitetet\/\",\"name\":\"Etnisk diskriminering p\u00e5 universitetet - Arkiv\",\"isPartOf\":{\"@id\":\"https:\/\/ldo.no\/arkiv\/#website\"},\"datePublished\":\"2008-01-01T00:00:00+00:00\",\"dateModified\":\"2008-01-01T00:00:00+00:00\",\"breadcrumb\":{\"@id\":\"https:\/\/ldo.no\/arkiv\/klagesaker\/2008-etnisk-diskriminering-pa-universitetet\/#breadcrumb\"},\"inLanguage\":\"nb-NO\",\"potentialAction\":[{\"@type\":\"ReadAction\",\"target\":[\"https:\/\/ldo.no\/arkiv\/klagesaker\/2008-etnisk-diskriminering-pa-universitetet\/\"]}]},{\"@type\":\"BreadcrumbList\",\"@id\":\"https:\/\/ldo.no\/arkiv\/klagesaker\/2008-etnisk-diskriminering-pa-universitetet\/#breadcrumb\",\"itemListElement\":[{\"@type\":\"ListItem\",\"position\":1,\"name\":\"Arkiv\",\"item\":\"https:\/\/ldo.no\/arkiv\/\"},{\"@type\":\"ListItem\",\"position\":2,\"name\":\"Klagesaker\",\"item\":\"https:\/\/ldo.no\/arkiv\/?post-type=ldo-complaint\"},{\"@type\":\"ListItem\",\"position\":3,\"name\":\"Etnisk diskriminering p\u00e5 universitetet\"}]},{\"@type\":\"WebSite\",\"@id\":\"https:\/\/ldo.no\/arkiv\/#website\",\"url\":\"https:\/\/ldo.no\/arkiv\/\",\"name\":\"LDO Arkiv\",\"description\":\"Dette er ombudets arkiv. Her finner du klagesaker som ombudet i sin tid behandlet fra 1996 til 2017. Klagesaker utover dette finner du p\u00e5 Diskrimineringsnemndas hjemmeside. P\u00e5 disse arkivsidene finner du ogs\u00e5 eldre h\u00f8ringssvar som strekker seg fra 2023 og tilbake til 2006. Nyere h\u00f8ringssvar finner du p\u00e5 Publikasjoner, som du kan bes\u00f8ke ved \u00e5 klikke p\u00e5 menyknappen \u00f8verst i h\u00f8yre hj\u00f8rne.\",\"publisher\":{\"@id\":\"https:\/\/ldo.no\/arkiv\/#organization\"},\"potentialAction\":[{\"@type\":\"SearchAction\",\"target\":{\"@type\":\"EntryPoint\",\"urlTemplate\":\"https:\/\/ldo.no\/arkiv\/?s={search_term_string}\"},\"query-input\":\"required name=search_term_string\"}],\"inLanguage\":\"nb-NO\"},{\"@type\":\"Organization\",\"@id\":\"https:\/\/ldo.no\/arkiv\/#organization\",\"name\":\"LDO Arkiv\",\"url\":\"https:\/\/ldo.no\/arkiv\/\",\"logo\":{\"@type\":\"ImageObject\",\"inLanguage\":\"nb-NO\",\"@id\":\"https:\/\/ldo.no\/arkiv\/#\/schema\/logo\/image\/\",\"url\":\"https:\/\/ldo.no\/content\/uploads\/sites\/2\/2025\/05\/Property-1Default.svg\",\"contentUrl\":\"https:\/\/ldo.no\/content\/uploads\/sites\/2\/2025\/05\/Property-1Default.svg\",\"caption\":\"LDO Arkiv\"},\"image\":{\"@id\":\"https:\/\/ldo.no\/arkiv\/#\/schema\/logo\/image\/\"}}]}<\/script>\n<!-- \/ Yoast SEO plugin. -->","yoast_head_json":{"title":"Etnisk diskriminering p\u00e5 universitetet - Arkiv","robots":{"index":"index","follow":"follow","max-snippet":"max-snippet:-1","max-image-preview":"max-image-preview:large","max-video-preview":"max-video-preview:-1"},"canonical":"https:\/\/ldo.no\/arkiv\/klagesaker\/2008-etnisk-diskriminering-pa-universitetet\/","og_locale":"nb_NO","og_type":"article","og_title":"Etnisk diskriminering p\u00e5 universitetet - Arkiv","og_description":"En indisk kvinne som s\u00f8kte p\u00e5 en vitenskapelig stilling ved Universitetet for milj\u00f8- og biovitenskap f\u00f8lte seg forbig\u00e5tt p\u00e5 grunn av sin etniske opprinnelse. Universitetet for milj\u00f8- og biovitenskap mente at hun ikke var best kvalifisert til stillingen, men fikk ikke medhold av ombudet.","og_url":"https:\/\/ldo.no\/arkiv\/klagesaker\/2008-etnisk-diskriminering-pa-universitetet\/","og_site_name":"Arkiv","twitter_card":"summary_large_image","twitter_misc":{"Ansl. lesetid":"2 minutter"},"schema":{"@context":"https:\/\/schema.org","@graph":[{"@type":"WebPage","@id":"https:\/\/ldo.no\/arkiv\/klagesaker\/2008-etnisk-diskriminering-pa-universitetet\/","url":"https:\/\/ldo.no\/arkiv\/klagesaker\/2008-etnisk-diskriminering-pa-universitetet\/","name":"Etnisk diskriminering p\u00e5 universitetet - Arkiv","isPartOf":{"@id":"https:\/\/ldo.no\/arkiv\/#website"},"datePublished":"2008-01-01T00:00:00+00:00","dateModified":"2008-01-01T00:00:00+00:00","breadcrumb":{"@id":"https:\/\/ldo.no\/arkiv\/klagesaker\/2008-etnisk-diskriminering-pa-universitetet\/#breadcrumb"},"inLanguage":"nb-NO","potentialAction":[{"@type":"ReadAction","target":["https:\/\/ldo.no\/arkiv\/klagesaker\/2008-etnisk-diskriminering-pa-universitetet\/"]}]},{"@type":"BreadcrumbList","@id":"https:\/\/ldo.no\/arkiv\/klagesaker\/2008-etnisk-diskriminering-pa-universitetet\/#breadcrumb","itemListElement":[{"@type":"ListItem","position":1,"name":"Arkiv","item":"https:\/\/ldo.no\/arkiv\/"},{"@type":"ListItem","position":2,"name":"Klagesaker","item":"https:\/\/ldo.no\/arkiv\/?post-type=ldo-complaint"},{"@type":"ListItem","position":3,"name":"Etnisk diskriminering p\u00e5 universitetet"}]},{"@type":"WebSite","@id":"https:\/\/ldo.no\/arkiv\/#website","url":"https:\/\/ldo.no\/arkiv\/","name":"LDO Arkiv","description":"Dette er ombudets arkiv. Her finner du klagesaker som ombudet i sin tid behandlet fra 1996 til 2017. Klagesaker utover dette finner du p\u00e5 Diskrimineringsnemndas hjemmeside. P\u00e5 disse arkivsidene finner du ogs\u00e5 eldre h\u00f8ringssvar som strekker seg fra 2023 og tilbake til 2006. Nyere h\u00f8ringssvar finner du p\u00e5 Publikasjoner, som du kan bes\u00f8ke ved \u00e5 klikke p\u00e5 menyknappen \u00f8verst i h\u00f8yre hj\u00f8rne.","publisher":{"@id":"https:\/\/ldo.no\/arkiv\/#organization"},"potentialAction":[{"@type":"SearchAction","target":{"@type":"EntryPoint","urlTemplate":"https:\/\/ldo.no\/arkiv\/?s={search_term_string}"},"query-input":"required name=search_term_string"}],"inLanguage":"nb-NO"},{"@type":"Organization","@id":"https:\/\/ldo.no\/arkiv\/#organization","name":"LDO Arkiv","url":"https:\/\/ldo.no\/arkiv\/","logo":{"@type":"ImageObject","inLanguage":"nb-NO","@id":"https:\/\/ldo.no\/arkiv\/#\/schema\/logo\/image\/","url":"https:\/\/ldo.no\/content\/uploads\/sites\/2\/2025\/05\/Property-1Default.svg","contentUrl":"https:\/\/ldo.no\/content\/uploads\/sites\/2\/2025\/05\/Property-1Default.svg","caption":"LDO Arkiv"},"image":{"@id":"https:\/\/ldo.no\/arkiv\/#\/schema\/logo\/image\/"}}]}},"_links":{"self":[{"href":"https:\/\/ldo.no\/arkiv\/wp-json\/wp\/v2\/ldo-complaint\/15821"}],"collection":[{"href":"https:\/\/ldo.no\/arkiv\/wp-json\/wp\/v2\/ldo-complaint"}],"about":[{"href":"https:\/\/ldo.no\/arkiv\/wp-json\/wp\/v2\/types\/ldo-complaint"}],"version-history":[{"count":0,"href":"https:\/\/ldo.no\/arkiv\/wp-json\/wp\/v2\/ldo-complaint\/15821\/revisions"}],"wp:attachment":[{"href":"https:\/\/ldo.no\/arkiv\/wp-json\/wp\/v2\/media?parent=15821"}],"wp:term":[{"taxonomy":"ldo-archive-year","embeddable":true,"href":"https:\/\/ldo.no\/arkiv\/wp-json\/wp\/v2\/ldo-archive-year?post=15821"}],"curies":[{"name":"wp","href":"https:\/\/api.w.org\/{rel}","templated":true}]}}