{"id":15822,"date":"2008-01-01T00:00:00","date_gmt":"2008-01-01T00:00:00","guid":{"rendered":"https:\/\/ldo.local\/arkiv\/klagesaker\/2008-oslo-saklige-sprakkrav-til-selgere\/"},"modified":"2008-01-01T00:00:00","modified_gmt":"2008-01-01T00:00:00","slug":"2008-oslo-saklige-sprakkrav-til-selgere","status":"publish","type":"ldo-complaint","link":"https:\/\/ldo.no\/arkiv\/klagesaker\/2008-oslo-saklige-sprakkrav-til-selgere\/","title":{"rendered":"= Oslo &#8211; Saklige spr\u00e5kkrav til selgere"},"content":{"rendered":"<article class=\"base-article inside\">\n<header>\n<div class=\"row\">\n<div class=\"col-sm-12\">\n<\/div>\n<\/div>\n<h1>\n= Oslo &#8211; Saklige spr\u00e5kkrav til selgere<br \/>\n<\/h1>\n<\/header>\n<section>\n<section class=\"lead\">\nEtter oppslag i dagspressen om krav til selgere av =Oslo, fant ombudet grunn til \u00e5 unders\u00f8ke hvorvidt etnisitet vektlegges ved godkjennelse av selgere til magasinet. Fungerende redakt\u00f8r ble sitert p\u00e5 at han ikke \u00f8nsket utenlandske tiggere fordi det ville gi \u00f8kt konflikt med de norske. Han understreket ogs\u00e5 at det var viktig \u00e5 kunne spr\u00e5ket og viste til at selgere m\u00e5tte forst\u00e5 innholdet av magasinet. Ombudet fant p\u00e5 bakgrunn av oppslaget at det var grunn til \u00e5 tro at etnisitet ble ulovlig vektlagt, og tok saken opp med ansvarlig redakt\u00f8r.<br \/>\n<\/section>\n<section>\n<p>Redakt\u00f8ren forklarte at = Oslo hadde blitt feilsitert. Det stemte ikke at utenlandske selgere ble avvist p\u00e5 generelt grunnlag, men etter konkrete unders\u00f8kelser av norskkunnskapene. Han viste ogs\u00e5 til at det var viktig at selgerne kjente til =Oslos profil og innhold. De hadde forel\u00f8pig ikke f\u00e5tt noen henvendelse fra personer med rom- bakgrunn. <\/p>\n<p>LDO fant p\u00e5 bakgrunn av dette at det likevel ikke var grunn til \u00e5 tro at = Oslo stilte usaklige krav til selgerne og at personer med rom- bakgrunn ikke ble avvist p\u00e5 generelt grunnlag. = Oslo br\u00f8t derfor ikke loven.<\/p>\n<p>Diskrimineringsgrunnlag: Etnisitet<br \/>Saksnummer: 08\/1103<br \/>Lovanvendelse: Diskrimineringsloven \u00a7 4, jf \u00a7 10<\/p>\n<p><span>Les hele uttalelsen her<\/span>.<\/p>\n<\/section>\n<\/section>\n<\/article>\n","protected":false},"excerpt":{"rendered":"<p>Etter oppslag i dagspressen om krav til selgere av =Oslo, fant ombudet grunn til \u00e5 unders\u00f8ke hvorvidt etnisitet vektlegges ved godkjennelse av selgere til magasinet. Fungerende redakt\u00f8r ble sitert p\u00e5 at han ikke \u00f8nsket utenlandske tiggere fordi det ville gi \u00f8kt konflikt med de norske. Han understreket ogs\u00e5 at det var viktig \u00e5 kunne spr\u00e5ket og viste til at selgere m\u00e5tte forst\u00e5 innholdet av magasinet. Ombudet fant p\u00e5 bakgrunn av oppslaget at det var grunn til \u00e5 tro at etnisitet ble ulovlig vektlagt, og tok saken opp med ansvarlig redakt\u00f8r.<\/p>\n","protected":false},"template":"","meta":{"footnotes":""},"ldo-archive-year":[20],"class_list":["post-15822","ldo-complaint","type-ldo-complaint","status-publish","hentry","ldo-archive-year-20"],"yoast_head":"<!-- This site is optimized with the Yoast SEO plugin v22.9 - https:\/\/yoast.com\/wordpress\/plugins\/seo\/ -->\n<title>= Oslo - Saklige spr\u00e5kkrav til selgere - Arkiv<\/title>\n<meta name=\"robots\" content=\"index, follow, max-snippet:-1, max-image-preview:large, max-video-preview:-1\" \/>\n<link rel=\"canonical\" href=\"https:\/\/ldo.no\/arkiv\/klagesaker\/2008-oslo-saklige-sprakkrav-til-selgere\/\" \/>\n<meta property=\"og:locale\" content=\"nb_NO\" \/>\n<meta property=\"og:type\" content=\"article\" \/>\n<meta property=\"og:title\" content=\"= Oslo - Saklige spr\u00e5kkrav til selgere - Arkiv\" \/>\n<meta property=\"og:description\" content=\"Etter oppslag i dagspressen om krav til selgere av =Oslo, fant ombudet grunn til \u00e5 unders\u00f8ke hvorvidt etnisitet vektlegges ved godkjennelse av selgere til magasinet. Fungerende redakt\u00f8r ble sitert p\u00e5 at han ikke \u00f8nsket utenlandske tiggere fordi det ville gi \u00f8kt konflikt med de norske. Han understreket ogs\u00e5 at det var viktig \u00e5 kunne spr\u00e5ket og viste til at selgere m\u00e5tte forst\u00e5 innholdet av magasinet. Ombudet fant p\u00e5 bakgrunn av oppslaget at det var grunn til \u00e5 tro at etnisitet ble ulovlig vektlagt, og tok saken opp med ansvarlig redakt\u00f8r.\" \/>\n<meta property=\"og:url\" content=\"https:\/\/ldo.no\/arkiv\/klagesaker\/2008-oslo-saklige-sprakkrav-til-selgere\/\" \/>\n<meta property=\"og:site_name\" content=\"Arkiv\" \/>\n<meta name=\"twitter:card\" content=\"summary_large_image\" \/>\n<meta name=\"twitter:label1\" content=\"Ansl. lesetid\" \/>\n\t<meta name=\"twitter:data1\" content=\"1 minutt\" \/>\n<script type=\"application\/ld+json\" class=\"yoast-schema-graph\">{\"@context\":\"https:\/\/schema.org\",\"@graph\":[{\"@type\":\"WebPage\",\"@id\":\"https:\/\/ldo.no\/arkiv\/klagesaker\/2008-oslo-saklige-sprakkrav-til-selgere\/\",\"url\":\"https:\/\/ldo.no\/arkiv\/klagesaker\/2008-oslo-saklige-sprakkrav-til-selgere\/\",\"name\":\"= Oslo - Saklige spr\u00e5kkrav til selgere - Arkiv\",\"isPartOf\":{\"@id\":\"https:\/\/ldo.no\/arkiv\/#website\"},\"datePublished\":\"2008-01-01T00:00:00+00:00\",\"dateModified\":\"2008-01-01T00:00:00+00:00\",\"breadcrumb\":{\"@id\":\"https:\/\/ldo.no\/arkiv\/klagesaker\/2008-oslo-saklige-sprakkrav-til-selgere\/#breadcrumb\"},\"inLanguage\":\"nb-NO\",\"potentialAction\":[{\"@type\":\"ReadAction\",\"target\":[\"https:\/\/ldo.no\/arkiv\/klagesaker\/2008-oslo-saklige-sprakkrav-til-selgere\/\"]}]},{\"@type\":\"BreadcrumbList\",\"@id\":\"https:\/\/ldo.no\/arkiv\/klagesaker\/2008-oslo-saklige-sprakkrav-til-selgere\/#breadcrumb\",\"itemListElement\":[{\"@type\":\"ListItem\",\"position\":1,\"name\":\"Arkiv\",\"item\":\"https:\/\/ldo.no\/arkiv\/\"},{\"@type\":\"ListItem\",\"position\":2,\"name\":\"Klagesaker\",\"item\":\"https:\/\/ldo.no\/arkiv\/?post-type=ldo-complaint\"},{\"@type\":\"ListItem\",\"position\":3,\"name\":\"= Oslo &#8211; Saklige spr\u00e5kkrav til selgere\"}]},{\"@type\":\"WebSite\",\"@id\":\"https:\/\/ldo.no\/arkiv\/#website\",\"url\":\"https:\/\/ldo.no\/arkiv\/\",\"name\":\"LDO Arkiv\",\"description\":\"Dette er ombudets arkiv. Her finner du klagesaker som ombudet i sin tid behandlet fra 1996 til 2017. Klagesaker utover dette finner du p\u00e5 Diskrimineringsnemndas hjemmeside. P\u00e5 disse arkivsidene finner du ogs\u00e5 eldre h\u00f8ringssvar som strekker seg fra 2023 og tilbake til 2006. Nyere h\u00f8ringssvar finner du p\u00e5 Publikasjoner, som du kan bes\u00f8ke ved \u00e5 klikke p\u00e5 menyknappen \u00f8verst i h\u00f8yre hj\u00f8rne.\",\"publisher\":{\"@id\":\"https:\/\/ldo.no\/arkiv\/#organization\"},\"potentialAction\":[{\"@type\":\"SearchAction\",\"target\":{\"@type\":\"EntryPoint\",\"urlTemplate\":\"https:\/\/ldo.no\/arkiv\/?s={search_term_string}\"},\"query-input\":\"required name=search_term_string\"}],\"inLanguage\":\"nb-NO\"},{\"@type\":\"Organization\",\"@id\":\"https:\/\/ldo.no\/arkiv\/#organization\",\"name\":\"LDO Arkiv\",\"url\":\"https:\/\/ldo.no\/arkiv\/\",\"logo\":{\"@type\":\"ImageObject\",\"inLanguage\":\"nb-NO\",\"@id\":\"https:\/\/ldo.no\/arkiv\/#\/schema\/logo\/image\/\",\"url\":\"https:\/\/ldo.no\/content\/uploads\/sites\/2\/2025\/05\/Property-1Default.svg\",\"contentUrl\":\"https:\/\/ldo.no\/content\/uploads\/sites\/2\/2025\/05\/Property-1Default.svg\",\"caption\":\"LDO Arkiv\"},\"image\":{\"@id\":\"https:\/\/ldo.no\/arkiv\/#\/schema\/logo\/image\/\"}}]}<\/script>\n<!-- \/ Yoast SEO plugin. -->","yoast_head_json":{"title":"= Oslo - Saklige spr\u00e5kkrav til selgere - Arkiv","robots":{"index":"index","follow":"follow","max-snippet":"max-snippet:-1","max-image-preview":"max-image-preview:large","max-video-preview":"max-video-preview:-1"},"canonical":"https:\/\/ldo.no\/arkiv\/klagesaker\/2008-oslo-saklige-sprakkrav-til-selgere\/","og_locale":"nb_NO","og_type":"article","og_title":"= Oslo - Saklige spr\u00e5kkrav til selgere - Arkiv","og_description":"Etter oppslag i dagspressen om krav til selgere av =Oslo, fant ombudet grunn til \u00e5 unders\u00f8ke hvorvidt etnisitet vektlegges ved godkjennelse av selgere til magasinet. Fungerende redakt\u00f8r ble sitert p\u00e5 at han ikke \u00f8nsket utenlandske tiggere fordi det ville gi \u00f8kt konflikt med de norske. Han understreket ogs\u00e5 at det var viktig \u00e5 kunne spr\u00e5ket og viste til at selgere m\u00e5tte forst\u00e5 innholdet av magasinet. Ombudet fant p\u00e5 bakgrunn av oppslaget at det var grunn til \u00e5 tro at etnisitet ble ulovlig vektlagt, og tok saken opp med ansvarlig redakt\u00f8r.","og_url":"https:\/\/ldo.no\/arkiv\/klagesaker\/2008-oslo-saklige-sprakkrav-til-selgere\/","og_site_name":"Arkiv","twitter_card":"summary_large_image","twitter_misc":{"Ansl. lesetid":"1 minutt"},"schema":{"@context":"https:\/\/schema.org","@graph":[{"@type":"WebPage","@id":"https:\/\/ldo.no\/arkiv\/klagesaker\/2008-oslo-saklige-sprakkrav-til-selgere\/","url":"https:\/\/ldo.no\/arkiv\/klagesaker\/2008-oslo-saklige-sprakkrav-til-selgere\/","name":"= Oslo - Saklige spr\u00e5kkrav til selgere - Arkiv","isPartOf":{"@id":"https:\/\/ldo.no\/arkiv\/#website"},"datePublished":"2008-01-01T00:00:00+00:00","dateModified":"2008-01-01T00:00:00+00:00","breadcrumb":{"@id":"https:\/\/ldo.no\/arkiv\/klagesaker\/2008-oslo-saklige-sprakkrav-til-selgere\/#breadcrumb"},"inLanguage":"nb-NO","potentialAction":[{"@type":"ReadAction","target":["https:\/\/ldo.no\/arkiv\/klagesaker\/2008-oslo-saklige-sprakkrav-til-selgere\/"]}]},{"@type":"BreadcrumbList","@id":"https:\/\/ldo.no\/arkiv\/klagesaker\/2008-oslo-saklige-sprakkrav-til-selgere\/#breadcrumb","itemListElement":[{"@type":"ListItem","position":1,"name":"Arkiv","item":"https:\/\/ldo.no\/arkiv\/"},{"@type":"ListItem","position":2,"name":"Klagesaker","item":"https:\/\/ldo.no\/arkiv\/?post-type=ldo-complaint"},{"@type":"ListItem","position":3,"name":"= Oslo &#8211; Saklige spr\u00e5kkrav til selgere"}]},{"@type":"WebSite","@id":"https:\/\/ldo.no\/arkiv\/#website","url":"https:\/\/ldo.no\/arkiv\/","name":"LDO Arkiv","description":"Dette er ombudets arkiv. Her finner du klagesaker som ombudet i sin tid behandlet fra 1996 til 2017. Klagesaker utover dette finner du p\u00e5 Diskrimineringsnemndas hjemmeside. P\u00e5 disse arkivsidene finner du ogs\u00e5 eldre h\u00f8ringssvar som strekker seg fra 2023 og tilbake til 2006. Nyere h\u00f8ringssvar finner du p\u00e5 Publikasjoner, som du kan bes\u00f8ke ved \u00e5 klikke p\u00e5 menyknappen \u00f8verst i h\u00f8yre hj\u00f8rne.","publisher":{"@id":"https:\/\/ldo.no\/arkiv\/#organization"},"potentialAction":[{"@type":"SearchAction","target":{"@type":"EntryPoint","urlTemplate":"https:\/\/ldo.no\/arkiv\/?s={search_term_string}"},"query-input":"required name=search_term_string"}],"inLanguage":"nb-NO"},{"@type":"Organization","@id":"https:\/\/ldo.no\/arkiv\/#organization","name":"LDO Arkiv","url":"https:\/\/ldo.no\/arkiv\/","logo":{"@type":"ImageObject","inLanguage":"nb-NO","@id":"https:\/\/ldo.no\/arkiv\/#\/schema\/logo\/image\/","url":"https:\/\/ldo.no\/content\/uploads\/sites\/2\/2025\/05\/Property-1Default.svg","contentUrl":"https:\/\/ldo.no\/content\/uploads\/sites\/2\/2025\/05\/Property-1Default.svg","caption":"LDO Arkiv"},"image":{"@id":"https:\/\/ldo.no\/arkiv\/#\/schema\/logo\/image\/"}}]}},"_links":{"self":[{"href":"https:\/\/ldo.no\/arkiv\/wp-json\/wp\/v2\/ldo-complaint\/15822"}],"collection":[{"href":"https:\/\/ldo.no\/arkiv\/wp-json\/wp\/v2\/ldo-complaint"}],"about":[{"href":"https:\/\/ldo.no\/arkiv\/wp-json\/wp\/v2\/types\/ldo-complaint"}],"version-history":[{"count":0,"href":"https:\/\/ldo.no\/arkiv\/wp-json\/wp\/v2\/ldo-complaint\/15822\/revisions"}],"wp:attachment":[{"href":"https:\/\/ldo.no\/arkiv\/wp-json\/wp\/v2\/media?parent=15822"}],"wp:term":[{"taxonomy":"ldo-archive-year","embeddable":true,"href":"https:\/\/ldo.no\/arkiv\/wp-json\/wp\/v2\/ldo-archive-year?post=15822"}],"curies":[{"name":"wp","href":"https:\/\/api.w.org\/{rel}","templated":true}]}}