{"id":15827,"date":"2008-01-01T00:00:00","date_gmt":"2008-01-01T00:00:00","guid":{"rendered":"https:\/\/ldo.local\/arkiv\/klagesaker\/2008-manglende-lonnsforhoyelse-ved-lokale-forhandlinger-hadde-ikke-sammenheng-med-ikke-tilknytting-til-arbeidstakerorganisasjon\/"},"modified":"2008-01-01T00:00:00","modified_gmt":"2008-01-01T00:00:00","slug":"2008-manglende-lonnsforhoyelse-ved-lokale-forhandlinger-hadde-ikke-sammenheng-med-ikke-tilknytting-til-arbeidstakerorganisasjon","status":"publish","type":"ldo-complaint","link":"https:\/\/ldo.no\/arkiv\/klagesaker\/2008-manglende-lonnsforhoyelse-ved-lokale-forhandlinger-hadde-ikke-sammenheng-med-ikke-tilknytting-til-arbeidstakerorganisasjon\/","title":{"rendered":"Manglende l\u00f8nnsforh\u00f8yelse ved lokale forhandlinger hadde ikke sammenheng med ikke-tilknytting til arbeidstakerorganisasjon"},"content":{"rendered":"<article class=\"base-article inside\">\n<header>\n<div class=\"row\">\n<div class=\"col-sm-12\">\n<\/div>\n<\/div>\n<h1>\nManglende l\u00f8nnsforh\u00f8yelse ved lokale forhandlinger hadde ikke sammenheng med ikke-tilknytting til arbeidstakerorganisasjon<br \/>\n<\/h1>\n<\/header>\n<section>\n<section class=\"lead\">\nEn mann tok kontakt med ombudet fordi han mente at han var blitt forskjellsbehandlet ved lokale l\u00f8nnsforhandlinger, fordi han ikke var medlem i en arbeidstakerforening. Ombudet kom frem til at arbeidsgiver ikke hadde lagt vekt p\u00e5 hans manglende fagforeningstilknytning da han ikke fikk samme l\u00f8nnsforh\u00f8yelse som sin kollega som var organisert.<br \/>\n<\/section>\n<section>\n<p>Klager er ansatt i et fengsel. Han hevder at kun ansatte med fagforeningstilknytning ble tilgodesett i l\u00f8nnsforhandlingene. Han viste til at han frem til l\u00f8nnsforhandlingene, fulgte sin kollega B l\u00f8nnsmessig. Klager fremmet selv ikke l\u00f8nnskrav i forbindelse med l\u00f8nnsforhandlingen. Han hevdet at han ikke ble orientert om at han skulle fremme noen l\u00f8nnskrav for \u00e5 bli tatt i betraktning i forhandlingene. Klager viste videre til et skriv fra en av fagforeningene hvor det fremkommer at \u201det viktig prinsipp for foreningen er at de uorganiserte ikke ble tilgodesett. Klager mente at dette skrivet underbygget hans p\u00e5stand om at de ikke-organiserte ikke ble tilgodesett i forhandlingene.<\/p>\n<p>Arbeidsgiver avviste at de uorganiserte ble utelukket i l\u00f8nnsforhandlingene og viste til at lokale oppgj\u00f8r er reelle forhandlinger mellom partene. Det ble vist til at klager ikke fremmet et l\u00f8nnskrav selv og ble heller ikke prioritert av arbeidsgiver. Arbeidsgiver hevdet imidlertid at det ble foretatt en reell vurdering av klager. Videre mente arbeidsgiver det var uriktig at fagforeningen fikk gjennomslag for sitt krav om at de ikke-organiserte ikke skulle tilgodeses i forhandlingene. <\/p>\n<p>Ombudet mener at forskjeller i l\u00f8nn som skyldes organisasjonenes styrke ikke automatisk inneb\u00e6rer ulovlig diskriminering. Videre var l\u00f8nnsforskjellen mellom klager og B ett l\u00f8nnstrinn som er forholdsvis liten. Det at B ble tilgodesett i forhandlingene i motsetning til klager, var videre ikke et moment som underbygger at tilknytning til fagorganisasjon er lagt negativ vekt. Klager fremmet ikke et l\u00f8nnskrav selv. Ombudet mente at han var tilstrekkelig orientert om at adgangen til \u00e5 fremme krav. Dette fordi klager selv hadde lagt frem det lokale l\u00f8nnspolitikk-dokumentet i sin klage. I dette dokumentet ble de ikke-organiserte ansatte orientert om adgangen til \u00e5 fremme l\u00f8nnskrav. <\/p>\n<p>Ombudet mente at det er urimelig \u00e5 p\u00e5regne tilsvarende l\u00f8nnsutvikling som de organiserte, uten \u00e5 medvirke til dette selv. Den enkelte ansatt har ogs\u00e5 selv et ansvar for \u00e5 p\u00e5virke \u00e5 fremme sin egen l\u00f8nnsutvikling. Arbeidsgiver skal legge til rette for at den enkelte har muligheten for \u00e5 fremme krav og vurderte alle ansatte i forhold til l\u00f8nnsforh\u00f8yelse uavhengig av arbeidstakerorganisasjonstilknytning. <\/p>\n<p>Ombudet fant videre ikke grunn til \u00e5 legge vekt p\u00e5 skrivet fra fagforeningen. Ombudet kunne ikke se at skrivet uten videre kunne tolkes dithen at arbeidsgiver har gitt organisasjonene gjennomslag for sitt krav om at uorganiserte ikke skal tilgodeses. Ombudet mente ogs\u00e5 at det ikke er uvanlig at arbeidstakerorganisasjoner gir uttrykk for at ikke-organiserte ikke skal tilgodeses. <\/p>\n<p><strong>Konklusjon:<\/strong><\/p>\n<p>Likestillings- og diskrimineringsombudet konkluderte med at arbeidsgiver ikke hadde handlet i strid med arbeidsmilj\u00f8loven \u00a7 13-1, jf. \u00a7 13-2 fjerde ledd, da klager ikke fikk samme l\u00f8nnsforh\u00f8yelse som sin kollega B.<\/p>\n<p>Diskrimineringsgrunnlag: Medlemskap i arbeidstakerorganisasjon<br \/>Saksnummer: 07\/1934<br \/>Lovanvendelse: . Arbeidsmilj\u00f8loven \u00a7 13-1<br \/><span>Du kan lese hele uttalelsen her<\/span> (PDF).<\/p>\n<\/section>\n<\/section>\n<\/article>\n","protected":false},"excerpt":{"rendered":"<p>En mann tok kontakt med ombudet fordi han mente at han var blitt forskjellsbehandlet ved lokale l\u00f8nnsforhandlinger, fordi han ikke var medlem i en arbeidstakerforening. Ombudet kom frem til at arbeidsgiver ikke hadde lagt vekt p\u00e5 hans manglende fagforeningstilknytning da han ikke fikk samme l\u00f8nnsforh\u00f8yelse som sin kollega som var organisert.<\/p>\n","protected":false},"template":"","meta":{"footnotes":""},"ldo-archive-year":[20],"class_list":["post-15827","ldo-complaint","type-ldo-complaint","status-publish","hentry","ldo-archive-year-20"],"yoast_head":"<!-- This site is optimized with the Yoast SEO plugin v22.9 - https:\/\/yoast.com\/wordpress\/plugins\/seo\/ -->\n<title>Manglende l\u00f8nnsforh\u00f8yelse ved lokale forhandlinger hadde ikke sammenheng med ikke-tilknytting til arbeidstakerorganisasjon - Arkiv<\/title>\n<meta name=\"robots\" content=\"index, follow, max-snippet:-1, max-image-preview:large, max-video-preview:-1\" \/>\n<link rel=\"canonical\" href=\"https:\/\/ldo.no\/arkiv\/klagesaker\/2008-manglende-lonnsforhoyelse-ved-lokale-forhandlinger-hadde-ikke-sammenheng-med-ikke-tilknytting-til-arbeidstakerorganisasjon\/\" \/>\n<meta property=\"og:locale\" content=\"nb_NO\" \/>\n<meta property=\"og:type\" content=\"article\" \/>\n<meta property=\"og:title\" content=\"Manglende l\u00f8nnsforh\u00f8yelse ved lokale forhandlinger hadde ikke sammenheng med ikke-tilknytting til arbeidstakerorganisasjon - Arkiv\" \/>\n<meta property=\"og:description\" content=\"En mann tok kontakt med ombudet fordi han mente at han var blitt forskjellsbehandlet ved lokale l\u00f8nnsforhandlinger, fordi han ikke var medlem i en arbeidstakerforening. Ombudet kom frem til at arbeidsgiver ikke hadde lagt vekt p\u00e5 hans manglende fagforeningstilknytning da han ikke fikk samme l\u00f8nnsforh\u00f8yelse som sin kollega som var organisert.\" \/>\n<meta property=\"og:url\" content=\"https:\/\/ldo.no\/arkiv\/klagesaker\/2008-manglende-lonnsforhoyelse-ved-lokale-forhandlinger-hadde-ikke-sammenheng-med-ikke-tilknytting-til-arbeidstakerorganisasjon\/\" \/>\n<meta property=\"og:site_name\" content=\"Arkiv\" \/>\n<meta name=\"twitter:card\" content=\"summary_large_image\" \/>\n<meta name=\"twitter:label1\" content=\"Ansl. lesetid\" \/>\n\t<meta name=\"twitter:data1\" content=\"3 minutter\" \/>\n<script type=\"application\/ld+json\" class=\"yoast-schema-graph\">{\"@context\":\"https:\/\/schema.org\",\"@graph\":[{\"@type\":\"WebPage\",\"@id\":\"https:\/\/ldo.no\/arkiv\/klagesaker\/2008-manglende-lonnsforhoyelse-ved-lokale-forhandlinger-hadde-ikke-sammenheng-med-ikke-tilknytting-til-arbeidstakerorganisasjon\/\",\"url\":\"https:\/\/ldo.no\/arkiv\/klagesaker\/2008-manglende-lonnsforhoyelse-ved-lokale-forhandlinger-hadde-ikke-sammenheng-med-ikke-tilknytting-til-arbeidstakerorganisasjon\/\",\"name\":\"Manglende l\u00f8nnsforh\u00f8yelse ved lokale forhandlinger hadde ikke sammenheng med ikke-tilknytting til arbeidstakerorganisasjon - Arkiv\",\"isPartOf\":{\"@id\":\"https:\/\/ldo.no\/arkiv\/#website\"},\"datePublished\":\"2008-01-01T00:00:00+00:00\",\"dateModified\":\"2008-01-01T00:00:00+00:00\",\"breadcrumb\":{\"@id\":\"https:\/\/ldo.no\/arkiv\/klagesaker\/2008-manglende-lonnsforhoyelse-ved-lokale-forhandlinger-hadde-ikke-sammenheng-med-ikke-tilknytting-til-arbeidstakerorganisasjon\/#breadcrumb\"},\"inLanguage\":\"nb-NO\",\"potentialAction\":[{\"@type\":\"ReadAction\",\"target\":[\"https:\/\/ldo.no\/arkiv\/klagesaker\/2008-manglende-lonnsforhoyelse-ved-lokale-forhandlinger-hadde-ikke-sammenheng-med-ikke-tilknytting-til-arbeidstakerorganisasjon\/\"]}]},{\"@type\":\"BreadcrumbList\",\"@id\":\"https:\/\/ldo.no\/arkiv\/klagesaker\/2008-manglende-lonnsforhoyelse-ved-lokale-forhandlinger-hadde-ikke-sammenheng-med-ikke-tilknytting-til-arbeidstakerorganisasjon\/#breadcrumb\",\"itemListElement\":[{\"@type\":\"ListItem\",\"position\":1,\"name\":\"Arkiv\",\"item\":\"https:\/\/ldo.no\/arkiv\/\"},{\"@type\":\"ListItem\",\"position\":2,\"name\":\"Klagesaker\",\"item\":\"https:\/\/ldo.no\/arkiv\/?post-type=ldo-complaint\"},{\"@type\":\"ListItem\",\"position\":3,\"name\":\"Manglende l\u00f8nnsforh\u00f8yelse ved lokale forhandlinger hadde ikke sammenheng med ikke-tilknytting til arbeidstakerorganisasjon\"}]},{\"@type\":\"WebSite\",\"@id\":\"https:\/\/ldo.no\/arkiv\/#website\",\"url\":\"https:\/\/ldo.no\/arkiv\/\",\"name\":\"LDO Arkiv\",\"description\":\"Dette er ombudets arkiv. Her finner du klagesaker som ombudet i sin tid behandlet fra 1996 til 2017. Klagesaker utover dette finner du p\u00e5 Diskrimineringsnemndas hjemmeside. P\u00e5 disse arkivsidene finner du ogs\u00e5 eldre h\u00f8ringssvar som strekker seg fra 2023 og tilbake til 2006. Nyere h\u00f8ringssvar finner du p\u00e5 Publikasjoner, som du kan bes\u00f8ke ved \u00e5 klikke p\u00e5 menyknappen \u00f8verst i h\u00f8yre hj\u00f8rne.\",\"publisher\":{\"@id\":\"https:\/\/ldo.no\/arkiv\/#organization\"},\"potentialAction\":[{\"@type\":\"SearchAction\",\"target\":{\"@type\":\"EntryPoint\",\"urlTemplate\":\"https:\/\/ldo.no\/arkiv\/?s={search_term_string}\"},\"query-input\":\"required name=search_term_string\"}],\"inLanguage\":\"nb-NO\"},{\"@type\":\"Organization\",\"@id\":\"https:\/\/ldo.no\/arkiv\/#organization\",\"name\":\"LDO Arkiv\",\"url\":\"https:\/\/ldo.no\/arkiv\/\",\"logo\":{\"@type\":\"ImageObject\",\"inLanguage\":\"nb-NO\",\"@id\":\"https:\/\/ldo.no\/arkiv\/#\/schema\/logo\/image\/\",\"url\":\"https:\/\/ldo.no\/content\/uploads\/sites\/2\/2025\/05\/Property-1Default.svg\",\"contentUrl\":\"https:\/\/ldo.no\/content\/uploads\/sites\/2\/2025\/05\/Property-1Default.svg\",\"caption\":\"LDO Arkiv\"},\"image\":{\"@id\":\"https:\/\/ldo.no\/arkiv\/#\/schema\/logo\/image\/\"}}]}<\/script>\n<!-- \/ Yoast SEO plugin. -->","yoast_head_json":{"title":"Manglende l\u00f8nnsforh\u00f8yelse ved lokale forhandlinger hadde ikke sammenheng med ikke-tilknytting til arbeidstakerorganisasjon - Arkiv","robots":{"index":"index","follow":"follow","max-snippet":"max-snippet:-1","max-image-preview":"max-image-preview:large","max-video-preview":"max-video-preview:-1"},"canonical":"https:\/\/ldo.no\/arkiv\/klagesaker\/2008-manglende-lonnsforhoyelse-ved-lokale-forhandlinger-hadde-ikke-sammenheng-med-ikke-tilknytting-til-arbeidstakerorganisasjon\/","og_locale":"nb_NO","og_type":"article","og_title":"Manglende l\u00f8nnsforh\u00f8yelse ved lokale forhandlinger hadde ikke sammenheng med ikke-tilknytting til arbeidstakerorganisasjon - Arkiv","og_description":"En mann tok kontakt med ombudet fordi han mente at han var blitt forskjellsbehandlet ved lokale l\u00f8nnsforhandlinger, fordi han ikke var medlem i en arbeidstakerforening. Ombudet kom frem til at arbeidsgiver ikke hadde lagt vekt p\u00e5 hans manglende fagforeningstilknytning da han ikke fikk samme l\u00f8nnsforh\u00f8yelse som sin kollega som var organisert.","og_url":"https:\/\/ldo.no\/arkiv\/klagesaker\/2008-manglende-lonnsforhoyelse-ved-lokale-forhandlinger-hadde-ikke-sammenheng-med-ikke-tilknytting-til-arbeidstakerorganisasjon\/","og_site_name":"Arkiv","twitter_card":"summary_large_image","twitter_misc":{"Ansl. lesetid":"3 minutter"},"schema":{"@context":"https:\/\/schema.org","@graph":[{"@type":"WebPage","@id":"https:\/\/ldo.no\/arkiv\/klagesaker\/2008-manglende-lonnsforhoyelse-ved-lokale-forhandlinger-hadde-ikke-sammenheng-med-ikke-tilknytting-til-arbeidstakerorganisasjon\/","url":"https:\/\/ldo.no\/arkiv\/klagesaker\/2008-manglende-lonnsforhoyelse-ved-lokale-forhandlinger-hadde-ikke-sammenheng-med-ikke-tilknytting-til-arbeidstakerorganisasjon\/","name":"Manglende l\u00f8nnsforh\u00f8yelse ved lokale forhandlinger hadde ikke sammenheng med ikke-tilknytting til arbeidstakerorganisasjon - Arkiv","isPartOf":{"@id":"https:\/\/ldo.no\/arkiv\/#website"},"datePublished":"2008-01-01T00:00:00+00:00","dateModified":"2008-01-01T00:00:00+00:00","breadcrumb":{"@id":"https:\/\/ldo.no\/arkiv\/klagesaker\/2008-manglende-lonnsforhoyelse-ved-lokale-forhandlinger-hadde-ikke-sammenheng-med-ikke-tilknytting-til-arbeidstakerorganisasjon\/#breadcrumb"},"inLanguage":"nb-NO","potentialAction":[{"@type":"ReadAction","target":["https:\/\/ldo.no\/arkiv\/klagesaker\/2008-manglende-lonnsforhoyelse-ved-lokale-forhandlinger-hadde-ikke-sammenheng-med-ikke-tilknytting-til-arbeidstakerorganisasjon\/"]}]},{"@type":"BreadcrumbList","@id":"https:\/\/ldo.no\/arkiv\/klagesaker\/2008-manglende-lonnsforhoyelse-ved-lokale-forhandlinger-hadde-ikke-sammenheng-med-ikke-tilknytting-til-arbeidstakerorganisasjon\/#breadcrumb","itemListElement":[{"@type":"ListItem","position":1,"name":"Arkiv","item":"https:\/\/ldo.no\/arkiv\/"},{"@type":"ListItem","position":2,"name":"Klagesaker","item":"https:\/\/ldo.no\/arkiv\/?post-type=ldo-complaint"},{"@type":"ListItem","position":3,"name":"Manglende l\u00f8nnsforh\u00f8yelse ved lokale forhandlinger hadde ikke sammenheng med ikke-tilknytting til arbeidstakerorganisasjon"}]},{"@type":"WebSite","@id":"https:\/\/ldo.no\/arkiv\/#website","url":"https:\/\/ldo.no\/arkiv\/","name":"LDO Arkiv","description":"Dette er ombudets arkiv. Her finner du klagesaker som ombudet i sin tid behandlet fra 1996 til 2017. Klagesaker utover dette finner du p\u00e5 Diskrimineringsnemndas hjemmeside. P\u00e5 disse arkivsidene finner du ogs\u00e5 eldre h\u00f8ringssvar som strekker seg fra 2023 og tilbake til 2006. Nyere h\u00f8ringssvar finner du p\u00e5 Publikasjoner, som du kan bes\u00f8ke ved \u00e5 klikke p\u00e5 menyknappen \u00f8verst i h\u00f8yre hj\u00f8rne.","publisher":{"@id":"https:\/\/ldo.no\/arkiv\/#organization"},"potentialAction":[{"@type":"SearchAction","target":{"@type":"EntryPoint","urlTemplate":"https:\/\/ldo.no\/arkiv\/?s={search_term_string}"},"query-input":"required name=search_term_string"}],"inLanguage":"nb-NO"},{"@type":"Organization","@id":"https:\/\/ldo.no\/arkiv\/#organization","name":"LDO Arkiv","url":"https:\/\/ldo.no\/arkiv\/","logo":{"@type":"ImageObject","inLanguage":"nb-NO","@id":"https:\/\/ldo.no\/arkiv\/#\/schema\/logo\/image\/","url":"https:\/\/ldo.no\/content\/uploads\/sites\/2\/2025\/05\/Property-1Default.svg","contentUrl":"https:\/\/ldo.no\/content\/uploads\/sites\/2\/2025\/05\/Property-1Default.svg","caption":"LDO Arkiv"},"image":{"@id":"https:\/\/ldo.no\/arkiv\/#\/schema\/logo\/image\/"}}]}},"_links":{"self":[{"href":"https:\/\/ldo.no\/arkiv\/wp-json\/wp\/v2\/ldo-complaint\/15827"}],"collection":[{"href":"https:\/\/ldo.no\/arkiv\/wp-json\/wp\/v2\/ldo-complaint"}],"about":[{"href":"https:\/\/ldo.no\/arkiv\/wp-json\/wp\/v2\/types\/ldo-complaint"}],"version-history":[{"count":0,"href":"https:\/\/ldo.no\/arkiv\/wp-json\/wp\/v2\/ldo-complaint\/15827\/revisions"}],"wp:attachment":[{"href":"https:\/\/ldo.no\/arkiv\/wp-json\/wp\/v2\/media?parent=15827"}],"wp:term":[{"taxonomy":"ldo-archive-year","embeddable":true,"href":"https:\/\/ldo.no\/arkiv\/wp-json\/wp\/v2\/ldo-archive-year?post=15827"}],"curies":[{"name":"wp","href":"https:\/\/api.w.org\/{rel}","templated":true}]}}