{"id":15834,"date":"2008-01-01T00:00:00","date_gmt":"2008-01-01T00:00:00","guid":{"rendered":"https:\/\/ldo.local\/arkiv\/klagesaker\/2008-aldersdiskriminering-ved-innkalling-til-intervju\/"},"modified":"2008-01-01T00:00:00","modified_gmt":"2008-01-01T00:00:00","slug":"2008-aldersdiskriminering-ved-innkalling-til-intervju","status":"publish","type":"ldo-complaint","link":"https:\/\/ldo.no\/arkiv\/klagesaker\/2008-aldersdiskriminering-ved-innkalling-til-intervju\/","title":{"rendered":"Aldersdiskriminering ved innkalling til intervju"},"content":{"rendered":"<article class=\"base-article inside\">\n<header>\n<div class=\"row\">\n<div class=\"col-sm-12\">\n<\/div>\n<\/div>\n<h1>\nAldersdiskriminering ved innkalling til intervju<br \/>\n<\/h1>\n<\/header>\n<section>\n<section class=\"lead\">\nEn kvinne klaget til ombudet fordi hun mente at hun var diskriminert p\u00e5 grunn av alder da hun ikke ble innkalt til intervju i forbindelse med at hun s\u00f8kte p\u00e5 en stilling som sekret\u00e6r ved en videreg\u00e5ende skole.<br \/>\n<\/section>\n<section>\nOmbudet fant at skolen ikke handlet i strid med arbeidsmilj\u00f8loven \u00a7 13-1 (1) jf \u00a7 13-2 nr. 1 bokstav a da kvinnen ikke ble innkalt til intervju.<br \/>Ombudet mente at det ikke var grunn til \u00e5 tro at den videreg\u00e5ende skolen hadde lagt negativ vekt p\u00e5 kvinnens alder i strid med arbeidsmilj\u00f8loven. Ombudet la da blant annet til grunn at klager ikke hadde erfaring med det dataprogrammet som skolen i stillingsannonsen hadde etterspurt hos s\u00f8kerne. Videre la ombudet vekt p\u00e5 at det var stor aldersspredning p\u00e5 s\u00f8kerne som ble innkalt til intervju.<br \/>Forskjellen i alder mellom klager og den eldste innkalte s\u00f8ker var bare to \u00e5r.<br \/>Konklusjon: Ikke i strid. <\/p>\n<p><span>Les hele uttalelsen her<\/span> (linken \u00e5pnes i et nytt vindu).<\/p>\n<\/section>\n<\/section>\n<\/article>\n","protected":false},"excerpt":{"rendered":"<p>En kvinne klaget til ombudet fordi hun mente at hun var diskriminert p\u00e5 grunn av alder da hun ikke ble innkalt til intervju i forbindelse med at hun s\u00f8kte p\u00e5 en stilling som sekret\u00e6r ved en videreg\u00e5ende skole.<\/p>\n","protected":false},"template":"","meta":{"footnotes":""},"ldo-archive-year":[20],"class_list":["post-15834","ldo-complaint","type-ldo-complaint","status-publish","hentry","ldo-archive-year-20"],"yoast_head":"<!-- This site is optimized with the Yoast SEO plugin v22.9 - https:\/\/yoast.com\/wordpress\/plugins\/seo\/ -->\n<title>Aldersdiskriminering ved innkalling til intervju - Arkiv<\/title>\n<meta name=\"robots\" content=\"index, follow, max-snippet:-1, max-image-preview:large, max-video-preview:-1\" \/>\n<link rel=\"canonical\" href=\"https:\/\/ldo.no\/arkiv\/klagesaker\/2008-aldersdiskriminering-ved-innkalling-til-intervju\/\" \/>\n<meta property=\"og:locale\" content=\"nb_NO\" \/>\n<meta property=\"og:type\" content=\"article\" \/>\n<meta property=\"og:title\" content=\"Aldersdiskriminering ved innkalling til intervju - Arkiv\" \/>\n<meta property=\"og:description\" content=\"En kvinne klaget til ombudet fordi hun mente at hun var diskriminert p\u00e5 grunn av alder da hun ikke ble innkalt til intervju i forbindelse med at hun s\u00f8kte p\u00e5 en stilling som sekret\u00e6r ved en videreg\u00e5ende skole.\" \/>\n<meta property=\"og:url\" content=\"https:\/\/ldo.no\/arkiv\/klagesaker\/2008-aldersdiskriminering-ved-innkalling-til-intervju\/\" \/>\n<meta property=\"og:site_name\" content=\"Arkiv\" \/>\n<meta name=\"twitter:card\" content=\"summary_large_image\" \/>\n<meta name=\"twitter:label1\" content=\"Ansl. lesetid\" \/>\n\t<meta name=\"twitter:data1\" content=\"1 minutt\" \/>\n<script type=\"application\/ld+json\" class=\"yoast-schema-graph\">{\"@context\":\"https:\/\/schema.org\",\"@graph\":[{\"@type\":\"WebPage\",\"@id\":\"https:\/\/ldo.no\/arkiv\/klagesaker\/2008-aldersdiskriminering-ved-innkalling-til-intervju\/\",\"url\":\"https:\/\/ldo.no\/arkiv\/klagesaker\/2008-aldersdiskriminering-ved-innkalling-til-intervju\/\",\"name\":\"Aldersdiskriminering ved innkalling til intervju - Arkiv\",\"isPartOf\":{\"@id\":\"https:\/\/ldo.no\/arkiv\/#website\"},\"datePublished\":\"2008-01-01T00:00:00+00:00\",\"dateModified\":\"2008-01-01T00:00:00+00:00\",\"breadcrumb\":{\"@id\":\"https:\/\/ldo.no\/arkiv\/klagesaker\/2008-aldersdiskriminering-ved-innkalling-til-intervju\/#breadcrumb\"},\"inLanguage\":\"nb-NO\",\"potentialAction\":[{\"@type\":\"ReadAction\",\"target\":[\"https:\/\/ldo.no\/arkiv\/klagesaker\/2008-aldersdiskriminering-ved-innkalling-til-intervju\/\"]}]},{\"@type\":\"BreadcrumbList\",\"@id\":\"https:\/\/ldo.no\/arkiv\/klagesaker\/2008-aldersdiskriminering-ved-innkalling-til-intervju\/#breadcrumb\",\"itemListElement\":[{\"@type\":\"ListItem\",\"position\":1,\"name\":\"Arkiv\",\"item\":\"https:\/\/ldo.no\/arkiv\/\"},{\"@type\":\"ListItem\",\"position\":2,\"name\":\"Klagesaker\",\"item\":\"https:\/\/ldo.no\/arkiv\/?post-type=ldo-complaint\"},{\"@type\":\"ListItem\",\"position\":3,\"name\":\"Aldersdiskriminering ved innkalling til intervju\"}]},{\"@type\":\"WebSite\",\"@id\":\"https:\/\/ldo.no\/arkiv\/#website\",\"url\":\"https:\/\/ldo.no\/arkiv\/\",\"name\":\"LDO Arkiv\",\"description\":\"Dette er ombudets arkiv. Her finner du klagesaker som ombudet i sin tid behandlet fra 1996 til 2017. Klagesaker utover dette finner du p\u00e5 Diskrimineringsnemndas hjemmeside. P\u00e5 disse arkivsidene finner du ogs\u00e5 eldre h\u00f8ringssvar som strekker seg fra 2023 og tilbake til 2006. Nyere h\u00f8ringssvar finner du p\u00e5 Publikasjoner, som du kan bes\u00f8ke ved \u00e5 klikke p\u00e5 menyknappen \u00f8verst i h\u00f8yre hj\u00f8rne.\",\"publisher\":{\"@id\":\"https:\/\/ldo.no\/arkiv\/#organization\"},\"potentialAction\":[{\"@type\":\"SearchAction\",\"target\":{\"@type\":\"EntryPoint\",\"urlTemplate\":\"https:\/\/ldo.no\/arkiv\/?s={search_term_string}\"},\"query-input\":\"required name=search_term_string\"}],\"inLanguage\":\"nb-NO\"},{\"@type\":\"Organization\",\"@id\":\"https:\/\/ldo.no\/arkiv\/#organization\",\"name\":\"LDO Arkiv\",\"url\":\"https:\/\/ldo.no\/arkiv\/\",\"logo\":{\"@type\":\"ImageObject\",\"inLanguage\":\"nb-NO\",\"@id\":\"https:\/\/ldo.no\/arkiv\/#\/schema\/logo\/image\/\",\"url\":\"https:\/\/ldo.no\/content\/uploads\/sites\/2\/2025\/05\/Property-1Default.svg\",\"contentUrl\":\"https:\/\/ldo.no\/content\/uploads\/sites\/2\/2025\/05\/Property-1Default.svg\",\"caption\":\"LDO Arkiv\"},\"image\":{\"@id\":\"https:\/\/ldo.no\/arkiv\/#\/schema\/logo\/image\/\"}}]}<\/script>\n<!-- \/ Yoast SEO plugin. -->","yoast_head_json":{"title":"Aldersdiskriminering ved innkalling til intervju - Arkiv","robots":{"index":"index","follow":"follow","max-snippet":"max-snippet:-1","max-image-preview":"max-image-preview:large","max-video-preview":"max-video-preview:-1"},"canonical":"https:\/\/ldo.no\/arkiv\/klagesaker\/2008-aldersdiskriminering-ved-innkalling-til-intervju\/","og_locale":"nb_NO","og_type":"article","og_title":"Aldersdiskriminering ved innkalling til intervju - Arkiv","og_description":"En kvinne klaget til ombudet fordi hun mente at hun var diskriminert p\u00e5 grunn av alder da hun ikke ble innkalt til intervju i forbindelse med at hun s\u00f8kte p\u00e5 en stilling som sekret\u00e6r ved en videreg\u00e5ende skole.","og_url":"https:\/\/ldo.no\/arkiv\/klagesaker\/2008-aldersdiskriminering-ved-innkalling-til-intervju\/","og_site_name":"Arkiv","twitter_card":"summary_large_image","twitter_misc":{"Ansl. lesetid":"1 minutt"},"schema":{"@context":"https:\/\/schema.org","@graph":[{"@type":"WebPage","@id":"https:\/\/ldo.no\/arkiv\/klagesaker\/2008-aldersdiskriminering-ved-innkalling-til-intervju\/","url":"https:\/\/ldo.no\/arkiv\/klagesaker\/2008-aldersdiskriminering-ved-innkalling-til-intervju\/","name":"Aldersdiskriminering ved innkalling til intervju - Arkiv","isPartOf":{"@id":"https:\/\/ldo.no\/arkiv\/#website"},"datePublished":"2008-01-01T00:00:00+00:00","dateModified":"2008-01-01T00:00:00+00:00","breadcrumb":{"@id":"https:\/\/ldo.no\/arkiv\/klagesaker\/2008-aldersdiskriminering-ved-innkalling-til-intervju\/#breadcrumb"},"inLanguage":"nb-NO","potentialAction":[{"@type":"ReadAction","target":["https:\/\/ldo.no\/arkiv\/klagesaker\/2008-aldersdiskriminering-ved-innkalling-til-intervju\/"]}]},{"@type":"BreadcrumbList","@id":"https:\/\/ldo.no\/arkiv\/klagesaker\/2008-aldersdiskriminering-ved-innkalling-til-intervju\/#breadcrumb","itemListElement":[{"@type":"ListItem","position":1,"name":"Arkiv","item":"https:\/\/ldo.no\/arkiv\/"},{"@type":"ListItem","position":2,"name":"Klagesaker","item":"https:\/\/ldo.no\/arkiv\/?post-type=ldo-complaint"},{"@type":"ListItem","position":3,"name":"Aldersdiskriminering ved innkalling til intervju"}]},{"@type":"WebSite","@id":"https:\/\/ldo.no\/arkiv\/#website","url":"https:\/\/ldo.no\/arkiv\/","name":"LDO Arkiv","description":"Dette er ombudets arkiv. Her finner du klagesaker som ombudet i sin tid behandlet fra 1996 til 2017. Klagesaker utover dette finner du p\u00e5 Diskrimineringsnemndas hjemmeside. P\u00e5 disse arkivsidene finner du ogs\u00e5 eldre h\u00f8ringssvar som strekker seg fra 2023 og tilbake til 2006. Nyere h\u00f8ringssvar finner du p\u00e5 Publikasjoner, som du kan bes\u00f8ke ved \u00e5 klikke p\u00e5 menyknappen \u00f8verst i h\u00f8yre hj\u00f8rne.","publisher":{"@id":"https:\/\/ldo.no\/arkiv\/#organization"},"potentialAction":[{"@type":"SearchAction","target":{"@type":"EntryPoint","urlTemplate":"https:\/\/ldo.no\/arkiv\/?s={search_term_string}"},"query-input":"required name=search_term_string"}],"inLanguage":"nb-NO"},{"@type":"Organization","@id":"https:\/\/ldo.no\/arkiv\/#organization","name":"LDO Arkiv","url":"https:\/\/ldo.no\/arkiv\/","logo":{"@type":"ImageObject","inLanguage":"nb-NO","@id":"https:\/\/ldo.no\/arkiv\/#\/schema\/logo\/image\/","url":"https:\/\/ldo.no\/content\/uploads\/sites\/2\/2025\/05\/Property-1Default.svg","contentUrl":"https:\/\/ldo.no\/content\/uploads\/sites\/2\/2025\/05\/Property-1Default.svg","caption":"LDO Arkiv"},"image":{"@id":"https:\/\/ldo.no\/arkiv\/#\/schema\/logo\/image\/"}}]}},"_links":{"self":[{"href":"https:\/\/ldo.no\/arkiv\/wp-json\/wp\/v2\/ldo-complaint\/15834"}],"collection":[{"href":"https:\/\/ldo.no\/arkiv\/wp-json\/wp\/v2\/ldo-complaint"}],"about":[{"href":"https:\/\/ldo.no\/arkiv\/wp-json\/wp\/v2\/types\/ldo-complaint"}],"version-history":[{"count":0,"href":"https:\/\/ldo.no\/arkiv\/wp-json\/wp\/v2\/ldo-complaint\/15834\/revisions"}],"wp:attachment":[{"href":"https:\/\/ldo.no\/arkiv\/wp-json\/wp\/v2\/media?parent=15834"}],"wp:term":[{"taxonomy":"ldo-archive-year","embeddable":true,"href":"https:\/\/ldo.no\/arkiv\/wp-json\/wp\/v2\/ldo-archive-year?post=15834"}],"curies":[{"name":"wp","href":"https:\/\/api.w.org\/{rel}","templated":true}]}}