{"id":15836,"date":"2008-01-01T00:00:00","date_gmt":"2008-01-01T00:00:00","guid":{"rendered":"https:\/\/ldo.local\/arkiv\/klagesaker\/2008-uttalelse-sporsmal-om-diskriminering-av-en-kvinne-pa-grunn-av-etnisitet-ogeller-alder\/"},"modified":"2008-01-01T00:00:00","modified_gmt":"2008-01-01T00:00:00","slug":"2008-uttalelse-sporsmal-om-diskriminering-av-en-kvinne-pa-grunn-av-etnisitet-ogeller-alder","status":"publish","type":"ldo-complaint","link":"https:\/\/ldo.no\/arkiv\/klagesaker\/2008-uttalelse-sporsmal-om-diskriminering-av-en-kvinne-pa-grunn-av-etnisitet-ogeller-alder\/","title":{"rendered":"Sp\u00f8rsm\u00e5l om diskriminering av en kvinne p\u00e5 grunn av etnisitet og\/eller alder"},"content":{"rendered":"<article class=\"base-article inside\">\n<header>\n<div class=\"row\">\n<div class=\"col-sm-12\">\n<\/div>\n<\/div>\n<h1>\nSp\u00f8rsm\u00e5l om diskriminering av en kvinne p\u00e5 grunn av etnisitet og\/eller alder<br \/>\n<\/h1>\n<\/header>\n<section>\n<section class=\"lead\">\nEn kvinne av utenlandsk opprinnelse klaget fordi hun mente seg diskriminert av arbeidsgiveren p\u00e5 grunn av hennes etniske bakgrunn\/nasjonale opprinnelse og\/ eller hennes alder.<br \/>\n<\/section>\n<section>\n<p>Kvinnen hadde f\u00f8rst v\u00e6rt innleid gjennom et vikarbyr\u00e5, og fikk fast ansettelse i selskapet 11\u00bd m\u00e5neder senere. Kvinnen sammenlignet sin situasjon med situasjonen til tre kollegaer i selskapet som fikk fast ansettelse raskere enn henne. Disse hadde v\u00e6rt innleid omtrent p\u00e5 samme tidspunkt som kvinnen. All tre var norske og vesentlig yngre enn kvinnen. I f\u00f8lge kvinnen hadde diskrimineringen skjedd ved (1) at hun fikk fast ansettelse flere m\u00e5neder senere, og at hun dessuten m\u00e5tte best\u00e5 en seks m\u00e5neders pr\u00f8vetid, (2) at hun ble forbig\u00e5tt i forhold til to stillinger, (3) at hun hadde f\u00e5tt mindre oppl\u00e6ring enn en kollega, og (4) at hun tjente mindre enn andre i selskapet, herunder disse nevnte kollegaer. <\/p>\n<p>Ombudet fant at ingen av disse forholdene ga grunn til \u00e5 tro at kvinnen hadde blitt utsatt for diskriminering. <\/p>\n<p>N\u00e5r det gjaldt tidspunktet og vilk\u00e5rene for kvinnens faste ansettelse mente ombudet at tidspunktet og vilk\u00e5rene for tilbudet verken hadde noen sammenheng med kvinnens etniske bakgrunn\/nasjonale opprinnelse, eller hennes alder. Avdelingen hvor kvinnen f\u00f8rst hadde fungert, hadde nemlig v\u00e6rt ment til \u00e5 v\u00e6re midlertidig. Ett \u00e5r senere, da den midlertidige avdelingen ble stengt, fikk kvinnen et tilbud om en fast stilling som hun takket ja til. Denne stillingen var i en annen avdeling, og innebar en kombinasjon av gamle og nye oppgaver. Disse stemte overens b\u00e5de med kvinnens profesjonelle erfaring og det faktum at hun hadde bedt om \u00e5 drive med spesielle oppgaver. I og med at dette var en ny stilling mente ogs\u00e5 ombudet at pr\u00f8vetidskravet var rimelig. <\/p>\n<p>N\u00e5r det gjelder anf\u00f8rselen om forbig\u00e5else, konstaterte ombudet at kvinnen ikke hadde dokumentert at hun hadde formelle kvalifikasjoner eller profesjonell erfaring som var relevant. Ombudet s\u00e5 derfor ikke grunn til \u00e5 overpr\u00f8ve selskapets valg om \u00e5 tilby stillingene til andre kollegaer som selskapet mente var bedre kvalifisert.<\/p>\n<p>N\u00e5r det gjaldt oppl\u00e6ring, fant ombudet at det spesielle seminaret som kvinnen mente seg forbig\u00e5tt fra, kun var ment for ansatte i en spesiell stilling. I og med at kvinnen hadde en helt annen stilling, hadde hun ikke krav p\u00e5 \u00e5 delta i denne undervisningen.<\/p>\n<p>N\u00e5r det gjaldt kvinnens l\u00f8nn, fant ombudet at kvinnen ved fast ansettelse hadde f\u00e5tt en betydelig l\u00f8nns\u00f8kning i forhold til l\u00f8nnen til den som hadde hatt stillingen f\u00f8r kvinnen. Ombudet fant ikke at det var relevant \u00e5 sammenligne kvinnens avl\u00f8nning med hva andre ansatte tjente i andre stillinger.<\/p>\n<p><span>Les hele uttalelsen her<\/span>.<\/p>\n<\/section>\n<\/section>\n<\/article>\n","protected":false},"excerpt":{"rendered":"<p>En kvinne av utenlandsk opprinnelse klaget fordi hun mente seg diskriminert av arbeidsgiveren p\u00e5 grunn av hennes etniske bakgrunn\/nasjonale opprinnelse og\/ eller hennes alder.<\/p>\n","protected":false},"template":"","meta":{"footnotes":""},"ldo-archive-year":[20],"class_list":["post-15836","ldo-complaint","type-ldo-complaint","status-publish","hentry","ldo-archive-year-20"],"yoast_head":"<!-- This site is optimized with the Yoast SEO plugin v22.9 - https:\/\/yoast.com\/wordpress\/plugins\/seo\/ -->\n<title>Sp\u00f8rsm\u00e5l om diskriminering av en kvinne p\u00e5 grunn av etnisitet og\/eller alder - Arkiv<\/title>\n<meta name=\"robots\" content=\"index, follow, max-snippet:-1, max-image-preview:large, max-video-preview:-1\" \/>\n<link rel=\"canonical\" href=\"https:\/\/ldo.no\/arkiv\/klagesaker\/2008-uttalelse-sporsmal-om-diskriminering-av-en-kvinne-pa-grunn-av-etnisitet-ogeller-alder\/\" \/>\n<meta property=\"og:locale\" content=\"nb_NO\" \/>\n<meta property=\"og:type\" content=\"article\" \/>\n<meta property=\"og:title\" content=\"Sp\u00f8rsm\u00e5l om diskriminering av en kvinne p\u00e5 grunn av etnisitet og\/eller alder - Arkiv\" \/>\n<meta property=\"og:description\" content=\"En kvinne av utenlandsk opprinnelse klaget fordi hun mente seg diskriminert av arbeidsgiveren p\u00e5 grunn av hennes etniske bakgrunn\/nasjonale opprinnelse og\/ eller hennes alder.\" \/>\n<meta property=\"og:url\" content=\"https:\/\/ldo.no\/arkiv\/klagesaker\/2008-uttalelse-sporsmal-om-diskriminering-av-en-kvinne-pa-grunn-av-etnisitet-ogeller-alder\/\" \/>\n<meta property=\"og:site_name\" content=\"Arkiv\" \/>\n<meta name=\"twitter:card\" content=\"summary_large_image\" \/>\n<meta name=\"twitter:label1\" content=\"Ansl. lesetid\" \/>\n\t<meta name=\"twitter:data1\" content=\"2 minutter\" \/>\n<script type=\"application\/ld+json\" class=\"yoast-schema-graph\">{\"@context\":\"https:\/\/schema.org\",\"@graph\":[{\"@type\":\"WebPage\",\"@id\":\"https:\/\/ldo.no\/arkiv\/klagesaker\/2008-uttalelse-sporsmal-om-diskriminering-av-en-kvinne-pa-grunn-av-etnisitet-ogeller-alder\/\",\"url\":\"https:\/\/ldo.no\/arkiv\/klagesaker\/2008-uttalelse-sporsmal-om-diskriminering-av-en-kvinne-pa-grunn-av-etnisitet-ogeller-alder\/\",\"name\":\"Sp\u00f8rsm\u00e5l om diskriminering av en kvinne p\u00e5 grunn av etnisitet og\/eller alder - Arkiv\",\"isPartOf\":{\"@id\":\"https:\/\/ldo.no\/arkiv\/#website\"},\"datePublished\":\"2008-01-01T00:00:00+00:00\",\"dateModified\":\"2008-01-01T00:00:00+00:00\",\"breadcrumb\":{\"@id\":\"https:\/\/ldo.no\/arkiv\/klagesaker\/2008-uttalelse-sporsmal-om-diskriminering-av-en-kvinne-pa-grunn-av-etnisitet-ogeller-alder\/#breadcrumb\"},\"inLanguage\":\"nb-NO\",\"potentialAction\":[{\"@type\":\"ReadAction\",\"target\":[\"https:\/\/ldo.no\/arkiv\/klagesaker\/2008-uttalelse-sporsmal-om-diskriminering-av-en-kvinne-pa-grunn-av-etnisitet-ogeller-alder\/\"]}]},{\"@type\":\"BreadcrumbList\",\"@id\":\"https:\/\/ldo.no\/arkiv\/klagesaker\/2008-uttalelse-sporsmal-om-diskriminering-av-en-kvinne-pa-grunn-av-etnisitet-ogeller-alder\/#breadcrumb\",\"itemListElement\":[{\"@type\":\"ListItem\",\"position\":1,\"name\":\"Arkiv\",\"item\":\"https:\/\/ldo.no\/arkiv\/\"},{\"@type\":\"ListItem\",\"position\":2,\"name\":\"Klagesaker\",\"item\":\"https:\/\/ldo.no\/arkiv\/?post-type=ldo-complaint\"},{\"@type\":\"ListItem\",\"position\":3,\"name\":\"Sp\u00f8rsm\u00e5l om diskriminering av en kvinne p\u00e5 grunn av etnisitet og\/eller alder\"}]},{\"@type\":\"WebSite\",\"@id\":\"https:\/\/ldo.no\/arkiv\/#website\",\"url\":\"https:\/\/ldo.no\/arkiv\/\",\"name\":\"LDO Arkiv\",\"description\":\"Dette er ombudets arkiv. Her finner du klagesaker som ombudet i sin tid behandlet fra 1996 til 2017. Klagesaker utover dette finner du p\u00e5 Diskrimineringsnemndas hjemmeside. P\u00e5 disse arkivsidene finner du ogs\u00e5 eldre h\u00f8ringssvar som strekker seg fra 2023 og tilbake til 2006. Nyere h\u00f8ringssvar finner du p\u00e5 Publikasjoner, som du kan bes\u00f8ke ved \u00e5 klikke p\u00e5 menyknappen \u00f8verst i h\u00f8yre hj\u00f8rne.\",\"publisher\":{\"@id\":\"https:\/\/ldo.no\/arkiv\/#organization\"},\"potentialAction\":[{\"@type\":\"SearchAction\",\"target\":{\"@type\":\"EntryPoint\",\"urlTemplate\":\"https:\/\/ldo.no\/arkiv\/?s={search_term_string}\"},\"query-input\":\"required name=search_term_string\"}],\"inLanguage\":\"nb-NO\"},{\"@type\":\"Organization\",\"@id\":\"https:\/\/ldo.no\/arkiv\/#organization\",\"name\":\"LDO Arkiv\",\"url\":\"https:\/\/ldo.no\/arkiv\/\",\"logo\":{\"@type\":\"ImageObject\",\"inLanguage\":\"nb-NO\",\"@id\":\"https:\/\/ldo.no\/arkiv\/#\/schema\/logo\/image\/\",\"url\":\"https:\/\/ldo.no\/content\/uploads\/sites\/2\/2025\/05\/Property-1Default.svg\",\"contentUrl\":\"https:\/\/ldo.no\/content\/uploads\/sites\/2\/2025\/05\/Property-1Default.svg\",\"caption\":\"LDO Arkiv\"},\"image\":{\"@id\":\"https:\/\/ldo.no\/arkiv\/#\/schema\/logo\/image\/\"}}]}<\/script>\n<!-- \/ Yoast SEO plugin. -->","yoast_head_json":{"title":"Sp\u00f8rsm\u00e5l om diskriminering av en kvinne p\u00e5 grunn av etnisitet og\/eller alder - Arkiv","robots":{"index":"index","follow":"follow","max-snippet":"max-snippet:-1","max-image-preview":"max-image-preview:large","max-video-preview":"max-video-preview:-1"},"canonical":"https:\/\/ldo.no\/arkiv\/klagesaker\/2008-uttalelse-sporsmal-om-diskriminering-av-en-kvinne-pa-grunn-av-etnisitet-ogeller-alder\/","og_locale":"nb_NO","og_type":"article","og_title":"Sp\u00f8rsm\u00e5l om diskriminering av en kvinne p\u00e5 grunn av etnisitet og\/eller alder - Arkiv","og_description":"En kvinne av utenlandsk opprinnelse klaget fordi hun mente seg diskriminert av arbeidsgiveren p\u00e5 grunn av hennes etniske bakgrunn\/nasjonale opprinnelse og\/ eller hennes alder.","og_url":"https:\/\/ldo.no\/arkiv\/klagesaker\/2008-uttalelse-sporsmal-om-diskriminering-av-en-kvinne-pa-grunn-av-etnisitet-ogeller-alder\/","og_site_name":"Arkiv","twitter_card":"summary_large_image","twitter_misc":{"Ansl. lesetid":"2 minutter"},"schema":{"@context":"https:\/\/schema.org","@graph":[{"@type":"WebPage","@id":"https:\/\/ldo.no\/arkiv\/klagesaker\/2008-uttalelse-sporsmal-om-diskriminering-av-en-kvinne-pa-grunn-av-etnisitet-ogeller-alder\/","url":"https:\/\/ldo.no\/arkiv\/klagesaker\/2008-uttalelse-sporsmal-om-diskriminering-av-en-kvinne-pa-grunn-av-etnisitet-ogeller-alder\/","name":"Sp\u00f8rsm\u00e5l om diskriminering av en kvinne p\u00e5 grunn av etnisitet og\/eller alder - Arkiv","isPartOf":{"@id":"https:\/\/ldo.no\/arkiv\/#website"},"datePublished":"2008-01-01T00:00:00+00:00","dateModified":"2008-01-01T00:00:00+00:00","breadcrumb":{"@id":"https:\/\/ldo.no\/arkiv\/klagesaker\/2008-uttalelse-sporsmal-om-diskriminering-av-en-kvinne-pa-grunn-av-etnisitet-ogeller-alder\/#breadcrumb"},"inLanguage":"nb-NO","potentialAction":[{"@type":"ReadAction","target":["https:\/\/ldo.no\/arkiv\/klagesaker\/2008-uttalelse-sporsmal-om-diskriminering-av-en-kvinne-pa-grunn-av-etnisitet-ogeller-alder\/"]}]},{"@type":"BreadcrumbList","@id":"https:\/\/ldo.no\/arkiv\/klagesaker\/2008-uttalelse-sporsmal-om-diskriminering-av-en-kvinne-pa-grunn-av-etnisitet-ogeller-alder\/#breadcrumb","itemListElement":[{"@type":"ListItem","position":1,"name":"Arkiv","item":"https:\/\/ldo.no\/arkiv\/"},{"@type":"ListItem","position":2,"name":"Klagesaker","item":"https:\/\/ldo.no\/arkiv\/?post-type=ldo-complaint"},{"@type":"ListItem","position":3,"name":"Sp\u00f8rsm\u00e5l om diskriminering av en kvinne p\u00e5 grunn av etnisitet og\/eller alder"}]},{"@type":"WebSite","@id":"https:\/\/ldo.no\/arkiv\/#website","url":"https:\/\/ldo.no\/arkiv\/","name":"LDO Arkiv","description":"Dette er ombudets arkiv. Her finner du klagesaker som ombudet i sin tid behandlet fra 1996 til 2017. Klagesaker utover dette finner du p\u00e5 Diskrimineringsnemndas hjemmeside. P\u00e5 disse arkivsidene finner du ogs\u00e5 eldre h\u00f8ringssvar som strekker seg fra 2023 og tilbake til 2006. Nyere h\u00f8ringssvar finner du p\u00e5 Publikasjoner, som du kan bes\u00f8ke ved \u00e5 klikke p\u00e5 menyknappen \u00f8verst i h\u00f8yre hj\u00f8rne.","publisher":{"@id":"https:\/\/ldo.no\/arkiv\/#organization"},"potentialAction":[{"@type":"SearchAction","target":{"@type":"EntryPoint","urlTemplate":"https:\/\/ldo.no\/arkiv\/?s={search_term_string}"},"query-input":"required name=search_term_string"}],"inLanguage":"nb-NO"},{"@type":"Organization","@id":"https:\/\/ldo.no\/arkiv\/#organization","name":"LDO Arkiv","url":"https:\/\/ldo.no\/arkiv\/","logo":{"@type":"ImageObject","inLanguage":"nb-NO","@id":"https:\/\/ldo.no\/arkiv\/#\/schema\/logo\/image\/","url":"https:\/\/ldo.no\/content\/uploads\/sites\/2\/2025\/05\/Property-1Default.svg","contentUrl":"https:\/\/ldo.no\/content\/uploads\/sites\/2\/2025\/05\/Property-1Default.svg","caption":"LDO Arkiv"},"image":{"@id":"https:\/\/ldo.no\/arkiv\/#\/schema\/logo\/image\/"}}]}},"_links":{"self":[{"href":"https:\/\/ldo.no\/arkiv\/wp-json\/wp\/v2\/ldo-complaint\/15836"}],"collection":[{"href":"https:\/\/ldo.no\/arkiv\/wp-json\/wp\/v2\/ldo-complaint"}],"about":[{"href":"https:\/\/ldo.no\/arkiv\/wp-json\/wp\/v2\/types\/ldo-complaint"}],"version-history":[{"count":0,"href":"https:\/\/ldo.no\/arkiv\/wp-json\/wp\/v2\/ldo-complaint\/15836\/revisions"}],"wp:attachment":[{"href":"https:\/\/ldo.no\/arkiv\/wp-json\/wp\/v2\/media?parent=15836"}],"wp:term":[{"taxonomy":"ldo-archive-year","embeddable":true,"href":"https:\/\/ldo.no\/arkiv\/wp-json\/wp\/v2\/ldo-archive-year?post=15836"}],"curies":[{"name":"wp","href":"https:\/\/api.w.org\/{rel}","templated":true}]}}