{"id":16319,"date":"2021-01-01T00:00:00","date_gmt":"2021-01-01T00:00:00","guid":{"rendered":"https:\/\/ldo.local\/arkiv\/hoyringar\/2021-horing-pa-arbeidsgrupperapporten-om-utredning-av-pensjon-fra-forste-krone-og-forste-dag\/"},"modified":"2021-01-01T00:00:00","modified_gmt":"2021-01-01T00:00:00","slug":"2021-horing-pa-arbeidsgrupperapporten-om-utredning-av-pensjon-fra-forste-krone-og-forste-dag","status":"publish","type":"ldo-hearing","link":"https:\/\/ldo.no\/arkiv\/hoyringar\/2021-horing-pa-arbeidsgrupperapporten-om-utredning-av-pensjon-fra-forste-krone-og-forste-dag\/","title":{"rendered":"H\u00f8ring p\u00e5 arbeidsgrupperapporten om utredning av pensjon fra f\u00f8rste krone og f\u00f8rste dag"},"content":{"rendered":"<div class=\"articlepagenew\">\n<div class=\"container\">\n<div class=\"row\">\n<div class=\"col-sm-12 col-md-8\">\n<article>\n<div class=\"block block-container\">\n<div class=\"row\">\n<div class=\"block editorialblock col-sm-12 full\">\n<div class=\"editorial-block article block-container\">\n<h2><span lang=\"NO-BOK\">H\u00f8ring p\u00e5 arbeidsgrupperapporten om utredning av pensjon fra f\u00f8rste krone og f\u00f8rste dag<\/span><\/h2>\n<p>Likestillings- og diskrimineringsombudet har som mandat \u00e5 arbeide for likestilling og mot diskriminering p\u00e5 grunnlag av blant annet kj\u00f8nn, etnisitet, religion, alder, seksuell orientering, kj\u00f8nnsidentitet, kj\u00f8nnsuttrykk og nedsatt funksjonsevne. Ombudet f\u00f8rer ogs\u00e5 tilsyn med at norsk rett og forvaltningspraksis er i samsvar med de forpliktelsene Norge har etter FNs konvensjon for rettigheter til personer med nedsatt funksjonsevne, rasediskrimineringskonvensjonen og kvinnekonvensjonen. <\/p>\n<p>Ombudet viser til h\u00f8ringen p\u00e5 rapporten om pensjon fra f\u00f8rste krone og f\u00f8rste dag.<\/p>\n<p>Nedenfor f\u00f8lger ombudets svar p\u00e5 h\u00f8ringen. <\/p>\n<h3>Innledende betraktninger <\/h3>\n<p>I norsk arbeidsliv er det mange kvinner, b\u00e5de med etnisk norsk og annen etnisk bakgrunn som jobber i deltidsstillinger og\/eller i lavtl\u00f8nnsyrker i det private n\u00e6ringsliv.<\/p>\n<p>En slik arbeidssituasjon kan gj\u00f8re det utfordrende \u00e5 ha tilstrekkelig inntjening til \u00e5 kunne oppn\u00e5 \u00f8konomisk uavhengighet, s\u00e6rlig som pensjonist. Flere akt\u00f8rer har de siste \u00e5rene i \u00f8kende grad blitt opptatt av de \u00f8konomiske forskjellene mellom kvinner og menn og hvilke utfordringer det gir. Det er viktig at pensjonssystemet er innrettet slik at det i st\u00f8rst mulig grad bidrar til \u00f8konomisk likestilling mellom kvinner og menn.<\/p>\n<p>Store deler av varehandel, hotell- og serveringsbransjen baserer seg p\u00e5 ung arbeidskraft. \u00c5 innrette pensjonsordningene med et blikk p\u00e5 unges mulighet til \u00e5 f\u00e5 samme \u00f8konomiske betingelser i sitt arbeidsforhold som eldre kolleger, er et likestilingspolitisk tiltak n\u00e5r det gjelder alder.<\/p>\n<h3>Pensjon fra f\u00f8rste krone og f\u00f8rste dag<\/h3>\n<p>Ombudet \u00f8nsker en pensjonsordning som bidrar til at grupper som i dag har lav l\u00f8nn gjennom sitt yrkesliv og\/eller jobber i sm\u00e5 deltidsstillinger skal f\u00e5 \u00f8kte muligheter til \u00e5 opptjene pensjon. Ombudet er ogs\u00e5 opptatt av at unge arbeidstakere skal ha lik mulighet som sine eldre kolleger til \u00e5 opptjene pensjon.<\/p>\n<p>Pensjon fra f\u00f8rste krone og f\u00f8rste dag h\u00f8res i f\u00f8rste omgang ut som en god l\u00f8sning.<\/p>\n<p>Slik vi ser det ligger utfordringen i hvordan de \u00f8konomiske aspektene av utvidelsen h\u00e5ndteres, og vi registrerer uenigheten mellom arbeidsgiversiden og arbeidstakersiden om hvem som skal v\u00e6re ansvarlig for kostnadene.<\/p>\n<h3>\u00d8konomiske konsekvenser for arbeidstakere og virksomheter<\/h3>\n<p>Arbeidsgruppen har i sitt mandat f\u00e5tt i oppdrag \u00e5 vise hvilke \u00f8konomiske konsekvenser ulike endringer i pensjonsordningen vil medf\u00f8re.<\/p>\n<p>Her fremkommer b\u00e5de beregninger for modeller der arbeidstaker m\u00e5 bidra med \u00f8kt innbetaling og ordninger der arbeidsgiver f\u00e5r \u00f8kte utgifter. I tillegg vies relativt stor plass til beskrivelse av en kostnadsn\u00f8ytral modell.<\/p>\n<p>For ombudet er det viktig at man i det videre arbeidet gj\u00f8r grundige vurderinger av de langsiktige konsekvensene av en endring i pensjonsordningen. Hvis regningen for endringer i ordningen prim\u00e6rt legges p\u00e5 de ansatte gjennom lavere l\u00f8nns\u00f8kning og\/eller lavere opptjening for de med l\u00f8nn over 6 G, kan det gi u\u00f8nskete langsiktige effekter der arbeidstakere i privat sektor f\u00e5r en forverret \u00f8konomisk situasjon n\u00e5r tanken var \u00e5 forbedre situasjonen.<\/p>\n<h3>Arbeidsmarkedskonsekvenser<\/h3>\n<p>Arbeidsgruppen peker p\u00e5 at en effekt av endringene kan v\u00e6re at virksomheter tilpasser arbeidsstokken til ny pensjonsordning for eksempel gjennom \u00e5 ha f\u00e6rre ansatte i deltidsstillinger. I Norge er vi opptatt av en heltidskultur, og for flere ansatte kan det v\u00e6re gunstig at arbeidsgiver \u00f8nsker at de jobber i st\u00f8rre stillingsprosenter. Men som arbeidsgruppen p\u00e5peker, kan det redusere muligheten til deltakelse i arbeidslivet for grupper som har behov for \u00e5 jobbe deltid. Dette er en uheldig virkning.<\/p>\n<p>Sett fra ombudets st\u00e5sted, er det behov for \u00e5 gj\u00f8re ytterligere vurderinger av hvilke arbeidsmarkedseffekter en endring vil kunne f\u00e5. Vi mener det er viktig \u00e5 f\u00e5 effektene vurdert i et likestillingsperspektiv.<\/p>\n<h3>Avsluttende kommentarer<\/h3>\n<p>Arbeidsgruppen har levert en solid rapport der det vises til mange ulike l\u00f8sninger for fremtidige ordninger og det vurderes mange konsekvenser. Frem til et lovforslag legges frem, h\u00e5per ombudet at likestillingsmessige konsekvenser av endringer i pensjonsordningen utredes, slik utredningsinstruksen legger opp til.<\/p>\n<p>Med vennlig hilsen<\/p>\n<p>Inger Eline Romundgard <\/p>\n<p> seniorr\u00e5dgiver Hanne Bjurstr\u00f8m <\/p>\n<p> Likestillings- og diskrimineringsombud<\/p>\n<\/div>\n<\/div>\n<\/div>\n<\/div>\n<\/article>\n<\/div>\n<div class=\"col-sm-12 col-md-4\">\n<div class=\"row\">\n<div class=\"block editorialblock col-sm-12 full\">\n<div class=\"editorial-block article block-container\">\n<div class=\"btn-link\"><a title='Til \"H\u00f8yringar arkiv\" side.' href=\"https:\/\/www.ldo.no\/arkiv\/hoyringsarkiv\/\">Til h\u00f8yringsarkiv<\/a><\/div>\n<\/div>\n<\/div>\n<\/div>\n<\/div>\n<\/div>\n<\/div>\n<\/div>\n","protected":false},"excerpt":{"rendered":"<p>H\u00f8ring p\u00e5 arbeidsgrupperapporten om utredning av pensjon fra f\u00f8rste krone og f\u00f8rste dag Likestillings- og diskrimineringsombudet har som mandat \u00e5 arbeide for likestilling og mot diskriminering p\u00e5 grunnlag av blant annet kj\u00f8nn, etnisitet, religion, alder, seksuell orientering, kj\u00f8nnsidentitet, kj\u00f8nnsuttrykk og nedsatt funksjonsevne. Ombudet f\u00f8rer ogs\u00e5 tilsyn med at norsk rett og forvaltningspraksis er i samsvar [&hellip;]<\/p>\n","protected":false},"template":"","meta":{"footnotes":""},"ldo-archive-year":[30],"class_list":["post-16319","ldo-hearing","type-ldo-hearing","status-publish","hentry","ldo-archive-year-30"],"yoast_head":"<!-- This site is optimized with the Yoast SEO plugin v22.9 - https:\/\/yoast.com\/wordpress\/plugins\/seo\/ -->\n<title>H\u00f8ring p\u00e5 arbeidsgrupperapporten om utredning av pensjon fra f\u00f8rste krone og f\u00f8rste dag - Arkiv<\/title>\n<meta name=\"robots\" content=\"index, follow, max-snippet:-1, max-image-preview:large, max-video-preview:-1\" \/>\n<link rel=\"canonical\" href=\"https:\/\/ldo.no\/arkiv\/hoyringar\/2021-horing-pa-arbeidsgrupperapporten-om-utredning-av-pensjon-fra-forste-krone-og-forste-dag\/\" \/>\n<meta property=\"og:locale\" content=\"nb_NO\" \/>\n<meta property=\"og:type\" content=\"article\" \/>\n<meta property=\"og:title\" content=\"H\u00f8ring p\u00e5 arbeidsgrupperapporten om utredning av pensjon fra f\u00f8rste krone og f\u00f8rste dag - Arkiv\" \/>\n<meta property=\"og:description\" content=\"H\u00f8ring p\u00e5 arbeidsgrupperapporten om utredning av pensjon fra f\u00f8rste krone og f\u00f8rste dag Likestillings- og diskrimineringsombudet har som mandat \u00e5 arbeide for likestilling og mot diskriminering p\u00e5 grunnlag av blant annet kj\u00f8nn, etnisitet, religion, alder, seksuell orientering, kj\u00f8nnsidentitet, kj\u00f8nnsuttrykk og nedsatt funksjonsevne. Ombudet f\u00f8rer ogs\u00e5 tilsyn med at norsk rett og forvaltningspraksis er i samsvar [&hellip;]\" \/>\n<meta property=\"og:url\" content=\"https:\/\/ldo.no\/arkiv\/hoyringar\/2021-horing-pa-arbeidsgrupperapporten-om-utredning-av-pensjon-fra-forste-krone-og-forste-dag\/\" \/>\n<meta property=\"og:site_name\" content=\"Arkiv\" \/>\n<meta name=\"twitter:card\" content=\"summary_large_image\" \/>\n<meta name=\"twitter:label1\" content=\"Ansl. lesetid\" \/>\n\t<meta name=\"twitter:data1\" content=\"3 minutter\" \/>\n<script type=\"application\/ld+json\" class=\"yoast-schema-graph\">{\"@context\":\"https:\/\/schema.org\",\"@graph\":[{\"@type\":\"WebPage\",\"@id\":\"https:\/\/ldo.no\/arkiv\/hoyringar\/2021-horing-pa-arbeidsgrupperapporten-om-utredning-av-pensjon-fra-forste-krone-og-forste-dag\/\",\"url\":\"https:\/\/ldo.no\/arkiv\/hoyringar\/2021-horing-pa-arbeidsgrupperapporten-om-utredning-av-pensjon-fra-forste-krone-og-forste-dag\/\",\"name\":\"H\u00f8ring p\u00e5 arbeidsgrupperapporten om utredning av pensjon fra f\u00f8rste krone og f\u00f8rste dag - Arkiv\",\"isPartOf\":{\"@id\":\"https:\/\/ldo.no\/arkiv\/#website\"},\"datePublished\":\"2021-01-01T00:00:00+00:00\",\"dateModified\":\"2021-01-01T00:00:00+00:00\",\"breadcrumb\":{\"@id\":\"https:\/\/ldo.no\/arkiv\/hoyringar\/2021-horing-pa-arbeidsgrupperapporten-om-utredning-av-pensjon-fra-forste-krone-og-forste-dag\/#breadcrumb\"},\"inLanguage\":\"nb-NO\",\"potentialAction\":[{\"@type\":\"ReadAction\",\"target\":[\"https:\/\/ldo.no\/arkiv\/hoyringar\/2021-horing-pa-arbeidsgrupperapporten-om-utredning-av-pensjon-fra-forste-krone-og-forste-dag\/\"]}]},{\"@type\":\"BreadcrumbList\",\"@id\":\"https:\/\/ldo.no\/arkiv\/hoyringar\/2021-horing-pa-arbeidsgrupperapporten-om-utredning-av-pensjon-fra-forste-krone-og-forste-dag\/#breadcrumb\",\"itemListElement\":[{\"@type\":\"ListItem\",\"position\":1,\"name\":\"Arkiv\",\"item\":\"https:\/\/ldo.no\/arkiv\/\"},{\"@type\":\"ListItem\",\"position\":2,\"name\":\"H\u00f8ringer\",\"item\":\"https:\/\/ldo.no\/arkiv\/?post-type=ldo-hearing\"},{\"@type\":\"ListItem\",\"position\":3,\"name\":\"H\u00f8ring p\u00e5 arbeidsgrupperapporten om utredning av pensjon fra f\u00f8rste krone og f\u00f8rste dag\"}]},{\"@type\":\"WebSite\",\"@id\":\"https:\/\/ldo.no\/arkiv\/#website\",\"url\":\"https:\/\/ldo.no\/arkiv\/\",\"name\":\"LDO Arkiv\",\"description\":\"Dette er ombudets arkiv. Her finner du klagesaker som ombudet i sin tid behandlet fra 1996 til 2017. Klagesaker utover dette finner du p\u00e5 Diskrimineringsnemndas hjemmeside. P\u00e5 disse arkivsidene finner du ogs\u00e5 eldre h\u00f8ringssvar som strekker seg fra 2023 og tilbake til 2006. Nyere h\u00f8ringssvar finner du p\u00e5 Publikasjoner, som du kan bes\u00f8ke ved \u00e5 klikke p\u00e5 menyknappen \u00f8verst i h\u00f8yre hj\u00f8rne.\",\"publisher\":{\"@id\":\"https:\/\/ldo.no\/arkiv\/#organization\"},\"potentialAction\":[{\"@type\":\"SearchAction\",\"target\":{\"@type\":\"EntryPoint\",\"urlTemplate\":\"https:\/\/ldo.no\/arkiv\/?s={search_term_string}\"},\"query-input\":\"required name=search_term_string\"}],\"inLanguage\":\"nb-NO\"},{\"@type\":\"Organization\",\"@id\":\"https:\/\/ldo.no\/arkiv\/#organization\",\"name\":\"LDO Arkiv\",\"url\":\"https:\/\/ldo.no\/arkiv\/\",\"logo\":{\"@type\":\"ImageObject\",\"inLanguage\":\"nb-NO\",\"@id\":\"https:\/\/ldo.no\/arkiv\/#\/schema\/logo\/image\/\",\"url\":\"https:\/\/ldo.no\/content\/uploads\/sites\/2\/2025\/05\/Property-1Default.svg\",\"contentUrl\":\"https:\/\/ldo.no\/content\/uploads\/sites\/2\/2025\/05\/Property-1Default.svg\",\"caption\":\"LDO Arkiv\"},\"image\":{\"@id\":\"https:\/\/ldo.no\/arkiv\/#\/schema\/logo\/image\/\"}}]}<\/script>\n<!-- \/ Yoast SEO plugin. -->","yoast_head_json":{"title":"H\u00f8ring p\u00e5 arbeidsgrupperapporten om utredning av pensjon fra f\u00f8rste krone og f\u00f8rste dag - Arkiv","robots":{"index":"index","follow":"follow","max-snippet":"max-snippet:-1","max-image-preview":"max-image-preview:large","max-video-preview":"max-video-preview:-1"},"canonical":"https:\/\/ldo.no\/arkiv\/hoyringar\/2021-horing-pa-arbeidsgrupperapporten-om-utredning-av-pensjon-fra-forste-krone-og-forste-dag\/","og_locale":"nb_NO","og_type":"article","og_title":"H\u00f8ring p\u00e5 arbeidsgrupperapporten om utredning av pensjon fra f\u00f8rste krone og f\u00f8rste dag - Arkiv","og_description":"H\u00f8ring p\u00e5 arbeidsgrupperapporten om utredning av pensjon fra f\u00f8rste krone og f\u00f8rste dag Likestillings- og diskrimineringsombudet har som mandat \u00e5 arbeide for likestilling og mot diskriminering p\u00e5 grunnlag av blant annet kj\u00f8nn, etnisitet, religion, alder, seksuell orientering, kj\u00f8nnsidentitet, kj\u00f8nnsuttrykk og nedsatt funksjonsevne. Ombudet f\u00f8rer ogs\u00e5 tilsyn med at norsk rett og forvaltningspraksis er i samsvar [&hellip;]","og_url":"https:\/\/ldo.no\/arkiv\/hoyringar\/2021-horing-pa-arbeidsgrupperapporten-om-utredning-av-pensjon-fra-forste-krone-og-forste-dag\/","og_site_name":"Arkiv","twitter_card":"summary_large_image","twitter_misc":{"Ansl. lesetid":"3 minutter"},"schema":{"@context":"https:\/\/schema.org","@graph":[{"@type":"WebPage","@id":"https:\/\/ldo.no\/arkiv\/hoyringar\/2021-horing-pa-arbeidsgrupperapporten-om-utredning-av-pensjon-fra-forste-krone-og-forste-dag\/","url":"https:\/\/ldo.no\/arkiv\/hoyringar\/2021-horing-pa-arbeidsgrupperapporten-om-utredning-av-pensjon-fra-forste-krone-og-forste-dag\/","name":"H\u00f8ring p\u00e5 arbeidsgrupperapporten om utredning av pensjon fra f\u00f8rste krone og f\u00f8rste dag - Arkiv","isPartOf":{"@id":"https:\/\/ldo.no\/arkiv\/#website"},"datePublished":"2021-01-01T00:00:00+00:00","dateModified":"2021-01-01T00:00:00+00:00","breadcrumb":{"@id":"https:\/\/ldo.no\/arkiv\/hoyringar\/2021-horing-pa-arbeidsgrupperapporten-om-utredning-av-pensjon-fra-forste-krone-og-forste-dag\/#breadcrumb"},"inLanguage":"nb-NO","potentialAction":[{"@type":"ReadAction","target":["https:\/\/ldo.no\/arkiv\/hoyringar\/2021-horing-pa-arbeidsgrupperapporten-om-utredning-av-pensjon-fra-forste-krone-og-forste-dag\/"]}]},{"@type":"BreadcrumbList","@id":"https:\/\/ldo.no\/arkiv\/hoyringar\/2021-horing-pa-arbeidsgrupperapporten-om-utredning-av-pensjon-fra-forste-krone-og-forste-dag\/#breadcrumb","itemListElement":[{"@type":"ListItem","position":1,"name":"Arkiv","item":"https:\/\/ldo.no\/arkiv\/"},{"@type":"ListItem","position":2,"name":"H\u00f8ringer","item":"https:\/\/ldo.no\/arkiv\/?post-type=ldo-hearing"},{"@type":"ListItem","position":3,"name":"H\u00f8ring p\u00e5 arbeidsgrupperapporten om utredning av pensjon fra f\u00f8rste krone og f\u00f8rste dag"}]},{"@type":"WebSite","@id":"https:\/\/ldo.no\/arkiv\/#website","url":"https:\/\/ldo.no\/arkiv\/","name":"LDO Arkiv","description":"Dette er ombudets arkiv. Her finner du klagesaker som ombudet i sin tid behandlet fra 1996 til 2017. Klagesaker utover dette finner du p\u00e5 Diskrimineringsnemndas hjemmeside. P\u00e5 disse arkivsidene finner du ogs\u00e5 eldre h\u00f8ringssvar som strekker seg fra 2023 og tilbake til 2006. Nyere h\u00f8ringssvar finner du p\u00e5 Publikasjoner, som du kan bes\u00f8ke ved \u00e5 klikke p\u00e5 menyknappen \u00f8verst i h\u00f8yre hj\u00f8rne.","publisher":{"@id":"https:\/\/ldo.no\/arkiv\/#organization"},"potentialAction":[{"@type":"SearchAction","target":{"@type":"EntryPoint","urlTemplate":"https:\/\/ldo.no\/arkiv\/?s={search_term_string}"},"query-input":"required name=search_term_string"}],"inLanguage":"nb-NO"},{"@type":"Organization","@id":"https:\/\/ldo.no\/arkiv\/#organization","name":"LDO Arkiv","url":"https:\/\/ldo.no\/arkiv\/","logo":{"@type":"ImageObject","inLanguage":"nb-NO","@id":"https:\/\/ldo.no\/arkiv\/#\/schema\/logo\/image\/","url":"https:\/\/ldo.no\/content\/uploads\/sites\/2\/2025\/05\/Property-1Default.svg","contentUrl":"https:\/\/ldo.no\/content\/uploads\/sites\/2\/2025\/05\/Property-1Default.svg","caption":"LDO Arkiv"},"image":{"@id":"https:\/\/ldo.no\/arkiv\/#\/schema\/logo\/image\/"}}]}},"_links":{"self":[{"href":"https:\/\/ldo.no\/arkiv\/wp-json\/wp\/v2\/ldo-hearing\/16319"}],"collection":[{"href":"https:\/\/ldo.no\/arkiv\/wp-json\/wp\/v2\/ldo-hearing"}],"about":[{"href":"https:\/\/ldo.no\/arkiv\/wp-json\/wp\/v2\/types\/ldo-hearing"}],"version-history":[{"count":0,"href":"https:\/\/ldo.no\/arkiv\/wp-json\/wp\/v2\/ldo-hearing\/16319\/revisions"}],"wp:attachment":[{"href":"https:\/\/ldo.no\/arkiv\/wp-json\/wp\/v2\/media?parent=16319"}],"wp:term":[{"taxonomy":"ldo-archive-year","embeddable":true,"href":"https:\/\/ldo.no\/arkiv\/wp-json\/wp\/v2\/ldo-archive-year?post=16319"}],"curies":[{"name":"wp","href":"https:\/\/api.w.org\/{rel}","templated":true}]}}