{"id":16389,"date":"2006-01-01T00:00:00","date_gmt":"2006-01-01T00:00:00","guid":{"rendered":"https:\/\/ldo.local\/arkiv\/hoyringar\/2006-endring-av-samisk-lareplanhjemmel-i-opplaringsloven\/"},"modified":"2006-01-01T00:00:00","modified_gmt":"2006-01-01T00:00:00","slug":"2006-endring-av-samisk-lareplanhjemmel-i-opplaringsloven","status":"publish","type":"ldo-hearing","link":"https:\/\/ldo.no\/arkiv\/hoyringar\/2006-endring-av-samisk-lareplanhjemmel-i-opplaringsloven\/","title":{"rendered":"Endring av samisk l\u00e6replanhjemmel i oppl\u00e6ringsloven"},"content":{"rendered":"<article class=\"base-article inside\">\n<header>\n<div class=\"row\">\n<div class=\"col-sm-12\">\n<\/div>\n<\/div>\n<h1>\nEndring av samisk l\u00e6replanhjemmel i oppl\u00e6ringsloven<br \/>\n<\/h1>\n<\/header>\n<section>\n<section class=\"lead\">\nLikestillings- og diskrimineringsombudet viser til h\u00f8ringssak om forslag til endring av samisk l\u00e6replan i oppl\u00e6ringsloven med frist til \u00e5 inngi merknader til 21 februar 2006.<br \/>\n<\/section>\n<section>\n<p>Ombudet st\u00f8tter endringene i oppl\u00e6ringsloven \u00a7 6-4 tredje ledd, og mener lovendringen er n\u00f8dvendig for \u00e5 klargj\u00f8re hjemmelen for utvikling av s\u00e6rskilte samiske l\u00e6replaner i grunnoppl\u00e6ringen og videreg\u00e5ende oppl\u00e6ring.<\/p>\n<p>For \u00f8vrig har Ombudet ingen merknader til forslaget.<\/p>\n<p>Med vennlig hilsen<\/p>\n<table width=\"100%\" border=\"0\">\n<tbody>\n<tr valign=\"top\">\n<td>Beate Gang\u00e5s<\/td>\n<td>Ann Helen Aar\u00f8<\/td>\n<\/tr>\n<tr valign=\"top\">\n<td>Likestillings- og diskrimineringsombud<\/td>\n<td>\n<p>Avdelingsleder<\/p>\n<\/td>\n<\/tr>\n<\/tbody>\n<\/table>\n<\/section>\n<\/section>\n<\/article>\n","protected":false},"excerpt":{"rendered":"<p>Likestillings- og diskrimineringsombudet viser til h\u00f8ringssak om forslag til endring av samisk l\u00e6replan i oppl\u00e6ringsloven med frist til \u00e5 inngi merknader til 21 februar 2006.<\/p>\n","protected":false},"template":"","meta":{"footnotes":""},"ldo-archive-year":[18],"class_list":["post-16389","ldo-hearing","type-ldo-hearing","status-publish","hentry","ldo-archive-year-18"],"yoast_head":"<!-- This site is optimized with the Yoast SEO plugin v22.9 - https:\/\/yoast.com\/wordpress\/plugins\/seo\/ -->\n<title>Endring av samisk l\u00e6replanhjemmel i oppl\u00e6ringsloven - Arkiv<\/title>\n<meta name=\"robots\" content=\"index, follow, max-snippet:-1, max-image-preview:large, max-video-preview:-1\" \/>\n<link rel=\"canonical\" href=\"https:\/\/ldo.no\/arkiv\/hoyringar\/2006-endring-av-samisk-lareplanhjemmel-i-opplaringsloven\/\" \/>\n<meta property=\"og:locale\" content=\"nb_NO\" \/>\n<meta property=\"og:type\" content=\"article\" \/>\n<meta property=\"og:title\" content=\"Endring av samisk l\u00e6replanhjemmel i oppl\u00e6ringsloven - Arkiv\" \/>\n<meta property=\"og:description\" content=\"Likestillings- og diskrimineringsombudet viser til h\u00f8ringssak om forslag til endring av samisk l\u00e6replan i oppl\u00e6ringsloven med frist til \u00e5 inngi merknader til 21 februar 2006.\" \/>\n<meta property=\"og:url\" content=\"https:\/\/ldo.no\/arkiv\/hoyringar\/2006-endring-av-samisk-lareplanhjemmel-i-opplaringsloven\/\" \/>\n<meta property=\"og:site_name\" content=\"Arkiv\" \/>\n<meta name=\"twitter:card\" content=\"summary_large_image\" \/>\n<script type=\"application\/ld+json\" class=\"yoast-schema-graph\">{\"@context\":\"https:\/\/schema.org\",\"@graph\":[{\"@type\":\"WebPage\",\"@id\":\"https:\/\/ldo.no\/arkiv\/hoyringar\/2006-endring-av-samisk-lareplanhjemmel-i-opplaringsloven\/\",\"url\":\"https:\/\/ldo.no\/arkiv\/hoyringar\/2006-endring-av-samisk-lareplanhjemmel-i-opplaringsloven\/\",\"name\":\"Endring av samisk l\u00e6replanhjemmel i oppl\u00e6ringsloven - Arkiv\",\"isPartOf\":{\"@id\":\"https:\/\/ldo.no\/arkiv\/#website\"},\"datePublished\":\"2006-01-01T00:00:00+00:00\",\"dateModified\":\"2006-01-01T00:00:00+00:00\",\"breadcrumb\":{\"@id\":\"https:\/\/ldo.no\/arkiv\/hoyringar\/2006-endring-av-samisk-lareplanhjemmel-i-opplaringsloven\/#breadcrumb\"},\"inLanguage\":\"nb-NO\",\"potentialAction\":[{\"@type\":\"ReadAction\",\"target\":[\"https:\/\/ldo.no\/arkiv\/hoyringar\/2006-endring-av-samisk-lareplanhjemmel-i-opplaringsloven\/\"]}]},{\"@type\":\"BreadcrumbList\",\"@id\":\"https:\/\/ldo.no\/arkiv\/hoyringar\/2006-endring-av-samisk-lareplanhjemmel-i-opplaringsloven\/#breadcrumb\",\"itemListElement\":[{\"@type\":\"ListItem\",\"position\":1,\"name\":\"Arkiv\",\"item\":\"https:\/\/ldo.no\/arkiv\/\"},{\"@type\":\"ListItem\",\"position\":2,\"name\":\"H\u00f8ringer\",\"item\":\"https:\/\/ldo.no\/arkiv\/?post-type=ldo-hearing\"},{\"@type\":\"ListItem\",\"position\":3,\"name\":\"Endring av samisk l\u00e6replanhjemmel i oppl\u00e6ringsloven\"}]},{\"@type\":\"WebSite\",\"@id\":\"https:\/\/ldo.no\/arkiv\/#website\",\"url\":\"https:\/\/ldo.no\/arkiv\/\",\"name\":\"LDO Arkiv\",\"description\":\"Dette er ombudets arkiv. Her finner du klagesaker som ombudet i sin tid behandlet fra 1996 til 2017. Klagesaker utover dette finner du p\u00e5 Diskrimineringsnemndas hjemmeside. P\u00e5 disse arkivsidene finner du ogs\u00e5 eldre h\u00f8ringssvar som strekker seg fra 2023 og tilbake til 2006. Nyere h\u00f8ringssvar finner du p\u00e5 Publikasjoner, som du kan bes\u00f8ke ved \u00e5 klikke p\u00e5 menyknappen \u00f8verst i h\u00f8yre hj\u00f8rne.\",\"publisher\":{\"@id\":\"https:\/\/ldo.no\/arkiv\/#organization\"},\"potentialAction\":[{\"@type\":\"SearchAction\",\"target\":{\"@type\":\"EntryPoint\",\"urlTemplate\":\"https:\/\/ldo.no\/arkiv\/?s={search_term_string}\"},\"query-input\":\"required name=search_term_string\"}],\"inLanguage\":\"nb-NO\"},{\"@type\":\"Organization\",\"@id\":\"https:\/\/ldo.no\/arkiv\/#organization\",\"name\":\"LDO Arkiv\",\"url\":\"https:\/\/ldo.no\/arkiv\/\",\"logo\":{\"@type\":\"ImageObject\",\"inLanguage\":\"nb-NO\",\"@id\":\"https:\/\/ldo.no\/arkiv\/#\/schema\/logo\/image\/\",\"url\":\"https:\/\/ldo.no\/content\/uploads\/sites\/2\/2025\/05\/Property-1Default.svg\",\"contentUrl\":\"https:\/\/ldo.no\/content\/uploads\/sites\/2\/2025\/05\/Property-1Default.svg\",\"caption\":\"LDO Arkiv\"},\"image\":{\"@id\":\"https:\/\/ldo.no\/arkiv\/#\/schema\/logo\/image\/\"}}]}<\/script>\n<!-- \/ Yoast SEO plugin. -->","yoast_head_json":{"title":"Endring av samisk l\u00e6replanhjemmel i oppl\u00e6ringsloven - Arkiv","robots":{"index":"index","follow":"follow","max-snippet":"max-snippet:-1","max-image-preview":"max-image-preview:large","max-video-preview":"max-video-preview:-1"},"canonical":"https:\/\/ldo.no\/arkiv\/hoyringar\/2006-endring-av-samisk-lareplanhjemmel-i-opplaringsloven\/","og_locale":"nb_NO","og_type":"article","og_title":"Endring av samisk l\u00e6replanhjemmel i oppl\u00e6ringsloven - Arkiv","og_description":"Likestillings- og diskrimineringsombudet viser til h\u00f8ringssak om forslag til endring av samisk l\u00e6replan i oppl\u00e6ringsloven med frist til \u00e5 inngi merknader til 21 februar 2006.","og_url":"https:\/\/ldo.no\/arkiv\/hoyringar\/2006-endring-av-samisk-lareplanhjemmel-i-opplaringsloven\/","og_site_name":"Arkiv","twitter_card":"summary_large_image","schema":{"@context":"https:\/\/schema.org","@graph":[{"@type":"WebPage","@id":"https:\/\/ldo.no\/arkiv\/hoyringar\/2006-endring-av-samisk-lareplanhjemmel-i-opplaringsloven\/","url":"https:\/\/ldo.no\/arkiv\/hoyringar\/2006-endring-av-samisk-lareplanhjemmel-i-opplaringsloven\/","name":"Endring av samisk l\u00e6replanhjemmel i oppl\u00e6ringsloven - Arkiv","isPartOf":{"@id":"https:\/\/ldo.no\/arkiv\/#website"},"datePublished":"2006-01-01T00:00:00+00:00","dateModified":"2006-01-01T00:00:00+00:00","breadcrumb":{"@id":"https:\/\/ldo.no\/arkiv\/hoyringar\/2006-endring-av-samisk-lareplanhjemmel-i-opplaringsloven\/#breadcrumb"},"inLanguage":"nb-NO","potentialAction":[{"@type":"ReadAction","target":["https:\/\/ldo.no\/arkiv\/hoyringar\/2006-endring-av-samisk-lareplanhjemmel-i-opplaringsloven\/"]}]},{"@type":"BreadcrumbList","@id":"https:\/\/ldo.no\/arkiv\/hoyringar\/2006-endring-av-samisk-lareplanhjemmel-i-opplaringsloven\/#breadcrumb","itemListElement":[{"@type":"ListItem","position":1,"name":"Arkiv","item":"https:\/\/ldo.no\/arkiv\/"},{"@type":"ListItem","position":2,"name":"H\u00f8ringer","item":"https:\/\/ldo.no\/arkiv\/?post-type=ldo-hearing"},{"@type":"ListItem","position":3,"name":"Endring av samisk l\u00e6replanhjemmel i oppl\u00e6ringsloven"}]},{"@type":"WebSite","@id":"https:\/\/ldo.no\/arkiv\/#website","url":"https:\/\/ldo.no\/arkiv\/","name":"LDO Arkiv","description":"Dette er ombudets arkiv. Her finner du klagesaker som ombudet i sin tid behandlet fra 1996 til 2017. Klagesaker utover dette finner du p\u00e5 Diskrimineringsnemndas hjemmeside. P\u00e5 disse arkivsidene finner du ogs\u00e5 eldre h\u00f8ringssvar som strekker seg fra 2023 og tilbake til 2006. Nyere h\u00f8ringssvar finner du p\u00e5 Publikasjoner, som du kan bes\u00f8ke ved \u00e5 klikke p\u00e5 menyknappen \u00f8verst i h\u00f8yre hj\u00f8rne.","publisher":{"@id":"https:\/\/ldo.no\/arkiv\/#organization"},"potentialAction":[{"@type":"SearchAction","target":{"@type":"EntryPoint","urlTemplate":"https:\/\/ldo.no\/arkiv\/?s={search_term_string}"},"query-input":"required name=search_term_string"}],"inLanguage":"nb-NO"},{"@type":"Organization","@id":"https:\/\/ldo.no\/arkiv\/#organization","name":"LDO Arkiv","url":"https:\/\/ldo.no\/arkiv\/","logo":{"@type":"ImageObject","inLanguage":"nb-NO","@id":"https:\/\/ldo.no\/arkiv\/#\/schema\/logo\/image\/","url":"https:\/\/ldo.no\/content\/uploads\/sites\/2\/2025\/05\/Property-1Default.svg","contentUrl":"https:\/\/ldo.no\/content\/uploads\/sites\/2\/2025\/05\/Property-1Default.svg","caption":"LDO Arkiv"},"image":{"@id":"https:\/\/ldo.no\/arkiv\/#\/schema\/logo\/image\/"}}]}},"_links":{"self":[{"href":"https:\/\/ldo.no\/arkiv\/wp-json\/wp\/v2\/ldo-hearing\/16389"}],"collection":[{"href":"https:\/\/ldo.no\/arkiv\/wp-json\/wp\/v2\/ldo-hearing"}],"about":[{"href":"https:\/\/ldo.no\/arkiv\/wp-json\/wp\/v2\/types\/ldo-hearing"}],"version-history":[{"count":0,"href":"https:\/\/ldo.no\/arkiv\/wp-json\/wp\/v2\/ldo-hearing\/16389\/revisions"}],"wp:attachment":[{"href":"https:\/\/ldo.no\/arkiv\/wp-json\/wp\/v2\/media?parent=16389"}],"wp:term":[{"taxonomy":"ldo-archive-year","embeddable":true,"href":"https:\/\/ldo.no\/arkiv\/wp-json\/wp\/v2\/ldo-archive-year?post=16389"}],"curies":[{"name":"wp","href":"https:\/\/api.w.org\/{rel}","templated":true}]}}