{"id":16469,"date":"2012-01-01T00:00:00","date_gmt":"2012-01-01T00:00:00","guid":{"rendered":"https:\/\/ldo.local\/arkiv\/hoyringar\/2012-horing-lovforslag-om-rett-til-lonn-under-ammefri\/"},"modified":"2012-01-01T00:00:00","modified_gmt":"2012-01-01T00:00:00","slug":"2012-horing-lovforslag-om-rett-til-lonn-under-ammefri","status":"publish","type":"ldo-hearing","link":"https:\/\/ldo.no\/arkiv\/hoyringar\/2012-horing-lovforslag-om-rett-til-lonn-under-ammefri\/","title":{"rendered":"H\u00f8ring &#8211; lovforslag om rett til l\u00f8nn under ammefri"},"content":{"rendered":"<article class=\"base-article inside\">\n<header>\n<div class=\"row\">\n<div class=\"col-sm-12\">\n<\/div>\n<\/div>\n<h1>\nH\u00f8ring &#8211; lovforslag om rett til l\u00f8nn under ammefri<br \/>\n<\/h1>\n<\/header>\n<section>\n<section class=\"lead\">\n<p>Likestillings- og diskrimineringsombudet viser til Barne-, likestillings- og inkluderingsdepartementets h\u00f8ringsbrev av 11. juni 2012, vedlagt lovforslag om rett til l\u00f8nn under ammefri.<\/p>\n<\/section>\n<section>\n<p>Forslaget inneb\u00e6rer \u00e5 lovfeste rett til l\u00f8nn for yrkesaktive kvinner som ammer sitt barn. L\u00f8nnskompensasjon vil v\u00e6re begrenset inntil en time per dag i barnets f\u00f8rste leve\u00e5r. L\u00f8nnen skal dekkes av arbeidsgiver.<\/p>\n<p>Ombudet mener det er viktig \u00e5 rettighetsfeste betalt ammefri slik at kvinner skal kunne kombinere arbeid og barn p\u00e5 en god m\u00e5te, uten \u00e5 tape \u00f8konomisk p\u00e5 dette. I dag er retten til \u00f8konomisk kompensasjon for redusert arbeidstid pga. amming avhengig av hva slags avtale den enkelte bedrift har. Over halvparten av kvinnene i privat sektor som kan ta ut ammefri, har ikke denne rettigheten i dag. En lovfestet rett til betalt ammefri vil sikre alle de samme rettighetene og bidra til et mer rettferdig og forutsigbart arbeidsliv.<\/p>\n<p>En lovfestet rett til betalt ammefri er ogs\u00e5 en av flere forutsetninger for at kvinner og menn kan velge en likere fordeling av arbeid og omsorg, noe som er viktig for \u00e5 oppn\u00e5 likestilling og hindre diskriminering. I dag l\u00f8nner det seg gjerne for familien at m\u00f8drene foretar tilpasningen mellom arbeid og familie fordi de har lavere l\u00f8nn i gjennomsnitt, enn menn. I tillegg er redusert arbeidstid mer utbredt og akseptert i kvinnedominerte yrker.<\/p>\n<p>En likere deling av foreldrepermisjonen forutsetter at m\u00f8dre g\u00e5r tilbake til jobb eller studier, noe som \u00f8ker behovet for ordninger som betalt ammefri. Det er viktig at kvinner ikke skal tape \u00f8konomisk p\u00e5 en likere deling av foreldrepermisjonen slik de kan komme til \u00e5 gj\u00f8re med dagens regelverk. En lovfesting av betalt ammefri vil dermed v\u00e6re med p\u00e5 \u00e5 redusere de \u00f8konomiske barrierene for et mer likedelt foreldreskap.<\/p>\n<h2>N\u00e6rmere dr\u00f8fting av lovforslaget<br \/>\n<\/h2>\n<h3>Viktig med fleksibilitet<br \/>\n<\/h3>\n<p>Ombudet st\u00f8tter ogs\u00e5 forslaget om at den nye bestemmelsen om rett til l\u00f8nn skal komme i tillegg til de eksisterende rettigheter til fri under amming regulert av arbeidsmilj\u00f8loven. Det er viktig at lovfestet rett til l\u00f8nn under ammefri ikke begrenser den n\u00e5v\u00e6rende ordningen, selv om retten til l\u00f8nn er definert snevrere enn retten fri for \u00e5 amme i f\u00f8lge arbeidsmilj\u00f8loven. Behovet for fri for \u00e5 amme vil variere, det er store individuelle forskjeller med hensyn til arbeid, reisetid og familieforhold. Ombudet mener derfor det er viktig med fleksible ordninger slik departementets lovforslag legger opp til.<\/p>\n<h3>Ammefri for deltidsansatte<\/h3>\n<p>En lovfestet rett til ammefri vil omfatte b\u00e5de heltids- og deltidsarbeidende kvinner. Ombudet st\u00f8tter ordningen departementet legger opp til med at retten til l\u00f8nnet ammefri inntrer p\u00e5 arbeidsdager med full eller tiln\u00e6rmet full arbeidstid ut fra begrunnelsen at behovet for ammefri er et daglig behov og at det saklige behovet for ammefri er ulikt for kvinner som arbeider hele arbeidsdager og kvinner som arbeider reduserte arbeidsdager.<\/p>\n<p>Deltidsansatte med lang arbeidstid f\u00e6rre dager i uken vil med denne l\u00f8sningen ha rett til betalt ammefri, mens deltidsansatte som arbeider et redusert timetall hver dag vil som hovedregel ikke omfattes av ordningen. Forskjellsbehandlingen vil v\u00e6re basert p\u00e5 ulike behov for ammefri og er derfor etter departementets vurdering saklig begrunnet. Ombudet mener dette er en rimelig tolkning.<\/p>\n<p>Men Ombudet mener at det er problematisk i denne sammenhengen at arbeidstakere ikke har lovfestet rett til heltid. Betalt ammefri for de som for eksempel har arbeidstid p\u00e5 seks timer eller mer, kan virke som et insentiv for \u00e5 organisere arbeidstiden slik at arbeidstakere ikke har rett til ammefri. Ombudet mener derfor at ordningen m\u00e5 evalueres for \u00e5 avdekke mulige konsekvenser som strider i mot lovforslagets intensjoner.<\/p>\n<h3>De \u00f8konomiske konsekvensene av forslaget<\/h3>\n<p>Departementet sp\u00f8r spesielt i h\u00f8ringsbrev om synspunkter p\u00e5 de \u00f8konomiske konsekvensene av forslaget. Ombudet mener at rett til ammefri med l\u00f8nn h\u00f8rer med i en folketrygdbasert permisjonsordning som legger opp til en jevnere fordeling av foreldrepermisjonen. Dette gikk ogs\u00e5 Ombudet inn for i forbindelse med departementets h\u00f8ringsnotat om rett til l\u00f8nn under omsorgspermisjon ved f\u00f8dsel og adopsjon og under ammefri i 2009.<\/p>\n<p>Ammefri med l\u00f8nn er en viktig rettighet for kvinner som et ledd i et mer likedelt foreldreskap hvor menn tar en st\u00f8rre del av permisjonstiden. Derfor vil det etter ombudets syn v\u00e6re naturlig at dette finansieres gjennom folketrygden p\u00e5 linje med de andre permisjonsrettighetene.<\/p>\n<\/section>\n<\/section>\n<\/article>\n","protected":false},"excerpt":{"rendered":"<p>Likestillings- og diskrimineringsombudet viser til Barne-, likestillings- og inkluderingsdepartementets h\u00f8ringsbrev av 11. juni 2012, vedlagt lovforslag om rett til l\u00f8nn under ammefri.<\/p>\n","protected":false},"template":"","meta":{"footnotes":""},"ldo-archive-year":[24],"class_list":["post-16469","ldo-hearing","type-ldo-hearing","status-publish","hentry","ldo-archive-year-24"],"yoast_head":"<!-- This site is optimized with the Yoast SEO plugin v22.9 - https:\/\/yoast.com\/wordpress\/plugins\/seo\/ -->\n<title>H\u00f8ring - lovforslag om rett til l\u00f8nn under ammefri - Arkiv<\/title>\n<meta name=\"robots\" content=\"index, follow, max-snippet:-1, max-image-preview:large, max-video-preview:-1\" \/>\n<link rel=\"canonical\" href=\"https:\/\/ldo.no\/arkiv\/hoyringar\/2012-horing-lovforslag-om-rett-til-lonn-under-ammefri\/\" \/>\n<meta property=\"og:locale\" content=\"nb_NO\" \/>\n<meta property=\"og:type\" content=\"article\" \/>\n<meta property=\"og:title\" content=\"H\u00f8ring - lovforslag om rett til l\u00f8nn under ammefri - Arkiv\" \/>\n<meta property=\"og:description\" content=\"Likestillings- og diskrimineringsombudet viser til Barne-, likestillings- og inkluderingsdepartementets h\u00f8ringsbrev av 11. juni 2012, vedlagt lovforslag om rett til l\u00f8nn under ammefri.\" \/>\n<meta property=\"og:url\" content=\"https:\/\/ldo.no\/arkiv\/hoyringar\/2012-horing-lovforslag-om-rett-til-lonn-under-ammefri\/\" \/>\n<meta property=\"og:site_name\" content=\"Arkiv\" \/>\n<meta name=\"twitter:card\" content=\"summary_large_image\" \/>\n<meta name=\"twitter:label1\" content=\"Ansl. lesetid\" \/>\n\t<meta name=\"twitter:data1\" content=\"4 minutter\" \/>\n<script type=\"application\/ld+json\" class=\"yoast-schema-graph\">{\"@context\":\"https:\/\/schema.org\",\"@graph\":[{\"@type\":\"WebPage\",\"@id\":\"https:\/\/ldo.no\/arkiv\/hoyringar\/2012-horing-lovforslag-om-rett-til-lonn-under-ammefri\/\",\"url\":\"https:\/\/ldo.no\/arkiv\/hoyringar\/2012-horing-lovforslag-om-rett-til-lonn-under-ammefri\/\",\"name\":\"H\u00f8ring - lovforslag om rett til l\u00f8nn under ammefri - Arkiv\",\"isPartOf\":{\"@id\":\"https:\/\/ldo.no\/arkiv\/#website\"},\"datePublished\":\"2012-01-01T00:00:00+00:00\",\"dateModified\":\"2012-01-01T00:00:00+00:00\",\"breadcrumb\":{\"@id\":\"https:\/\/ldo.no\/arkiv\/hoyringar\/2012-horing-lovforslag-om-rett-til-lonn-under-ammefri\/#breadcrumb\"},\"inLanguage\":\"nb-NO\",\"potentialAction\":[{\"@type\":\"ReadAction\",\"target\":[\"https:\/\/ldo.no\/arkiv\/hoyringar\/2012-horing-lovforslag-om-rett-til-lonn-under-ammefri\/\"]}]},{\"@type\":\"BreadcrumbList\",\"@id\":\"https:\/\/ldo.no\/arkiv\/hoyringar\/2012-horing-lovforslag-om-rett-til-lonn-under-ammefri\/#breadcrumb\",\"itemListElement\":[{\"@type\":\"ListItem\",\"position\":1,\"name\":\"Arkiv\",\"item\":\"https:\/\/ldo.no\/arkiv\/\"},{\"@type\":\"ListItem\",\"position\":2,\"name\":\"H\u00f8ringer\",\"item\":\"https:\/\/ldo.no\/arkiv\/?post-type=ldo-hearing\"},{\"@type\":\"ListItem\",\"position\":3,\"name\":\"H\u00f8ring &#8211; lovforslag om rett til l\u00f8nn under ammefri\"}]},{\"@type\":\"WebSite\",\"@id\":\"https:\/\/ldo.no\/arkiv\/#website\",\"url\":\"https:\/\/ldo.no\/arkiv\/\",\"name\":\"LDO Arkiv\",\"description\":\"Dette er ombudets arkiv. Her finner du klagesaker som ombudet i sin tid behandlet fra 1996 til 2017. Klagesaker utover dette finner du p\u00e5 Diskrimineringsnemndas hjemmeside. P\u00e5 disse arkivsidene finner du ogs\u00e5 eldre h\u00f8ringssvar som strekker seg fra 2023 og tilbake til 2006. Nyere h\u00f8ringssvar finner du p\u00e5 Publikasjoner, som du kan bes\u00f8ke ved \u00e5 klikke p\u00e5 menyknappen \u00f8verst i h\u00f8yre hj\u00f8rne.\",\"publisher\":{\"@id\":\"https:\/\/ldo.no\/arkiv\/#organization\"},\"potentialAction\":[{\"@type\":\"SearchAction\",\"target\":{\"@type\":\"EntryPoint\",\"urlTemplate\":\"https:\/\/ldo.no\/arkiv\/?s={search_term_string}\"},\"query-input\":\"required name=search_term_string\"}],\"inLanguage\":\"nb-NO\"},{\"@type\":\"Organization\",\"@id\":\"https:\/\/ldo.no\/arkiv\/#organization\",\"name\":\"LDO Arkiv\",\"url\":\"https:\/\/ldo.no\/arkiv\/\",\"logo\":{\"@type\":\"ImageObject\",\"inLanguage\":\"nb-NO\",\"@id\":\"https:\/\/ldo.no\/arkiv\/#\/schema\/logo\/image\/\",\"url\":\"https:\/\/ldo.no\/content\/uploads\/sites\/2\/2025\/05\/Property-1Default.svg\",\"contentUrl\":\"https:\/\/ldo.no\/content\/uploads\/sites\/2\/2025\/05\/Property-1Default.svg\",\"caption\":\"LDO Arkiv\"},\"image\":{\"@id\":\"https:\/\/ldo.no\/arkiv\/#\/schema\/logo\/image\/\"}}]}<\/script>\n<!-- \/ Yoast SEO plugin. -->","yoast_head_json":{"title":"H\u00f8ring - lovforslag om rett til l\u00f8nn under ammefri - Arkiv","robots":{"index":"index","follow":"follow","max-snippet":"max-snippet:-1","max-image-preview":"max-image-preview:large","max-video-preview":"max-video-preview:-1"},"canonical":"https:\/\/ldo.no\/arkiv\/hoyringar\/2012-horing-lovforslag-om-rett-til-lonn-under-ammefri\/","og_locale":"nb_NO","og_type":"article","og_title":"H\u00f8ring - lovforslag om rett til l\u00f8nn under ammefri - Arkiv","og_description":"Likestillings- og diskrimineringsombudet viser til Barne-, likestillings- og inkluderingsdepartementets h\u00f8ringsbrev av 11. juni 2012, vedlagt lovforslag om rett til l\u00f8nn under ammefri.","og_url":"https:\/\/ldo.no\/arkiv\/hoyringar\/2012-horing-lovforslag-om-rett-til-lonn-under-ammefri\/","og_site_name":"Arkiv","twitter_card":"summary_large_image","twitter_misc":{"Ansl. lesetid":"4 minutter"},"schema":{"@context":"https:\/\/schema.org","@graph":[{"@type":"WebPage","@id":"https:\/\/ldo.no\/arkiv\/hoyringar\/2012-horing-lovforslag-om-rett-til-lonn-under-ammefri\/","url":"https:\/\/ldo.no\/arkiv\/hoyringar\/2012-horing-lovforslag-om-rett-til-lonn-under-ammefri\/","name":"H\u00f8ring - lovforslag om rett til l\u00f8nn under ammefri - Arkiv","isPartOf":{"@id":"https:\/\/ldo.no\/arkiv\/#website"},"datePublished":"2012-01-01T00:00:00+00:00","dateModified":"2012-01-01T00:00:00+00:00","breadcrumb":{"@id":"https:\/\/ldo.no\/arkiv\/hoyringar\/2012-horing-lovforslag-om-rett-til-lonn-under-ammefri\/#breadcrumb"},"inLanguage":"nb-NO","potentialAction":[{"@type":"ReadAction","target":["https:\/\/ldo.no\/arkiv\/hoyringar\/2012-horing-lovforslag-om-rett-til-lonn-under-ammefri\/"]}]},{"@type":"BreadcrumbList","@id":"https:\/\/ldo.no\/arkiv\/hoyringar\/2012-horing-lovforslag-om-rett-til-lonn-under-ammefri\/#breadcrumb","itemListElement":[{"@type":"ListItem","position":1,"name":"Arkiv","item":"https:\/\/ldo.no\/arkiv\/"},{"@type":"ListItem","position":2,"name":"H\u00f8ringer","item":"https:\/\/ldo.no\/arkiv\/?post-type=ldo-hearing"},{"@type":"ListItem","position":3,"name":"H\u00f8ring &#8211; lovforslag om rett til l\u00f8nn under ammefri"}]},{"@type":"WebSite","@id":"https:\/\/ldo.no\/arkiv\/#website","url":"https:\/\/ldo.no\/arkiv\/","name":"LDO Arkiv","description":"Dette er ombudets arkiv. Her finner du klagesaker som ombudet i sin tid behandlet fra 1996 til 2017. Klagesaker utover dette finner du p\u00e5 Diskrimineringsnemndas hjemmeside. P\u00e5 disse arkivsidene finner du ogs\u00e5 eldre h\u00f8ringssvar som strekker seg fra 2023 og tilbake til 2006. Nyere h\u00f8ringssvar finner du p\u00e5 Publikasjoner, som du kan bes\u00f8ke ved \u00e5 klikke p\u00e5 menyknappen \u00f8verst i h\u00f8yre hj\u00f8rne.","publisher":{"@id":"https:\/\/ldo.no\/arkiv\/#organization"},"potentialAction":[{"@type":"SearchAction","target":{"@type":"EntryPoint","urlTemplate":"https:\/\/ldo.no\/arkiv\/?s={search_term_string}"},"query-input":"required name=search_term_string"}],"inLanguage":"nb-NO"},{"@type":"Organization","@id":"https:\/\/ldo.no\/arkiv\/#organization","name":"LDO Arkiv","url":"https:\/\/ldo.no\/arkiv\/","logo":{"@type":"ImageObject","inLanguage":"nb-NO","@id":"https:\/\/ldo.no\/arkiv\/#\/schema\/logo\/image\/","url":"https:\/\/ldo.no\/content\/uploads\/sites\/2\/2025\/05\/Property-1Default.svg","contentUrl":"https:\/\/ldo.no\/content\/uploads\/sites\/2\/2025\/05\/Property-1Default.svg","caption":"LDO Arkiv"},"image":{"@id":"https:\/\/ldo.no\/arkiv\/#\/schema\/logo\/image\/"}}]}},"_links":{"self":[{"href":"https:\/\/ldo.no\/arkiv\/wp-json\/wp\/v2\/ldo-hearing\/16469"}],"collection":[{"href":"https:\/\/ldo.no\/arkiv\/wp-json\/wp\/v2\/ldo-hearing"}],"about":[{"href":"https:\/\/ldo.no\/arkiv\/wp-json\/wp\/v2\/types\/ldo-hearing"}],"version-history":[{"count":0,"href":"https:\/\/ldo.no\/arkiv\/wp-json\/wp\/v2\/ldo-hearing\/16469\/revisions"}],"wp:attachment":[{"href":"https:\/\/ldo.no\/arkiv\/wp-json\/wp\/v2\/media?parent=16469"}],"wp:term":[{"taxonomy":"ldo-archive-year","embeddable":true,"href":"https:\/\/ldo.no\/arkiv\/wp-json\/wp\/v2\/ldo-archive-year?post=16469"}],"curies":[{"name":"wp","href":"https:\/\/api.w.org\/{rel}","templated":true}]}}