{"id":16513,"date":"2013-01-01T00:00:00","date_gmt":"2013-01-01T00:00:00","guid":{"rendered":"https:\/\/ldo.local\/arkiv\/hoyringar\/2013-horing-levekar-og-tiltak-for-mennesker-med-utviklingshemming\/"},"modified":"2013-01-01T00:00:00","modified_gmt":"2013-01-01T00:00:00","slug":"2013-horing-levekar-og-tiltak-for-mennesker-med-utviklingshemming","status":"publish","type":"ldo-hearing","link":"https:\/\/ldo.no\/arkiv\/hoyringar\/2013-horing-levekar-og-tiltak-for-mennesker-med-utviklingshemming\/","title":{"rendered":"H\u00f8ring- Levek\u00e5r og tiltak for mennesker med utviklingshemming"},"content":{"rendered":"<article class=\"base-article inside\">\n<header>\n<div class=\"row\">\n<div class=\"col-sm-12\">\n<\/div>\n<\/div>\n<h1>\nH\u00f8ring- Levek\u00e5r og tiltak for mennesker med utviklingshemming<br \/>\n<\/h1>\n<\/header>\n<section>\n<section class=\"lead\">\n<p>Likestillings- og diskrimineringsombudet (ombudet) viser til h\u00f8ringen Levek\u00e5r og tiltak for mennesker med utviklingshemming.<\/p>\n<\/section>\n<section>\n<p>Ombudet h\u00e5ndhever diskrimineringsforbudene i lovverket, gir veiledning og er en p\u00e5driver for likestilling, mangfold og et samfunn for alle. I henhold til Prop. 105 L skal ombudet ogs\u00e5 ha tilsynsansvaret for FN-konvensjonen for rettigheter personer med nedsatt funksjonsevne (CRPD).<\/p>\n<p>Konvensjonen ble signert av Norge i 2007, og skal etter Regjeringens forslag ratifiseres i l\u00f8pet av juli 2013. Ombudet im\u00f8teser tiltak og l\u00f8sninger for forutsigbarhet og for \u00e5 \u00f8ke flere sine muligheter for deltagelse i samfunnsliv. <\/p>\n<p>H\u00f8ringsnotatet gir en beskrivelse av situasjonen for personer med utviklingshemming p\u00e5 ulike samfunnsomr\u00e5der, med vekt p\u00e5 barnehage og utdanning, arbeid, helse, bolig og fritid. H\u00f8ringsnotatet gir i tillegg en beskrivelse av situasjonen p\u00e5 sentrale sektorovergripende omr\u00e5der som likestilling, selvbestemmelse, rettsikkerhet og demokratisk deltagelse. <\/p>\n<p>Departementet ber h\u00f8ringsinstansene uttale seg <\/p>\n<ul>\n<li>om beskrivelsen i h\u00f8ringsnotatet overordnet sett gir et dekkende uttrykk for levek\u00e5rssituasjonen for personer med utviklingshemming, innen de ulike samfunnsomr\u00e5der<\/li>\n<li>hvordan reformens intensjon om \u00abnormalisering\u00bb av levek\u00e5r for personer med utviklingshemming b\u00f8r praktiseres i dagens samfunn og tjenesteapparat. <\/li>\n<\/ul>\n<p>Retorikken og tenkningen rundt personer med nedsatt funksjonsevne generelt har utviklet seg etter ansvarsreformen. Det har skjedd en styrking i lovverket og med diskriminerings- og tilgjengelighetsloven (dtl) har diskriminering av funksjonshemmede blitt et mer erkjent fenomen.<\/p>\n<p>Etter ratifisering av CRPD juli 2013 vil Norge forplikte seg internasjonalt \u00e5 gi alle funksjonshemmede de samme rettighetene som befolkningen for \u00f8vrig.<\/p>\n<p>Ansvarsreformen bygde p\u00e5 normaliseringsprinsippet hvor m\u00e5lsettingen var \u00e5 integrere utviklingshemmede i samfunnet etter m\u00f8nstre og betingelser for hverdagslivet tett opp mot de normer og m\u00f8nstre som gjelder for samfunnet for \u00f8vrig. Utflytting av institusjonene og inn i ordin\u00e6re boliger stod sentralt. <\/p>\n<p>Nye tiltak m\u00e5 gjenspeile m\u00e5let om likeverd og like muligheter hvor selvbestemmelse og verdighet er overordnet hva som anses som normalisering \u2013 og sterke rettigheter er overordnet kontroll og segregering. <\/p>\n<p>Utviklingshemmede er en sammensatt og like heterogen gruppe som andre befolkningsgrupper . Den kognitive evnen, som interesser og egenskaper er s\u00e5 variert at det er vanskelig, enn si umulig \u00e5 generalisere. <\/p>\n<p>Ombudet mener at h\u00f8ringen b\u00e6rer preg av dette, og det er vanskelig \u00e5 vurdere om h\u00f8ringens beskrivelse av utviklingshemmedes situasjon er dekkende.<\/p>\n<p>Ombudet mener som h\u00f8ringen antyder at det er sv\u00e6rt mange hull i kunnskapen om funksjonshemmede generelt og utviklingshemmede spesielt sin situasjon i samfunnet. Ombudet er derfor helt enig i at det mangler god og viktig dokumentasjon om utviklingshemmedes levek\u00e5r og ikke minst sp\u00f8rsm\u00e5l som ang\u00e5r manglende inkludering og diskriminering. <\/p>\n<p>Ombudet vil komme tilbake til v\u00e5r erfaring med klagesaker og henvendelser vi har mottatt, men vi mener generelt at interesseorganisasjonene for og av mennesker med utviklingshemming er best er i stand \u00e5 vurdere korrektheten av beskrivelsene i h\u00f8ringen vedr\u00f8rende gruppens generelle levek\u00e5r. <\/p>\n<p>Ombudet har likevel noen kommentarer til beskrivelsen av dagens forhold og til aktuelle tiltak \u2013 og vil knytte disse opp mot artikler i CRPD.<\/p>\n<p>Dette gjelder f\u00f8lgende tema: <\/p>\n<ul>\n<li>Diskriminering og bevisstgj\u00f8ring<\/li>\n<li>Retten til varer og tjeneste<\/li>\n<li>Bolig og utdanning &#8211; segregering<\/li>\n<\/ul>\n<h2>Diskriminering og bevisstgj\u00f8ring<\/h2>\n<p>I kapittel 6 i h\u00f8ringen under overskriften Likestilling st\u00e5r det under 6.3. Situasjonen for personer med utviklingshemming:<\/p>\n<p>N\u00e5r det gjelder diskriminering p\u00e5 grunn av nedsatt funksjonsevne er gjerne problemet at ulike tilfeller behandles likt ved at man unnlater \u00e5 tilrettelegge for forskjellighet. <\/p>\n<p>Ombudet mener dette er en misforst\u00e5else. <\/p>\n<p>Problemet for mange funksjonshemmede generelt og utviklingshemmede spesielt er ikke at man unnlater \u00e5 tilrettelegge for forskjellighet. Som andre marginaliserte grupper utsettes funksjonshemmede for organisatorisk og strukturell diskriminering, men ogs\u00e5 funksjonshemmede diskrimineres ved at like tilfeller behandles ulikt.<\/p>\n<p>H\u00f8ringsnotatet viser til Ombudets klagesaker der vi kom til brudd p\u00e5 loven i 4 saker. Alle disse 4 sakene er brudd p\u00e5 \u00a7 4 i dtl. <\/p>\n<p>I 2 saker er utviklingshemmede u\u00f8nsket og avvist p\u00e5 restaurant. Det handlet ikke om tilgjengelighet, det handlet ikke om n\u00f8dvendigheten av \u00e5 forskjellsbehandle og det var ikke vanskelig \u00e5 etablere en reel sammenligningsperson for \u00e5 vurdere om det hadde skjedd en forskjellsbehandling. <\/p>\n<p>Ombudet har mottatt flere tilsvarende veieldningssaker der funksjonshemmede generelt og utviklingshemmede spesielt er avvist eller oversett i butikker og restauranter eller frakj\u00f8rt av transportn\u00e6ringen. Vi vil understreke at direkte diskriminering, mobbing og trakassering m\u00e5 erkjennes som et samfunnsproblem og omtales i stortingsmeldingen.<\/p>\n<p>I kommentarfelt, i leserinnlegg og p\u00e5 sosiale medier er det mye trakassering og diskriminerende utsagn ovenfor funksjonshemmede. Spesielt i debatten om tidlig ultralyd har det kommet fram mye hets ovenfor utviklingshemmede. <\/p>\n<p>Ombudet etterlyser effektive tiltak for \u00e5 motvirke den stereotypien og den menneskeforakt som stadig eksponeres gjennom media generelt og sosiale medier spesielt. <\/p>\n<p>Ombudet vil i denne sammenheng vise til Konvensjonen for rettigheter for personer med nedsatt funksjonsevne:<\/p>\n<p>I artikkel 8 Bevisstgj\u00f8ring forplikter statene seg til \u00e5 bekjempe stereotypier, fordommer og skadelig praksis knyttet til mennesker med nedsatt funksjonsevne, ogs\u00e5 de basert p\u00e5 kj\u00f8nn og alder, p\u00e5 alle livets omr\u00e5der. Statene skal ogs\u00e5 oppmuntre media til \u00e5 fremstille funksjonshemmede p\u00e5 en positiv og ikke fordomsfull m\u00e5te.<\/p>\n<h2>Retten til varer og tjenester<\/h2>\n<p>Lenger ned i samme kapittel (6.3.) st\u00e5r det: Et sentralt tiltak for \u00e5 sikre likestilling av personer med nedsatt funksjonsevne er reglene om universell utforming i diskriminerings- og tilgjengelighetsloven og sektorlovgivningen og regjeringens handlingsplan. <\/p>\n<p>Universell utforming er et prinsipp og et verkt\u00f8y vi kjenner fra den norske Diskriminerings- og tilgjengelighetsloven, dtl for \u00e5 bedre tilgjengelighet til samfunnet.<\/p>\n<p>FN konvensjonens krav om individuell og generell tilrettelegging, slik dette kommer til uttrykk i artikkel 4, artikkel 5.3. og artikkel 9 er videre enn kravene i dtl. Siden h\u00f8ring p\u00e5 f\u00f8rste lovutkast er det blitt p\u00e5pekt at lovforslaget var mangelfullt siden det ikke ble foresl\u00e5tt noe rettskrav p\u00e5 tilgang til varer og tjenester. Det ble s\u00e6rlig reist kritikk med hensyn til varer og tjenester som ikke lar seg universelt utforme. <\/p>\n<p>Det ble vist til at det i noen tilfeller alltid vil v\u00e6re behov for personlig service, for at alle skal kunne nyttiggj\u00f8re seg av produktet, varen eller tjenesten. I 2008 igangsatte BLD en utredning om dette. Dette handler om personlig service, ledsagertjenester, tolketjenester osv. Og ogs\u00e5 i tilfeller hvor en tjeneste lar seg universelt utforme, vil mange funksjonshemmede kunder og forbrukere v\u00e6re avhengig av personlig service fra tjenestetilbyder, fordi de ikke behersker selvbetjeningssystemer. En del fysiske forhold lar seg dessuten ikke universelt utforme p\u00e5 en m\u00e5te som blir praktisk for kunden, eks. elektroniske k\u00f8systemer, eller praktisk for tilbyder \u00e5 vedlikeholde, eks. menyer og dagens tilbudsoppslag. Ombudet ettersp\u00f8r en lovfestet rett til varer og tjenester.<\/p>\n<h2>Bolig og utdanning &#8211; segregering<\/h2>\n<p>Egen bolig og fritt boligvalg stod sentralt som en m\u00e5lsetting under ansvarsreformen. <\/p>\n<p>Det er fremkommet mye berettiget kritikk over at den positive utviklingen for utviklingshemmedes levek\u00e5r p\u00e5 mange omr\u00e5der har stagnert eller har blitt reversert. Utviklingen av store kommunale institusjonslignende bofellesskap beregnet p\u00e5 mennesker med utviklingshemning og etablering av spesialavdelinger for elever med utviklingshemning i grunnskolen er eksempler p\u00e5 manglende samsvar mellom ansvarsreformens form\u00e5l, &#8211; og ikke minst dagens idealer og m\u00e5lsettinger om inkludering, likeverd og full deltagelse.<\/p>\n<p>Her vil vi vise til Artikkel 9 i Konvensjonen for rettigheter for personer med nedsatt funksjonsevne hvor det er hjemlet en rett til \u00e5 bo hvor man vil og med hvem man vil &#8211; og i Artikkel 24 der det st\u00e5r at Statene skal sikre et inkluderende utdanningssystem p\u00e5 alle niv\u00e5er \u2026. og \u2026 i tr\u00e5d med m\u00e5let om full inkludering.<\/p>\n<p>Tankesett, retorikk og politikk er forandret de siste 20 \u2013 30 \u00e5r fra velferdsordninger til menneskerettigheter. Likevel blir funksjonshemmede generelt og utviklingshemmede spesielt fremdeles forst\u00e5tt som et helse og sosialt \u2013 anliggende. Gruppen blir stadig utsatt for stereotype forestillinger. Ombudet h\u00e5per den nye stortingsmeldingen tar konsekvensene av lovverket og de nye forpliktelsene og viser tydelig retning slik at ogs\u00e5 utviklingshemmede f\u00e5r de samme rettigheter som andre borgere og f\u00e5r velge sine liv og sin deltagelse p\u00e5 selvstendig grunnlag. <\/p>\n<p>Vennlig hilsen,<\/p>\n<p>Bj\u00f8rg Unstad, avdelingsleder.<\/p>\n<p>Eli Kn\u00f8sen, seniorr\u00e5dgiver.<\/p>\n<\/section>\n<\/section>\n<\/article>\n","protected":false},"excerpt":{"rendered":"<p>Likestillings- og diskrimineringsombudet (ombudet) viser til h\u00f8ringen Levek\u00e5r og tiltak for mennesker med utviklingshemming.<\/p>\n","protected":false},"template":"","meta":{"footnotes":""},"ldo-archive-year":[25],"class_list":["post-16513","ldo-hearing","type-ldo-hearing","status-publish","hentry","ldo-archive-year-25"],"yoast_head":"<!-- This site is optimized with the Yoast SEO plugin v22.9 - https:\/\/yoast.com\/wordpress\/plugins\/seo\/ -->\n<title>H\u00f8ring- Levek\u00e5r og tiltak for mennesker med utviklingshemming - Arkiv<\/title>\n<meta name=\"robots\" content=\"index, follow, max-snippet:-1, max-image-preview:large, max-video-preview:-1\" \/>\n<link rel=\"canonical\" href=\"https:\/\/ldo.no\/arkiv\/hoyringar\/2013-horing-levekar-og-tiltak-for-mennesker-med-utviklingshemming\/\" \/>\n<meta property=\"og:locale\" content=\"nb_NO\" \/>\n<meta property=\"og:type\" content=\"article\" \/>\n<meta property=\"og:title\" content=\"H\u00f8ring- Levek\u00e5r og tiltak for mennesker med utviklingshemming - Arkiv\" \/>\n<meta property=\"og:description\" content=\"Likestillings- og diskrimineringsombudet (ombudet) viser til h\u00f8ringen Levek\u00e5r og tiltak for mennesker med utviklingshemming.\" \/>\n<meta property=\"og:url\" content=\"https:\/\/ldo.no\/arkiv\/hoyringar\/2013-horing-levekar-og-tiltak-for-mennesker-med-utviklingshemming\/\" \/>\n<meta property=\"og:site_name\" content=\"Arkiv\" \/>\n<meta name=\"twitter:card\" content=\"summary_large_image\" \/>\n<meta name=\"twitter:label1\" content=\"Ansl. lesetid\" \/>\n\t<meta name=\"twitter:data1\" content=\"7 minutter\" \/>\n<script type=\"application\/ld+json\" class=\"yoast-schema-graph\">{\"@context\":\"https:\/\/schema.org\",\"@graph\":[{\"@type\":\"WebPage\",\"@id\":\"https:\/\/ldo.no\/arkiv\/hoyringar\/2013-horing-levekar-og-tiltak-for-mennesker-med-utviklingshemming\/\",\"url\":\"https:\/\/ldo.no\/arkiv\/hoyringar\/2013-horing-levekar-og-tiltak-for-mennesker-med-utviklingshemming\/\",\"name\":\"H\u00f8ring- Levek\u00e5r og tiltak for mennesker med utviklingshemming - Arkiv\",\"isPartOf\":{\"@id\":\"https:\/\/ldo.no\/arkiv\/#website\"},\"datePublished\":\"2013-01-01T00:00:00+00:00\",\"dateModified\":\"2013-01-01T00:00:00+00:00\",\"breadcrumb\":{\"@id\":\"https:\/\/ldo.no\/arkiv\/hoyringar\/2013-horing-levekar-og-tiltak-for-mennesker-med-utviklingshemming\/#breadcrumb\"},\"inLanguage\":\"nb-NO\",\"potentialAction\":[{\"@type\":\"ReadAction\",\"target\":[\"https:\/\/ldo.no\/arkiv\/hoyringar\/2013-horing-levekar-og-tiltak-for-mennesker-med-utviklingshemming\/\"]}]},{\"@type\":\"BreadcrumbList\",\"@id\":\"https:\/\/ldo.no\/arkiv\/hoyringar\/2013-horing-levekar-og-tiltak-for-mennesker-med-utviklingshemming\/#breadcrumb\",\"itemListElement\":[{\"@type\":\"ListItem\",\"position\":1,\"name\":\"Arkiv\",\"item\":\"https:\/\/ldo.no\/arkiv\/\"},{\"@type\":\"ListItem\",\"position\":2,\"name\":\"H\u00f8ringer\",\"item\":\"https:\/\/ldo.no\/arkiv\/?post-type=ldo-hearing\"},{\"@type\":\"ListItem\",\"position\":3,\"name\":\"H\u00f8ring- Levek\u00e5r og tiltak for mennesker med utviklingshemming\"}]},{\"@type\":\"WebSite\",\"@id\":\"https:\/\/ldo.no\/arkiv\/#website\",\"url\":\"https:\/\/ldo.no\/arkiv\/\",\"name\":\"LDO Arkiv\",\"description\":\"Dette er ombudets arkiv. Her finner du klagesaker som ombudet i sin tid behandlet fra 1996 til 2017. Klagesaker utover dette finner du p\u00e5 Diskrimineringsnemndas hjemmeside. P\u00e5 disse arkivsidene finner du ogs\u00e5 eldre h\u00f8ringssvar som strekker seg fra 2023 og tilbake til 2006. Nyere h\u00f8ringssvar finner du p\u00e5 Publikasjoner, som du kan bes\u00f8ke ved \u00e5 klikke p\u00e5 menyknappen \u00f8verst i h\u00f8yre hj\u00f8rne.\",\"publisher\":{\"@id\":\"https:\/\/ldo.no\/arkiv\/#organization\"},\"potentialAction\":[{\"@type\":\"SearchAction\",\"target\":{\"@type\":\"EntryPoint\",\"urlTemplate\":\"https:\/\/ldo.no\/arkiv\/?s={search_term_string}\"},\"query-input\":\"required name=search_term_string\"}],\"inLanguage\":\"nb-NO\"},{\"@type\":\"Organization\",\"@id\":\"https:\/\/ldo.no\/arkiv\/#organization\",\"name\":\"LDO Arkiv\",\"url\":\"https:\/\/ldo.no\/arkiv\/\",\"logo\":{\"@type\":\"ImageObject\",\"inLanguage\":\"nb-NO\",\"@id\":\"https:\/\/ldo.no\/arkiv\/#\/schema\/logo\/image\/\",\"url\":\"https:\/\/ldo.no\/content\/uploads\/sites\/2\/2025\/05\/Property-1Default.svg\",\"contentUrl\":\"https:\/\/ldo.no\/content\/uploads\/sites\/2\/2025\/05\/Property-1Default.svg\",\"caption\":\"LDO Arkiv\"},\"image\":{\"@id\":\"https:\/\/ldo.no\/arkiv\/#\/schema\/logo\/image\/\"}}]}<\/script>\n<!-- \/ Yoast SEO plugin. -->","yoast_head_json":{"title":"H\u00f8ring- Levek\u00e5r og tiltak for mennesker med utviklingshemming - Arkiv","robots":{"index":"index","follow":"follow","max-snippet":"max-snippet:-1","max-image-preview":"max-image-preview:large","max-video-preview":"max-video-preview:-1"},"canonical":"https:\/\/ldo.no\/arkiv\/hoyringar\/2013-horing-levekar-og-tiltak-for-mennesker-med-utviklingshemming\/","og_locale":"nb_NO","og_type":"article","og_title":"H\u00f8ring- Levek\u00e5r og tiltak for mennesker med utviklingshemming - Arkiv","og_description":"Likestillings- og diskrimineringsombudet (ombudet) viser til h\u00f8ringen Levek\u00e5r og tiltak for mennesker med utviklingshemming.","og_url":"https:\/\/ldo.no\/arkiv\/hoyringar\/2013-horing-levekar-og-tiltak-for-mennesker-med-utviklingshemming\/","og_site_name":"Arkiv","twitter_card":"summary_large_image","twitter_misc":{"Ansl. lesetid":"7 minutter"},"schema":{"@context":"https:\/\/schema.org","@graph":[{"@type":"WebPage","@id":"https:\/\/ldo.no\/arkiv\/hoyringar\/2013-horing-levekar-og-tiltak-for-mennesker-med-utviklingshemming\/","url":"https:\/\/ldo.no\/arkiv\/hoyringar\/2013-horing-levekar-og-tiltak-for-mennesker-med-utviklingshemming\/","name":"H\u00f8ring- Levek\u00e5r og tiltak for mennesker med utviklingshemming - Arkiv","isPartOf":{"@id":"https:\/\/ldo.no\/arkiv\/#website"},"datePublished":"2013-01-01T00:00:00+00:00","dateModified":"2013-01-01T00:00:00+00:00","breadcrumb":{"@id":"https:\/\/ldo.no\/arkiv\/hoyringar\/2013-horing-levekar-og-tiltak-for-mennesker-med-utviklingshemming\/#breadcrumb"},"inLanguage":"nb-NO","potentialAction":[{"@type":"ReadAction","target":["https:\/\/ldo.no\/arkiv\/hoyringar\/2013-horing-levekar-og-tiltak-for-mennesker-med-utviklingshemming\/"]}]},{"@type":"BreadcrumbList","@id":"https:\/\/ldo.no\/arkiv\/hoyringar\/2013-horing-levekar-og-tiltak-for-mennesker-med-utviklingshemming\/#breadcrumb","itemListElement":[{"@type":"ListItem","position":1,"name":"Arkiv","item":"https:\/\/ldo.no\/arkiv\/"},{"@type":"ListItem","position":2,"name":"H\u00f8ringer","item":"https:\/\/ldo.no\/arkiv\/?post-type=ldo-hearing"},{"@type":"ListItem","position":3,"name":"H\u00f8ring- Levek\u00e5r og tiltak for mennesker med utviklingshemming"}]},{"@type":"WebSite","@id":"https:\/\/ldo.no\/arkiv\/#website","url":"https:\/\/ldo.no\/arkiv\/","name":"LDO Arkiv","description":"Dette er ombudets arkiv. Her finner du klagesaker som ombudet i sin tid behandlet fra 1996 til 2017. Klagesaker utover dette finner du p\u00e5 Diskrimineringsnemndas hjemmeside. P\u00e5 disse arkivsidene finner du ogs\u00e5 eldre h\u00f8ringssvar som strekker seg fra 2023 og tilbake til 2006. Nyere h\u00f8ringssvar finner du p\u00e5 Publikasjoner, som du kan bes\u00f8ke ved \u00e5 klikke p\u00e5 menyknappen \u00f8verst i h\u00f8yre hj\u00f8rne.","publisher":{"@id":"https:\/\/ldo.no\/arkiv\/#organization"},"potentialAction":[{"@type":"SearchAction","target":{"@type":"EntryPoint","urlTemplate":"https:\/\/ldo.no\/arkiv\/?s={search_term_string}"},"query-input":"required name=search_term_string"}],"inLanguage":"nb-NO"},{"@type":"Organization","@id":"https:\/\/ldo.no\/arkiv\/#organization","name":"LDO Arkiv","url":"https:\/\/ldo.no\/arkiv\/","logo":{"@type":"ImageObject","inLanguage":"nb-NO","@id":"https:\/\/ldo.no\/arkiv\/#\/schema\/logo\/image\/","url":"https:\/\/ldo.no\/content\/uploads\/sites\/2\/2025\/05\/Property-1Default.svg","contentUrl":"https:\/\/ldo.no\/content\/uploads\/sites\/2\/2025\/05\/Property-1Default.svg","caption":"LDO Arkiv"},"image":{"@id":"https:\/\/ldo.no\/arkiv\/#\/schema\/logo\/image\/"}}]}},"_links":{"self":[{"href":"https:\/\/ldo.no\/arkiv\/wp-json\/wp\/v2\/ldo-hearing\/16513"}],"collection":[{"href":"https:\/\/ldo.no\/arkiv\/wp-json\/wp\/v2\/ldo-hearing"}],"about":[{"href":"https:\/\/ldo.no\/arkiv\/wp-json\/wp\/v2\/types\/ldo-hearing"}],"version-history":[{"count":0,"href":"https:\/\/ldo.no\/arkiv\/wp-json\/wp\/v2\/ldo-hearing\/16513\/revisions"}],"wp:attachment":[{"href":"https:\/\/ldo.no\/arkiv\/wp-json\/wp\/v2\/media?parent=16513"}],"wp:term":[{"taxonomy":"ldo-archive-year","embeddable":true,"href":"https:\/\/ldo.no\/arkiv\/wp-json\/wp\/v2\/ldo-archive-year?post=16513"}],"curies":[{"name":"wp","href":"https:\/\/api.w.org\/{rel}","templated":true}]}}