{"id":16545,"date":"2022-01-01T00:00:00","date_gmt":"2022-01-01T00:00:00","guid":{"rendered":"https:\/\/ldo.local\/arkiv\/hoyringar\/2022-horingssvar-fra-ldo-forslag-til-endringer-i-regelverket-for-arbeidsavklaringspenger-i-kapittel-11-i-folketrygdloven\/"},"modified":"2022-01-01T00:00:00","modified_gmt":"2022-01-01T00:00:00","slug":"2022-horingssvar-fra-ldo-forslag-til-endringer-i-regelverket-for-arbeidsavklaringspenger-i-kapittel-11-i-folketrygdloven","status":"publish","type":"ldo-hearing","link":"https:\/\/ldo.no\/arkiv\/hoyringar\/2022-horingssvar-fra-ldo-forslag-til-endringer-i-regelverket-for-arbeidsavklaringspenger-i-kapittel-11-i-folketrygdloven\/","title":{"rendered":"H\u00f8ringssvar fra LDO: Forslag til endringer i regelverket for arbeidsavklaringspenger i kapittel 11 i folketrygdloven"},"content":{"rendered":"<div class=\"articlepagenew\">\n<div class=\"container\">\n<div class=\"row\">\n<div class=\"col-sm-12 col-md-8\">\n<article>\n<div class=\"block block-container\">\n<div class=\"row\">\n<div class=\"block editorialblock col-sm-12 full\">\n<div class=\"editorial-block article block-container\">\n<h2>H\u00f8ringssvar fra LDO: Forslag til endringer i regelverket for arbeidsavklaringspenger i kapittel 11 i folketrygdloven<\/h2>\n<p>Likestillings- og diskrimineringsombudet (ombudet) viser til forslag til endringer i regelverket for arbeidsavklaringspenger i kapittel 11 i folketrygdloven.<\/p>\n<p>Ombudet har som mandat \u00e5 arbeide for likestilling og mot diskriminering p\u00e5 grunn av bla. nedsatt funksjonsevne. Ombudet har ogs\u00e5 tilsynsansvar med at norsk rett og forvaltningspraksis er i samsvar med de forpliktelsene Norge har etter FNs diskrimineringskonvensjoner, deriblant FNs konvensjon om rettighetene til personer med nedsatt funksjonsevne (CRPD).<\/p>\n<p><strong>Oppsummering<\/strong><\/p>\n<p>Ombudet er s\u00e6rdeles forn\u00f8yd med forslaget om \u00e5 oppheve karensperioden, men vi mener at st\u00f8nadsperioden, ikke skal begrenses til tre \u00e5r. Vi mener prim\u00e6rt at st\u00f8nadsperioden skal uten tidsbegrensning automatisk videref\u00f8res for alle til arbeidsevne og uf\u00f8regrad er avklart.<\/p>\n<p>Om departementet likevel mener den ordin\u00e6re st\u00f8nadsperioden m\u00e5 ha en makstid, mener vi den m\u00e5 v\u00e6re p\u00e5 minimum fire \u00e5r og da med en mulighet for \u00e5 videref\u00f8re ordningen p\u00e5 ubestemt tid til avklaring foreligger \u2013 uavhengig av \u00e5rsaken til at tiltak er stanset opp eller blitt forsinket under prosessen.<\/p>\n<p>Det kan v\u00e6re mange \u00e5rsaker til at avklaring ikke er ferdig utredet etter tre (fire) \u00e5r. Det kan derfor ikke bare v\u00e6re medisinske \u00e5rsaker som skal v\u00e6re legitime grunner for \u00e5 kunne forlenge st\u00f8nadsperioden.<\/p>\n<p>Ombudet mener form\u00e5let m\u00e5 v\u00e6re at alle f\u00e5r avklart sin situasjon; kommer i arbeid og \/eller f\u00e5r innvilget uf\u00f8retrygd raskest mulig. Dette gjennom en tett og god kommunikasjon og samarbeid mellom veileder, mottager av st\u00f8naden og vedkommendes behandlende lege eller fastlege slik at avklaringen baserer seg p\u00e5 en individuell vurdering.<\/p>\n<p>Ombudet ser fram til en evaluering av ordningen med arbeidsavklaringsst\u00f8nad og hvordan Arbeids- og velferdsetaten f\u00f8lger opp brukere av ordningen. Vi er spesielt opptatt av at arbeidslinjen ikke m\u00e5 representere en terskel for den uf\u00f8retrygden mange er helt avhengig av.<a href=\"#_ftn1\" name=\"_ftnref1\">[1]<\/a><\/p>\n<p><strong>Tidsbestemmelse for arbeidsavklaringsperioden<\/strong><\/p>\n<p>I utgangspunktet b\u00f8r en avklaring om uf\u00f8regrad og arbeidsevne kunne utredes relativt raskt, men ombudet er kjent med gjennom henvendelser til oss og fra media at for noen tar avklaringen sv\u00e6rt lang tid. \u00c5rsakene til dette kan v\u00e6re mange. Noen har et komplisert sykdomsbilde, helse som varierer fra dag til dag, at helsen endres under avklaringsperioden eller st\u00f8nadsmottageren er under behandling. Andre kan v\u00e6re i et utdanningsl\u00f8p eller i andre tiltak som av forskjellige grunner startet opp sent eller tar lenger tid enn maksperioden for arbeidsavklaring.<\/p>\n<p>Noen opplever en uthalende, ressurskrevende prosess med uhensiktsmessige tiltak og opplever \u00e5 bli mistenkeliggjort, og at det tar uforholdsmessig lang tid \u00e5 overbevise om at arbeidsevnen faktisk er redusert eller frav\u00e6rende.<a href=\"#_ftn2\" name=\"_ftnref2\"><sup>[2]<\/sup><\/a>, <a href=\"#_ftn3\" name=\"_ftnref3\">[3]<\/a>, <a href=\"#_ftn4\" name=\"_ftnref4\">[4]<\/a>, <a href=\"#_ftn5\" name=\"_ftnref5\">[5]<\/a><\/p>\n<p>Mange kan utvilsomt slippe un\u00f8dvendige utmattende aktivitetstiltak, og overpr\u00f8ving av stadig nye og perifere saksbehandlere, men det er ogs\u00e5 sv\u00e6rt bekymringsfullt om noen m\u00e5 forlate ordningen uten en tilfredsstillende avklaring slik som er tilfelle i dag.<a href=\"#_ftn6\" name=\"_ftnref6\">[6]<\/a>, <a href=\"#_ftn7\" name=\"_ftnref7\">[7]<\/a><\/p>\n<p>Alle mottagere m\u00e5 ha en avbruddsfri, tidsubegrenset inntektssikring den tid det tar f\u00f8r en avklaring foreligger.<\/p>\n<p>Det er i dagens lovverk strenge vilk\u00e5r for rett til arbeidsavklaringsst\u00f8nad gjennom krav til meldeplikt, aktivitetsplikt og sanksjoner ved frav\u00e6r, s\u00e5 faren for misbruk av ordningen er minimal ved god oppf\u00f8lging.<\/p>\n<p><strong>Krav til at \u00e5rsaksforholdene ved forlengelse skal v\u00e6re sykdom eller skade<\/strong><\/p>\n<p>Det er saklig at form\u00e5let med arbeidsavklaringsst\u00f8nad er \u00e5 sikre inntekt for et medlem som p\u00e5 grunn av <em>sykdom, skade eller lyte<\/em> har f\u00e5tt nedsatt arbeidsevne \u2013 mens denne avklares. I utgangspunktet mener ombudet at mottager av st\u00f8naden ikke skal beh\u00f8ve \u00e5 s\u00f8ke om ny periode, men v\u00e6re i ordningen til en avklaring foreligger. Ombudet mener at dagens praksis som krever at hoved\u00e5rsaken til at medlemmets arbeidsevne ikke er avklart etter tre \u00e5r og kan innvilges en ny periode, <em>ogs\u00e5 i hovedsak skal v\u00e6re sykdom eller skade<\/em>, er et urimelig krav. <\/p>\n<p>\u00c5rsakene til behov for et forlenget avklaringsl\u00f8p kan v\u00e6re mange; noen er nevnt over, andre grunner kan v\u00e6re personlige forhold som omsorgsoppgaver, flytting, eller samlivsbrudd.<\/p>\n<p>Det er ogs\u00e5 et sp\u00f8rsm\u00e5l om hvem som skal ha kompetanse og kunne avgj\u00f8re om st\u00f8nadsmottageren fyller kriteriene for videref\u00f8ring av ordningen. Det kan synes som fastlegen som kjenner sykdomsbildet best ikke i tilstrekkelig grad lyttes til, men at avgj\u00f8relser tas av r\u00e5dgivende leger i NAV som ikke kjenner vedkommendes sykdomsbilde eller livssituasjon.<a href=\"#_ftn8\" name=\"_ftnref8\">[8]<\/a>, <a href=\"#_ftn9\" name=\"_ftnref9\">[9]<\/a><\/p>\n<p>Ombudet mener det er sv\u00e6rt uheldig at avgj\u00f8relser med store implikasjoner for mottageren kan tas p\u00e5 feilaktig grunnlag uten tilstrekkelig kompetanse, mangel p\u00e5 kommunikasjon og derfor heller ikke er basert p\u00e5 en individuell vurdering av vedkommende -og dennes unike livssituasjon.<a href=\"#_ftn10\" name=\"_ftnref10\">[10]<\/a><\/p>\n<p><strong>Om unntaksbestemmelser for videref\u00f8ring av ordningen etter tre \u00e5r.<\/strong><\/p>\n<p>Mottakere av arbeidsavklaringsst\u00f8nad er en sv\u00e6rt sammensatt gruppe og det kan v\u00e6re mange grunner til at en avklaringsperiode varer over lang tid. Departementet skriver at behandling av s\u00f8knad om ny rett er ressurskrevende for etaten, noe ombudet mener taler for en tidsubestemt ordning. Om det likevel legges opp til en maks tid for ordin\u00e6r periode og med mulighet for en forlengelse, b\u00f8r den f\u00f8rste perioden kunne vare opp til fire \u00e5r og forlengelsesperioden ikke begrenses til to \u00e5r.<\/p>\n<p>Det er ombudets erfaring at mange ikke f\u00e5r den oppf\u00f8lging eller forlengelse de har behov for i dag. Vi tror derfor ikke at alle de som har behov, automatisk vil f\u00e5 ny rett til arbeidsavklaringsst\u00f8nad n\u00e5r karensperioden avvikles. Om st\u00f8nadsperioden m\u00e5 fornyes etter fire \u00e5r, mener ombudet at dagens unntaksbestemmelser b\u00f8r utvides og forenkles.<\/p>\n<p>I tillegg til dagens unntaksbestemmelser inkludert unntak for ventetid (som er forventet \u00e5 tre i kraft juli 2022) og forslag til ny bestemmelse som fokuserer p\u00e5 arbeidsmuligheter for de med h\u00f8yere arbeidsevne enn 50 prosent, b\u00f8r ogs\u00e5 personlige, sosiale, og relasjonelle forhold som ang\u00e5r mottagerens privatliv og forhold mellom etat, behandlende lege og mottager inkluderes. En evaluering med involvering av tidligere brukere av ordningen vil kunne avklare hvilke forhold som vil v\u00e6re relevante i en eventuell unntaksbestemmelse.<\/p>\n<p>Vi mener ogs\u00e5 at ved et tett og godt samarbeid mellom mottager og veileder som ombudet mener m\u00e5 etterstrebes, vil \u00e5rsakene v\u00e6re kjente for veileder og saksbehandlingen kunne foreg\u00e5 betraktelig enklere enn i dag.<\/p>\n<p>M\u00e5let for ordningen m\u00e5 v\u00e6re en individuelt tilpasset, hensiktsmessig avklaring om arbeidsevne og uf\u00f8regrad \u2013 med best mulig livskvalitet og en forutsigbar og trygg inntekt for st\u00f8nadsmottageren.<\/p>\n<p><strong>Evaluering av ordningen med arbeidsavklaringsst\u00f8nad<\/strong><\/p>\n<p>Ombudet ser fram til en grundig evaluering av Arbeids- og velferdsetatens oppf\u00f8lging av mottakere av arbeidsavklaringspenger og hvordan ordningen og systemet fungerer.<\/p>\n<p>En slik evaluering vil kunne se n\u00e6rmere p\u00e5 bla.<\/p>\n<ul>\n<li>Hvordan avklaringsprosessen kan utf\u00f8res mindre ressurskrevende, mer hensiktsmessig og s\u00f8ml\u00f8st spesielt for de som utvilsomt har liten restarbeidsevne og vil f\u00e5 en best livskvalitet med uf\u00f8retrygd. Jfr. at arbeidslinjen m\u00e5 tones ned for mange mottagere.<\/li>\n<li>Hvordan bedre rutiner for kommunikasjon og samarbeid mellom veileder, behandler og vedkommende mottager slik at avklaringen baseres p\u00e5 en individuell vurdering av mottagerens unike situasjon<\/li>\n<li>Hvorvidt dagens praksis gir uintenderte kj\u00f8nnsforskjeller (f.eks. hvordan typiske kvinnesykdommer behandles, om det tas hensyn til forhold som omsorgsoppgaver som ofte kvinner innehar etc.)<\/li>\n<li>Hvordan etaten og rutiner kan organiseres for et tettere samarbeid mellom avdelinger som avklarer arbeidsevne og som innvilger uf\u00f8retrygd slik at man unng\u00e5r avbrudd i inntekt<\/li>\n<li>Hvorvidt en s\u00f8ker i utgangspunktet m\u00e5 ha en arbeidsevne som er nedsatt med minst 50 prosent.<\/li>\n<li>Hvorvidt ordningen har fungert etter hensikten som en god erstatning for f.eks. yrkesrettet attf\u00f8ring mht. utdanningsmuligheter.<\/li>\n<\/ul>\n<p>Vi anbefaler ogs\u00e5 at evalueringen ser hen til kritikk og anbefalinger fra Riksrevisjonens unders\u00f8kelse av \u00e5rsaker til lang saksbehandlingstid i klage- og ankesaksbehandlingen i NAV og Trygderetten<a href=\"#_ftn11\" name=\"_ftnref11\">[11]<\/a><\/p>\n<p>Ombudet forutsetter, med henvisning til CRPD artikkel 4.3 at representanter som er godt kjent med og selv har benyttet ordningen blir involvert i en evaluering. Det er n\u00e6rliggende \u00e5 anbefale at bl.a. representanter fra AAP-aksjonen er godt representert i et slikt utvalg.<\/p>\n<p>Vennlig hilsen<\/p>\n<p>Mariette Lobo<\/p>\n<p>fungerende avdelingsleder<\/p>\n<p> Eli Kn\u00f8sen<\/p>\n<p> fagdirekt\u00f8r<\/p>\n<p><a href=\"#_ftnref1\" name=\"_ftn1\">[1]<\/a> <span>Julia K\u00f6hler-Olsen, professor i rettsvitenskap, OsloMet<\/span>: La oss snakke om tillit. <span>https:\/\/www.dagsavisen.no\/debatt\/2022\/01\/25\/la-oss-snakke-om-tillit\/<\/span><\/p>\n<p><a href=\"#_ftnref2\" name=\"_ftn2\">[2]<\/a> NRK podkast: Ingrid Djupsk\u00e5s har i 6 \u00e5r har kjempet mot Nav for \u00e5 bli delvis uf\u00f8r. En mengde saksbehandlere har overpr\u00f8vd b\u00e5de lokal saksbehandler, fastlege, spesialisthelsetjenesten og vedkommende selv. Saksbehandlingen baserer seg p\u00e5 \u00e5 v\u00e6re portvakter fremfor \u00e5 ta hensyn til livskvalitet og berettiget uf\u00f8retrygd.<\/p>\n<p><a href=\"#_ftnref3\" name=\"_ftn3\">[3]<\/a> Trygderettsadvokat sl\u00e5r alarm om NAVs overpr\u00f8ving av legeerkl\u00e6ringer https:\/\/aap-aksjonen.no\/trygderettsadvokat-slar-alarm\/?fbclid=IwAR3ogb6EEDzWpvi3DgBm4u_d2ufacWuMsmeNs2xLQN3TuTPDHE-Nt_LmhR0<\/p>\n<p><a href=\"#_ftnref4\" name=\"_ftn4\">[4]<\/a> Fellesorganisasjonen: SIER NAV M\u00c5 UTVISE TILLIT<\/p>\n<p> https:\/\/klassekampen.no\/utgave\/2022-02-18\/sier-nav-ma-utvise-tillit\/vPvb?fbclid=IwAR0ta8s-amdDoM9wkbUUCmkL0_wY9fqHBD-V6Kg5CJbfQv47jB1Q2jnySCU<\/p>\n<p><a href=\"#_ftnref5\" name=\"_ftn5\">[5]<\/a> AAP- Aksjonen: https:\/\/www.facebook.com\/groups\/aapaksjonen<\/p>\n<p><a href=\"#_ftnref6\" name=\"_ftn6\">[6]<\/a> Trygderettsadvokat sl\u00e5r alarm om NAVs overpr\u00f8ving av legeerkl\u00e6ringer https:\/\/aap-aksjonen.no\/trygderettsadvokat-slar-alarm\/?fbclid=IwAR3ogb6EEDzWpvi3DgBm4u_d2ufacWuMsmeNs2xLQN3TuTPDHE-Nt_LmhR0<\/p>\n<p><a href=\"#_ftnref7\" name=\"_ftn7\">[7]<\/a> NTNU Samfunnsforskning (2019)<\/p>\n<p>Unge med funksjonsnedsettelser i lange forl\u00f8p p\u00e5 NAV<\/p>\n<p><span>https:\/\/doi.org\/10.18261\/issn.1504-7989-2019-04-02<\/span><\/p>\n<p><a href=\"#_ftnref8\" name=\"_ftn8\">[8]<\/a> https:\/\/www.ffo.no\/aktuelt2\/2019\/nav-moter-ikke-pasienter-og-fastleger-pa-en-skikkelig-mate\/<\/p>\n<p><a href=\"#_ftnref9\" name=\"_ftn9\">[9]<\/a> https:\/\/www.dagsavisen.no\/nyheter\/innenriks\/2019\/03\/20\/hardt-ut-mot-aap-innstrammingen-vi-snakker-om-fortvilte-og-desperate-mennesker\/<\/p>\n<p><a href=\"#_ftnref10\" name=\"_ftn10\">[10]<\/a> Rapporten <em>Blindsonen (NOU 2020: 9)<\/em> konkluderte med at mangel p\u00e5 <em>de fire k-ene,<\/em> kompetanse, kapasitet, kommunikasjon og kritisk tenkning, var \u00e5rsaken. <\/p>\n<p><a href=\"#_ftnref11\" name=\"_ftn11\">[11]<\/a> Riksrevisjonen Dokument 3:8 (2020\u20132021) https:\/\/www.riksrevisjonen.no\/globalassets\/rapporter\/no-2020-2021\/arsaker-til-lang-saksbehandlingstid-i-klage&#8211;og-ankesaksbehandlingen-i-nav-og-trygderetten.pdf<\/p>\n<\/div>\n<\/div>\n<\/div>\n<\/div>\n<\/article>\n<\/div>\n<div class=\"col-sm-12 col-md-4\">\n<div class=\"row\">\n<div class=\"block editorialblock col-sm-12 full\">\n<div class=\"editorial-block article block-container\">\n<div class=\"btn-link\"><a title='Til \"H\u00f8yringar arkiv\" side.' href=\"https:\/\/www.ldo.no\/arkiv\/hoyringsarkiv\/\">Til h\u00f8yringsarkiv<\/a><\/div>\n<\/div>\n<\/div>\n<\/div>\n<\/div>\n<\/div>\n<\/div>\n<\/div>\n","protected":false},"excerpt":{"rendered":"<p>H\u00f8ringssvar fra LDO: Forslag til endringer i regelverket for arbeidsavklaringspenger i kapittel 11 i folketrygdloven Likestillings- og diskrimineringsombudet (ombudet) viser til forslag til endringer i regelverket for arbeidsavklaringspenger i kapittel 11 i folketrygdloven. Ombudet har som mandat \u00e5 arbeide for likestilling og mot diskriminering p\u00e5 grunn av bla. nedsatt funksjonsevne. Ombudet har ogs\u00e5 tilsynsansvar med [&hellip;]<\/p>\n","protected":false},"template":"","meta":{"footnotes":""},"ldo-archive-year":[31],"class_list":["post-16545","ldo-hearing","type-ldo-hearing","status-publish","hentry","ldo-archive-year-31"],"yoast_head":"<!-- This site is optimized with the Yoast SEO plugin v22.9 - https:\/\/yoast.com\/wordpress\/plugins\/seo\/ -->\n<title>H\u00f8ringssvar fra LDO: Forslag til endringer i regelverket for arbeidsavklaringspenger i kapittel 11 i folketrygdloven - Arkiv<\/title>\n<meta name=\"robots\" content=\"index, follow, max-snippet:-1, max-image-preview:large, max-video-preview:-1\" \/>\n<link rel=\"canonical\" href=\"https:\/\/ldo.no\/arkiv\/hoyringar\/2022-horingssvar-fra-ldo-forslag-til-endringer-i-regelverket-for-arbeidsavklaringspenger-i-kapittel-11-i-folketrygdloven\/\" \/>\n<meta property=\"og:locale\" content=\"nb_NO\" \/>\n<meta property=\"og:type\" content=\"article\" \/>\n<meta property=\"og:title\" content=\"H\u00f8ringssvar fra LDO: Forslag til endringer i regelverket for arbeidsavklaringspenger i kapittel 11 i folketrygdloven - Arkiv\" \/>\n<meta property=\"og:description\" content=\"H\u00f8ringssvar fra LDO: Forslag til endringer i regelverket for arbeidsavklaringspenger i kapittel 11 i folketrygdloven Likestillings- og diskrimineringsombudet (ombudet) viser til forslag til endringer i regelverket for arbeidsavklaringspenger i kapittel 11 i folketrygdloven. Ombudet har som mandat \u00e5 arbeide for likestilling og mot diskriminering p\u00e5 grunn av bla. nedsatt funksjonsevne. Ombudet har ogs\u00e5 tilsynsansvar med [&hellip;]\" \/>\n<meta property=\"og:url\" content=\"https:\/\/ldo.no\/arkiv\/hoyringar\/2022-horingssvar-fra-ldo-forslag-til-endringer-i-regelverket-for-arbeidsavklaringspenger-i-kapittel-11-i-folketrygdloven\/\" \/>\n<meta property=\"og:site_name\" content=\"Arkiv\" \/>\n<meta name=\"twitter:card\" content=\"summary_large_image\" \/>\n<meta name=\"twitter:label1\" content=\"Ansl. lesetid\" \/>\n\t<meta name=\"twitter:data1\" content=\"8 minutter\" \/>\n<script type=\"application\/ld+json\" class=\"yoast-schema-graph\">{\"@context\":\"https:\/\/schema.org\",\"@graph\":[{\"@type\":\"WebPage\",\"@id\":\"https:\/\/ldo.no\/arkiv\/hoyringar\/2022-horingssvar-fra-ldo-forslag-til-endringer-i-regelverket-for-arbeidsavklaringspenger-i-kapittel-11-i-folketrygdloven\/\",\"url\":\"https:\/\/ldo.no\/arkiv\/hoyringar\/2022-horingssvar-fra-ldo-forslag-til-endringer-i-regelverket-for-arbeidsavklaringspenger-i-kapittel-11-i-folketrygdloven\/\",\"name\":\"H\u00f8ringssvar fra LDO: Forslag til endringer i regelverket for arbeidsavklaringspenger i kapittel 11 i folketrygdloven - Arkiv\",\"isPartOf\":{\"@id\":\"https:\/\/ldo.no\/arkiv\/#website\"},\"datePublished\":\"2022-01-01T00:00:00+00:00\",\"dateModified\":\"2022-01-01T00:00:00+00:00\",\"breadcrumb\":{\"@id\":\"https:\/\/ldo.no\/arkiv\/hoyringar\/2022-horingssvar-fra-ldo-forslag-til-endringer-i-regelverket-for-arbeidsavklaringspenger-i-kapittel-11-i-folketrygdloven\/#breadcrumb\"},\"inLanguage\":\"nb-NO\",\"potentialAction\":[{\"@type\":\"ReadAction\",\"target\":[\"https:\/\/ldo.no\/arkiv\/hoyringar\/2022-horingssvar-fra-ldo-forslag-til-endringer-i-regelverket-for-arbeidsavklaringspenger-i-kapittel-11-i-folketrygdloven\/\"]}]},{\"@type\":\"BreadcrumbList\",\"@id\":\"https:\/\/ldo.no\/arkiv\/hoyringar\/2022-horingssvar-fra-ldo-forslag-til-endringer-i-regelverket-for-arbeidsavklaringspenger-i-kapittel-11-i-folketrygdloven\/#breadcrumb\",\"itemListElement\":[{\"@type\":\"ListItem\",\"position\":1,\"name\":\"Arkiv\",\"item\":\"https:\/\/ldo.no\/arkiv\/\"},{\"@type\":\"ListItem\",\"position\":2,\"name\":\"H\u00f8ringer\",\"item\":\"https:\/\/ldo.no\/arkiv\/?post-type=ldo-hearing\"},{\"@type\":\"ListItem\",\"position\":3,\"name\":\"H\u00f8ringssvar fra LDO: Forslag til endringer i regelverket for arbeidsavklaringspenger i kapittel 11 i folketrygdloven\"}]},{\"@type\":\"WebSite\",\"@id\":\"https:\/\/ldo.no\/arkiv\/#website\",\"url\":\"https:\/\/ldo.no\/arkiv\/\",\"name\":\"LDO Arkiv\",\"description\":\"Dette er ombudets arkiv. Her finner du klagesaker som ombudet i sin tid behandlet fra 1996 til 2017. Klagesaker utover dette finner du p\u00e5 Diskrimineringsnemndas hjemmeside. P\u00e5 disse arkivsidene finner du ogs\u00e5 eldre h\u00f8ringssvar som strekker seg fra 2023 og tilbake til 2006. Nyere h\u00f8ringssvar finner du p\u00e5 Publikasjoner, som du kan bes\u00f8ke ved \u00e5 klikke p\u00e5 menyknappen \u00f8verst i h\u00f8yre hj\u00f8rne.\",\"publisher\":{\"@id\":\"https:\/\/ldo.no\/arkiv\/#organization\"},\"potentialAction\":[{\"@type\":\"SearchAction\",\"target\":{\"@type\":\"EntryPoint\",\"urlTemplate\":\"https:\/\/ldo.no\/arkiv\/?s={search_term_string}\"},\"query-input\":\"required name=search_term_string\"}],\"inLanguage\":\"nb-NO\"},{\"@type\":\"Organization\",\"@id\":\"https:\/\/ldo.no\/arkiv\/#organization\",\"name\":\"LDO Arkiv\",\"url\":\"https:\/\/ldo.no\/arkiv\/\",\"logo\":{\"@type\":\"ImageObject\",\"inLanguage\":\"nb-NO\",\"@id\":\"https:\/\/ldo.no\/arkiv\/#\/schema\/logo\/image\/\",\"url\":\"https:\/\/ldo.no\/content\/uploads\/sites\/2\/2025\/05\/Property-1Default.svg\",\"contentUrl\":\"https:\/\/ldo.no\/content\/uploads\/sites\/2\/2025\/05\/Property-1Default.svg\",\"caption\":\"LDO Arkiv\"},\"image\":{\"@id\":\"https:\/\/ldo.no\/arkiv\/#\/schema\/logo\/image\/\"}}]}<\/script>\n<!-- \/ Yoast SEO plugin. -->","yoast_head_json":{"title":"H\u00f8ringssvar fra LDO: Forslag til endringer i regelverket for arbeidsavklaringspenger i kapittel 11 i folketrygdloven - Arkiv","robots":{"index":"index","follow":"follow","max-snippet":"max-snippet:-1","max-image-preview":"max-image-preview:large","max-video-preview":"max-video-preview:-1"},"canonical":"https:\/\/ldo.no\/arkiv\/hoyringar\/2022-horingssvar-fra-ldo-forslag-til-endringer-i-regelverket-for-arbeidsavklaringspenger-i-kapittel-11-i-folketrygdloven\/","og_locale":"nb_NO","og_type":"article","og_title":"H\u00f8ringssvar fra LDO: Forslag til endringer i regelverket for arbeidsavklaringspenger i kapittel 11 i folketrygdloven - Arkiv","og_description":"H\u00f8ringssvar fra LDO: Forslag til endringer i regelverket for arbeidsavklaringspenger i kapittel 11 i folketrygdloven Likestillings- og diskrimineringsombudet (ombudet) viser til forslag til endringer i regelverket for arbeidsavklaringspenger i kapittel 11 i folketrygdloven. Ombudet har som mandat \u00e5 arbeide for likestilling og mot diskriminering p\u00e5 grunn av bla. nedsatt funksjonsevne. Ombudet har ogs\u00e5 tilsynsansvar med [&hellip;]","og_url":"https:\/\/ldo.no\/arkiv\/hoyringar\/2022-horingssvar-fra-ldo-forslag-til-endringer-i-regelverket-for-arbeidsavklaringspenger-i-kapittel-11-i-folketrygdloven\/","og_site_name":"Arkiv","twitter_card":"summary_large_image","twitter_misc":{"Ansl. lesetid":"8 minutter"},"schema":{"@context":"https:\/\/schema.org","@graph":[{"@type":"WebPage","@id":"https:\/\/ldo.no\/arkiv\/hoyringar\/2022-horingssvar-fra-ldo-forslag-til-endringer-i-regelverket-for-arbeidsavklaringspenger-i-kapittel-11-i-folketrygdloven\/","url":"https:\/\/ldo.no\/arkiv\/hoyringar\/2022-horingssvar-fra-ldo-forslag-til-endringer-i-regelverket-for-arbeidsavklaringspenger-i-kapittel-11-i-folketrygdloven\/","name":"H\u00f8ringssvar fra LDO: Forslag til endringer i regelverket for arbeidsavklaringspenger i kapittel 11 i folketrygdloven - Arkiv","isPartOf":{"@id":"https:\/\/ldo.no\/arkiv\/#website"},"datePublished":"2022-01-01T00:00:00+00:00","dateModified":"2022-01-01T00:00:00+00:00","breadcrumb":{"@id":"https:\/\/ldo.no\/arkiv\/hoyringar\/2022-horingssvar-fra-ldo-forslag-til-endringer-i-regelverket-for-arbeidsavklaringspenger-i-kapittel-11-i-folketrygdloven\/#breadcrumb"},"inLanguage":"nb-NO","potentialAction":[{"@type":"ReadAction","target":["https:\/\/ldo.no\/arkiv\/hoyringar\/2022-horingssvar-fra-ldo-forslag-til-endringer-i-regelverket-for-arbeidsavklaringspenger-i-kapittel-11-i-folketrygdloven\/"]}]},{"@type":"BreadcrumbList","@id":"https:\/\/ldo.no\/arkiv\/hoyringar\/2022-horingssvar-fra-ldo-forslag-til-endringer-i-regelverket-for-arbeidsavklaringspenger-i-kapittel-11-i-folketrygdloven\/#breadcrumb","itemListElement":[{"@type":"ListItem","position":1,"name":"Arkiv","item":"https:\/\/ldo.no\/arkiv\/"},{"@type":"ListItem","position":2,"name":"H\u00f8ringer","item":"https:\/\/ldo.no\/arkiv\/?post-type=ldo-hearing"},{"@type":"ListItem","position":3,"name":"H\u00f8ringssvar fra LDO: Forslag til endringer i regelverket for arbeidsavklaringspenger i kapittel 11 i folketrygdloven"}]},{"@type":"WebSite","@id":"https:\/\/ldo.no\/arkiv\/#website","url":"https:\/\/ldo.no\/arkiv\/","name":"LDO Arkiv","description":"Dette er ombudets arkiv. Her finner du klagesaker som ombudet i sin tid behandlet fra 1996 til 2017. Klagesaker utover dette finner du p\u00e5 Diskrimineringsnemndas hjemmeside. P\u00e5 disse arkivsidene finner du ogs\u00e5 eldre h\u00f8ringssvar som strekker seg fra 2023 og tilbake til 2006. Nyere h\u00f8ringssvar finner du p\u00e5 Publikasjoner, som du kan bes\u00f8ke ved \u00e5 klikke p\u00e5 menyknappen \u00f8verst i h\u00f8yre hj\u00f8rne.","publisher":{"@id":"https:\/\/ldo.no\/arkiv\/#organization"},"potentialAction":[{"@type":"SearchAction","target":{"@type":"EntryPoint","urlTemplate":"https:\/\/ldo.no\/arkiv\/?s={search_term_string}"},"query-input":"required name=search_term_string"}],"inLanguage":"nb-NO"},{"@type":"Organization","@id":"https:\/\/ldo.no\/arkiv\/#organization","name":"LDO Arkiv","url":"https:\/\/ldo.no\/arkiv\/","logo":{"@type":"ImageObject","inLanguage":"nb-NO","@id":"https:\/\/ldo.no\/arkiv\/#\/schema\/logo\/image\/","url":"https:\/\/ldo.no\/content\/uploads\/sites\/2\/2025\/05\/Property-1Default.svg","contentUrl":"https:\/\/ldo.no\/content\/uploads\/sites\/2\/2025\/05\/Property-1Default.svg","caption":"LDO Arkiv"},"image":{"@id":"https:\/\/ldo.no\/arkiv\/#\/schema\/logo\/image\/"}}]}},"_links":{"self":[{"href":"https:\/\/ldo.no\/arkiv\/wp-json\/wp\/v2\/ldo-hearing\/16545"}],"collection":[{"href":"https:\/\/ldo.no\/arkiv\/wp-json\/wp\/v2\/ldo-hearing"}],"about":[{"href":"https:\/\/ldo.no\/arkiv\/wp-json\/wp\/v2\/types\/ldo-hearing"}],"version-history":[{"count":0,"href":"https:\/\/ldo.no\/arkiv\/wp-json\/wp\/v2\/ldo-hearing\/16545\/revisions"}],"wp:attachment":[{"href":"https:\/\/ldo.no\/arkiv\/wp-json\/wp\/v2\/media?parent=16545"}],"wp:term":[{"taxonomy":"ldo-archive-year","embeddable":true,"href":"https:\/\/ldo.no\/arkiv\/wp-json\/wp\/v2\/ldo-archive-year?post=16545"}],"curies":[{"name":"wp","href":"https:\/\/api.w.org\/{rel}","templated":true}]}}